{"id":2380,"date":"2022-04-27T14:07:08","date_gmt":"2022-04-27T19:07:08","guid":{"rendered":"https:\/\/etnografia.convocatoriaprone.mx\/?page_id=2380"},"modified":"2023-12-21T17:04:04","modified_gmt":"2023-12-21T23:04:04","slug":"directorio","status":"publish","type":"page","link":"https:\/\/etnografia.inah.gob.mx\/?page_id=2380","title":{"rendered":"Directorio"},"content":{"rendered":"<div data-colibri-id=\"2380-c1\" class=\"style-1164 style-local-2380-c1 position-relative\">\n  <!---->\n  <div data-colibri-component=\"section\" data-colibri-id=\"2380-c2\" id=\"reusable-sections\" class=\"h-section h-section-global-spacing d-flex align-items-lg-center align-items-md-center align-items-center style-1168 style-local-2380-c2 position-relative\">\n    <!---->\n    <!---->\n    <div class=\"h-section-grid-container h-section-fluid-container\">\n      <!---->\n      <div data-colibri-id=\"2380-c3\" class=\"h-row-container gutters-row-lg-2 gutters-row-md-2 gutters-row-2 gutters-row-v-lg-2 gutters-row-v-md-2 gutters-row-v-2 style-1169 style-local-2380-c3 position-relative\">\n        <!---->\n        <div class=\"h-row justify-content-lg-center justify-content-md-center justify-content-center align-items-lg-stretch align-items-md-stretch align-items-stretch gutters-col-lg-2 gutters-col-md-2 gutters-col-2 gutters-col-v-lg-2 gutters-col-v-md-2 gutters-col-v-2\">\n          <!---->\n          <div class=\"h-column h-column-container d-flex h-col-lg-2 h-col-md-6 h-col-12 style-1170-outer style-local-2380-c4-outer\">\n            <div data-colibri-id=\"2380-c4\" class=\"d-flex h-flex-basis h-column__inner h-px-lg-0 h-px-md-0 h-px-0 v-inner-lg-0 v-inner-md-0 v-inner-0 style-1170 style-local-2380-c4 position-relative\">\n              <!---->\n              <!---->\n              <div class=\"w-100 h-y-container h-column__content h-column__v-align flex-basis-100 align-self-lg-start align-self-md-start align-self-start\">\n                <!---->\n                <div data-colibri-id=\"2380-c5\" class=\"d-block style-1171 style-local-2380-c5 position-relative h-element\">\n                  <!---->\n                  <div class=\"h-image__frame-container-outer\">\n                    <div class=\"h-image__frame-container\">\n                      <!---->\n                      <!---->\n                      <img loading=\"lazy\" decoding=\"async\" width=\"1080\" height=\"1080\" src=\"https:\/\/etnografia.convocatoriaprone.mx\/wp-content\/uploads\/2022\/03\/Paulina-Renee-Mundo-Gomez.png\" class=\"wp-image-1590 style-1171-image style-local-2380-c5-image\" alt=\"\" srcset=\"https:\/\/etnografia.inah.gob.mx\/wp-content\/uploads\/2022\/03\/Paulina-Renee-Mundo-Gomez.png 1080w, https:\/\/etnografia.inah.gob.mx\/wp-content\/uploads\/2022\/03\/Paulina-Renee-Mundo-Gomez-300x300.png 300w, https:\/\/etnografia.inah.gob.mx\/wp-content\/uploads\/2022\/03\/Paulina-Renee-Mundo-Gomez-1024x1024.png 1024w, https:\/\/etnografia.inah.gob.mx\/wp-content\/uploads\/2022\/03\/Paulina-Renee-Mundo-Gomez-150x150.png 150w, https:\/\/etnografia.inah.gob.mx\/wp-content\/uploads\/2022\/03\/Paulina-Renee-Mundo-Gomez-768x768.png 768w\" sizes=\"auto, (max-width: 1080px) 100vw, 1080px\" \/>\n                      <div class=\"h-image__frame h-hide-lg h-hide-md h-hide-sm style-1171-frameImage style-local-2380-c5-frameImage\"><\/div>\n                    <\/div>\n                  <\/div>\n                <\/div>\n                <div data-colibri-id=\"2380-c6\" class=\"h-row-container gutters-row-lg-0 gutters-row-md-0 gutters-row-0 gutters-row-v-lg-0 gutters-row-v-md-0 gutters-row-v-0 style-1172 style-local-2380-c6 position-relative\">\n                  <!---->\n                  <div class=\"h-row justify-content-lg-center justify-content-md-center justify-content-center align-items-lg-stretch align-items-md-stretch align-items-stretch gutters-col-lg-0 gutters-col-md-0 gutters-col-0 gutters-col-v-lg-0 gutters-col-v-md-0 gutters-col-v-0\">\n                    <!---->\n                    <div class=\"h-column h-column-container d-flex h-col-lg-auto h-col-md-auto h-col-auto style-1173-outer style-local-2380-c7-outer\">\n                      <div data-colibri-id=\"2380-c7\" class=\"d-flex h-flex-basis h-column__inner h-px-lg-2 h-px-md-2 h-px-2 v-inner-lg-2 v-inner-md-2 v-inner-2 style-1173 style-local-2380-c7 position-relative\">\n                        <!---->\n                        <!---->\n                        <div class=\"w-100 h-y-container h-column__content h-column__v-align flex-basis-100 align-self-lg-start align-self-md-start align-self-start\">\n                          <!---->\n                          <div data-colibri-id=\"2380-c8\" class=\"h-global-transition-all h-heading style-1174 style-local-2380-c8 position-relative h-element\">\n                            <!---->\n                            <div class=\"h-heading__outer style-1174 style-local-2380-c8\">\n                              <!---->\n                              <!---->\n                              <h4 class=\"\">Paulina Rene\u00e9 Mundo G\u00f3mez<\/h4>\n                            <\/div>\n                          <\/div>\n                          <div data-colibri-id=\"2380-c9\" class=\"h-text h-text-component style-1175 style-local-2380-c9 position-relative h-element\">\n                            <!---->\n                            <!---->\n                            <div class=\"\">\n                              <p><span style=\"font-weight: 600; color: rgb(51, 51, 51); font-size: 79%;\">Proyecto: Ecosalud, alimentaci\u00f3n y estrategias adaptativas en la sierra Tarahumara<\/span><\/p>\n                              <p><span style=\"font-weight: 600; color: rgb(51, 51, 51); font-size: 79%;\">paulina_mundo@inah.gob.mx<\/span><\/p>\n                            <\/div>\n                          <\/div>\n                          <div data-colibri-id=\"2380-c10\" class=\"h-x-container style-1176 style-local-2380-c10 position-relative h-element\">\n                            <!---->\n                            <div class=\"h-x-container-inner style-dynamic-2380-c10-group style-1176-spacing style-local-2380-c10-spacing\"><span class=\"h-button__outer style-1177-outer style-local-2380-c11-outer d-inline-flex h-element\"><a h-use-smooth-scroll=\"true\" href=\"https:\/\/etnografia.convocatoriaprone.mx\/wp-content\/uploads\/2022\/04\/Paulina-Paulina-Renee-Mundo-Gomez.pdf\" data-default-type=\"iframe\" data-fancybox=\"section-group-nq3Nhz7LkNkRDTHdeM3TZu\"  data-colibri-id=\"2380-c11\" class=\"d-flex w-100 align-items-center h-button justify-content-lg-center justify-content-md-center justify-content-center style-1177 style-local-2380-c11 position-relative\"><!----><span  class=\"h-svg-icon h-button__icon style-1177-icon style-local-2380-c11-icon\"><!--Icon by Font Awesome (https:\/\/fontawesome.com)-->\n    <svg version=\"1.1\" xmlns=\"http:\/\/www.w3.org\/2000\/svg\" xmlns:xlink=\"http:\/\/www.w3.org\/1999\/xlink\" id=\"file-o\" viewBox=\"0 0 1611.2499 1896.0833\">\n      <path d=\"M1468 380q28 28 48 76t20 88v1152q0 40-28 68t-68 28H96q-40 0-68-28t-28-68V96q0-40 28-68T96 0h896q40 0 88 20t76 48zm-444-244v376h376q-10-29-22-41l-313-313q-12-12-41-22zm384 1528V640H992q-40 0-68-28t-28-68V128H128v1536h1280z\"><\/path>\n    <\/svg><\/span> <span>Semblanza Curricular<\/span><\/a>\n                              <\/span>\n                            <\/div>\n                          <\/div>\n                        <\/div>\n                      <\/div>\n                    <\/div>\n                  <\/div>\n                <\/div>\n              <\/div>\n            <\/div>\n          <\/div>\n          <div class=\"h-column h-column-container d-flex h-col-lg-2 h-col-md-6 h-col-12 style-1170-outer style-local-2380-c12-outer\">\n            <div data-colibri-id=\"2380-c12\" class=\"d-flex h-flex-basis h-column__inner h-px-lg-0 h-px-md-0 h-px-0 v-inner-lg-0 v-inner-md-0 v-inner-0 style-1170 style-local-2380-c12 position-relative\">\n              <!---->\n              <!---->\n              <div class=\"w-100 h-y-container h-column__content h-column__v-align flex-basis-100 align-self-lg-start align-self-md-start align-self-start\">\n                <!---->\n                <div data-colibri-id=\"2380-c13\" class=\"d-block style-1171 style-local-2380-c13 position-relative h-element\">\n                  <!---->\n                  <div class=\"h-image__frame-container-outer\">\n                    <div class=\"h-image__frame-container\">\n                      <!---->\n                      <!---->\n                      <img loading=\"lazy\" decoding=\"async\" width=\"1080\" height=\"1080\" src=\"https:\/\/etnografia.convocatoriaprone.mx\/wp-content\/uploads\/2022\/03\/Blanca-Lilia-Martinez-de-Leon-Marmol-2.png\" class=\"wp-image-1723 style-1171-image style-local-2380-c13-image\" alt=\"\" srcset=\"https:\/\/etnografia.inah.gob.mx\/wp-content\/uploads\/2022\/03\/Blanca-Lilia-Martinez-de-Leon-Marmol-2.png 1080w, https:\/\/etnografia.inah.gob.mx\/wp-content\/uploads\/2022\/03\/Blanca-Lilia-Martinez-de-Leon-Marmol-2-300x300.png 300w, https:\/\/etnografia.inah.gob.mx\/wp-content\/uploads\/2022\/03\/Blanca-Lilia-Martinez-de-Leon-Marmol-2-1024x1024.png 1024w, https:\/\/etnografia.inah.gob.mx\/wp-content\/uploads\/2022\/03\/Blanca-Lilia-Martinez-de-Leon-Marmol-2-150x150.png 150w, https:\/\/etnografia.inah.gob.mx\/wp-content\/uploads\/2022\/03\/Blanca-Lilia-Martinez-de-Leon-Marmol-2-768x768.png 768w\" sizes=\"auto, (max-width: 1080px) 100vw, 1080px\" \/>\n                      <div class=\"h-image__frame h-hide-lg h-hide-md h-hide-sm style-1171-frameImage style-local-2380-c13-frameImage\"><\/div>\n                    <\/div>\n                  <\/div>\n                <\/div>\n                <div data-colibri-id=\"2380-c14\" class=\"h-row-container gutters-row-lg-0 gutters-row-md-0 gutters-row-0 gutters-row-v-lg-0 gutters-row-v-md-0 gutters-row-v-0 style-1172 style-local-2380-c14 position-relative\">\n                  <!---->\n                  <div class=\"h-row justify-content-lg-center justify-content-md-center justify-content-center align-items-lg-stretch align-items-md-stretch align-items-stretch gutters-col-lg-0 gutters-col-md-0 gutters-col-0 gutters-col-v-lg-0 gutters-col-v-md-0 gutters-col-v-0\">\n                    <!---->\n                    <div class=\"h-column h-column-container d-flex h-col-lg-auto h-col-md-auto h-col-auto style-1173-outer style-local-2380-c15-outer\">\n                      <div data-colibri-id=\"2380-c15\" class=\"d-flex h-flex-basis h-column__inner h-px-lg-2 h-px-md-2 h-px-2 v-inner-lg-2 v-inner-md-2 v-inner-2 style-1173 style-local-2380-c15 position-relative\">\n                        <!---->\n                        <!---->\n                        <div class=\"w-100 h-y-container h-column__content h-column__v-align flex-basis-100 align-self-lg-start align-self-md-start align-self-start\">\n                          <!---->\n                          <div data-colibri-id=\"2380-c16\" class=\"h-global-transition-all h-heading style-1174 style-local-2380-c16 position-relative h-element\">\n                            <!---->\n                            <div class=\"h-heading__outer style-1174 style-local-2380-c16\">\n                              <!---->\n                              <!---->\n                              <h4 class=\"\">Blanca Lilia Mart\u00ednez de Le\u00f3n M\u00e1rmol<\/h4>\n                            <\/div>\n                          <\/div>\n                          <div data-colibri-id=\"2380-c17\" class=\"h-text h-text-component style-1175 style-local-2380-c17 position-relative h-element\">\n                            <!---->\n                            <!---->\n                            <div class=\"\">\n                              <p><span style=\"color: rgb(51, 51, 51); font-weight: 600; font-size: 12.64px;\">Proyecto: Ecosalud, alimentaci\u00f3n y estrategias adaptativas en la sierra Tarahumara<\/span><\/p>\n                              <p><span style=\"font-size: 77%; color: rgb(51, 51, 51); font-weight: 600;\">blanchuzca@hotmail.com<\/span><strong style=\"color: rgb(84, 84, 84); font-weight: 700;\"> <\/strong><\/p>\n                            <\/div>\n                          <\/div>\n                          <div data-colibri-id=\"2380-c18\" class=\"h-x-container style-1178 style-local-2380-c18 position-relative h-element\">\n                            <!---->\n                            <div class=\"h-x-container-inner style-dynamic-2380-c18-group style-1178-spacing style-local-2380-c18-spacing\"><span class=\"h-button__outer style-1177-outer style-local-2380-c19-outer d-inline-flex h-element\"><a h-use-smooth-scroll=\"true\" href=\"https:\/\/etnografia.convocatoriaprone.mx\/wp-content\/uploads\/2022\/04\/Blanca-Lilia-Martinez-de-Leon-Marmol.pdf\" target=\"_blank\" data-colibri-id=\"2380-c19\" class=\"d-flex w-100 align-items-center h-button justify-content-lg-center justify-content-md-center justify-content-center style-1177 style-local-2380-c19 position-relative\" rel=\"noopener\"><!----><span  class=\"h-svg-icon h-button__icon style-1177-icon style-local-2380-c19-icon\"><!--Icon by Font Awesome (https:\/\/fontawesome.com)-->\n    <svg version=\"1.1\" xmlns=\"http:\/\/www.w3.org\/2000\/svg\" xmlns:xlink=\"http:\/\/www.w3.org\/1999\/xlink\" id=\"file-o\" viewBox=\"0 0 1611.2499 1896.0833\">\n      <path d=\"M1468 380q28 28 48 76t20 88v1152q0 40-28 68t-68 28H96q-40 0-68-28t-28-68V96q0-40 28-68T96 0h896q40 0 88 20t76 48zm-444-244v376h376q-10-29-22-41l-313-313q-12-12-41-22zm384 1528V640H992q-40 0-68-28t-28-68V128H128v1536h1280z\"><\/path>\n    <\/svg><\/span> <span>Semblanza curricular<\/span><\/a>\n                              <\/span>\n                            <\/div>\n                          <\/div>\n                        <\/div>\n                      <\/div>\n                    <\/div>\n                  <\/div>\n                <\/div>\n              <\/div>\n            <\/div>\n          <\/div>\n          <div class=\"h-column h-column-container d-flex h-col-lg-2 h-col-md-6 h-col-12 style-1170-outer style-local-2380-c20-outer\">\n            <div data-colibri-id=\"2380-c20\" class=\"d-flex h-flex-basis h-column__inner h-px-lg-0 h-px-md-0 h-px-0 v-inner-lg-0 v-inner-md-0 v-inner-0 style-1170 style-local-2380-c20 position-relative\">\n              <!---->\n              <!---->\n              <div class=\"w-100 h-y-container h-column__content h-column__v-align flex-basis-100 align-self-lg-start align-self-md-start align-self-start\">\n                <!---->\n                <div data-colibri-id=\"2380-c21\" class=\"d-block style-1171 style-local-2380-c21 position-relative h-element\">\n                  <!---->\n                  <div class=\"h-image__frame-container-outer\">\n                    <div class=\"h-image__frame-container\">\n                      <!---->\n                      <!---->\n                      <img loading=\"lazy\" decoding=\"async\" width=\"1080\" height=\"1080\" src=\"https:\/\/etnografia.convocatoriaprone.mx\/wp-content\/uploads\/2022\/03\/Daniel-Calderon-Carrillo-2.png\" class=\"wp-image-1725 style-1171-image style-local-2380-c21-image\" alt=\"\" srcset=\"https:\/\/etnografia.inah.gob.mx\/wp-content\/uploads\/2022\/03\/Daniel-Calderon-Carrillo-2.png 1080w, https:\/\/etnografia.inah.gob.mx\/wp-content\/uploads\/2022\/03\/Daniel-Calderon-Carrillo-2-300x300.png 300w, https:\/\/etnografia.inah.gob.mx\/wp-content\/uploads\/2022\/03\/Daniel-Calderon-Carrillo-2-1024x1024.png 1024w, https:\/\/etnografia.inah.gob.mx\/wp-content\/uploads\/2022\/03\/Daniel-Calderon-Carrillo-2-150x150.png 150w, https:\/\/etnografia.inah.gob.mx\/wp-content\/uploads\/2022\/03\/Daniel-Calderon-Carrillo-2-768x768.png 768w\" sizes=\"auto, (max-width: 1080px) 100vw, 1080px\" \/>\n                      <div class=\"h-image__frame h-hide-lg h-hide-md h-hide-sm style-1171-frameImage style-local-2380-c21-frameImage\"><\/div>\n                    <\/div>\n                  <\/div>\n                <\/div>\n                <div data-colibri-id=\"2380-c22\" class=\"h-row-container gutters-row-lg-0 gutters-row-md-0 gutters-row-0 gutters-row-v-lg-0 gutters-row-v-md-0 gutters-row-v-0 style-1172 style-local-2380-c22 position-relative\">\n                  <!---->\n                  <div class=\"h-row justify-content-lg-center justify-content-md-center justify-content-center align-items-lg-stretch align-items-md-stretch align-items-stretch gutters-col-lg-0 gutters-col-md-0 gutters-col-0 gutters-col-v-lg-0 gutters-col-v-md-0 gutters-col-v-0\">\n                    <!---->\n                    <div class=\"h-column h-column-container d-flex h-col-lg-auto h-col-md-auto h-col-auto style-1173-outer style-local-2380-c23-outer\">\n                      <div data-colibri-id=\"2380-c23\" class=\"d-flex h-flex-basis h-column__inner h-px-lg-2 h-px-md-2 h-px-2 v-inner-lg-2 v-inner-md-2 v-inner-2 style-1173 style-local-2380-c23 position-relative\">\n                        <!---->\n                        <!---->\n                        <div class=\"w-100 h-y-container h-column__content h-column__v-align flex-basis-100 align-self-lg-start align-self-md-start align-self-start\">\n                          <!---->\n                          <div data-colibri-id=\"2380-c24\" class=\"h-global-transition-all h-heading style-1174 style-local-2380-c24 position-relative h-element\">\n                            <!---->\n                            <div class=\"h-heading__outer style-1174 style-local-2380-c24\">\n                              <!---->\n                              <!---->\n                              <h4 class=\"\">Daniel Calder\u00f3n Carrillo<\/h4>\n                            <\/div>\n                          <\/div>\n                          <div data-colibri-id=\"2380-c25\" class=\"h-text h-text-component style-1175 style-local-2380-c25 position-relative h-element\">\n                            <!---->\n                            <!---->\n                            <div class=\"\">\n                              <p><span style=\"font-size: 12.64px; font-weight: 600; color: rgb(51, 51, 51);\">Proyecto: Ecosalud, alimentaci\u00f3n y estrategias adaptativas en la sierra Tarahumara<\/span><\/p>\n                              <p><span style=\"color: rgb(51, 51, 51); font-weight: 600; font-size: 70%;\">calderon.daniel@protonmail.com<\/span><\/p>\n                            <\/div>\n                          <\/div>\n                          <div data-colibri-id=\"2380-c26\" class=\"h-x-container style-1179 style-local-2380-c26 position-relative h-element\">\n                            <!---->\n                            <div class=\"h-x-container-inner style-dynamic-2380-c26-group style-1179-spacing style-local-2380-c26-spacing\"><span class=\"h-button__outer style-1177-outer style-local-2380-c27-outer d-inline-flex h-element\"><a h-use-smooth-scroll=\"true\" href=\"https:\/\/etnografia.convocatoriaprone.mx\/wp-content\/uploads\/2022\/04\/Daniel-Calderon-Carrillo.pdf\" data-default-type=\"iframe\" data-fancybox=\"section-group-nq3Nhz7LkNkRDTHdeM3TZu\"  data-colibri-id=\"2380-c27\" class=\"d-flex w-100 align-items-center h-button justify-content-lg-center justify-content-md-center justify-content-center style-1177 style-local-2380-c27 position-relative\"><!----><span  class=\"h-svg-icon h-button__icon style-1177-icon style-local-2380-c27-icon\"><!--Icon by Font Awesome (https:\/\/fontawesome.com)-->\n    <svg version=\"1.1\" xmlns=\"http:\/\/www.w3.org\/2000\/svg\" xmlns:xlink=\"http:\/\/www.w3.org\/1999\/xlink\" id=\"file-o\" viewBox=\"0 0 1611.2499 1896.0833\">\n      <path d=\"M1468 380q28 28 48 76t20 88v1152q0 40-28 68t-68 28H96q-40 0-68-28t-28-68V96q0-40 28-68T96 0h896q40 0 88 20t76 48zm-444-244v376h376q-10-29-22-41l-313-313q-12-12-41-22zm384 1528V640H992q-40 0-68-28t-28-68V128H128v1536h1280z\"><\/path>\n    <\/svg><\/span> <span>Semblanza curricular<\/span><\/a>\n                              <\/span>\n                            <\/div>\n                          <\/div>\n                        <\/div>\n                      <\/div>\n                    <\/div>\n                  <\/div>\n                <\/div>\n              <\/div>\n            <\/div>\n          <\/div>\n          <div class=\"h-column h-column-container d-flex h-col-lg-2 h-col-md-6 h-col-12 style-1170-outer style-local-2380-c28-outer\">\n            <div data-colibri-id=\"2380-c28\" class=\"d-flex h-flex-basis h-column__inner h-px-lg-0 h-px-md-0 h-px-0 v-inner-lg-0 v-inner-md-0 v-inner-0 style-1170 style-local-2380-c28 position-relative\">\n              <!---->\n              <!---->\n              <div class=\"w-100 h-y-container h-column__content h-column__v-align flex-basis-100 align-self-lg-start align-self-md-start align-self-start\">\n                <!---->\n                <div data-colibri-id=\"2380-c29\" class=\"d-block style-1171 style-local-2380-c29 position-relative h-element\">\n                  <!---->\n                  <div class=\"h-image__frame-container-outer\">\n                    <div class=\"h-image__frame-container\">\n                      <!---->\n                      <!---->\n                      <img loading=\"lazy\" decoding=\"async\" width=\"1080\" height=\"1080\" src=\"https:\/\/etnografia.convocatoriaprone.mx\/wp-content\/uploads\/2022\/03\/Rafael-Ortega-Sinaloa.png\" class=\"wp-image-1592 style-1171-image style-local-2380-c29-image\" alt=\"\" srcset=\"https:\/\/etnografia.inah.gob.mx\/wp-content\/uploads\/2022\/03\/Rafael-Ortega-Sinaloa.png 1080w, https:\/\/etnografia.inah.gob.mx\/wp-content\/uploads\/2022\/03\/Rafael-Ortega-Sinaloa-300x300.png 300w, https:\/\/etnografia.inah.gob.mx\/wp-content\/uploads\/2022\/03\/Rafael-Ortega-Sinaloa-1024x1024.png 1024w, https:\/\/etnografia.inah.gob.mx\/wp-content\/uploads\/2022\/03\/Rafael-Ortega-Sinaloa-150x150.png 150w, https:\/\/etnografia.inah.gob.mx\/wp-content\/uploads\/2022\/03\/Rafael-Ortega-Sinaloa-768x768.png 768w\" sizes=\"auto, (max-width: 1080px) 100vw, 1080px\" \/>\n                      <div class=\"h-image__frame h-hide-lg h-hide-md h-hide-sm style-1171-frameImage style-local-2380-c29-frameImage\"><\/div>\n                    <\/div>\n                  <\/div>\n                <\/div>\n                <div data-colibri-id=\"2380-c30\" class=\"h-row-container gutters-row-lg-0 gutters-row-md-0 gutters-row-0 gutters-row-v-lg-0 gutters-row-v-md-0 gutters-row-v-0 style-1172 style-local-2380-c30 position-relative\">\n                  <!---->\n                  <div class=\"h-row justify-content-lg-center justify-content-md-center justify-content-center align-items-lg-stretch align-items-md-stretch align-items-stretch gutters-col-lg-0 gutters-col-md-0 gutters-col-0 gutters-col-v-lg-0 gutters-col-v-md-0 gutters-col-v-0\">\n                    <!---->\n                    <div class=\"h-column h-column-container d-flex h-col-lg-auto h-col-md-auto h-col-auto style-1173-outer style-local-2380-c31-outer\">\n                      <div data-colibri-id=\"2380-c31\" class=\"d-flex h-flex-basis h-column__inner h-px-lg-2 h-px-md-2 h-px-2 v-inner-lg-2 v-inner-md-2 v-inner-2 style-1173 style-local-2380-c31 position-relative\">\n                        <!---->\n                        <!---->\n                        <div class=\"w-100 h-y-container h-column__content h-column__v-align flex-basis-100 align-self-lg-start align-self-md-start align-self-start\">\n                          <!---->\n                          <div data-colibri-id=\"2380-c32\" class=\"h-global-transition-all h-heading style-1174 style-local-2380-c32 position-relative h-element\">\n                            <!---->\n                            <div class=\"h-heading__outer style-1174 style-local-2380-c32\">\n                              <!---->\n                              <!---->\n                              <h4 class=\"\">Rafael Ortega Sinaloa<\/h4>\n                            <\/div>\n                          <\/div>\n                          <div data-colibri-id=\"2380-c33\" class=\"h-text h-text-component style-1175 style-local-2380-c33 position-relative h-element\">\n                            <!---->\n                            <!---->\n                            <div class=\"\">\n                              <p><span style=\"font-size: 12.64px; font-weight: 600; color: rgb(51, 51, 51);\">Proyecto: Ecosalud, alimentaci\u00f3n y estrategias adaptativas en la sierra Tarahumara<\/span><\/p>\n                              <p><span style=\"color: rgb(51, 51, 51); font-weight: 600; font-size: 12.32px;\">raforestin@gmail.com<\/span><\/p>\n                            <\/div>\n                          <\/div>\n                          <div data-colibri-id=\"2380-c34\" class=\"h-x-container style-1179 style-local-2380-c34 position-relative h-element\">\n                            <!---->\n                            <div class=\"h-x-container-inner style-dynamic-2380-c34-group style-1179-spacing style-local-2380-c34-spacing\"><span class=\"h-button__outer style-1177-outer style-local-2380-c35-outer d-inline-flex h-element\"><a h-use-smooth-scroll=\"true\" href=\"https:\/\/etnografia.convocatoriaprone.mx\/wp-content\/uploads\/2022\/04\/Rafael-Ortega-Sinaloa.pdf\" data-default-type=\"iframe\" data-fancybox=\"section-group-nq3Nhz7LkNkRDTHdeM3TZu\"  data-colibri-id=\"2380-c35\" class=\"d-flex w-100 align-items-center h-button justify-content-lg-center justify-content-md-center justify-content-center style-1177 style-local-2380-c35 position-relative\"><!----><span  class=\"h-svg-icon h-button__icon style-1177-icon style-local-2380-c35-icon\"><!--Icon by Font Awesome (https:\/\/fontawesome.com)-->\n    <svg version=\"1.1\" xmlns=\"http:\/\/www.w3.org\/2000\/svg\" xmlns:xlink=\"http:\/\/www.w3.org\/1999\/xlink\" id=\"file-o\" viewBox=\"0 0 1611.2499 1896.0833\">\n      <path d=\"M1468 380q28 28 48 76t20 88v1152q0 40-28 68t-68 28H96q-40 0-68-28t-28-68V96q0-40 28-68T96 0h896q40 0 88 20t76 48zm-444-244v376h376q-10-29-22-41l-313-313q-12-12-41-22zm384 1528V640H992q-40 0-68-28t-28-68V128H128v1536h1280z\"><\/path>\n    <\/svg><\/span> <span>Semblanza curricular<\/span><\/a>\n                              <\/span>\n                            <\/div>\n                          <\/div>\n                        <\/div>\n                      <\/div>\n                    <\/div>\n                  <\/div>\n                <\/div>\n              <\/div>\n            <\/div>\n          <\/div>\n          <div class=\"h-column h-column-container d-flex h-col-lg-2 h-col-md-6 h-col-12 style-1170-outer style-local-2380-c36-outer\">\n            <div data-colibri-id=\"2380-c36\" class=\"d-flex h-flex-basis h-column__inner h-px-lg-0 h-px-md-0 h-px-0 v-inner-lg-0 v-inner-md-0 v-inner-0 style-1170 style-local-2380-c36 position-relative\">\n              <!---->\n              <!---->\n              <div class=\"w-100 h-y-container h-column__content h-column__v-align flex-basis-100 align-self-lg-start align-self-md-start align-self-start\">\n                <!---->\n                <div data-colibri-id=\"2380-c37\" class=\"d-block style-1171 style-local-2380-c37 position-relative h-element\">\n                  <!---->\n                  <div class=\"h-image__frame-container-outer\">\n                    <div class=\"h-image__frame-container\">\n                      <!---->\n                      <!---->\n                      <img loading=\"lazy\" decoding=\"async\" width=\"1080\" height=\"1080\" src=\"https:\/\/etnografia.convocatoriaprone.mx\/wp-content\/uploads\/2022\/03\/Andres-Oseguera-Montiel.png\" class=\"wp-image-1564 style-1171-image style-local-2380-c37-image\" alt=\"\" srcset=\"https:\/\/etnografia.inah.gob.mx\/wp-content\/uploads\/2022\/03\/Andres-Oseguera-Montiel.png 1080w, https:\/\/etnografia.inah.gob.mx\/wp-content\/uploads\/2022\/03\/Andres-Oseguera-Montiel-300x300.png 300w, https:\/\/etnografia.inah.gob.mx\/wp-content\/uploads\/2022\/03\/Andres-Oseguera-Montiel-1024x1024.png 1024w, https:\/\/etnografia.inah.gob.mx\/wp-content\/uploads\/2022\/03\/Andres-Oseguera-Montiel-150x150.png 150w, https:\/\/etnografia.inah.gob.mx\/wp-content\/uploads\/2022\/03\/Andres-Oseguera-Montiel-768x768.png 768w\" sizes=\"auto, (max-width: 1080px) 100vw, 1080px\" \/>\n                      <div class=\"h-image__frame h-hide-lg h-hide-md h-hide-sm style-1171-frameImage style-local-2380-c37-frameImage\"><\/div>\n                    <\/div>\n                  <\/div>\n                <\/div>\n                <div data-colibri-id=\"2380-c38\" class=\"h-row-container gutters-row-lg-0 gutters-row-md-0 gutters-row-0 gutters-row-v-lg-0 gutters-row-v-md-0 gutters-row-v-0 style-1172 style-local-2380-c38 position-relative\">\n                  <!---->\n                  <div class=\"h-row justify-content-lg-center justify-content-md-center justify-content-center align-items-lg-stretch align-items-md-stretch align-items-stretch gutters-col-lg-0 gutters-col-md-0 gutters-col-0 gutters-col-v-lg-0 gutters-col-v-md-0 gutters-col-v-0\">\n                    <!---->\n                    <div class=\"h-column h-column-container d-flex h-col-lg-auto h-col-md-auto h-col-auto style-1173-outer style-local-2380-c39-outer\">\n                      <div data-colibri-id=\"2380-c39\" class=\"d-flex h-flex-basis h-column__inner h-px-lg-2 h-px-md-2 h-px-2 v-inner-lg-2 v-inner-md-2 v-inner-2 style-1173 style-local-2380-c39 position-relative\">\n                        <!---->\n                        <!---->\n                        <div class=\"w-100 h-y-container h-column__content h-column__v-align flex-basis-100 align-self-lg-start align-self-md-start align-self-start\">\n                          <!---->\n                          <div data-colibri-id=\"2380-c40\" class=\"h-global-transition-all h-heading style-1174 style-local-2380-c40 position-relative h-element\">\n                            <!---->\n                            <div class=\"h-heading__outer style-1174 style-local-2380-c40\">\n                              <!---->\n                              <!---->\n                              <h4 class=\"\">Andr\u00e9s Oseguera-Montiel<\/h4>\n                            <\/div>\n                          <\/div>\n                          <div data-colibri-id=\"2380-c41\" class=\"h-text h-text-component style-1175 style-local-2380-c41 position-relative h-element\">\n                            <!---->\n                            <!---->\n                            <div class=\"\">\n                              <p><span style=\"font-size: 12.64px; color: rgb(51, 51, 51); font-weight: 600;\">Proyecto: <\/span><span style=\"font-size: 79%; color: rgb(51, 51, 51); font-weight: 600;\">La g\u00e9nesis de asociaciones entre menonitas, rar\u00e1muri y mexicanos. Un estudio etnogr\u00e1fico sobre las redes heterog\u00e9neas en Chihuahua<\/span><\/p>\n                              <p><span style=\"font-weight: 600; color: rgb(51, 51, 51); font-size: 75%;\">andres_oseguera@inah.gob.mx<\/span><strong style=\"font-weight: 700; color: rgb(84, 84, 84);\"> <\/strong><\/p>\n                            <\/div>\n                          <\/div>\n                          <div data-colibri-id=\"2380-c42\" class=\"h-x-container style-1181 style-local-2380-c42 position-relative h-element\">\n                            <!---->\n                            <div class=\"h-x-container-inner style-dynamic-2380-c42-group style-1181-spacing style-local-2380-c42-spacing\"><span class=\"h-button__outer style-1177-outer style-local-2380-c43-outer d-inline-flex h-element\"><a h-use-smooth-scroll=\"true\" href=\"https:\/\/etnografia.convocatoriaprone.mx\/wp-content\/uploads\/2022\/04\/Andres-Oseguera-Montiel.pdf\"  data-colibri-id=\"2380-c43\" class=\"d-flex w-100 align-items-center h-button justify-content-lg-center justify-content-md-center justify-content-center style-1177 style-local-2380-c43 position-relative\"><!----><span  class=\"h-svg-icon h-button__icon style-1177-icon style-local-2380-c43-icon\"><!--Icon by Font Awesome (https:\/\/fontawesome.com)-->\n    <svg version=\"1.1\" xmlns=\"http:\/\/www.w3.org\/2000\/svg\" xmlns:xlink=\"http:\/\/www.w3.org\/1999\/xlink\" id=\"file-o\" viewBox=\"0 0 1611.2499 1896.0833\">\n      <path d=\"M1468 380q28 28 48 76t20 88v1152q0 40-28 68t-68 28H96q-40 0-68-28t-28-68V96q0-40 28-68T96 0h896q40 0 88 20t76 48zm-444-244v376h376q-10-29-22-41l-313-313q-12-12-41-22zm384 1528V640H992q-40 0-68-28t-28-68V128H128v1536h1280z\"><\/path>\n    <\/svg><\/span> <span>Semblanza curricular<\/span><\/a>\n                              <\/span>\n                            <\/div>\n                          <\/div>\n                        <\/div>\n                      <\/div>\n                    <\/div>\n                  <\/div>\n                <\/div>\n              <\/div>\n            <\/div>\n          <\/div>\n          <div class=\"h-column h-column-container d-flex h-col-lg-2 h-col-md-6 h-col-12 style-1170-outer style-local-2380-c44-outer\">\n            <div data-colibri-id=\"2380-c44\" class=\"d-flex h-flex-basis h-column__inner h-px-lg-0 h-px-md-0 h-px-0 v-inner-lg-0 v-inner-md-0 v-inner-0 style-1170 style-local-2380-c44 position-relative\">\n              <!---->\n              <!---->\n              <div class=\"w-100 h-y-container h-column__content h-column__v-align flex-basis-100 align-self-lg-start align-self-md-start align-self-start\">\n                <!---->\n                <div data-colibri-id=\"2380-c45\" class=\"d-block style-1485 style-local-2380-c45 position-relative h-element\">\n                  <!---->\n                  <div class=\"h-image__frame-container-outer\">\n                    <div class=\"h-image__frame-container\">\n                      <!---->\n                      <!---->\n                      <img loading=\"lazy\" decoding=\"async\" width=\"1080\" height=\"1080\" src=\"https:\/\/etnografia.convocatoriaprone.mx\/wp-content\/uploads\/2022\/05\/1.-usuario.png\" class=\"wp-image-3161 style-1485-image style-local-2380-c45-image\" alt=\"\" srcset=\"https:\/\/etnografia.inah.gob.mx\/wp-content\/uploads\/2022\/05\/1.-usuario.png 1080w, https:\/\/etnografia.inah.gob.mx\/wp-content\/uploads\/2022\/05\/1.-usuario-300x300.png 300w, https:\/\/etnografia.inah.gob.mx\/wp-content\/uploads\/2022\/05\/1.-usuario-1024x1024.png 1024w, https:\/\/etnografia.inah.gob.mx\/wp-content\/uploads\/2022\/05\/1.-usuario-150x150.png 150w, https:\/\/etnografia.inah.gob.mx\/wp-content\/uploads\/2022\/05\/1.-usuario-768x768.png 768w\" sizes=\"auto, (max-width: 1080px) 100vw, 1080px\" \/>\n                      <div class=\"h-image__frame h-hide-lg h-hide-md h-hide-sm style-1485-frameImage style-local-2380-c45-frameImage\"><\/div>\n                    <\/div>\n                  <\/div>\n                <\/div>\n                <div data-colibri-id=\"2380-c46\" class=\"h-row-container gutters-row-lg-0 gutters-row-md-0 gutters-row-0 gutters-row-v-lg-0 gutters-row-v-md-0 gutters-row-v-0 style-1184 style-local-2380-c46 position-relative\">\n                  <!---->\n                  <div class=\"h-row justify-content-lg-center justify-content-md-center justify-content-center align-items-lg-stretch align-items-md-stretch align-items-stretch gutters-col-lg-0 gutters-col-md-0 gutters-col-0 gutters-col-v-lg-0 gutters-col-v-md-0 gutters-col-v-0\">\n                    <!---->\n                    <div class=\"h-column h-column-container d-flex h-col-lg-auto h-col-md-auto h-col-auto style-1185-outer style-local-2380-c47-outer\">\n                      <div data-colibri-id=\"2380-c47\" class=\"d-flex h-flex-basis h-column__inner h-px-lg-2 h-px-md-2 h-px-2 v-inner-lg-2 v-inner-md-2 v-inner-2 style-1185 style-local-2380-c47 position-relative\">\n                        <!---->\n                        <!---->\n                        <div class=\"w-100 h-y-container h-column__content h-column__v-align flex-basis-100 align-self-lg-start align-self-md-start align-self-start\">\n                          <!---->\n                          <div data-colibri-id=\"2380-c48\" class=\"h-global-transition-all h-heading style-1186 style-local-2380-c48 position-relative h-element\">\n                            <!---->\n                            <div class=\"h-heading__outer style-1186 style-local-2380-c48\">\n                              <!---->\n                              <!---->\n                              <h4 class=\"\">Hilario Topete Lara<\/h4>\n                            <\/div>\n                          <\/div>\n                          <div data-colibri-id=\"2380-c49\" class=\"h-text h-text-component style-1182 style-local-2380-c49 position-relative h-element\">\n                            <!---->\n                            <!---->\n                            <div class=\"\">\n                              <p><span style=\"font-size: 12.64px; color: rgb(51, 51, 51); font-weight: 600;\">Proyecto&nbsp;<\/span><span style=\"font-size: 11.52px; color: rgb(51, 51, 51); font-weight: 600;\">&#8220;Ocultos, a la vista de todos: percepci\u00f3n del territorio y memoria ritual frente al Estado Naci\u00f3n. El caso de los otom\u00edes la Sierra de las Cruces y Montealto, Estado de M\u00e9xico&#8221;<\/span><\/p>\n                              <p><span style=\"font-size: 59%; font-weight: 600; color: rgb(51, 51, 51);\">proyectocrucesymontealto@gmail.com<\/span><\/p>\n                            <\/div>\n                          <\/div>\n                          <div data-colibri-id=\"2380-c50\" class=\"h-x-container style-1187 style-local-2380-c50 position-relative h-element\">\n                            <!---->\n                            <div class=\"h-x-container-inner style-dynamic-2380-c50-group style-1187-spacing style-local-2380-c50-spacing\"><span class=\"h-button__outer style-1177-outer style-local-2380-c51-outer d-inline-flex h-element\"><a h-use-smooth-scroll=\"true\" href=\"https:\/\/etnografia.convocatoriaprone.mx\/wp-content\/uploads\/2022\/04\/Hilario-Topete-Lara.pdf\" data-fancybox=\"section-group-nq3Nhz7LkNkRDTHdeM3TZu\"  data-colibri-id=\"2380-c51\" class=\"d-flex w-100 align-items-center h-button justify-content-lg-center justify-content-md-center justify-content-center style-1177 style-local-2380-c51 position-relative\"><!----><span  class=\"h-svg-icon h-button__icon style-1177-icon style-local-2380-c51-icon\"><!--Icon by Font Awesome (https:\/\/fontawesome.com)-->\n    <svg version=\"1.1\" xmlns=\"http:\/\/www.w3.org\/2000\/svg\" xmlns:xlink=\"http:\/\/www.w3.org\/1999\/xlink\" id=\"file-o\" viewBox=\"0 0 1611.2499 1896.0833\">\n      <path d=\"M1468 380q28 28 48 76t20 88v1152q0 40-28 68t-68 28H96q-40 0-68-28t-28-68V96q0-40 28-68T96 0h896q40 0 88 20t76 48zm-444-244v376h376q-10-29-22-41l-313-313q-12-12-41-22zm384 1528V640H992q-40 0-68-28t-28-68V128H128v1536h1280z\"><\/path>\n    <\/svg><\/span> <span>Semblanza Curricular<\/span><\/a>\n                              <\/span>\n                            <\/div>\n                          <\/div>\n                        <\/div>\n                      <\/div>\n                    <\/div>\n                  <\/div>\n                <\/div>\n              <\/div>\n            <\/div>\n          <\/div>\n          <div class=\"h-column h-column-container d-flex h-col-lg-2 h-col-md-6 h-col-12 style-1170-outer style-local-2380-c52-outer\">\n            <div data-colibri-id=\"2380-c52\" class=\"d-flex h-flex-basis h-column__inner h-px-lg-0 h-px-md-0 h-px-0 v-inner-lg-0 v-inner-md-0 v-inner-0 style-1170 style-local-2380-c52 position-relative\">\n              <!---->\n              <!---->\n              <div class=\"w-100 h-y-container h-column__content h-column__v-align flex-basis-100 align-self-lg-start align-self-md-start align-self-start\">\n                <!---->\n                <div data-colibri-id=\"2380-c53\" class=\"d-block style-1485 style-local-2380-c53 position-relative h-element\">\n                  <!---->\n                  <div class=\"h-image__frame-container-outer\">\n                    <div class=\"h-image__frame-container\">\n                      <!---->\n                      <!---->\n                      <img loading=\"lazy\" decoding=\"async\" width=\"1080\" height=\"1080\" src=\"https:\/\/etnografia.convocatoriaprone.mx\/wp-content\/uploads\/2022\/05\/1.-usuario.png\" class=\"wp-image-3161 style-1485-image style-local-2380-c53-image\" alt=\"\" srcset=\"https:\/\/etnografia.inah.gob.mx\/wp-content\/uploads\/2022\/05\/1.-usuario.png 1080w, https:\/\/etnografia.inah.gob.mx\/wp-content\/uploads\/2022\/05\/1.-usuario-300x300.png 300w, https:\/\/etnografia.inah.gob.mx\/wp-content\/uploads\/2022\/05\/1.-usuario-1024x1024.png 1024w, https:\/\/etnografia.inah.gob.mx\/wp-content\/uploads\/2022\/05\/1.-usuario-150x150.png 150w, https:\/\/etnografia.inah.gob.mx\/wp-content\/uploads\/2022\/05\/1.-usuario-768x768.png 768w\" sizes=\"auto, (max-width: 1080px) 100vw, 1080px\" \/>\n                      <div class=\"h-image__frame h-hide-lg h-hide-md h-hide-sm style-1485-frameImage style-local-2380-c53-frameImage\"><\/div>\n                    <\/div>\n                  <\/div>\n                <\/div>\n                <div data-colibri-id=\"2380-c54\" class=\"h-row-container gutters-row-lg-0 gutters-row-md-0 gutters-row-0 gutters-row-v-lg-0 gutters-row-v-md-0 gutters-row-v-0 style-1184 style-local-2380-c54 position-relative\">\n                  <!---->\n                  <div class=\"h-row justify-content-lg-center justify-content-md-center justify-content-center align-items-lg-stretch align-items-md-stretch align-items-stretch gutters-col-lg-0 gutters-col-md-0 gutters-col-0 gutters-col-v-lg-0 gutters-col-v-md-0 gutters-col-v-0\">\n                    <!---->\n                    <div class=\"h-column h-column-container d-flex h-col-lg-auto h-col-md-auto h-col-auto style-1185-outer style-local-2380-c55-outer\">\n                      <div data-colibri-id=\"2380-c55\" class=\"d-flex h-flex-basis h-column__inner h-px-lg-2 h-px-md-2 h-px-2 v-inner-lg-2 v-inner-md-2 v-inner-2 style-1185 style-local-2380-c55 position-relative\">\n                        <!---->\n                        <!---->\n                        <div class=\"w-100 h-y-container h-column__content h-column__v-align flex-basis-100 align-self-lg-start align-self-md-start align-self-start\">\n                          <!---->\n                          <div data-colibri-id=\"2380-c56\" class=\"h-global-transition-all h-heading style-1186 style-local-2380-c56 position-relative h-element\">\n                            <!---->\n                            <div class=\"h-heading__outer style-1186 style-local-2380-c56\">\n                              <!---->\n                              <!---->\n                              <h4 class=\"\">Carlos Arturo Hern\u00e1ndez D\u00e1vila<\/h4>\n                            <\/div>\n                          <\/div>\n                          <div data-colibri-id=\"2380-c57\" class=\"h-text h-text-component style-1182 style-local-2380-c57 position-relative h-element\">\n                            <!---->\n                            <!---->\n                            <div class=\"\">\n                              <p><span style=\"font-size: 12.64px; color: rgb(51, 51, 51); font-weight: 600;\">Proyecto&nbsp;<\/span><span style=\"font-size: 11.52px; color: rgb(51, 51, 51); font-weight: 600;\">&#8220;Ocultos, a la vista de todos: percepci\u00f3n del territorio y memoria ritual frente al Estado Naci\u00f3n. El caso de los otom\u00edes la Sierra de las Cruces y Montealto, Estado de M\u00e9xico&#8221;<\/span><\/p>\n                              <p><span style=\"font-size: 59%; font-weight: 600; color: rgb(51, 51, 51);\">proyectocrucesymontealto@gmail.com<\/span><\/p>\n                            <\/div>\n                          <\/div>\n                          <div data-colibri-id=\"2380-c58\" class=\"h-x-container style-1187 style-local-2380-c58 position-relative h-element\">\n                            <!---->\n                            <div class=\"h-x-container-inner style-dynamic-2380-c58-group style-1187-spacing style-local-2380-c58-spacing\"><span class=\"h-button__outer style-1177-outer style-local-2380-c59-outer d-inline-flex h-element\"><a h-use-smooth-scroll=\"true\" href=\"https:\/\/etnografia.convocatoriaprone.mx\/wp-content\/uploads\/2022\/04\/Carlos-Arturo-Hernandez-Davila.pdf\" data-fancybox=\"section-group-nq3Nhz7LkNkRDTHdeM3TZu\"  data-colibri-id=\"2380-c59\" class=\"d-flex w-100 align-items-center h-button justify-content-lg-center justify-content-md-center justify-content-center style-1177 style-local-2380-c59 position-relative\"><!----><span  class=\"h-svg-icon h-button__icon style-1177-icon style-local-2380-c59-icon\"><!--Icon by Font Awesome (https:\/\/fontawesome.com)-->\n    <svg version=\"1.1\" xmlns=\"http:\/\/www.w3.org\/2000\/svg\" xmlns:xlink=\"http:\/\/www.w3.org\/1999\/xlink\" id=\"file-o\" viewBox=\"0 0 1611.2499 1896.0833\">\n      <path d=\"M1468 380q28 28 48 76t20 88v1152q0 40-28 68t-68 28H96q-40 0-68-28t-28-68V96q0-40 28-68T96 0h896q40 0 88 20t76 48zm-444-244v376h376q-10-29-22-41l-313-313q-12-12-41-22zm384 1528V640H992q-40 0-68-28t-28-68V128H128v1536h1280z\"><\/path>\n    <\/svg><\/span> <span>Semblanza Curricular<\/span><\/a>\n                              <\/span>\n                            <\/div>\n                          <\/div>\n                        <\/div>\n                      <\/div>\n                    <\/div>\n                  <\/div>\n                <\/div>\n              <\/div>\n            <\/div>\n          <\/div>\n          <div class=\"h-column h-column-container d-flex h-col-lg-2 h-col-md-6 h-col-12 style-1170-outer style-local-2380-c60-outer\">\n            <div data-colibri-id=\"2380-c60\" class=\"d-flex h-flex-basis h-column__inner h-px-lg-0 h-px-md-0 h-px-0 v-inner-lg-0 v-inner-md-0 v-inner-0 style-1170 style-local-2380-c60 position-relative\">\n              <!---->\n              <!---->\n              <div class=\"w-100 h-y-container h-column__content h-column__v-align flex-basis-100 align-self-lg-start align-self-md-start align-self-start\">\n                <!---->\n                <div data-colibri-id=\"2380-c61\" class=\"d-block style-1484 style-local-2380-c61 position-relative h-element\">\n                  <!---->\n                  <div class=\"h-image__frame-container-outer\">\n                    <div class=\"h-image__frame-container\">\n                      <!---->\n                      <!---->\n                      <img loading=\"lazy\" decoding=\"async\" width=\"1080\" height=\"1080\" src=\"https:\/\/etnografia.convocatoriaprone.mx\/wp-content\/uploads\/2022\/05\/1.-usuario.png\" class=\"wp-image-3161 style-1484-image style-local-2380-c61-image\" alt=\"\" srcset=\"https:\/\/etnografia.inah.gob.mx\/wp-content\/uploads\/2022\/05\/1.-usuario.png 1080w, https:\/\/etnografia.inah.gob.mx\/wp-content\/uploads\/2022\/05\/1.-usuario-300x300.png 300w, https:\/\/etnografia.inah.gob.mx\/wp-content\/uploads\/2022\/05\/1.-usuario-1024x1024.png 1024w, https:\/\/etnografia.inah.gob.mx\/wp-content\/uploads\/2022\/05\/1.-usuario-150x150.png 150w, https:\/\/etnografia.inah.gob.mx\/wp-content\/uploads\/2022\/05\/1.-usuario-768x768.png 768w\" sizes=\"auto, (max-width: 1080px) 100vw, 1080px\" \/>\n                      <div class=\"h-image__frame h-hide-lg h-hide-md h-hide-sm style-1484-frameImage style-local-2380-c61-frameImage\"><\/div>\n                    <\/div>\n                  <\/div>\n                <\/div>\n                <div data-colibri-id=\"2380-c62\" class=\"h-row-container gutters-row-lg-0 gutters-row-md-0 gutters-row-0 gutters-row-v-lg-0 gutters-row-v-md-0 gutters-row-v-0 style-1184 style-local-2380-c62 position-relative\">\n                  <!---->\n                  <div class=\"h-row justify-content-lg-center justify-content-md-center justify-content-center align-items-lg-stretch align-items-md-stretch align-items-stretch gutters-col-lg-0 gutters-col-md-0 gutters-col-0 gutters-col-v-lg-0 gutters-col-v-md-0 gutters-col-v-0\">\n                    <!---->\n                    <div class=\"h-column h-column-container d-flex h-col-lg-auto h-col-md-auto h-col-auto style-1185-outer style-local-2380-c63-outer\">\n                      <div data-colibri-id=\"2380-c63\" class=\"d-flex h-flex-basis h-column__inner h-px-lg-2 h-px-md-2 h-px-2 v-inner-lg-2 v-inner-md-2 v-inner-2 style-1185 style-local-2380-c63 position-relative\">\n                        <!---->\n                        <!---->\n                        <div class=\"w-100 h-y-container h-column__content h-column__v-align flex-basis-100 align-self-lg-start align-self-md-start align-self-start\">\n                          <!---->\n                          <div data-colibri-id=\"2380-c64\" class=\"h-global-transition-all h-heading style-1186 style-local-2380-c64 position-relative h-element\">\n                            <!---->\n                            <div class=\"h-heading__outer style-1186 style-local-2380-c64\">\n                              <!---->\n                              <!---->\n                              <h4 class=\"\">Antonio Ruiz Caballero<\/h4>\n                            <\/div>\n                          <\/div>\n                          <div data-colibri-id=\"2380-c65\" class=\"h-text h-text-component style-1182 style-local-2380-c65 position-relative h-element\">\n                            <!---->\n                            <!---->\n                            <div class=\"\">\n                              <p><span style=\"font-family: Montserrat; font-size: 12.64px; font-weight: 600; color: rgb(0, 0, 0);\">Proyecto&nbsp;<\/span><span style=\"font-family: Montserrat; font-size: 11.52px; font-weight: 600; color: rgb(0, 0, 0);\">&#8220;Ocultos, a la vista de todos: percepci\u00f3n del territorio y memoria ritual frente al Estado Naci\u00f3n. El caso de los otom\u00edes la Sierra de las Cruces y Montealto, Estado de M\u00e9xico&#8221;<\/span><\/p>\n                            <\/div>\n                          <\/div>\n                          <div data-colibri-id=\"2380-c66\" class=\"h-x-container style-1187 style-local-2380-c66 position-relative h-element\">\n                            <!---->\n                            <div class=\"h-x-container-inner style-dynamic-2380-c66-group style-1187-spacing style-local-2380-c66-spacing\"><span class=\"h-button__outer style-1177-outer style-local-2380-c67-outer d-inline-flex h-element\"><a h-use-smooth-scroll=\"true\" href=\"https:\/\/etnografia.convocatoriaprone.mx\/wp-content\/uploads\/2022\/04\/Antonio-Ruiz-Caballero.pdf\" data-fancybox=\"section-group-nq3Nhz7LkNkRDTHdeM3TZu\"  data-colibri-id=\"2380-c67\" class=\"d-flex w-100 align-items-center h-button justify-content-lg-center justify-content-md-center justify-content-center style-1177 style-local-2380-c67 position-relative\"><!----><span  class=\"h-svg-icon h-button__icon style-1177-icon style-local-2380-c67-icon\"><!--Icon by Font Awesome (https:\/\/fontawesome.com)-->\n    <svg version=\"1.1\" xmlns=\"http:\/\/www.w3.org\/2000\/svg\" xmlns:xlink=\"http:\/\/www.w3.org\/1999\/xlink\" id=\"file-o\" viewBox=\"0 0 1611.2499 1896.0833\">\n      <path d=\"M1468 380q28 28 48 76t20 88v1152q0 40-28 68t-68 28H96q-40 0-68-28t-28-68V96q0-40 28-68T96 0h896q40 0 88 20t76 48zm-444-244v376h376q-10-29-22-41l-313-313q-12-12-41-22zm384 1528V640H992q-40 0-68-28t-28-68V128H128v1536h1280z\"><\/path>\n    <\/svg><\/span> <span>Semblanza Curricular<\/span><\/a>\n                              <\/span>\n                            <\/div>\n                          <\/div>\n                        <\/div>\n                      <\/div>\n                    <\/div>\n                  <\/div>\n                <\/div>\n              <\/div>\n            <\/div>\n          <\/div>\n          <div class=\"h-column h-column-container d-flex h-col-lg-2 h-col-md-6 h-col-12 style-1170-outer style-local-2380-c68-outer\">\n            <div data-colibri-id=\"2380-c68\" class=\"d-flex h-flex-basis h-column__inner h-px-lg-0 h-px-md-0 h-px-0 v-inner-lg-0 v-inner-md-0 v-inner-0 style-1170 style-local-2380-c68 position-relative\">\n              <!---->\n              <!---->\n              <div class=\"w-100 h-y-container h-column__content h-column__v-align flex-basis-100 align-self-lg-start align-self-md-start align-self-start\">\n                <!---->\n                <div data-colibri-id=\"2380-c69\" class=\"d-block style-1171 style-local-2380-c69 position-relative h-element\">\n                  <!---->\n                  <div class=\"h-image__frame-container-outer\">\n                    <div class=\"h-image__frame-container\">\n                      <!---->\n                      <!---->\n                      <img loading=\"lazy\" decoding=\"async\" width=\"1080\" height=\"1080\" src=\"https:\/\/etnografia.convocatoriaprone.mx\/wp-content\/uploads\/2022\/03\/Geraldine-Guadalue-Granados-Vazquez.png\" class=\"wp-image-1708 style-1171-image style-local-2380-c69-image\" alt=\"\" srcset=\"https:\/\/etnografia.inah.gob.mx\/wp-content\/uploads\/2022\/03\/Geraldine-Guadalue-Granados-Vazquez.png 1080w, https:\/\/etnografia.inah.gob.mx\/wp-content\/uploads\/2022\/03\/Geraldine-Guadalue-Granados-Vazquez-300x300.png 300w, https:\/\/etnografia.inah.gob.mx\/wp-content\/uploads\/2022\/03\/Geraldine-Guadalue-Granados-Vazquez-1024x1024.png 1024w, https:\/\/etnografia.inah.gob.mx\/wp-content\/uploads\/2022\/03\/Geraldine-Guadalue-Granados-Vazquez-150x150.png 150w, https:\/\/etnografia.inah.gob.mx\/wp-content\/uploads\/2022\/03\/Geraldine-Guadalue-Granados-Vazquez-768x768.png 768w\" sizes=\"auto, (max-width: 1080px) 100vw, 1080px\" \/>\n                      <div class=\"h-image__frame h-hide-lg h-hide-md h-hide-sm style-1171-frameImage style-local-2380-c69-frameImage\"><\/div>\n                    <\/div>\n                  <\/div>\n                <\/div>\n                <div data-colibri-id=\"2380-c70\" class=\"h-row-container gutters-row-lg-0 gutters-row-md-0 gutters-row-0 gutters-row-v-lg-0 gutters-row-v-md-0 gutters-row-v-0 style-1184 style-local-2380-c70 position-relative\">\n                  <!---->\n                  <div class=\"h-row justify-content-lg-center justify-content-md-center justify-content-center align-items-lg-stretch align-items-md-stretch align-items-stretch gutters-col-lg-0 gutters-col-md-0 gutters-col-0 gutters-col-v-lg-0 gutters-col-v-md-0 gutters-col-v-0\">\n                    <!---->\n                    <div class=\"h-column h-column-container d-flex h-col-lg-auto h-col-md-auto h-col-auto style-1185-outer style-local-2380-c71-outer\">\n                      <div data-colibri-id=\"2380-c71\" class=\"d-flex h-flex-basis h-column__inner h-px-lg-2 h-px-md-2 h-px-2 v-inner-lg-2 v-inner-md-2 v-inner-2 style-1185 style-local-2380-c71 position-relative\">\n                        <!---->\n                        <!---->\n                        <div class=\"w-100 h-y-container h-column__content h-column__v-align flex-basis-100 align-self-lg-start align-self-md-start align-self-start\">\n                          <!---->\n                          <div data-colibri-id=\"2380-c72\" class=\"h-global-transition-all h-heading style-1186 style-local-2380-c72 position-relative h-element\">\n                            <!---->\n                            <div class=\"h-heading__outer style-1186 style-local-2380-c72\">\n                              <!---->\n                              <!---->\n                              <h4 class=\"\">Geraldine Guadalupe Granados V\u00e1zquez<\/h4>\n                            <\/div>\n                          <\/div>\n                          <div data-colibri-id=\"2380-c73\" class=\"h-text h-text-component style-1182 style-local-2380-c73 position-relative h-element\">\n                            <!---->\n                            <!---->\n                            <div class=\"\">\n                              <p><span style=\"color: rgb(51, 51, 51); font-weight: 600; font-size: 79%;\">Proyecto &#8220;Vulnerabilidad y resiliencia. La experiencia de la epidemia de COVID-19 en dos contextos, Ciudad de M\u00e9xico y Cepeda Peraza, Yucat\u00e1n&#8221;<\/span><\/p>\n                              <p><span style=\"font-size: 70%; color: rgb(51, 51, 51); font-weight: 600; font-family: Montserrat;\">geraldine_granados@inah.gob.mx<\/span><\/p>\n                            <\/div>\n                          <\/div>\n                          <div data-colibri-id=\"2380-c74\" class=\"h-x-container style-1188 style-local-2380-c74 position-relative h-element\">\n                            <!---->\n                            <div class=\"h-x-container-inner style-dynamic-2380-c74-group style-1188-spacing style-local-2380-c74-spacing\"><span class=\"h-button__outer style-1177-outer style-local-2380-c75-outer d-inline-flex h-element\"><a h-use-smooth-scroll=\"true\" href=\"https:\/\/etnografia.convocatoriaprone.mx\/wp-content\/uploads\/2022\/04\/Geraldine-Guadalupe-Granados-Vazquez.pdf\" data-fancybox=\"section-group-nq3Nhz7LkNkRDTHdeM3TZu\"  data-colibri-id=\"2380-c75\" class=\"d-flex w-100 align-items-center h-button justify-content-lg-center justify-content-md-center justify-content-center style-1177 style-local-2380-c75 position-relative\"><!----><span  class=\"h-svg-icon h-button__icon style-1177-icon style-local-2380-c75-icon\"><!--Icon by Font Awesome (https:\/\/fontawesome.com)-->\n    <svg version=\"1.1\" xmlns=\"http:\/\/www.w3.org\/2000\/svg\" xmlns:xlink=\"http:\/\/www.w3.org\/1999\/xlink\" id=\"file-o\" viewBox=\"0 0 1611.2499 1896.0833\">\n      <path d=\"M1468 380q28 28 48 76t20 88v1152q0 40-28 68t-68 28H96q-40 0-68-28t-28-68V96q0-40 28-68T96 0h896q40 0 88 20t76 48zm-444-244v376h376q-10-29-22-41l-313-313q-12-12-41-22zm384 1528V640H992q-40 0-68-28t-28-68V128H128v1536h1280z\"><\/path>\n    <\/svg><\/span> <span>Semblanza Curricular<\/span><\/a>\n                              <\/span>\n                            <\/div>\n                          <\/div>\n                        <\/div>\n                      <\/div>\n                    <\/div>\n                  <\/div>\n                <\/div>\n              <\/div>\n            <\/div>\n          <\/div>\n          <div class=\"h-column h-column-container d-flex h-col-lg-2 h-col-md-6 h-col-12 style-1170-outer style-local-2380-c76-outer\">\n            <div data-colibri-id=\"2380-c76\" class=\"d-flex h-flex-basis h-column__inner h-px-lg-0 h-px-md-0 h-px-0 v-inner-lg-0 v-inner-md-0 v-inner-0 style-1170 style-local-2380-c76 position-relative\">\n              <!---->\n              <!---->\n              <div class=\"w-100 h-y-container h-column__content h-column__v-align flex-basis-100 align-self-lg-start align-self-md-start align-self-start\">\n                <!---->\n                <div data-colibri-id=\"2380-c77\" class=\"d-block style-1189 style-local-2380-c77 position-relative h-element\">\n                  <!---->\n                  <div class=\"h-image__frame-container-outer\">\n                    <div class=\"h-image__frame-container\">\n                      <!---->\n                      <!---->\n                      <img loading=\"lazy\" decoding=\"async\" width=\"1080\" height=\"1080\" src=\"https:\/\/etnografia.convocatoriaprone.mx\/wp-content\/uploads\/2022\/03\/Aidin-N.-Nunez-Minjares-1.png\" class=\"wp-image-1732 style-1189-image style-local-2380-c77-image\" alt=\"\" srcset=\"https:\/\/etnografia.inah.gob.mx\/wp-content\/uploads\/2022\/03\/Aidin-N.-Nunez-Minjares-1.png 1080w, https:\/\/etnografia.inah.gob.mx\/wp-content\/uploads\/2022\/03\/Aidin-N.-Nunez-Minjares-1-300x300.png 300w, https:\/\/etnografia.inah.gob.mx\/wp-content\/uploads\/2022\/03\/Aidin-N.-Nunez-Minjares-1-1024x1024.png 1024w, https:\/\/etnografia.inah.gob.mx\/wp-content\/uploads\/2022\/03\/Aidin-N.-Nunez-Minjares-1-150x150.png 150w, https:\/\/etnografia.inah.gob.mx\/wp-content\/uploads\/2022\/03\/Aidin-N.-Nunez-Minjares-1-768x768.png 768w\" sizes=\"auto, (max-width: 1080px) 100vw, 1080px\" \/>\n                      <div class=\"h-image__frame h-hide-lg h-hide-md h-hide-sm style-1189-frameImage style-local-2380-c77-frameImage\"><\/div>\n                    <\/div>\n                  <\/div>\n                <\/div>\n                <div data-colibri-id=\"2380-c78\" class=\"h-row-container gutters-row-lg-0 gutters-row-md-0 gutters-row-0 gutters-row-v-lg-0 gutters-row-v-md-0 gutters-row-v-0 style-1184 style-local-2380-c78 position-relative\">\n                  <!---->\n                  <div class=\"h-row justify-content-lg-center justify-content-md-center justify-content-center align-items-lg-stretch align-items-md-stretch align-items-stretch gutters-col-lg-0 gutters-col-md-0 gutters-col-0 gutters-col-v-lg-0 gutters-col-v-md-0 gutters-col-v-0\">\n                    <!---->\n                    <div class=\"h-column h-column-container d-flex h-col-lg-auto h-col-md-auto h-col-auto style-1185-outer style-local-2380-c79-outer\">\n                      <div data-colibri-id=\"2380-c79\" class=\"d-flex h-flex-basis h-column__inner h-px-lg-2 h-px-md-2 h-px-2 v-inner-lg-2 v-inner-md-2 v-inner-2 style-1185 style-local-2380-c79 position-relative\">\n                        <!---->\n                        <!---->\n                        <div class=\"w-100 h-y-container h-column__content h-column__v-align flex-basis-100 align-self-lg-start align-self-md-start align-self-start\">\n                          <!---->\n                          <div data-colibri-id=\"2380-c80\" class=\"h-global-transition-all h-heading style-1186 style-local-2380-c80 position-relative h-element\">\n                            <!---->\n                            <div class=\"h-heading__outer style-1186 style-local-2380-c80\">\n                              <!---->\n                              <!---->\n                              <h4 class=\"\">Aidin N. N\u00fa\u00f1ez Minjares<\/h4>\n                            <\/div>\n                          <\/div>\n                          <div data-colibri-id=\"2380-c81\" class=\"h-text h-text-component style-1182 style-local-2380-c81 position-relative h-element\">\n                            <!---->\n                            <!---->\n                            <div class=\"\">\n                              <p><span style=\"color: rgb(51, 51, 51); font-weight: 600; font-size: 12.64px;\">Proyecto &#8220;Vulnerabilidad y resiliencia. La experiencia de la epidemia de COVID-19 en dos contextos, Ciudad de M\u00e9xico y Cepeda Peraza, Yucat\u00e1n&#8221;<\/span><\/p>\n                              <p><span style=\"font-weight: 600; font-size: 12.32px; font-family: Montserrat; color: rgb(51, 51, 51);\">120160164@gmail.com&nbsp;<\/span><\/p>\n                            <\/div>\n                          <\/div>\n                          <div data-colibri-id=\"2380-c82\" class=\"h-x-container style-1190 style-local-2380-c82 position-relative h-element\">\n                            <!---->\n                            <div class=\"h-x-container-inner style-dynamic-2380-c82-group style-1190-spacing style-local-2380-c82-spacing\"><span class=\"h-button__outer style-1177-outer style-local-2380-c83-outer d-inline-flex h-element\"><a h-use-smooth-scroll=\"true\" href=\"https:\/\/etnografia.convocatoriaprone.mx\/wp-content\/uploads\/2022\/04\/Aidin-N.-Nunez-Minjares.pdf\" data-fancybox=\"section-group-nq3Nhz7LkNkRDTHdeM3TZu\"  data-colibri-id=\"2380-c83\" class=\"d-flex w-100 align-items-center h-button justify-content-lg-center justify-content-md-center justify-content-center style-1177 style-local-2380-c83 position-relative\"><!----><span  class=\"h-svg-icon h-button__icon style-1177-icon style-local-2380-c83-icon\"><!--Icon by Font Awesome (https:\/\/fontawesome.com)-->\n    <svg version=\"1.1\" xmlns=\"http:\/\/www.w3.org\/2000\/svg\" xmlns:xlink=\"http:\/\/www.w3.org\/1999\/xlink\" id=\"file-o\" viewBox=\"0 0 1611.2499 1896.0833\">\n      <path d=\"M1468 380q28 28 48 76t20 88v1152q0 40-28 68t-68 28H96q-40 0-68-28t-28-68V96q0-40 28-68T96 0h896q40 0 88 20t76 48zm-444-244v376h376q-10-29-22-41l-313-313q-12-12-41-22zm384 1528V640H992q-40 0-68-28t-28-68V128H128v1536h1280z\"><\/path>\n    <\/svg><\/span> <span>SEMBLANZA CURRICULAR<\/span><\/a>\n                              <\/span>\n                            <\/div>\n                          <\/div>\n                        <\/div>\n                      <\/div>\n                    <\/div>\n                  <\/div>\n                <\/div>\n              <\/div>\n            <\/div>\n          <\/div>\n          <div class=\"h-column h-column-container d-flex h-col-lg-2 h-col-md-6 h-col-12 style-1170-outer style-local-2380-c84-outer\">\n            <div data-colibri-id=\"2380-c84\" class=\"d-flex h-flex-basis h-column__inner h-px-lg-0 h-px-md-0 h-px-0 v-inner-lg-0 v-inner-md-0 v-inner-0 style-1170 style-local-2380-c84 position-relative\">\n              <!---->\n              <!---->\n              <div class=\"w-100 h-y-container h-column__content h-column__v-align flex-basis-100 align-self-lg-start align-self-md-start align-self-start\">\n                <!---->\n                <div data-colibri-id=\"2380-c85\" class=\"d-block style-1191 style-local-2380-c85 position-relative h-element\">\n                  <!---->\n                  <div class=\"h-image__frame-container-outer\">\n                    <div class=\"h-image__frame-container\">\n                      <!---->\n                      <!---->\n                      <img loading=\"lazy\" decoding=\"async\" width=\"1080\" height=\"1080\" src=\"https:\/\/etnografia.convocatoriaprone.mx\/wp-content\/uploads\/2022\/03\/Alfonso-Manuel-Gallardo-Velazquez.png\" class=\"wp-image-1560 style-1191-image style-local-2380-c85-image\" alt=\"\" srcset=\"https:\/\/etnografia.inah.gob.mx\/wp-content\/uploads\/2022\/03\/Alfonso-Manuel-Gallardo-Velazquez.png 1080w, https:\/\/etnografia.inah.gob.mx\/wp-content\/uploads\/2022\/03\/Alfonso-Manuel-Gallardo-Velazquez-300x300.png 300w, https:\/\/etnografia.inah.gob.mx\/wp-content\/uploads\/2022\/03\/Alfonso-Manuel-Gallardo-Velazquez-1024x1024.png 1024w, https:\/\/etnografia.inah.gob.mx\/wp-content\/uploads\/2022\/03\/Alfonso-Manuel-Gallardo-Velazquez-150x150.png 150w, https:\/\/etnografia.inah.gob.mx\/wp-content\/uploads\/2022\/03\/Alfonso-Manuel-Gallardo-Velazquez-768x768.png 768w\" sizes=\"auto, (max-width: 1080px) 100vw, 1080px\" \/>\n                      <div class=\"h-image__frame h-hide-lg h-hide-md h-hide-sm style-1191-frameImage style-local-2380-c85-frameImage\"><\/div>\n                    <\/div>\n                  <\/div>\n                <\/div>\n                <div data-colibri-id=\"2380-c86\" class=\"h-row-container gutters-row-lg-0 gutters-row-md-0 gutters-row-0 gutters-row-v-lg-0 gutters-row-v-md-0 gutters-row-v-0 style-1192 style-local-2380-c86 position-relative\">\n                  <!---->\n                  <div class=\"h-row justify-content-lg-center justify-content-md-center justify-content-center align-items-lg-stretch align-items-md-stretch align-items-stretch gutters-col-lg-0 gutters-col-md-0 gutters-col-0 gutters-col-v-lg-0 gutters-col-v-md-0 gutters-col-v-0\">\n                    <!---->\n                    <div class=\"h-column h-column-container d-flex h-col-lg-auto h-col-md-auto h-col-auto style-1193-outer style-local-2380-c87-outer\">\n                      <div data-colibri-id=\"2380-c87\" class=\"d-flex h-flex-basis h-column__inner h-px-lg-2 h-px-md-2 h-px-2 v-inner-lg-2 v-inner-md-2 v-inner-2 style-1193 style-local-2380-c87 position-relative\">\n                        <!---->\n                        <!---->\n                        <div class=\"w-100 h-y-container h-column__content h-column__v-align flex-basis-100 align-self-lg-start align-self-md-start align-self-start\">\n                          <!---->\n                          <div data-colibri-id=\"2380-c88\" class=\"h-global-transition-all h-heading style-1194 style-local-2380-c88 position-relative h-element\">\n                            <!---->\n                            <div class=\"h-heading__outer style-1194 style-local-2380-c88\">\n                              <!---->\n                              <!---->\n                              <h4 class=\"\">Alfonso Manuel Gallardo Vel\u00e1zquez<\/h4>\n                            <\/div>\n                          <\/div>\n                          <div data-colibri-id=\"2380-c89\" class=\"h-text h-text-component style-1182 style-local-2380-c89 position-relative h-element\">\n                            <!---->\n                            <!---->\n                            <div class=\"\">\n                              <p><span style=\"color: rgb(51, 51, 51); font-weight: 600; font-size: 12.64px; font-family: Montserrat;\">Proyecto &#8220;Vulnerabilidad y resiliencia. La experiencia de la epidemia de COVID-19 en dos contextos, Ciudad de M\u00e9xico y Cepeda Peraza, Yucat\u00e1n&#8221;<\/span><\/p>\n                              <p><span style=\"color: rgb(51, 51, 51); font-weight: 600; font-size: 75%;\">gallvelalf56@gmail.com<\/span><\/p>\n                            <\/div>\n                          <\/div>\n                          <div data-colibri-id=\"2380-c90\" class=\"h-x-container style-1195 style-local-2380-c90 position-relative h-element\">\n                            <!---->\n                            <div class=\"h-x-container-inner style-dynamic-2380-c90-group style-1195-spacing style-local-2380-c90-spacing\"><span class=\"h-button__outer style-1177-outer style-local-2380-c91-outer d-inline-flex h-element\"><a h-use-smooth-scroll=\"true\" href=\"https:\/\/etnografia.convocatoriaprone.mx\/wp-content\/uploads\/2022\/04\/Alfonso-Manuel-Gallardo-Velazquez.pdf\" data-fancybox=\"section-group-nq3Nhz7LkNkRDTHdeM3TZu\"  data-colibri-id=\"2380-c91\" class=\"d-flex w-100 align-items-center h-button justify-content-lg-center justify-content-md-center justify-content-center style-1177 style-local-2380-c91 position-relative\"><!----><span  class=\"h-svg-icon h-button__icon style-1177-icon style-local-2380-c91-icon\"><!--Icon by Font Awesome (https:\/\/fontawesome.com)-->\n    <svg version=\"1.1\" xmlns=\"http:\/\/www.w3.org\/2000\/svg\" xmlns:xlink=\"http:\/\/www.w3.org\/1999\/xlink\" id=\"file-o\" viewBox=\"0 0 1611.2499 1896.0833\">\n      <path d=\"M1468 380q28 28 48 76t20 88v1152q0 40-28 68t-68 28H96q-40 0-68-28t-28-68V96q0-40 28-68T96 0h896q40 0 88 20t76 48zm-444-244v376h376q-10-29-22-41l-313-313q-12-12-41-22zm384 1528V640H992q-40 0-68-28t-28-68V128H128v1536h1280z\"><\/path>\n    <\/svg><\/span> <span>SEMBLANZA CURRICULAR<\/span><\/a>\n                              <\/span>\n                            <\/div>\n                          <\/div>\n                        <\/div>\n                      <\/div>\n                    <\/div>\n                  <\/div>\n                <\/div>\n              <\/div>\n            <\/div>\n          <\/div>\n          <div class=\"h-column h-column-container d-flex h-col-lg-2 h-col-md-6 h-col-12 style-1170-outer style-local-2380-c92-outer\">\n            <div data-colibri-id=\"2380-c92\" class=\"d-flex h-flex-basis h-column__inner h-px-lg-0 h-px-md-0 h-px-0 v-inner-lg-0 v-inner-md-0 v-inner-0 style-1170 style-local-2380-c92 position-relative\">\n              <!---->\n              <!---->\n              <div class=\"w-100 h-y-container h-column__content h-column__v-align flex-basis-100 align-self-lg-start align-self-md-start align-self-start\">\n                <!---->\n                <div data-colibri-id=\"2380-c93\" class=\"d-block style-1196 style-local-2380-c93 position-relative h-element\">\n                  <!---->\n                  <div class=\"h-image__frame-container-outer\">\n                    <div class=\"h-image__frame-container\">\n                      <!---->\n                      <!---->\n                      <img loading=\"lazy\" decoding=\"async\" width=\"1080\" height=\"1080\" src=\"https:\/\/etnografia.convocatoriaprone.mx\/wp-content\/uploads\/2022\/03\/Jorge-Gonzalez-Gutierrez-2.png\" class=\"wp-image-1734 style-1196-image style-local-2380-c93-image\" alt=\"\" srcset=\"https:\/\/etnografia.inah.gob.mx\/wp-content\/uploads\/2022\/03\/Jorge-Gonzalez-Gutierrez-2.png 1080w, https:\/\/etnografia.inah.gob.mx\/wp-content\/uploads\/2022\/03\/Jorge-Gonzalez-Gutierrez-2-300x300.png 300w, https:\/\/etnografia.inah.gob.mx\/wp-content\/uploads\/2022\/03\/Jorge-Gonzalez-Gutierrez-2-1024x1024.png 1024w, https:\/\/etnografia.inah.gob.mx\/wp-content\/uploads\/2022\/03\/Jorge-Gonzalez-Gutierrez-2-150x150.png 150w, https:\/\/etnografia.inah.gob.mx\/wp-content\/uploads\/2022\/03\/Jorge-Gonzalez-Gutierrez-2-768x768.png 768w\" sizes=\"auto, (max-width: 1080px) 100vw, 1080px\" \/>\n                      <div class=\"h-image__frame h-hide-lg h-hide-md h-hide-sm style-1196-frameImage style-local-2380-c93-frameImage\"><\/div>\n                    <\/div>\n                  <\/div>\n                <\/div>\n                <div data-colibri-id=\"2380-c94\" class=\"h-row-container gutters-row-lg-0 gutters-row-md-0 gutters-row-0 gutters-row-v-lg-0 gutters-row-v-md-0 gutters-row-v-0 style-1197 style-local-2380-c94 position-relative\">\n                  <!---->\n                  <div class=\"h-row justify-content-lg-center justify-content-md-center justify-content-center align-items-lg-stretch align-items-md-stretch align-items-stretch gutters-col-lg-0 gutters-col-md-0 gutters-col-0 gutters-col-v-lg-0 gutters-col-v-md-0 gutters-col-v-0\">\n                    <!---->\n                    <div class=\"h-column h-column-container d-flex h-col-lg-auto h-col-md-auto h-col-auto style-1198-outer style-local-2380-c95-outer\">\n                      <div data-colibri-id=\"2380-c95\" class=\"d-flex h-flex-basis h-column__inner h-px-lg-2 h-px-md-2 h-px-2 v-inner-lg-2 v-inner-md-2 v-inner-2 style-1198 style-local-2380-c95 position-relative\">\n                        <!---->\n                        <!---->\n                        <div class=\"w-100 h-y-container h-column__content h-column__v-align flex-basis-100 align-self-lg-start align-self-md-start align-self-start\">\n                          <!---->\n                          <div data-colibri-id=\"2380-c96\" class=\"h-global-transition-all h-heading style-1199 style-local-2380-c96 position-relative h-element\">\n                            <!---->\n                            <div class=\"h-heading__outer style-1199 style-local-2380-c96\">\n                              <!---->\n                              <!---->\n                              <h4 class=\"\">Jorge Gonz\u00e1lez Guti\u00e9rrez<\/h4>\n                            <\/div>\n                          <\/div>\n                          <div data-colibri-id=\"2380-c97\" class=\"h-text h-text-component style-1200 style-local-2380-c97 position-relative h-element\">\n                            <!---->\n                            <!---->\n                            <div class=\"\">\n                              <p><span style=\"font-weight: 600; color: rgb(51, 51, 51); font-size: 12.64px; font-family: Montserrat;\">Proyecto &#8220;Vulnerabilidad y resiliencia. La experiencia de la epidemia de COVID-19 en dos contextos, Ciudad de M\u00e9xico y Cepeda Peraza, Yucat\u00e1n&#8221;<\/span><\/p>\n                              <p><span style=\"font-weight: 600; color: rgb(51, 51, 51); font-size: 62%;\">jorgegoonzalezgog@aragon.unam.mx<\/span><\/p>\n                            <\/div>\n                          <\/div>\n                          <div data-colibri-id=\"2380-c98\" class=\"h-x-container style-1201 style-local-2380-c98 position-relative h-element\">\n                            <!---->\n                            <div class=\"h-x-container-inner style-dynamic-2380-c98-group style-1201-spacing style-local-2380-c98-spacing\"><span class=\"h-button__outer style-1177-outer style-local-2380-c99-outer d-inline-flex h-element\"><a h-use-smooth-scroll=\"true\" href=\"https:\/\/etnografia.convocatoriaprone.mx\/wp-content\/uploads\/2022\/04\/Jorge-Gonzalez-Gutierrez.pdf\" data-fancybox=\"section-group-nq3Nhz7LkNkRDTHdeM3TZu\"  data-colibri-id=\"2380-c99\" class=\"d-flex w-100 align-items-center h-button justify-content-lg-center justify-content-md-center justify-content-center style-1177 style-local-2380-c99 position-relative\"><!----><span  class=\"h-svg-icon h-button__icon style-1177-icon style-local-2380-c99-icon\"><!--Icon by Font Awesome (https:\/\/fontawesome.com)-->\n    <svg version=\"1.1\" xmlns=\"http:\/\/www.w3.org\/2000\/svg\" xmlns:xlink=\"http:\/\/www.w3.org\/1999\/xlink\" id=\"file-o\" viewBox=\"0 0 1611.2499 1896.0833\">\n      <path d=\"M1468 380q28 28 48 76t20 88v1152q0 40-28 68t-68 28H96q-40 0-68-28t-28-68V96q0-40 28-68T96 0h896q40 0 88 20t76 48zm-444-244v376h376q-10-29-22-41l-313-313q-12-12-41-22zm384 1528V640H992q-40 0-68-28t-28-68V128H128v1536h1280z\"><\/path>\n    <\/svg><\/span> <span>SEMBLANZA CURRICULAR<\/span><\/a>\n                              <\/span>\n                            <\/div>\n                          <\/div>\n                        <\/div>\n                      <\/div>\n                    <\/div>\n                  <\/div>\n                <\/div>\n              <\/div>\n            <\/div>\n          <\/div>\n          <div class=\"h-column h-column-container d-flex h-col-lg-2 h-col-md-6 h-col-12 style-1170-outer style-local-2380-c100-outer\">\n            <div data-colibri-id=\"2380-c100\" class=\"d-flex h-flex-basis h-column__inner h-px-lg-0 h-px-md-0 h-px-0 v-inner-lg-0 v-inner-md-0 v-inner-0 style-1170 style-local-2380-c100 position-relative\">\n              <!---->\n              <!---->\n              <div class=\"w-100 h-y-container h-column__content h-column__v-align flex-basis-100 align-self-lg-start align-self-md-start align-self-start\">\n                <!---->\n                <div data-colibri-id=\"2380-c101\" class=\"d-block style-1196 style-local-2380-c101 position-relative h-element\">\n                  <!---->\n                  <div class=\"h-image__frame-container-outer\">\n                    <div class=\"h-image__frame-container\">\n                      <!---->\n                      <!---->\n                      <img loading=\"lazy\" decoding=\"async\" width=\"1080\" height=\"1080\" src=\"https:\/\/etnografia.convocatoriaprone.mx\/wp-content\/uploads\/2022\/03\/Maria-Martha-Gabriela-Pimienta-Merlin.png\" class=\"wp-image-1581 style-1196-image style-local-2380-c101-image\" alt=\"\" srcset=\"https:\/\/etnografia.inah.gob.mx\/wp-content\/uploads\/2022\/03\/Maria-Martha-Gabriela-Pimienta-Merlin.png 1080w, https:\/\/etnografia.inah.gob.mx\/wp-content\/uploads\/2022\/03\/Maria-Martha-Gabriela-Pimienta-Merlin-300x300.png 300w, https:\/\/etnografia.inah.gob.mx\/wp-content\/uploads\/2022\/03\/Maria-Martha-Gabriela-Pimienta-Merlin-1024x1024.png 1024w, https:\/\/etnografia.inah.gob.mx\/wp-content\/uploads\/2022\/03\/Maria-Martha-Gabriela-Pimienta-Merlin-150x150.png 150w, https:\/\/etnografia.inah.gob.mx\/wp-content\/uploads\/2022\/03\/Maria-Martha-Gabriela-Pimienta-Merlin-768x768.png 768w\" sizes=\"auto, (max-width: 1080px) 100vw, 1080px\" \/>\n                      <div class=\"h-image__frame h-hide-lg h-hide-md h-hide-sm style-1196-frameImage style-local-2380-c101-frameImage\"><\/div>\n                    <\/div>\n                  <\/div>\n                <\/div>\n                <div data-colibri-id=\"2380-c102\" class=\"h-row-container gutters-row-lg-0 gutters-row-md-0 gutters-row-0 gutters-row-v-lg-0 gutters-row-v-md-0 gutters-row-v-0 style-1197 style-local-2380-c102 position-relative\">\n                  <!---->\n                  <div class=\"h-row justify-content-lg-center justify-content-md-center justify-content-center align-items-lg-stretch align-items-md-stretch align-items-stretch gutters-col-lg-0 gutters-col-md-0 gutters-col-0 gutters-col-v-lg-0 gutters-col-v-md-0 gutters-col-v-0\">\n                    <!---->\n                    <div class=\"h-column h-column-container d-flex h-col-lg-auto h-col-md-auto h-col-auto style-1198-outer style-local-2380-c103-outer\">\n                      <div data-colibri-id=\"2380-c103\" class=\"d-flex h-flex-basis h-column__inner h-px-lg-2 h-px-md-2 h-px-2 v-inner-lg-2 v-inner-md-2 v-inner-2 style-1198 style-local-2380-c103 position-relative\">\n                        <!---->\n                        <!---->\n                        <div class=\"w-100 h-y-container h-column__content h-column__v-align flex-basis-100 align-self-lg-start align-self-md-start align-self-start\">\n                          <!---->\n                          <div data-colibri-id=\"2380-c104\" class=\"h-global-transition-all h-heading style-1199 style-local-2380-c104 position-relative h-element\">\n                            <!---->\n                            <div class=\"h-heading__outer style-1199 style-local-2380-c104\">\n                              <!---->\n                              <!---->\n                              <h4 class=\"\">Mar\u00eda Martha Gabriela Pimienta Merl\u00edn<\/h4>\n                            <\/div>\n                          <\/div>\n                          <div data-colibri-id=\"2380-c105\" class=\"h-text h-text-component style-1200 style-local-2380-c105 position-relative h-element\">\n                            <!---->\n                            <!---->\n                            <div class=\"\">\n                              <p><span style=\"font-weight: 600; color: rgb(51, 51, 51); font-family: Montserrat; font-size: 12.64px;\">Proyecto &#8220;Vulnerabilidad y resiliencia. La experiencia de la epidemia de COVID-19 en dos contextos, Ciudad de M\u00e9xico y Cepeda Peraza, Yucat\u00e1n&#8221;<\/span><\/p>\n                              <p><span style=\"font-size: 64%; font-weight: 600; color: rgb(51, 51, 51);\">pimientamerlinmartha@gmail.com<\/span><\/p>\n                              <p><strong style=\"font-weight: 700; color: rgb(84, 84, 84);\"> <\/strong><\/p>\n                            <\/div>\n                          <\/div>\n                          <div data-colibri-id=\"2380-c106\" class=\"h-x-container style-1202 style-local-2380-c106 position-relative h-element\">\n                            <!---->\n                            <div class=\"h-x-container-inner style-dynamic-2380-c106-group style-1202-spacing style-local-2380-c106-spacing\"><span class=\"h-button__outer style-1177-outer style-local-2380-c107-outer d-inline-flex h-element\"><a h-use-smooth-scroll=\"true\" href=\"https:\/\/etnografia.convocatoriaprone.mx\/wp-content\/uploads\/2022\/04\/Maria-Martha-Gabriela-Pimienta-Merlin.pdf\" data-fancybox=\"section-group-nq3Nhz7LkNkRDTHdeM3TZu\"  data-colibri-id=\"2380-c107\" class=\"d-flex w-100 align-items-center h-button justify-content-lg-center justify-content-md-center justify-content-center style-1177 style-local-2380-c107 position-relative\"><!----><span  class=\"h-svg-icon h-button__icon style-1177-icon style-local-2380-c107-icon\"><!--Icon by Font Awesome (https:\/\/fontawesome.com)-->\n    <svg version=\"1.1\" xmlns=\"http:\/\/www.w3.org\/2000\/svg\" xmlns:xlink=\"http:\/\/www.w3.org\/1999\/xlink\" id=\"file-o\" viewBox=\"0 0 1611.2499 1896.0833\">\n      <path d=\"M1468 380q28 28 48 76t20 88v1152q0 40-28 68t-68 28H96q-40 0-68-28t-28-68V96q0-40 28-68T96 0h896q40 0 88 20t76 48zm-444-244v376h376q-10-29-22-41l-313-313q-12-12-41-22zm384 1528V640H992q-40 0-68-28t-28-68V128H128v1536h1280z\"><\/path>\n    <\/svg><\/span> <span>SEMBLANZA CURRICULAR<\/span><\/a>\n                              <\/span>\n                            <\/div>\n                          <\/div>\n                        <\/div>\n                      <\/div>\n                    <\/div>\n                  <\/div>\n                <\/div>\n              <\/div>\n            <\/div>\n          <\/div>\n          <div class=\"h-column h-column-container d-flex h-col-lg-2 h-col-md-6 h-col-12 style-1170-outer style-local-2380-c108-outer\">\n            <div data-colibri-id=\"2380-c108\" class=\"d-flex h-flex-basis h-column__inner h-px-lg-0 h-px-md-0 h-px-0 v-inner-lg-0 v-inner-md-0 v-inner-0 style-1170 style-local-2380-c108 position-relative\">\n              <!---->\n              <!---->\n              <div class=\"w-100 h-y-container h-column__content h-column__v-align flex-basis-100 align-self-lg-start align-self-md-start align-self-start\">\n                <!---->\n                <div data-colibri-id=\"2380-c109\" class=\"d-block style-1196 style-local-2380-c109 position-relative h-element\">\n                  <!---->\n                  <div class=\"h-image__frame-container-outer\">\n                    <div class=\"h-image__frame-container\">\n                      <!---->\n                      <!---->\n                      <img loading=\"lazy\" decoding=\"async\" width=\"1080\" height=\"1080\" src=\"https:\/\/etnografia.convocatoriaprone.mx\/wp-content\/uploads\/2022\/03\/Oana-Del-Castillo-Chavez-2.png\" class=\"wp-image-1735 style-1196-image style-local-2380-c109-image\" alt=\"\" srcset=\"https:\/\/etnografia.inah.gob.mx\/wp-content\/uploads\/2022\/03\/Oana-Del-Castillo-Chavez-2.png 1080w, https:\/\/etnografia.inah.gob.mx\/wp-content\/uploads\/2022\/03\/Oana-Del-Castillo-Chavez-2-300x300.png 300w, https:\/\/etnografia.inah.gob.mx\/wp-content\/uploads\/2022\/03\/Oana-Del-Castillo-Chavez-2-1024x1024.png 1024w, https:\/\/etnografia.inah.gob.mx\/wp-content\/uploads\/2022\/03\/Oana-Del-Castillo-Chavez-2-150x150.png 150w, https:\/\/etnografia.inah.gob.mx\/wp-content\/uploads\/2022\/03\/Oana-Del-Castillo-Chavez-2-768x768.png 768w\" sizes=\"auto, (max-width: 1080px) 100vw, 1080px\" \/>\n                      <div class=\"h-image__frame h-hide-lg h-hide-md h-hide-sm style-1196-frameImage style-local-2380-c109-frameImage\"><\/div>\n                    <\/div>\n                  <\/div>\n                <\/div>\n                <div data-colibri-id=\"2380-c110\" class=\"h-row-container gutters-row-lg-0 gutters-row-md-0 gutters-row-0 gutters-row-v-lg-0 gutters-row-v-md-0 gutters-row-v-0 style-1197 style-local-2380-c110 position-relative\">\n                  <!---->\n                  <div class=\"h-row justify-content-lg-center justify-content-md-center justify-content-center align-items-lg-stretch align-items-md-stretch align-items-stretch gutters-col-lg-0 gutters-col-md-0 gutters-col-0 gutters-col-v-lg-0 gutters-col-v-md-0 gutters-col-v-0\">\n                    <!---->\n                    <div class=\"h-column h-column-container d-flex h-col-lg-auto h-col-md-auto h-col-auto style-1198-outer style-local-2380-c111-outer\">\n                      <div data-colibri-id=\"2380-c111\" class=\"d-flex h-flex-basis h-column__inner h-px-lg-2 h-px-md-2 h-px-2 v-inner-lg-2 v-inner-md-2 v-inner-2 style-1198 style-local-2380-c111 position-relative\">\n                        <!---->\n                        <!---->\n                        <div class=\"w-100 h-y-container h-column__content h-column__v-align flex-basis-100 align-self-lg-start align-self-md-start align-self-start\">\n                          <!---->\n                          <div data-colibri-id=\"2380-c112\" class=\"h-global-transition-all h-heading style-1199 style-local-2380-c112 position-relative h-element\">\n                            <!---->\n                            <div class=\"h-heading__outer style-1199 style-local-2380-c112\">\n                              <!---->\n                              <!---->\n                              <h4 class=\"\">Oana Del Castillo Ch\u00e1vez<\/h4>\n                            <\/div>\n                          <\/div>\n                          <div data-colibri-id=\"2380-c113\" class=\"h-text h-text-component style-1200 style-local-2380-c113 position-relative h-element\">\n                            <!---->\n                            <!---->\n                            <div class=\"\">\n                              <p><span style=\"color: rgb(51, 51, 51); font-weight: 600; font-family: Montserrat; font-size: 12.64px;\">Proyecto &#8220;Vulnerabilidad y resiliencia. La experiencia de la epidemia de COVID-19 en dos contextos, Ciudad de M\u00e9xico y Cepeda Peraza, Yucat\u00e1n&#8221;<\/span><\/p>\n                              <p><span style=\"color: rgb(51, 51, 51); font-weight: 600; font-size: 68%;\">oanadelcastillochavez@gmail.com<\/span><\/p>\n                              <p><strong style=\"color: rgb(84, 84, 84); font-weight: 700;\"> <\/strong><\/p>\n                            <\/div>\n                          <\/div>\n                          <div data-colibri-id=\"2380-c114\" class=\"h-x-container style-1203 style-local-2380-c114 position-relative h-element\">\n                            <!---->\n                            <div class=\"h-x-container-inner style-dynamic-2380-c114-group style-1203-spacing style-local-2380-c114-spacing\"><span class=\"h-button__outer style-1177-outer style-local-2380-c115-outer d-inline-flex h-element\"><a h-use-smooth-scroll=\"true\" href=\"https:\/\/etnografia.convocatoriaprone.mx\/wp-content\/uploads\/2022\/04\/Oana-Del-Castillo-Chavez.pdf\" data-fancybox=\"section-group-nq3Nhz7LkNkRDTHdeM3TZu\"  data-colibri-id=\"2380-c115\" class=\"d-flex w-100 align-items-center h-button justify-content-lg-center justify-content-md-center justify-content-center style-1177 style-local-2380-c115 position-relative\"><!----><span  class=\"h-svg-icon h-button__icon style-1177-icon style-local-2380-c115-icon\"><!--Icon by Font Awesome (https:\/\/fontawesome.com)-->\n    <svg version=\"1.1\" xmlns=\"http:\/\/www.w3.org\/2000\/svg\" xmlns:xlink=\"http:\/\/www.w3.org\/1999\/xlink\" id=\"file-o\" viewBox=\"0 0 1611.2499 1896.0833\">\n      <path d=\"M1468 380q28 28 48 76t20 88v1152q0 40-28 68t-68 28H96q-40 0-68-28t-28-68V96q0-40 28-68T96 0h896q40 0 88 20t76 48zm-444-244v376h376q-10-29-22-41l-313-313q-12-12-41-22zm384 1528V640H992q-40 0-68-28t-28-68V128H128v1536h1280z\"><\/path>\n    <\/svg><\/span> <span>SEMBLANZA CURRICULAR<\/span><\/a>\n                              <\/span>\n                            <\/div>\n                          <\/div>\n                        <\/div>\n                      <\/div>\n                    <\/div>\n                  <\/div>\n                <\/div>\n              <\/div>\n            <\/div>\n          <\/div>\n          <div class=\"h-column h-column-container d-flex h-col-lg-2 h-col-md-6 h-col-12 style-1170-outer style-local-2380-c116-outer\">\n            <div data-colibri-id=\"2380-c116\" class=\"d-flex h-flex-basis h-column__inner h-px-lg-0 h-px-md-0 h-px-0 v-inner-lg-0 v-inner-md-0 v-inner-0 style-1170 style-local-2380-c116 position-relative\">\n              <!---->\n              <!---->\n              <div class=\"w-100 h-y-container h-column__content h-column__v-align flex-basis-100 align-self-lg-start align-self-md-start align-self-start\">\n                <!---->\n                <div data-colibri-id=\"2380-c117\" class=\"d-block style-1196 style-local-2380-c117 position-relative h-element\">\n                  <!---->\n                  <div class=\"h-image__frame-container-outer\">\n                    <div class=\"h-image__frame-container\">\n                      <!---->\n                      <!---->\n                      <img loading=\"lazy\" decoding=\"async\" width=\"1080\" height=\"1080\" src=\"https:\/\/etnografia.convocatoriaprone.mx\/wp-content\/uploads\/2022\/03\/Maritza-Urteaga-Castro-Pozo.png\" class=\"wp-image-1584 style-1196-image style-local-2380-c117-image\" alt=\"\" srcset=\"https:\/\/etnografia.inah.gob.mx\/wp-content\/uploads\/2022\/03\/Maritza-Urteaga-Castro-Pozo.png 1080w, https:\/\/etnografia.inah.gob.mx\/wp-content\/uploads\/2022\/03\/Maritza-Urteaga-Castro-Pozo-300x300.png 300w, https:\/\/etnografia.inah.gob.mx\/wp-content\/uploads\/2022\/03\/Maritza-Urteaga-Castro-Pozo-1024x1024.png 1024w, https:\/\/etnografia.inah.gob.mx\/wp-content\/uploads\/2022\/03\/Maritza-Urteaga-Castro-Pozo-150x150.png 150w, https:\/\/etnografia.inah.gob.mx\/wp-content\/uploads\/2022\/03\/Maritza-Urteaga-Castro-Pozo-768x768.png 768w\" sizes=\"auto, (max-width: 1080px) 100vw, 1080px\" \/>\n                      <div class=\"h-image__frame h-hide-lg h-hide-md h-hide-sm style-1196-frameImage style-local-2380-c117-frameImage\"><\/div>\n                    <\/div>\n                  <\/div>\n                <\/div>\n                <div data-colibri-id=\"2380-c118\" class=\"h-row-container gutters-row-lg-0 gutters-row-md-0 gutters-row-0 gutters-row-v-lg-0 gutters-row-v-md-0 gutters-row-v-0 style-1197 style-local-2380-c118 position-relative\">\n                  <!---->\n                  <div class=\"h-row justify-content-lg-center justify-content-md-center justify-content-center align-items-lg-stretch align-items-md-stretch align-items-stretch gutters-col-lg-0 gutters-col-md-0 gutters-col-0 gutters-col-v-lg-0 gutters-col-v-md-0 gutters-col-v-0\">\n                    <!---->\n                    <div class=\"h-column h-column-container d-flex h-col-lg-auto h-col-md-auto h-col-auto style-1198-outer style-local-2380-c119-outer\">\n                      <div data-colibri-id=\"2380-c119\" class=\"d-flex h-flex-basis h-column__inner h-px-lg-2 h-px-md-2 h-px-2 v-inner-lg-2 v-inner-md-2 v-inner-2 style-1198 style-local-2380-c119 position-relative\">\n                        <!---->\n                        <!---->\n                        <div class=\"w-100 h-y-container h-column__content h-column__v-align flex-basis-100 align-self-lg-start align-self-md-start align-self-start\">\n                          <!---->\n                          <div data-colibri-id=\"2380-c120\" class=\"h-global-transition-all h-heading style-1199 style-local-2380-c120 position-relative h-element\">\n                            <!---->\n                            <div class=\"h-heading__outer style-1199 style-local-2380-c120\">\n                              <!---->\n                              <!---->\n                              <h4 class=\"\">Maritza Alida Urteaga Castro-Pozo<\/h4>\n                            <\/div>\n                          <\/div>\n                          <div data-colibri-id=\"2380-c121\" class=\"h-text h-text-component style-1200 style-local-2380-c121 position-relative h-element\">\n                            <!---->\n                            <!---->\n                            <div class=\"\">\n                              <p><span style=\"font-size: 83%; font-weight: 600; color: rgb(51, 51, 51);\">Proyecto &#8220;Gesti\u00f3n y desarrollo de la industria musical independiente en Am\u00e9rica Latina. Formas emergentes de trabajo juvenil en M\u00e9xico y Chile&#8221;<\/span><\/p>\n                              <p><strong style=\"color: rgb(84, 84, 84); font-weight: 700;\"> <\/strong><\/p>\n                            <\/div>\n                          <\/div>\n                          <div data-colibri-id=\"2380-c122\" class=\"h-x-container style-1204 style-local-2380-c122 position-relative h-element\">\n                            <!---->\n                            <div class=\"h-x-container-inner style-dynamic-2380-c122-group style-1204-spacing style-local-2380-c122-spacing\"><span class=\"h-button__outer style-1177-outer style-local-2380-c123-outer d-inline-flex h-element\"><a h-use-smooth-scroll=\"true\" href=\"https:\/\/etnografia.convocatoriaprone.mx\/wp-content\/uploads\/2022\/04\/Maritza-Alida-Urteaga-Castro-Pozo.pdf\" data-fancybox=\"section-group-nq3Nhz7LkNkRDTHdeM3TZu\"  data-colibri-id=\"2380-c123\" class=\"d-flex w-100 align-items-center h-button justify-content-lg-center justify-content-md-center justify-content-center style-1177 style-local-2380-c123 position-relative\"><!----><span  class=\"h-svg-icon h-button__icon style-1177-icon style-local-2380-c123-icon\"><!--Icon by Font Awesome (https:\/\/fontawesome.com)-->\n    <svg version=\"1.1\" xmlns=\"http:\/\/www.w3.org\/2000\/svg\" xmlns:xlink=\"http:\/\/www.w3.org\/1999\/xlink\" id=\"file-o\" viewBox=\"0 0 1611.2499 1896.0833\">\n      <path d=\"M1468 380q28 28 48 76t20 88v1152q0 40-28 68t-68 28H96q-40 0-68-28t-28-68V96q0-40 28-68T96 0h896q40 0 88 20t76 48zm-444-244v376h376q-10-29-22-41l-313-313q-12-12-41-22zm384 1528V640H992q-40 0-68-28t-28-68V128H128v1536h1280z\"><\/path>\n    <\/svg><\/span> <span>SEMBLANZA CURRICULAR<\/span><\/a>\n                              <\/span>\n                            <\/div>\n                          <\/div>\n                        <\/div>\n                      <\/div>\n                    <\/div>\n                  <\/div>\n                <\/div>\n              <\/div>\n            <\/div>\n          <\/div>\n          <div class=\"h-column h-column-container d-flex h-col-lg-2 h-col-md-6 h-col-12 style-1170-outer style-local-2380-c124-outer\">\n            <div data-colibri-id=\"2380-c124\" class=\"d-flex h-flex-basis h-column__inner h-px-lg-0 h-px-md-0 h-px-0 v-inner-lg-0 v-inner-md-0 v-inner-0 style-1170 style-local-2380-c124 position-relative\">\n              <!---->\n              <!---->\n              <div class=\"w-100 h-y-container h-column__content h-column__v-align flex-basis-100 align-self-lg-start align-self-md-start align-self-start\">\n                <!---->\n                <div data-colibri-id=\"2380-c125\" class=\"d-block style-1191 style-local-2380-c125 position-relative h-element\">\n                  <!---->\n                  <div class=\"h-image__frame-container-outer\">\n                    <div class=\"h-image__frame-container\">\n                      <!---->\n                      <!---->\n                      <img loading=\"lazy\" decoding=\"async\" width=\"1080\" height=\"1080\" src=\"https:\/\/etnografia.convocatoriaprone.mx\/wp-content\/uploads\/2022\/03\/Anali-Ibarra-Lerin.png\" class=\"wp-image-1563 style-1191-image style-local-2380-c125-image\" alt=\"\" srcset=\"https:\/\/etnografia.inah.gob.mx\/wp-content\/uploads\/2022\/03\/Anali-Ibarra-Lerin.png 1080w, https:\/\/etnografia.inah.gob.mx\/wp-content\/uploads\/2022\/03\/Anali-Ibarra-Lerin-300x300.png 300w, https:\/\/etnografia.inah.gob.mx\/wp-content\/uploads\/2022\/03\/Anali-Ibarra-Lerin-1024x1024.png 1024w, https:\/\/etnografia.inah.gob.mx\/wp-content\/uploads\/2022\/03\/Anali-Ibarra-Lerin-150x150.png 150w, https:\/\/etnografia.inah.gob.mx\/wp-content\/uploads\/2022\/03\/Anali-Ibarra-Lerin-768x768.png 768w\" sizes=\"auto, (max-width: 1080px) 100vw, 1080px\" \/>\n                      <div class=\"h-image__frame h-hide-lg h-hide-md h-hide-sm style-1191-frameImage style-local-2380-c125-frameImage\"><\/div>\n                    <\/div>\n                  <\/div>\n                <\/div>\n                <div data-colibri-id=\"2380-c126\" class=\"h-row-container gutters-row-lg-0 gutters-row-md-0 gutters-row-0 gutters-row-v-lg-0 gutters-row-v-md-0 gutters-row-v-0 style-1192 style-local-2380-c126 position-relative\">\n                  <!---->\n                  <div class=\"h-row justify-content-lg-center justify-content-md-center justify-content-center align-items-lg-stretch align-items-md-stretch align-items-stretch gutters-col-lg-0 gutters-col-md-0 gutters-col-0 gutters-col-v-lg-0 gutters-col-v-md-0 gutters-col-v-0\">\n                    <!---->\n                    <div class=\"h-column h-column-container d-flex h-col-lg-auto h-col-md-auto h-col-auto style-1193-outer style-local-2380-c127-outer\">\n                      <div data-colibri-id=\"2380-c127\" class=\"d-flex h-flex-basis h-column__inner h-px-lg-2 h-px-md-2 h-px-2 v-inner-lg-2 v-inner-md-2 v-inner-2 style-1193 style-local-2380-c127 position-relative\">\n                        <!---->\n                        <!---->\n                        <div class=\"w-100 h-y-container h-column__content h-column__v-align flex-basis-100 align-self-lg-start align-self-md-start align-self-start\">\n                          <!---->\n                          <div data-colibri-id=\"2380-c128\" class=\"h-global-transition-all h-heading style-1194 style-local-2380-c128 position-relative h-element\">\n                            <!---->\n                            <div class=\"h-heading__outer style-1194 style-local-2380-c128\">\n                              <!---->\n                              <!---->\n                              <h4 class=\"\">Anal\u00ed Ibarra Ler\u00edn<\/h4>\n                            <\/div>\n                          <\/div>\n                          <div data-colibri-id=\"2380-c129\" class=\"h-text h-text-component style-1205 style-local-2380-c129 position-relative h-element\">\n                            <!---->\n                            <!---->\n                            <div class=\"\">\n                              <p><span style=\"font-family: Montserrat; font-size: 13.28px; font-weight: 600; color: rgb(51, 51, 51);\">Proyecto &#8220;Gesti\u00f3n y desarrollo de la industria musical independiente en Am\u00e9rica Latina. Formas emergentes de trabajo juvenil en M\u00e9xico y Chile&#8221;<\/span><\/p>\n                            <\/div>\n                          <\/div>\n                          <div data-colibri-id=\"2380-c130\" class=\"h-x-container style-1206 style-local-2380-c130 position-relative h-element\">\n                            <!---->\n                            <div class=\"h-x-container-inner style-dynamic-2380-c130-group style-1206-spacing style-local-2380-c130-spacing\"><span class=\"h-button__outer style-1177-outer style-local-2380-c131-outer d-inline-flex h-element\"><a h-use-smooth-scroll=\"true\" href=\"https:\/\/etnografia.convocatoriaprone.mx\/wp-content\/uploads\/2022\/04\/Anali-Ibarra-Lerin.pdf\" data-fancybox=\"section-group-nq3Nhz7LkNkRDTHdeM3TZu\"  data-colibri-id=\"2380-c131\" class=\"d-flex w-100 align-items-center h-button justify-content-lg-center justify-content-md-center justify-content-center style-1177 style-local-2380-c131 position-relative\"><!----><span  class=\"h-svg-icon h-button__icon style-1177-icon style-local-2380-c131-icon\"><!--Icon by Font Awesome (https:\/\/fontawesome.com)-->\n    <svg version=\"1.1\" xmlns=\"http:\/\/www.w3.org\/2000\/svg\" xmlns:xlink=\"http:\/\/www.w3.org\/1999\/xlink\" id=\"file-o\" viewBox=\"0 0 1611.2499 1896.0833\">\n      <path d=\"M1468 380q28 28 48 76t20 88v1152q0 40-28 68t-68 28H96q-40 0-68-28t-28-68V96q0-40 28-68T96 0h896q40 0 88 20t76 48zm-444-244v376h376q-10-29-22-41l-313-313q-12-12-41-22zm384 1528V640H992q-40 0-68-28t-28-68V128H128v1536h1280z\"><\/path>\n    <\/svg><\/span> <span>SEMBLANZA CURRICULAR<\/span><\/a>\n                              <\/span>\n                            <\/div>\n                          <\/div>\n                        <\/div>\n                      <\/div>\n                    <\/div>\n                  <\/div>\n                <\/div>\n              <\/div>\n            <\/div>\n          <\/div>\n          <div class=\"h-column h-column-container d-flex h-col-lg-2 h-col-md-6 h-col-12 style-1170-outer style-local-2380-c132-outer\">\n            <div data-colibri-id=\"2380-c132\" class=\"d-flex h-flex-basis h-column__inner h-px-lg-0 h-px-md-0 h-px-0 v-inner-lg-0 v-inner-md-0 v-inner-0 style-1170 style-local-2380-c132 position-relative\">\n              <!---->\n              <!---->\n              <div class=\"w-100 h-y-container h-column__content h-column__v-align flex-basis-100 align-self-lg-start align-self-md-start align-self-start\">\n                <!---->\n                <div data-colibri-id=\"2380-c133\" class=\"d-block style-1191 style-local-2380-c133 position-relative h-element\">\n                  <!---->\n                  <div class=\"h-image__frame-container-outer\">\n                    <div class=\"h-image__frame-container\">\n                      <!---->\n                      <!---->\n                      <img loading=\"lazy\" decoding=\"async\" width=\"1080\" height=\"1080\" src=\"https:\/\/etnografia.convocatoriaprone.mx\/wp-content\/uploads\/2022\/03\/Oscar-Aguilera-Ruiz.png\" class=\"wp-image-1589 style-1191-image style-local-2380-c133-image\" alt=\"\" srcset=\"https:\/\/etnografia.inah.gob.mx\/wp-content\/uploads\/2022\/03\/Oscar-Aguilera-Ruiz.png 1080w, https:\/\/etnografia.inah.gob.mx\/wp-content\/uploads\/2022\/03\/Oscar-Aguilera-Ruiz-300x300.png 300w, https:\/\/etnografia.inah.gob.mx\/wp-content\/uploads\/2022\/03\/Oscar-Aguilera-Ruiz-1024x1024.png 1024w, https:\/\/etnografia.inah.gob.mx\/wp-content\/uploads\/2022\/03\/Oscar-Aguilera-Ruiz-150x150.png 150w, https:\/\/etnografia.inah.gob.mx\/wp-content\/uploads\/2022\/03\/Oscar-Aguilera-Ruiz-768x768.png 768w\" sizes=\"auto, (max-width: 1080px) 100vw, 1080px\" \/>\n                      <div class=\"h-image__frame h-hide-lg h-hide-md h-hide-sm style-1191-frameImage style-local-2380-c133-frameImage\"><\/div>\n                    <\/div>\n                  <\/div>\n                <\/div>\n                <div data-colibri-id=\"2380-c134\" class=\"h-row-container gutters-row-lg-0 gutters-row-md-0 gutters-row-0 gutters-row-v-lg-0 gutters-row-v-md-0 gutters-row-v-0 style-1192 style-local-2380-c134 position-relative\">\n                  <!---->\n                  <div class=\"h-row justify-content-lg-center justify-content-md-center justify-content-center align-items-lg-stretch align-items-md-stretch align-items-stretch gutters-col-lg-0 gutters-col-md-0 gutters-col-0 gutters-col-v-lg-0 gutters-col-v-md-0 gutters-col-v-0\">\n                    <!---->\n                    <div class=\"h-column h-column-container d-flex h-col-lg-auto h-col-md-auto h-col-auto style-1193-outer style-local-2380-c135-outer\">\n                      <div data-colibri-id=\"2380-c135\" class=\"d-flex h-flex-basis h-column__inner h-px-lg-2 h-px-md-2 h-px-2 v-inner-lg-2 v-inner-md-2 v-inner-2 style-1193 style-local-2380-c135 position-relative\">\n                        <!---->\n                        <!---->\n                        <div class=\"w-100 h-y-container h-column__content h-column__v-align flex-basis-100 align-self-lg-start align-self-md-start align-self-start\">\n                          <!---->\n                          <div data-colibri-id=\"2380-c136\" class=\"h-global-transition-all h-heading style-1194 style-local-2380-c136 position-relative h-element\">\n                            <!---->\n                            <div class=\"h-heading__outer style-1194 style-local-2380-c136\">\n                              <!---->\n                              <!---->\n                              <h4 class=\"\">Oscar Aguilera Ruiz<\/h4>\n                            <\/div>\n                          <\/div>\n                          <div data-colibri-id=\"2380-c137\" class=\"h-text h-text-component style-1205 style-local-2380-c137 position-relative h-element\">\n                            <!---->\n                            <!---->\n                            <div class=\"\">\n                              <p><span style=\"font-family: Montserrat; font-size: 13.28px; color: rgb(51, 51, 51); font-weight: 600;\">Proyecto &#8220;Gesti\u00f3n y desarrollo de la industria musical independiente en Am\u00e9rica Latina. Formas emergentes de trabajo juvenil en M\u00e9xico y Chile&#8221;<\/span><\/p>\n                            <\/div>\n                          <\/div>\n                          <div data-colibri-id=\"2380-c138\" class=\"h-x-container style-1207 style-local-2380-c138 position-relative h-element\">\n                            <!---->\n                            <div class=\"h-x-container-inner style-dynamic-2380-c138-group style-1207-spacing style-local-2380-c138-spacing\"><span class=\"h-button__outer style-1177-outer style-local-2380-c139-outer d-inline-flex h-element\"><a h-use-smooth-scroll=\"true\" href=\"https:\/\/etnografia.convocatoriaprone.mx\/wp-content\/uploads\/2022\/04\/Oscar-Aguilera-Ruiz.pdf\" data-fancybox=\"section-group-nq3Nhz7LkNkRDTHdeM3TZu\"  data-colibri-id=\"2380-c139\" class=\"d-flex w-100 align-items-center h-button justify-content-lg-center justify-content-md-center justify-content-center style-1177 style-local-2380-c139 position-relative\"><!----><span  class=\"h-svg-icon h-button__icon style-1177-icon style-local-2380-c139-icon\"><!--Icon by Font Awesome (https:\/\/fontawesome.com)-->\n    <svg version=\"1.1\" xmlns=\"http:\/\/www.w3.org\/2000\/svg\" xmlns:xlink=\"http:\/\/www.w3.org\/1999\/xlink\" id=\"file-o\" viewBox=\"0 0 1611.2499 1896.0833\">\n      <path d=\"M1468 380q28 28 48 76t20 88v1152q0 40-28 68t-68 28H96q-40 0-68-28t-28-68V96q0-40 28-68T96 0h896q40 0 88 20t76 48zm-444-244v376h376q-10-29-22-41l-313-313q-12-12-41-22zm384 1528V640H992q-40 0-68-28t-28-68V128H128v1536h1280z\"><\/path>\n    <\/svg><\/span> <span>SEMBLANZA CURRICULAR<\/span><\/a>\n                              <\/span>\n                            <\/div>\n                          <\/div>\n                        <\/div>\n                      <\/div>\n                    <\/div>\n                  <\/div>\n                <\/div>\n              <\/div>\n            <\/div>\n          <\/div>\n          <div class=\"h-column h-column-container d-flex h-col-lg-2 h-col-md-6 h-col-12 style-1170-outer style-local-2380-c140-outer\">\n            <div data-colibri-id=\"2380-c140\" class=\"d-flex h-flex-basis h-column__inner h-px-lg-0 h-px-md-0 h-px-0 v-inner-lg-0 v-inner-md-0 v-inner-0 style-1170 style-local-2380-c140 position-relative\">\n              <!---->\n              <!---->\n              <div class=\"w-100 h-y-container h-column__content h-column__v-align flex-basis-100 align-self-lg-start align-self-md-start align-self-start\">\n                <!---->\n                <div data-colibri-id=\"2380-c141\" class=\"d-block style-1191 style-local-2380-c141 position-relative h-element\">\n                  <!---->\n                  <div class=\"h-image__frame-container-outer\">\n                    <div class=\"h-image__frame-container\">\n                      <!---->\n                      <!---->\n                      <img loading=\"lazy\" decoding=\"async\" width=\"1080\" height=\"1080\" src=\"https:\/\/etnografia.convocatoriaprone.mx\/wp-content\/uploads\/2022\/03\/Merarir-Vera-Alcazar.png\" class=\"wp-image-1585 style-1191-image style-local-2380-c141-image\" alt=\"\" srcset=\"https:\/\/etnografia.inah.gob.mx\/wp-content\/uploads\/2022\/03\/Merarir-Vera-Alcazar.png 1080w, https:\/\/etnografia.inah.gob.mx\/wp-content\/uploads\/2022\/03\/Merarir-Vera-Alcazar-300x300.png 300w, https:\/\/etnografia.inah.gob.mx\/wp-content\/uploads\/2022\/03\/Merarir-Vera-Alcazar-1024x1024.png 1024w, https:\/\/etnografia.inah.gob.mx\/wp-content\/uploads\/2022\/03\/Merarir-Vera-Alcazar-150x150.png 150w, https:\/\/etnografia.inah.gob.mx\/wp-content\/uploads\/2022\/03\/Merarir-Vera-Alcazar-768x768.png 768w\" sizes=\"auto, (max-width: 1080px) 100vw, 1080px\" \/>\n                      <div class=\"h-image__frame h-hide-lg h-hide-md h-hide-sm style-1191-frameImage style-local-2380-c141-frameImage\"><\/div>\n                    <\/div>\n                  <\/div>\n                <\/div>\n                <div data-colibri-id=\"2380-c142\" class=\"h-row-container gutters-row-lg-0 gutters-row-md-0 gutters-row-0 gutters-row-v-lg-0 gutters-row-v-md-0 gutters-row-v-0 style-1192 style-local-2380-c142 position-relative\">\n                  <!---->\n                  <div class=\"h-row justify-content-lg-center justify-content-md-center justify-content-center align-items-lg-stretch align-items-md-stretch align-items-stretch gutters-col-lg-0 gutters-col-md-0 gutters-col-0 gutters-col-v-lg-0 gutters-col-v-md-0 gutters-col-v-0\">\n                    <!---->\n                    <div class=\"h-column h-column-container d-flex h-col-lg-auto h-col-md-auto h-col-auto style-1193-outer style-local-2380-c143-outer\">\n                      <div data-colibri-id=\"2380-c143\" class=\"d-flex h-flex-basis h-column__inner h-px-lg-2 h-px-md-2 h-px-2 v-inner-lg-2 v-inner-md-2 v-inner-2 style-1193 style-local-2380-c143 position-relative\">\n                        <!---->\n                        <!---->\n                        <div class=\"w-100 h-y-container h-column__content h-column__v-align flex-basis-100 align-self-lg-start align-self-md-start align-self-start\">\n                          <!---->\n                          <div data-colibri-id=\"2380-c144\" class=\"h-global-transition-all h-heading style-1194 style-local-2380-c144 position-relative h-element\">\n                            <!---->\n                            <div class=\"h-heading__outer style-1194 style-local-2380-c144\">\n                              <!---->\n                              <!---->\n                              <h4 class=\"\">Merarir Vera<\/h4>\n                            <\/div>\n                          <\/div>\n                          <div data-colibri-id=\"2380-c145\" class=\"h-text h-text-component style-1205 style-local-2380-c145 position-relative h-element\">\n                            <!---->\n                            <!---->\n                            <div class=\"\">\n                              <p><span style=\"color: rgb(51, 51, 51); font-weight: 600; font-size: 13.28px; font-family: Montserrat;\">Proyecto &#8220;Gesti\u00f3n y desarrollo de la industria musical independiente en Am\u00e9rica Latina. Formas emergentes de trabajo juvenil en M\u00e9xico y Chile&#8221;<\/span><\/p>\n                            <\/div>\n                          <\/div>\n                          <div data-colibri-id=\"2380-c146\" class=\"h-x-container style-1208 style-local-2380-c146 position-relative h-element\">\n                            <!---->\n                            <div class=\"h-x-container-inner style-dynamic-2380-c146-group style-1208-spacing style-local-2380-c146-spacing\"><span class=\"h-button__outer style-1177-outer style-local-2380-c147-outer d-inline-flex h-element\"><a h-use-smooth-scroll=\"true\" href=\"https:\/\/etnografia.convocatoriaprone.mx\/wp-content\/uploads\/2022\/04\/Merarit-Viera-Alcazar.pdf\" data-fancybox=\"section-group-nq3Nhz7LkNkRDTHdeM3TZu\"  data-colibri-id=\"2380-c147\" class=\"d-flex w-100 align-items-center h-button justify-content-lg-center justify-content-md-center justify-content-center style-1177 style-local-2380-c147 position-relative\"><!----><span  class=\"h-svg-icon h-button__icon style-1177-icon style-local-2380-c147-icon\"><!--Icon by Font Awesome (https:\/\/fontawesome.com)-->\n    <svg version=\"1.1\" xmlns=\"http:\/\/www.w3.org\/2000\/svg\" xmlns:xlink=\"http:\/\/www.w3.org\/1999\/xlink\" id=\"file-o\" viewBox=\"0 0 1611.2499 1896.0833\">\n      <path d=\"M1468 380q28 28 48 76t20 88v1152q0 40-28 68t-68 28H96q-40 0-68-28t-28-68V96q0-40 28-68T96 0h896q40 0 88 20t76 48zm-444-244v376h376q-10-29-22-41l-313-313q-12-12-41-22zm384 1528V640H992q-40 0-68-28t-28-68V128H128v1536h1280z\"><\/path>\n    <\/svg><\/span> <span>SEMBLANZA CURRICULAR<\/span><\/a>\n                              <\/span>\n                            <\/div>\n                          <\/div>\n                        <\/div>\n                      <\/div>\n                    <\/div>\n                  <\/div>\n                <\/div>\n              <\/div>\n            <\/div>\n          <\/div>\n          <div class=\"h-column h-column-container d-flex h-col-lg-2 h-col-md-6 h-col-12 style-1170-outer style-local-2380-c148-outer\">\n            <div data-colibri-id=\"2380-c148\" class=\"d-flex h-flex-basis h-column__inner h-px-lg-0 h-px-md-0 h-px-0 v-inner-lg-0 v-inner-md-0 v-inner-0 style-1170 style-local-2380-c148 position-relative\">\n              <!---->\n              <!---->\n              <div class=\"w-100 h-y-container h-column__content h-column__v-align flex-basis-100 align-self-lg-start align-self-md-start align-self-start\">\n                <!---->\n                <div data-colibri-id=\"2380-c149\" class=\"d-block style-1209 style-local-2380-c149 position-relative h-element\">\n                  <!---->\n                  <div class=\"h-image__frame-container-outer\">\n                    <div class=\"h-image__frame-container\">\n                      <!---->\n                      <!---->\n                      <img loading=\"lazy\" decoding=\"async\" width=\"1080\" height=\"1080\" src=\"https:\/\/etnografia.convocatoriaprone.mx\/wp-content\/uploads\/2022\/03\/Fidencio-Briceno-Chel.png\" class=\"wp-image-1570 style-1209-image style-local-2380-c149-image\" alt=\"\" srcset=\"https:\/\/etnografia.inah.gob.mx\/wp-content\/uploads\/2022\/03\/Fidencio-Briceno-Chel.png 1080w, https:\/\/etnografia.inah.gob.mx\/wp-content\/uploads\/2022\/03\/Fidencio-Briceno-Chel-300x300.png 300w, https:\/\/etnografia.inah.gob.mx\/wp-content\/uploads\/2022\/03\/Fidencio-Briceno-Chel-1024x1024.png 1024w, https:\/\/etnografia.inah.gob.mx\/wp-content\/uploads\/2022\/03\/Fidencio-Briceno-Chel-150x150.png 150w, https:\/\/etnografia.inah.gob.mx\/wp-content\/uploads\/2022\/03\/Fidencio-Briceno-Chel-768x768.png 768w\" sizes=\"auto, (max-width: 1080px) 100vw, 1080px\" \/>\n                      <div class=\"h-image__frame h-hide-lg h-hide-md h-hide-sm style-1209-frameImage style-local-2380-c149-frameImage\"><\/div>\n                    <\/div>\n                  <\/div>\n                <\/div>\n                <div data-colibri-id=\"2380-c150\" class=\"h-row-container gutters-row-lg-0 gutters-row-md-0 gutters-row-0 gutters-row-v-lg-0 gutters-row-v-md-0 gutters-row-v-0 style-1210 style-local-2380-c150 position-relative\">\n                  <!---->\n                  <div class=\"h-row justify-content-lg-center justify-content-md-center justify-content-center align-items-lg-stretch align-items-md-stretch align-items-stretch gutters-col-lg-0 gutters-col-md-0 gutters-col-0 gutters-col-v-lg-0 gutters-col-v-md-0 gutters-col-v-0\">\n                    <!---->\n                    <div class=\"h-column h-column-container d-flex h-col-lg-auto h-col-md-auto h-col-auto style-1211-outer style-local-2380-c151-outer\">\n                      <div data-colibri-id=\"2380-c151\" class=\"d-flex h-flex-basis h-column__inner h-px-lg-2 h-px-md-2 h-px-2 v-inner-lg-2 v-inner-md-2 v-inner-2 style-1211 style-local-2380-c151 position-relative\">\n                        <!---->\n                        <!---->\n                        <div class=\"w-100 h-y-container h-column__content h-column__v-align flex-basis-100 align-self-lg-start align-self-md-start align-self-start\">\n                          <!---->\n                          <div data-colibri-id=\"2380-c152\" class=\"h-global-transition-all h-heading style-1212 style-local-2380-c152 position-relative h-element\">\n                            <!---->\n                            <div class=\"h-heading__outer style-1212 style-local-2380-c152\">\n                              <!---->\n                              <!---->\n                              <h4 class=\"\">Fidencio Brice\u00f1o Chel<\/h4>\n                            <\/div>\n                          <\/div>\n                          <div data-colibri-id=\"2380-c153\" class=\"h-text h-text-component style-1213 style-local-2380-c153 position-relative h-element\">\n                            <!---->\n                            <!---->\n                            <div class=\"\">\n                              <p><span style=\"color: rgb(51, 51, 51); font-weight: 600; font-size: 81%;\">Proyecto: K\u2019ajl\u00e1ay:&nbsp;Memoria, etnograf\u00eda y participaci\u00f3n comunitaria en torno al patrimonio biocultural peninsular en el marco del Megaproyecto del Tren Maya, con sede en M\u00e9rida, Yucat\u00e1n<\/span><\/p>\n                              <p><span style=\"color: rgb(51, 51, 51); font-weight: 600; font-size: 81%;\">fbchel@yahoo.com.mx<\/span><strong style=\"color: rgb(84, 84, 84); font-weight: 700;\"> <\/strong><\/p>\n                            <\/div>\n                          <\/div>\n                          <div data-colibri-id=\"2380-c154\" class=\"h-x-container style-1214 style-local-2380-c154 position-relative h-element\">\n                            <!---->\n                            <div class=\"h-x-container-inner style-dynamic-2380-c154-group style-1214-spacing style-local-2380-c154-spacing\"><span class=\"h-button__outer style-1177-outer style-local-2380-c155-outer d-inline-flex h-element\"><a h-use-smooth-scroll=\"true\" href=\"https:\/\/etnografia.convocatoriaprone.mx\/wp-content\/uploads\/2022\/04\/Fidencio-Briceno-Chel.pdf\" data-fancybox=\"section-group-nq3Nhz7LkNkRDTHdeM3TZu\"  data-colibri-id=\"2380-c155\" class=\"d-flex w-100 align-items-center h-button justify-content-lg-center justify-content-md-center justify-content-center style-1177 style-local-2380-c155 position-relative\"><!----><span  class=\"h-svg-icon h-button__icon style-1177-icon style-local-2380-c155-icon\"><!--Icon by Font Awesome (https:\/\/fontawesome.com)-->\n    <svg version=\"1.1\" xmlns=\"http:\/\/www.w3.org\/2000\/svg\" xmlns:xlink=\"http:\/\/www.w3.org\/1999\/xlink\" id=\"file-o\" viewBox=\"0 0 1611.2499 1896.0833\">\n      <path d=\"M1468 380q28 28 48 76t20 88v1152q0 40-28 68t-68 28H96q-40 0-68-28t-28-68V96q0-40 28-68T96 0h896q40 0 88 20t76 48zm-444-244v376h376q-10-29-22-41l-313-313q-12-12-41-22zm384 1528V640H992q-40 0-68-28t-28-68V128H128v1536h1280z\"><\/path>\n    <\/svg><\/span> <span>SEMBLANZA CURRICULAR<\/span><\/a>\n                              <\/span>\n                            <\/div>\n                          <\/div>\n                        <\/div>\n                      <\/div>\n                    <\/div>\n                  <\/div>\n                <\/div>\n              <\/div>\n            <\/div>\n          <\/div>\n          <div class=\"h-column h-column-container d-flex h-col-lg-2 h-col-md-6 h-col-12 style-1170-outer style-local-2380-c156-outer\">\n            <div data-colibri-id=\"2380-c156\" class=\"d-flex h-flex-basis h-column__inner h-px-lg-0 h-px-md-0 h-px-0 v-inner-lg-0 v-inner-md-0 v-inner-0 style-1170 style-local-2380-c156 position-relative\">\n              <!---->\n              <!---->\n              <div class=\"w-100 h-y-container h-column__content h-column__v-align flex-basis-100 align-self-lg-start align-self-md-start align-self-start\">\n                <!---->\n                <div data-colibri-id=\"2380-c157\" class=\"d-block style-1209 style-local-2380-c157 position-relative h-element\">\n                  <!---->\n                  <div class=\"h-image__frame-container-outer\">\n                    <div class=\"h-image__frame-container\">\n                      <!---->\n                      <!---->\n                      <img loading=\"lazy\" decoding=\"async\" width=\"1080\" height=\"1080\" src=\"https:\/\/etnografia.convocatoriaprone.mx\/wp-content\/uploads\/2022\/03\/Maria-del-Carmen-Castillo-Cisneros.png\" class=\"wp-image-1580 style-1209-image style-local-2380-c157-image\" alt=\"\" srcset=\"https:\/\/etnografia.inah.gob.mx\/wp-content\/uploads\/2022\/03\/Maria-del-Carmen-Castillo-Cisneros.png 1080w, https:\/\/etnografia.inah.gob.mx\/wp-content\/uploads\/2022\/03\/Maria-del-Carmen-Castillo-Cisneros-300x300.png 300w, https:\/\/etnografia.inah.gob.mx\/wp-content\/uploads\/2022\/03\/Maria-del-Carmen-Castillo-Cisneros-1024x1024.png 1024w, https:\/\/etnografia.inah.gob.mx\/wp-content\/uploads\/2022\/03\/Maria-del-Carmen-Castillo-Cisneros-150x150.png 150w, https:\/\/etnografia.inah.gob.mx\/wp-content\/uploads\/2022\/03\/Maria-del-Carmen-Castillo-Cisneros-768x768.png 768w\" sizes=\"auto, (max-width: 1080px) 100vw, 1080px\" \/>\n                      <div class=\"h-image__frame h-hide-lg h-hide-md h-hide-sm style-1209-frameImage style-local-2380-c157-frameImage\"><\/div>\n                    <\/div>\n                  <\/div>\n                <\/div>\n                <div data-colibri-id=\"2380-c158\" class=\"h-row-container gutters-row-lg-0 gutters-row-md-0 gutters-row-0 gutters-row-v-lg-0 gutters-row-v-md-0 gutters-row-v-0 style-1210 style-local-2380-c158 position-relative\">\n                  <!---->\n                  <div class=\"h-row justify-content-lg-center justify-content-md-center justify-content-center align-items-lg-stretch align-items-md-stretch align-items-stretch gutters-col-lg-0 gutters-col-md-0 gutters-col-0 gutters-col-v-lg-0 gutters-col-v-md-0 gutters-col-v-0\">\n                    <!---->\n                    <div class=\"h-column h-column-container d-flex h-col-lg-auto h-col-md-auto h-col-auto style-1211-outer style-local-2380-c159-outer\">\n                      <div data-colibri-id=\"2380-c159\" class=\"d-flex h-flex-basis h-column__inner h-px-lg-2 h-px-md-2 h-px-2 v-inner-lg-2 v-inner-md-2 v-inner-2 style-1211 style-local-2380-c159 position-relative\">\n                        <!---->\n                        <!---->\n                        <div class=\"w-100 h-y-container h-column__content h-column__v-align flex-basis-100 align-self-lg-start align-self-md-start align-self-start\">\n                          <!---->\n                          <div data-colibri-id=\"2380-c160\" class=\"h-global-transition-all h-heading style-1212 style-local-2380-c160 position-relative h-element\">\n                            <!---->\n                            <div class=\"h-heading__outer style-1212 style-local-2380-c160\">\n                              <!---->\n                              <!---->\n                              <h4 class=\"\">Mar\u00eda del Carmen Castillo Cisneros<\/h4>\n                            <\/div>\n                          <\/div>\n                          <div data-colibri-id=\"2380-c161\" class=\"h-text h-text-component style-1213 style-local-2380-c161 position-relative h-element\">\n                            <!---->\n                            <!---->\n                            <div class=\"\">\n                              <p><span style=\"font-size: 12.96px; font-weight: 600; color: rgb(51, 51, 51);\">Proyecto &#8220;K\u2019ajl\u00e1ay:&nbsp;Memoria, etnograf\u00eda y participaci\u00f3n comunitaria en torno al patrimonio biocultural peninsular en el marco del Megaproyecto del Tren Maya, con sede en M\u00e9rida, Yucat\u00e1n&#8221;<\/span><\/p>\n                              <p><span style=\"font-weight: 600; color: rgb(51, 51, 51); font-size: 79%;\">carmen_castillo@inah.gob.mx<\/span><\/p>\n                              <p><strong style=\"font-weight: 700; color: rgb(84, 84, 84);\"> <\/strong><\/p>\n                            <\/div>\n                          <\/div>\n                          <div data-colibri-id=\"2380-c162\" class=\"h-x-container style-1215 style-local-2380-c162 position-relative h-element\">\n                            <!---->\n                            <div class=\"h-x-container-inner style-dynamic-2380-c162-group style-1215-spacing style-local-2380-c162-spacing\"><span class=\"h-button__outer style-1177-outer style-local-2380-c163-outer d-inline-flex h-element\"><a h-use-smooth-scroll=\"true\" href=\"https:\/\/etnografia.convocatoriaprone.mx\/wp-content\/uploads\/2022\/04\/Maria-del-Carmen-Castillo-Cisneros.pdf\" data-fancybox=\"section-group-nq3Nhz7LkNkRDTHdeM3TZu\"  data-colibri-id=\"2380-c163\" class=\"d-flex w-100 align-items-center h-button justify-content-lg-center justify-content-md-center justify-content-center style-1177 style-local-2380-c163 position-relative\"><!----><span  class=\"h-svg-icon h-button__icon style-1177-icon style-local-2380-c163-icon\"><!--Icon by Font Awesome (https:\/\/fontawesome.com)-->\n    <svg version=\"1.1\" xmlns=\"http:\/\/www.w3.org\/2000\/svg\" xmlns:xlink=\"http:\/\/www.w3.org\/1999\/xlink\" id=\"file-o\" viewBox=\"0 0 1611.2499 1896.0833\">\n      <path d=\"M1468 380q28 28 48 76t20 88v1152q0 40-28 68t-68 28H96q-40 0-68-28t-28-68V96q0-40 28-68T96 0h896q40 0 88 20t76 48zm-444-244v376h376q-10-29-22-41l-313-313q-12-12-41-22zm384 1528V640H992q-40 0-68-28t-28-68V128H128v1536h1280z\"><\/path>\n    <\/svg><\/span> <span>SEMBLANZA CURRICULAR<\/span><\/a>\n                              <\/span>\n                            <\/div>\n                          <\/div>\n                        <\/div>\n                      <\/div>\n                    <\/div>\n                  <\/div>\n                <\/div>\n              <\/div>\n            <\/div>\n          <\/div>\n          <div class=\"h-column h-column-container d-flex h-col-lg-2 h-col-md-6 h-col-12 style-1170-outer style-local-2380-c164-outer\">\n            <div data-colibri-id=\"2380-c164\" class=\"d-flex h-flex-basis h-column__inner h-px-lg-0 h-px-md-0 h-px-0 v-inner-lg-0 v-inner-md-0 v-inner-0 style-1170 style-local-2380-c164 position-relative\">\n              <!---->\n              <!---->\n              <div class=\"w-100 h-y-container h-column__content h-column__v-align flex-basis-100 align-self-lg-start align-self-md-start align-self-start\">\n                <!---->\n                <div data-colibri-id=\"2380-c165\" class=\"d-block style-1209 style-local-2380-c165 position-relative h-element\">\n                  <!---->\n                  <div class=\"h-image__frame-container-outer\">\n                    <div class=\"h-image__frame-container\">\n                      <!---->\n                      <!---->\n                      <img loading=\"lazy\" decoding=\"async\" width=\"1080\" height=\"1080\" src=\"https:\/\/etnografia.convocatoriaprone.mx\/wp-content\/uploads\/2022\/03\/Pedro-Lewin-Fisher.png\" class=\"wp-image-1591 style-1209-image style-local-2380-c165-image\" alt=\"\" srcset=\"https:\/\/etnografia.inah.gob.mx\/wp-content\/uploads\/2022\/03\/Pedro-Lewin-Fisher.png 1080w, https:\/\/etnografia.inah.gob.mx\/wp-content\/uploads\/2022\/03\/Pedro-Lewin-Fisher-300x300.png 300w, https:\/\/etnografia.inah.gob.mx\/wp-content\/uploads\/2022\/03\/Pedro-Lewin-Fisher-1024x1024.png 1024w, https:\/\/etnografia.inah.gob.mx\/wp-content\/uploads\/2022\/03\/Pedro-Lewin-Fisher-150x150.png 150w, https:\/\/etnografia.inah.gob.mx\/wp-content\/uploads\/2022\/03\/Pedro-Lewin-Fisher-768x768.png 768w\" sizes=\"auto, (max-width: 1080px) 100vw, 1080px\" \/>\n                      <div class=\"h-image__frame h-hide-lg h-hide-md h-hide-sm style-1209-frameImage style-local-2380-c165-frameImage\"><\/div>\n                    <\/div>\n                  <\/div>\n                <\/div>\n                <div data-colibri-id=\"2380-c166\" class=\"h-row-container gutters-row-lg-0 gutters-row-md-0 gutters-row-0 gutters-row-v-lg-0 gutters-row-v-md-0 gutters-row-v-0 style-1210 style-local-2380-c166 position-relative\">\n                  <!---->\n                  <div class=\"h-row justify-content-lg-center justify-content-md-center justify-content-center align-items-lg-stretch align-items-md-stretch align-items-stretch gutters-col-lg-0 gutters-col-md-0 gutters-col-0 gutters-col-v-lg-0 gutters-col-v-md-0 gutters-col-v-0\">\n                    <!---->\n                    <div class=\"h-column h-column-container d-flex h-col-lg-auto h-col-md-auto h-col-auto style-1211-outer style-local-2380-c167-outer\">\n                      <div data-colibri-id=\"2380-c167\" class=\"d-flex h-flex-basis h-column__inner h-px-lg-2 h-px-md-2 h-px-2 v-inner-lg-2 v-inner-md-2 v-inner-2 style-1211 style-local-2380-c167 position-relative\">\n                        <!---->\n                        <!---->\n                        <div class=\"w-100 h-y-container h-column__content h-column__v-align flex-basis-100 align-self-lg-start align-self-md-start align-self-start\">\n                          <!---->\n                          <div data-colibri-id=\"2380-c168\" class=\"h-global-transition-all h-heading style-1212 style-local-2380-c168 position-relative h-element\">\n                            <!---->\n                            <div class=\"h-heading__outer style-1212 style-local-2380-c168\">\n                              <!---->\n                              <!---->\n                              <h4 class=\"\">Pedro Ernesto Lewin Fischer<\/h4>\n                            <\/div>\n                          <\/div>\n                          <div data-colibri-id=\"2380-c169\" class=\"h-text h-text-component style-1213 style-local-2380-c169 position-relative h-element\">\n                            <!---->\n                            <!---->\n                            <div class=\"\">\n                              <p><span style=\"font-size: 12.96px; font-weight: 600; color: rgb(51, 51, 51);\">Proyecto &#8220;K\u2019ajl\u00e1ay:&nbsp;Memoria, etnograf\u00eda y participaci\u00f3n comunitaria en torno al patrimonio biocultural peninsular en el marco del Megaproyecto del Tren Maya, con sede en M\u00e9rida, Yucat\u00e1n&#8221;<\/span><\/p>\n                              <p><span style=\"color: rgb(51, 51, 51); font-weight: 600; font-size: 75%;\">pedrolewinfischer@gmail.com<\/span><\/p>\n                              <p><strong style=\"font-weight: 700; color: rgb(84, 84, 84);\"> <\/strong><\/p>\n                            <\/div>\n                          <\/div>\n                          <div data-colibri-id=\"2380-c170\" class=\"h-x-container style-1216 style-local-2380-c170 position-relative h-element\">\n                            <!---->\n                            <div class=\"h-x-container-inner style-dynamic-2380-c170-group style-1216-spacing style-local-2380-c170-spacing\"><span class=\"h-button__outer style-1177-outer style-local-2380-c171-outer d-inline-flex h-element\"><a h-use-smooth-scroll=\"true\" href=\"https:\/\/etnografia.convocatoriaprone.mx\/wp-content\/uploads\/2022\/04\/Pedro-Ernesto-Lewin-Fischer.pdf\" data-fancybox=\"section-group-nq3Nhz7LkNkRDTHdeM3TZu\"  data-colibri-id=\"2380-c171\" class=\"d-flex w-100 align-items-center h-button justify-content-lg-center justify-content-md-center justify-content-center style-1177 style-local-2380-c171 position-relative\"><!----><span  class=\"h-svg-icon h-button__icon style-1177-icon style-local-2380-c171-icon\"><!--Icon by Font Awesome (https:\/\/fontawesome.com)-->\n    <svg version=\"1.1\" xmlns=\"http:\/\/www.w3.org\/2000\/svg\" xmlns:xlink=\"http:\/\/www.w3.org\/1999\/xlink\" id=\"file-o\" viewBox=\"0 0 1611.2499 1896.0833\">\n      <path d=\"M1468 380q28 28 48 76t20 88v1152q0 40-28 68t-68 28H96q-40 0-68-28t-28-68V96q0-40 28-68T96 0h896q40 0 88 20t76 48zm-444-244v376h376q-10-29-22-41l-313-313q-12-12-41-22zm384 1528V640H992q-40 0-68-28t-28-68V128H128v1536h1280z\"><\/path>\n    <\/svg><\/span> <span>SEMBLANZA CURRICULAR<\/span><\/a>\n                              <\/span>\n                            <\/div>\n                          <\/div>\n                        <\/div>\n                      <\/div>\n                    <\/div>\n                  <\/div>\n                <\/div>\n              <\/div>\n            <\/div>\n          <\/div>\n          <div class=\"h-column h-column-container d-flex h-col-lg-2 h-col-md-6 h-col-12 style-1170-outer style-local-2380-c172-outer\">\n            <div data-colibri-id=\"2380-c172\" class=\"d-flex h-flex-basis h-column__inner h-px-lg-0 h-px-md-0 h-px-0 v-inner-lg-0 v-inner-md-0 v-inner-0 style-1170 style-local-2380-c172 position-relative\">\n              <!---->\n              <!---->\n              <div class=\"w-100 h-y-container h-column__content h-column__v-align flex-basis-100 align-self-lg-start align-self-md-start align-self-start\">\n                <!---->\n                <div data-colibri-id=\"2380-c173\" class=\"d-block style-1209 style-local-2380-c173 position-relative h-element\">\n                  <!---->\n                  <div class=\"h-image__frame-container-outer\">\n                    <div class=\"h-image__frame-container\">\n                      <!---->\n                      <!---->\n                      <img loading=\"lazy\" decoding=\"async\" width=\"1080\" height=\"1080\" src=\"https:\/\/etnografia.convocatoriaprone.mx\/wp-content\/uploads\/2022\/03\/Alonso-Guerrero-Galvan.png\" class=\"wp-image-1561 style-1209-image style-local-2380-c173-image\" alt=\"\" srcset=\"https:\/\/etnografia.inah.gob.mx\/wp-content\/uploads\/2022\/03\/Alonso-Guerrero-Galvan.png 1080w, https:\/\/etnografia.inah.gob.mx\/wp-content\/uploads\/2022\/03\/Alonso-Guerrero-Galvan-300x300.png 300w, https:\/\/etnografia.inah.gob.mx\/wp-content\/uploads\/2022\/03\/Alonso-Guerrero-Galvan-1024x1024.png 1024w, https:\/\/etnografia.inah.gob.mx\/wp-content\/uploads\/2022\/03\/Alonso-Guerrero-Galvan-150x150.png 150w, https:\/\/etnografia.inah.gob.mx\/wp-content\/uploads\/2022\/03\/Alonso-Guerrero-Galvan-768x768.png 768w\" sizes=\"auto, (max-width: 1080px) 100vw, 1080px\" \/>\n                      <div class=\"h-image__frame h-hide-lg h-hide-md h-hide-sm style-1209-frameImage style-local-2380-c173-frameImage\"><\/div>\n                    <\/div>\n                  <\/div>\n                <\/div>\n                <div data-colibri-id=\"2380-c174\" class=\"h-row-container gutters-row-lg-0 gutters-row-md-0 gutters-row-0 gutters-row-v-lg-0 gutters-row-v-md-0 gutters-row-v-0 style-1210 style-local-2380-c174 position-relative\">\n                  <!---->\n                  <div class=\"h-row justify-content-lg-center justify-content-md-center justify-content-center align-items-lg-stretch align-items-md-stretch align-items-stretch gutters-col-lg-0 gutters-col-md-0 gutters-col-0 gutters-col-v-lg-0 gutters-col-v-md-0 gutters-col-v-0\">\n                    <!---->\n                    <div class=\"h-column h-column-container d-flex h-col-lg-auto h-col-md-auto h-col-auto style-1211-outer style-local-2380-c175-outer\">\n                      <div data-colibri-id=\"2380-c175\" class=\"d-flex h-flex-basis h-column__inner h-px-lg-2 h-px-md-2 h-px-2 v-inner-lg-2 v-inner-md-2 v-inner-2 style-1211 style-local-2380-c175 position-relative\">\n                        <!---->\n                        <!---->\n                        <div class=\"w-100 h-y-container h-column__content h-column__v-align flex-basis-100 align-self-lg-start align-self-md-start align-self-start\">\n                          <!---->\n                          <div data-colibri-id=\"2380-c176\" class=\"h-global-transition-all h-heading style-1212 style-local-2380-c176 position-relative h-element\">\n                            <!---->\n                            <div class=\"h-heading__outer style-1212 style-local-2380-c176\">\n                              <!---->\n                              <!---->\n                              <h4 class=\"\">Alonso Guerrero Galv\u00e1n<\/h4>\n                            <\/div>\n                          <\/div>\n                          <div data-colibri-id=\"2380-c177\" class=\"h-text h-text-component style-1213 style-local-2380-c177 position-relative h-element\">\n                            <!---->\n                            <!---->\n                            <div class=\"\">\n                              <p><span style=\"font-size: 85%; color: rgb(51, 51, 51); font-weight: 600;\">Proyecto &#8220;Documentaci\u00f3n hist\u00f3rica, etnogr\u00e1fica y ling\u00fc\u00edstica del arte textil otopame: otom\u00ed-chichimeca (Regi\u00f3n Centro)&#8221;<\/span><\/p>\n                              <p><span style=\"font-size: 77%; color: rgb(51, 51, 51); font-weight: 600;\">alonso_guerrero@inah.gob.mx<\/span><strong style=\"color: rgb(84, 84, 84); font-weight: 700;\"> <\/strong><\/p>\n                            <\/div>\n                          <\/div>\n                          <div data-colibri-id=\"2380-c178\" class=\"h-x-container style-1217 style-local-2380-c178 position-relative h-element\">\n                            <!---->\n                            <div class=\"h-x-container-inner style-dynamic-2380-c178-group style-1217-spacing style-local-2380-c178-spacing\"><span class=\"h-button__outer style-1177-outer style-local-2380-c179-outer d-inline-flex h-element\"><a h-use-smooth-scroll=\"true\" href=\"https:\/\/etnografia.convocatoriaprone.mx\/wp-content\/uploads\/2022\/04\/Alonso-Guerrero-Galvan.pdf\" data-fancybox=\"section-group-nq3Nhz7LkNkRDTHdeM3TZu\"  data-colibri-id=\"2380-c179\" class=\"d-flex w-100 align-items-center h-button justify-content-lg-center justify-content-md-center justify-content-center style-1177 style-local-2380-c179 position-relative\"><!----><span  class=\"h-svg-icon h-button__icon style-1177-icon style-local-2380-c179-icon\"><!--Icon by Font Awesome (https:\/\/fontawesome.com)-->\n    <svg version=\"1.1\" xmlns=\"http:\/\/www.w3.org\/2000\/svg\" xmlns:xlink=\"http:\/\/www.w3.org\/1999\/xlink\" id=\"file-o\" viewBox=\"0 0 1611.2499 1896.0833\">\n      <path d=\"M1468 380q28 28 48 76t20 88v1152q0 40-28 68t-68 28H96q-40 0-68-28t-28-68V96q0-40 28-68T96 0h896q40 0 88 20t76 48zm-444-244v376h376q-10-29-22-41l-313-313q-12-12-41-22zm384 1528V640H992q-40 0-68-28t-28-68V128H128v1536h1280z\"><\/path>\n    <\/svg><\/span> <span>SEMBLANZA CURRICULAR<\/span><\/a>\n                              <\/span>\n                            <\/div>\n                          <\/div>\n                        <\/div>\n                      <\/div>\n                    <\/div>\n                  <\/div>\n                <\/div>\n              <\/div>\n            <\/div>\n          <\/div>\n          <div class=\"h-column h-column-container d-flex h-col-lg-2 h-col-md-6 h-col-12 style-1170-outer style-local-2380-c180-outer\">\n            <div data-colibri-id=\"2380-c180\" class=\"d-flex h-flex-basis h-column__inner h-px-lg-0 h-px-md-0 h-px-0 v-inner-lg-0 v-inner-md-0 v-inner-0 style-1170 style-local-2380-c180 position-relative\">\n              <!---->\n              <!---->\n              <div class=\"w-100 h-y-container h-column__content h-column__v-align flex-basis-100 align-self-lg-start align-self-md-start align-self-start\">\n                <!---->\n                <div data-colibri-id=\"2380-c181\" class=\"d-block style-1486 style-local-2380-c181 position-relative h-element\">\n                  <!---->\n                  <div class=\"h-image__frame-container-outer\">\n                    <div class=\"h-image__frame-container\">\n                      <!---->\n                      <!---->\n                      <img loading=\"lazy\" decoding=\"async\" width=\"1080\" height=\"1080\" src=\"https:\/\/etnografia.convocatoriaprone.mx\/wp-content\/uploads\/2022\/05\/1.-usuario.png\" class=\"wp-image-3161 style-1486-image style-local-2380-c181-image\" alt=\"\" srcset=\"https:\/\/etnografia.inah.gob.mx\/wp-content\/uploads\/2022\/05\/1.-usuario.png 1080w, https:\/\/etnografia.inah.gob.mx\/wp-content\/uploads\/2022\/05\/1.-usuario-300x300.png 300w, https:\/\/etnografia.inah.gob.mx\/wp-content\/uploads\/2022\/05\/1.-usuario-1024x1024.png 1024w, https:\/\/etnografia.inah.gob.mx\/wp-content\/uploads\/2022\/05\/1.-usuario-150x150.png 150w, https:\/\/etnografia.inah.gob.mx\/wp-content\/uploads\/2022\/05\/1.-usuario-768x768.png 768w\" sizes=\"auto, (max-width: 1080px) 100vw, 1080px\" \/>\n                      <div class=\"h-image__frame h-hide-lg h-hide-md h-hide-sm style-1486-frameImage style-local-2380-c181-frameImage\"><\/div>\n                    <\/div>\n                  <\/div>\n                <\/div>\n                <div data-colibri-id=\"2380-c182\" class=\"h-row-container gutters-row-lg-0 gutters-row-md-0 gutters-row-0 gutters-row-v-lg-0 gutters-row-v-md-0 gutters-row-v-0 style-1210 style-local-2380-c182 position-relative\">\n                  <!---->\n                  <div class=\"h-row justify-content-lg-center justify-content-md-center justify-content-center align-items-lg-stretch align-items-md-stretch align-items-stretch gutters-col-lg-0 gutters-col-md-0 gutters-col-0 gutters-col-v-lg-0 gutters-col-v-md-0 gutters-col-v-0\">\n                    <!---->\n                    <div class=\"h-column h-column-container d-flex h-col-lg-auto h-col-md-auto h-col-auto style-1211-outer style-local-2380-c183-outer\">\n                      <div data-colibri-id=\"2380-c183\" class=\"d-flex h-flex-basis h-column__inner h-px-lg-2 h-px-md-2 h-px-2 v-inner-lg-2 v-inner-md-2 v-inner-2 style-1211 style-local-2380-c183 position-relative\">\n                        <!---->\n                        <!---->\n                        <div class=\"w-100 h-y-container h-column__content h-column__v-align flex-basis-100 align-self-lg-start align-self-md-start align-self-start\">\n                          <!---->\n                          <div data-colibri-id=\"2380-c184\" class=\"h-global-transition-all h-heading style-1212 style-local-2380-c184 position-relative h-element\">\n                            <!---->\n                            <div class=\"h-heading__outer style-1212 style-local-2380-c184\">\n                              <!---->\n                              <!---->\n                              <h4 class=\"\">Bianca Paola Islas Flores<\/h4>\n                            <\/div>\n                          <\/div>\n                          <div data-colibri-id=\"2380-c185\" class=\"h-text h-text-component style-1213 style-local-2380-c185 position-relative h-element\">\n                            <!---->\n                            <!---->\n                            <div class=\"\">\n                              <p><span style=\"font-size: 13.6px; font-weight: 600; color: rgb(51, 51, 51);\">Proyecto &#8220;Documentaci\u00f3n hist\u00f3rica, etnogr\u00e1fica y ling\u00fc\u00edstica del arte textil otopame: otom\u00edchichime-ca (Regi\u00f3n Centro)&#8221;<\/span><\/p>\n                              <p><span style=\"font-weight: 600; font-size: 75%; font-family: Montserrat; color: rgb(0, 0, 0);\">bianca_islas@inah.gob.mx<\/span><\/p>\n                              <p><strong style=\"font-weight: 700; color: rgb(84, 84, 84);\"> <\/strong><\/p>\n                            <\/div>\n                          <\/div>\n                          <div data-colibri-id=\"2380-c186\" class=\"h-x-container style-1501 style-local-2380-c186 position-relative h-element\">\n                            <!---->\n                            <div class=\"h-x-container-inner style-dynamic-2380-c186-group style-1501-spacing style-local-2380-c186-spacing\"><span class=\"h-button__outer style-1177-outer style-local-2380-c187-outer d-inline-flex h-element\"><a h-use-smooth-scroll=\"true\" href=\"https:\/\/etnografia.convocatoriaprone.mx\/wp-content\/uploads\/2022\/05\/Bianca-Paola-Islas-Flores.pdf\" data-fancybox=\"section-group-nq3Nhz7LkNkRDTHdeM3TZu\"  data-colibri-id=\"2380-c187\" class=\"d-flex w-100 align-items-center h-button justify-content-lg-center justify-content-md-center justify-content-center style-1177 style-local-2380-c187 position-relative\"><!----><span  class=\"h-svg-icon h-button__icon style-1177-icon style-local-2380-c187-icon\"><!--Icon by Font Awesome (https:\/\/fontawesome.com)-->\n    <svg version=\"1.1\" xmlns=\"http:\/\/www.w3.org\/2000\/svg\" xmlns:xlink=\"http:\/\/www.w3.org\/1999\/xlink\" id=\"file-o\" viewBox=\"0 0 1611.2499 1896.0833\">\n      <path d=\"M1468 380q28 28 48 76t20 88v1152q0 40-28 68t-68 28H96q-40 0-68-28t-28-68V96q0-40 28-68T96 0h896q40 0 88 20t76 48zm-444-244v376h376q-10-29-22-41l-313-313q-12-12-41-22zm384 1528V640H992q-40 0-68-28t-28-68V128H128v1536h1280z\"><\/path>\n    <\/svg><\/span> <span>SEMBLANZA CURRICULAR<\/span><\/a>\n                              <\/span>\n                            <\/div>\n                          <\/div>\n                        <\/div>\n                      <\/div>\n                    <\/div>\n                  <\/div>\n                <\/div>\n              <\/div>\n            <\/div>\n          <\/div>\n          <div class=\"h-column h-column-container d-flex h-col-lg-2 h-col-md-6 h-col-12 style-1170-outer style-local-2380-c188-outer\">\n            <div data-colibri-id=\"2380-c188\" class=\"d-flex h-flex-basis h-column__inner h-px-lg-0 h-px-md-0 h-px-0 v-inner-lg-0 v-inner-md-0 v-inner-0 style-1170 style-local-2380-c188 position-relative\">\n              <!---->\n              <!---->\n              <div class=\"w-100 h-y-container h-column__content h-column__v-align flex-basis-100 align-self-lg-start align-self-md-start align-self-start\">\n                <!---->\n                <div data-colibri-id=\"2380-c189\" class=\"d-block style-1487 style-local-2380-c189 position-relative h-element\">\n                  <!---->\n                  <div class=\"h-image__frame-container-outer\">\n                    <div class=\"h-image__frame-container\">\n                      <!---->\n                      <!---->\n                      <img loading=\"lazy\" decoding=\"async\" width=\"1080\" height=\"1080\" src=\"https:\/\/etnografia.convocatoriaprone.mx\/wp-content\/uploads\/2022\/05\/1.-usuario.png\" class=\"wp-image-3161 style-1487-image style-local-2380-c189-image\" alt=\"\" srcset=\"https:\/\/etnografia.inah.gob.mx\/wp-content\/uploads\/2022\/05\/1.-usuario.png 1080w, https:\/\/etnografia.inah.gob.mx\/wp-content\/uploads\/2022\/05\/1.-usuario-300x300.png 300w, https:\/\/etnografia.inah.gob.mx\/wp-content\/uploads\/2022\/05\/1.-usuario-1024x1024.png 1024w, https:\/\/etnografia.inah.gob.mx\/wp-content\/uploads\/2022\/05\/1.-usuario-150x150.png 150w, https:\/\/etnografia.inah.gob.mx\/wp-content\/uploads\/2022\/05\/1.-usuario-768x768.png 768w\" sizes=\"auto, (max-width: 1080px) 100vw, 1080px\" \/>\n                      <div class=\"h-image__frame h-hide-lg h-hide-md h-hide-sm style-1487-frameImage style-local-2380-c189-frameImage\"><\/div>\n                    <\/div>\n                  <\/div>\n                <\/div>\n                <div data-colibri-id=\"2380-c190\" class=\"h-row-container gutters-row-lg-0 gutters-row-md-0 gutters-row-0 gutters-row-v-lg-0 gutters-row-v-md-0 gutters-row-v-0 style-1210 style-local-2380-c190 position-relative\">\n                  <!---->\n                  <div class=\"h-row justify-content-lg-center justify-content-md-center justify-content-center align-items-lg-stretch align-items-md-stretch align-items-stretch gutters-col-lg-0 gutters-col-md-0 gutters-col-0 gutters-col-v-lg-0 gutters-col-v-md-0 gutters-col-v-0\">\n                    <!---->\n                    <div class=\"h-column h-column-container d-flex h-col-lg-auto h-col-md-auto h-col-auto style-1211-outer style-local-2380-c191-outer\">\n                      <div data-colibri-id=\"2380-c191\" class=\"d-flex h-flex-basis h-column__inner h-px-lg-2 h-px-md-2 h-px-2 v-inner-lg-2 v-inner-md-2 v-inner-2 style-1211 style-local-2380-c191 position-relative\">\n                        <!---->\n                        <!---->\n                        <div class=\"w-100 h-y-container h-column__content h-column__v-align flex-basis-100 align-self-lg-start align-self-md-start align-self-start\">\n                          <!---->\n                          <div data-colibri-id=\"2380-c192\" class=\"h-global-transition-all h-heading style-1212 style-local-2380-c192 position-relative h-element\">\n                            <!---->\n                            <div class=\"h-heading__outer style-1212 style-local-2380-c192\">\n                              <!---->\n                              <!---->\n                              <h4 class=\"\">Mar\u00eda Antonieta Gonz\u00e1lez Amaro<\/h4>\n                            <\/div>\n                          <\/div>\n                          <div data-colibri-id=\"2380-c193\" class=\"h-text h-text-component style-1213 style-local-2380-c193 position-relative h-element\">\n                            <!---->\n                            <!---->\n                            <div class=\"\">\n                              <p><span style=\"color: rgb(51, 51, 51); font-weight: 600; font-size: 13.6px;\">Proyecto &#8220;Documentaci\u00f3n hist\u00f3rica, etnogr\u00e1fica y ling\u00fc\u00edstica del arte textil otopame: otom\u00edchichime-ca (Regi\u00f3n Centro)&#8221;<\/span><\/p>\n                              <p><span style=\"color: rgb(0, 0, 0); font-family: Montserrat; font-size: 62%; font-weight: 600;\">antonieta.gonzalezamaro@gmail.com<\/span><\/p>\n                              <p><strong style=\"color: rgb(84, 84, 84); font-weight: 700;\"> <\/strong><\/p>\n                            <\/div>\n                          <\/div>\n                          <div data-colibri-id=\"2380-c194\" class=\"h-x-container style-1503 style-local-2380-c194 position-relative h-element\">\n                            <!---->\n                            <div class=\"h-x-container-inner style-dynamic-2380-c194-group style-1503-spacing style-local-2380-c194-spacing\"><span class=\"h-button__outer style-1177-outer style-local-2380-c195-outer d-inline-flex h-element\"><a h-use-smooth-scroll=\"true\" href=\"https:\/\/etnografia.convocatoriaprone.mx\/wp-content\/uploads\/2022\/05\/Maria-Antonieta-Gonzalez-Amaro.pdf\" data-fancybox=\"section-group-nq3Nhz7LkNkRDTHdeM3TZu\"  data-colibri-id=\"2380-c195\" class=\"d-flex w-100 align-items-center h-button justify-content-lg-center justify-content-md-center justify-content-center style-1177 style-local-2380-c195 position-relative\"><!----><span  class=\"h-svg-icon h-button__icon style-1177-icon style-local-2380-c195-icon\"><!--Icon by Font Awesome (https:\/\/fontawesome.com)-->\n    <svg version=\"1.1\" xmlns=\"http:\/\/www.w3.org\/2000\/svg\" xmlns:xlink=\"http:\/\/www.w3.org\/1999\/xlink\" id=\"file-o\" viewBox=\"0 0 1611.2499 1896.0833\">\n      <path d=\"M1468 380q28 28 48 76t20 88v1152q0 40-28 68t-68 28H96q-40 0-68-28t-28-68V96q0-40 28-68T96 0h896q40 0 88 20t76 48zm-444-244v376h376q-10-29-22-41l-313-313q-12-12-41-22zm384 1528V640H992q-40 0-68-28t-28-68V128H128v1536h1280z\"><\/path>\n    <\/svg><\/span> <span>SEMBLANZA CURRICULAR<\/span><\/a>\n                              <\/span>\n                            <\/div>\n                          <\/div>\n                        <\/div>\n                      <\/div>\n                    <\/div>\n                  <\/div>\n                <\/div>\n              <\/div>\n            <\/div>\n          <\/div>\n          <div class=\"h-column h-column-container d-flex h-col-lg-2 h-col-md-6 h-col-12 style-1170-outer style-local-2380-c196-outer\">\n            <div data-colibri-id=\"2380-c196\" class=\"d-flex h-flex-basis h-column__inner h-px-lg-0 h-px-md-0 h-px-0 v-inner-lg-0 v-inner-md-0 v-inner-0 style-1170 style-local-2380-c196 position-relative\">\n              <!---->\n              <!---->\n              <div class=\"w-100 h-y-container h-column__content h-column__v-align flex-basis-100 align-self-lg-start align-self-md-start align-self-start\">\n                <!---->\n                <div data-colibri-id=\"2380-c197\" class=\"d-block style-1209 style-local-2380-c197 position-relative h-element\">\n                  <!---->\n                  <div class=\"h-image__frame-container-outer\">\n                    <div class=\"h-image__frame-container\">\n                      <!---->\n                      <!---->\n                      <img loading=\"lazy\" decoding=\"async\" width=\"1080\" height=\"1080\" src=\"https:\/\/etnografia.convocatoriaprone.mx\/wp-content\/uploads\/2022\/03\/Mariana-Garcia-Portal.png\" class=\"wp-image-1582 style-1209-image style-local-2380-c197-image\" alt=\"\" srcset=\"https:\/\/etnografia.inah.gob.mx\/wp-content\/uploads\/2022\/03\/Mariana-Garcia-Portal.png 1080w, https:\/\/etnografia.inah.gob.mx\/wp-content\/uploads\/2022\/03\/Mariana-Garcia-Portal-300x300.png 300w, https:\/\/etnografia.inah.gob.mx\/wp-content\/uploads\/2022\/03\/Mariana-Garcia-Portal-1024x1024.png 1024w, https:\/\/etnografia.inah.gob.mx\/wp-content\/uploads\/2022\/03\/Mariana-Garcia-Portal-150x150.png 150w, https:\/\/etnografia.inah.gob.mx\/wp-content\/uploads\/2022\/03\/Mariana-Garcia-Portal-768x768.png 768w\" sizes=\"auto, (max-width: 1080px) 100vw, 1080px\" \/>\n                      <div class=\"h-image__frame h-hide-lg h-hide-md h-hide-sm style-1209-frameImage style-local-2380-c197-frameImage\"><\/div>\n                    <\/div>\n                  <\/div>\n                <\/div>\n                <div data-colibri-id=\"2380-c198\" class=\"h-row-container gutters-row-lg-0 gutters-row-md-0 gutters-row-0 gutters-row-v-lg-0 gutters-row-v-md-0 gutters-row-v-0 style-1210 style-local-2380-c198 position-relative\">\n                  <!---->\n                  <div class=\"h-row justify-content-lg-center justify-content-md-center justify-content-center align-items-lg-stretch align-items-md-stretch align-items-stretch gutters-col-lg-0 gutters-col-md-0 gutters-col-0 gutters-col-v-lg-0 gutters-col-v-md-0 gutters-col-v-0\">\n                    <!---->\n                    <div class=\"h-column h-column-container d-flex h-col-lg-auto h-col-md-auto h-col-auto style-1211-outer style-local-2380-c199-outer\">\n                      <div data-colibri-id=\"2380-c199\" class=\"d-flex h-flex-basis h-column__inner h-px-lg-2 h-px-md-2 h-px-2 v-inner-lg-2 v-inner-md-2 v-inner-2 style-1211 style-local-2380-c199 position-relative\">\n                        <!---->\n                        <!---->\n                        <div class=\"w-100 h-y-container h-column__content h-column__v-align flex-basis-100 align-self-lg-start align-self-md-start align-self-start\">\n                          <!---->\n                          <div data-colibri-id=\"2380-c200\" class=\"h-global-transition-all h-heading style-1212 style-local-2380-c200 position-relative h-element\">\n                            <!---->\n                            <div class=\"h-heading__outer style-1212 style-local-2380-c200\">\n                              <!---->\n                              <!---->\n                              <h4 class=\"\">Mariana Garc\u00eda Portal<\/h4>\n                            <\/div>\n                          <\/div>\n                          <div data-colibri-id=\"2380-c201\" class=\"h-text h-text-component style-1213 style-local-2380-c201 position-relative h-element\">\n                            <!---->\n                            <!---->\n                            <div class=\"\">\n                              <p><span style=\"font-size: 13.6px; font-weight: 600; color: rgb(51, 51, 51);\">Proyecto &#8220;Documentaci\u00f3n hist\u00f3rica, etnogr\u00e1fica y ling\u00fc\u00edstica del arte textil otopame: otom\u00edchichime-ca (Regi\u00f3n Centro)&#8221;<\/span><\/p>\n                              <p><span style=\"font-weight: 600; font-size: 68%; font-family: Montserrat; color: rgb(0, 0, 0);\">marianaportalgarcia@gmail.com<\/span><\/p>\n                              <p><strong style=\"font-weight: 700; color: rgb(84, 84, 84);\"> <\/strong><\/p>\n                            <\/div>\n                          <\/div>\n                          <div data-colibri-id=\"2380-c202\" class=\"h-x-container style-1505 style-local-2380-c202 position-relative h-element\">\n                            <!---->\n                            <div class=\"h-x-container-inner style-dynamic-2380-c202-group style-1505-spacing style-local-2380-c202-spacing\"><span class=\"h-button__outer style-1177-outer style-local-2380-c203-outer d-inline-flex h-element\"><a h-use-smooth-scroll=\"true\" href=\"https:\/\/etnografia.convocatoriaprone.mx\/wp-content\/uploads\/2022\/05\/Mariana-Garcia-Portal.pdf\" data-fancybox=\"section-group-nq3Nhz7LkNkRDTHdeM3TZu\"  data-colibri-id=\"2380-c203\" class=\"d-flex w-100 align-items-center h-button justify-content-lg-center justify-content-md-center justify-content-center style-1177 style-local-2380-c203 position-relative\"><!----><span  class=\"h-svg-icon h-button__icon style-1177-icon style-local-2380-c203-icon\"><!--Icon by Font Awesome (https:\/\/fontawesome.com)-->\n    <svg version=\"1.1\" xmlns=\"http:\/\/www.w3.org\/2000\/svg\" xmlns:xlink=\"http:\/\/www.w3.org\/1999\/xlink\" id=\"file-o\" viewBox=\"0 0 1611.2499 1896.0833\">\n      <path d=\"M1468 380q28 28 48 76t20 88v1152q0 40-28 68t-68 28H96q-40 0-68-28t-28-68V96q0-40 28-68T96 0h896q40 0 88 20t76 48zm-444-244v376h376q-10-29-22-41l-313-313q-12-12-41-22zm384 1528V640H992q-40 0-68-28t-28-68V128H128v1536h1280z\"><\/path>\n    <\/svg><\/span> <span>SEMBLANZA CURRICULAR<\/span><\/a>\n                              <\/span>\n                            <\/div>\n                          <\/div>\n                        <\/div>\n                      <\/div>\n                    <\/div>\n                  <\/div>\n                <\/div>\n              <\/div>\n            <\/div>\n          <\/div>\n          <div class=\"h-column h-column-container d-flex h-col-lg-2 h-col-md-6 h-col-12 style-1170-outer style-local-2380-c204-outer\">\n            <div data-colibri-id=\"2380-c204\" class=\"d-flex h-flex-basis h-column__inner h-px-lg-0 h-px-md-0 h-px-0 v-inner-lg-0 v-inner-md-0 v-inner-0 style-1170 style-local-2380-c204 position-relative\">\n              <!---->\n              <!---->\n              <div class=\"w-100 h-y-container h-column__content h-column__v-align flex-basis-100 align-self-lg-start align-self-md-start align-self-start\">\n                <!---->\n                <div data-colibri-id=\"2380-c205\" class=\"d-block style-1488 style-local-2380-c205 position-relative h-element\">\n                  <!---->\n                  <div class=\"h-image__frame-container-outer\">\n                    <div class=\"h-image__frame-container\">\n                      <!---->\n                      <!---->\n                      <img loading=\"lazy\" decoding=\"async\" width=\"1080\" height=\"1080\" src=\"https:\/\/etnografia.convocatoriaprone.mx\/wp-content\/uploads\/2022\/05\/1.-usuario.png\" class=\"wp-image-3161 style-1488-image style-local-2380-c205-image\" alt=\"\" srcset=\"https:\/\/etnografia.inah.gob.mx\/wp-content\/uploads\/2022\/05\/1.-usuario.png 1080w, https:\/\/etnografia.inah.gob.mx\/wp-content\/uploads\/2022\/05\/1.-usuario-300x300.png 300w, https:\/\/etnografia.inah.gob.mx\/wp-content\/uploads\/2022\/05\/1.-usuario-1024x1024.png 1024w, https:\/\/etnografia.inah.gob.mx\/wp-content\/uploads\/2022\/05\/1.-usuario-150x150.png 150w, https:\/\/etnografia.inah.gob.mx\/wp-content\/uploads\/2022\/05\/1.-usuario-768x768.png 768w\" sizes=\"auto, (max-width: 1080px) 100vw, 1080px\" \/>\n                      <div class=\"h-image__frame h-hide-lg h-hide-md h-hide-sm style-1488-frameImage style-local-2380-c205-frameImage\"><\/div>\n                    <\/div>\n                  <\/div>\n                <\/div>\n                <div data-colibri-id=\"2380-c206\" class=\"h-row-container gutters-row-lg-0 gutters-row-md-0 gutters-row-0 gutters-row-v-lg-0 gutters-row-v-md-0 gutters-row-v-0 style-1210 style-local-2380-c206 position-relative\">\n                  <!---->\n                  <div class=\"h-row justify-content-lg-center justify-content-md-center justify-content-center align-items-lg-stretch align-items-md-stretch align-items-stretch gutters-col-lg-0 gutters-col-md-0 gutters-col-0 gutters-col-v-lg-0 gutters-col-v-md-0 gutters-col-v-0\">\n                    <!---->\n                    <div class=\"h-column h-column-container d-flex h-col-lg-auto h-col-md-auto h-col-auto style-1211-outer style-local-2380-c207-outer\">\n                      <div data-colibri-id=\"2380-c207\" class=\"d-flex h-flex-basis h-column__inner h-px-lg-2 h-px-md-2 h-px-2 v-inner-lg-2 v-inner-md-2 v-inner-2 style-1211 style-local-2380-c207 position-relative\">\n                        <!---->\n                        <!---->\n                        <div class=\"w-100 h-y-container h-column__content h-column__v-align flex-basis-100 align-self-lg-start align-self-md-start align-self-start\">\n                          <!---->\n                          <div data-colibri-id=\"2380-c208\" class=\"h-global-transition-all h-heading style-1212 style-local-2380-c208 position-relative h-element\">\n                            <!---->\n                            <div class=\"h-heading__outer style-1212 style-local-2380-c208\">\n                              <!---->\n                              <!---->\n                              <h4 class=\"\">Ver\u00f3nica Reyes Taboada<\/h4>\n                            <\/div>\n                          <\/div>\n                          <div data-colibri-id=\"2380-c209\" class=\"h-text h-text-component style-1213 style-local-2380-c209 position-relative h-element\">\n                            <!---->\n                            <!---->\n                            <div class=\"\">\n                              <p><span style=\"font-size: 13.6px; font-weight: 600; color: rgb(51, 51, 51);\">Proyecto &#8220;Documentaci\u00f3n hist\u00f3rica, etnogr\u00e1fica y ling\u00fc\u00edstica del arte textil otopame: otom\u00edchichime-ca (Regi\u00f3n Centro)&#8221;<\/span><\/p>\n                              <p><span style=\"font-weight: 600; font-size: 62%; font-family: Montserrat; color: rgb(0, 0, 0);\">veronica_reyestaboada@inah.gob.mx<\/span><\/p>\n                              <p><strong style=\"font-weight: 700; color: rgb(84, 84, 84);\"> <\/strong><\/p>\n                            <\/div>\n                          <\/div>\n                          <div data-colibri-id=\"2380-c210\" class=\"h-x-container style-1507 style-local-2380-c210 position-relative h-element\">\n                            <!---->\n                            <div class=\"h-x-container-inner style-dynamic-2380-c210-group style-1507-spacing style-local-2380-c210-spacing\"><span class=\"h-button__outer style-1177-outer style-local-2380-c211-outer d-inline-flex h-element\"><a h-use-smooth-scroll=\"true\" href=\"https:\/\/etnografia.convocatoriaprone.mx\/wp-content\/uploads\/2022\/05\/Veronica-Reyes-Taboada.pdf\" data-fancybox=\"section-group-nq3Nhz7LkNkRDTHdeM3TZu\"  data-colibri-id=\"2380-c211\" class=\"d-flex w-100 align-items-center h-button justify-content-lg-center justify-content-md-center justify-content-center style-1177 style-local-2380-c211 position-relative\"><!----><span  class=\"h-svg-icon h-button__icon style-1177-icon style-local-2380-c211-icon\"><!--Icon by Font Awesome (https:\/\/fontawesome.com)-->\n    <svg version=\"1.1\" xmlns=\"http:\/\/www.w3.org\/2000\/svg\" xmlns:xlink=\"http:\/\/www.w3.org\/1999\/xlink\" id=\"file-o\" viewBox=\"0 0 1611.2499 1896.0833\">\n      <path d=\"M1468 380q28 28 48 76t20 88v1152q0 40-28 68t-68 28H96q-40 0-68-28t-28-68V96q0-40 28-68T96 0h896q40 0 88 20t76 48zm-444-244v376h376q-10-29-22-41l-313-313q-12-12-41-22zm384 1528V640H992q-40 0-68-28t-28-68V128H128v1536h1280z\"><\/path>\n    <\/svg><\/span> <span>SEMBLANZA CURRICULAR<\/span><\/a>\n                              <\/span>\n                            <\/div>\n                          <\/div>\n                        <\/div>\n                      <\/div>\n                    <\/div>\n                  <\/div>\n                <\/div>\n              <\/div>\n            <\/div>\n          <\/div>\n          <div class=\"h-column h-column-container d-flex h-col-lg-2 h-col-md-6 h-col-12 style-1170-outer style-local-2380-c212-outer\">\n            <div data-colibri-id=\"2380-c212\" class=\"d-flex h-flex-basis h-column__inner h-px-lg-0 h-px-md-0 h-px-0 v-inner-lg-0 v-inner-md-0 v-inner-0 style-1170 style-local-2380-c212 position-relative\">\n              <!---->\n              <!---->\n              <div class=\"w-100 h-y-container h-column__content h-column__v-align flex-basis-100 align-self-lg-start align-self-md-start align-self-start\">\n                <!---->\n                <div data-colibri-id=\"2380-c213\" class=\"d-block style-1209 style-local-2380-c213 position-relative h-element\">\n                  <!---->\n                  <div class=\"h-image__frame-container-outer\">\n                    <div class=\"h-image__frame-container\">\n                      <!---->\n                      <!---->\n                      <img loading=\"lazy\" decoding=\"async\" width=\"1080\" height=\"1080\" src=\"https:\/\/etnografia.convocatoriaprone.mx\/wp-content\/uploads\/2022\/03\/Daniel-Nahmad-Molinari.png\" class=\"wp-image-1567 style-1209-image style-local-2380-c213-image\" alt=\"\" srcset=\"https:\/\/etnografia.inah.gob.mx\/wp-content\/uploads\/2022\/03\/Daniel-Nahmad-Molinari.png 1080w, https:\/\/etnografia.inah.gob.mx\/wp-content\/uploads\/2022\/03\/Daniel-Nahmad-Molinari-300x300.png 300w, https:\/\/etnografia.inah.gob.mx\/wp-content\/uploads\/2022\/03\/Daniel-Nahmad-Molinari-1024x1024.png 1024w, https:\/\/etnografia.inah.gob.mx\/wp-content\/uploads\/2022\/03\/Daniel-Nahmad-Molinari-150x150.png 150w, https:\/\/etnografia.inah.gob.mx\/wp-content\/uploads\/2022\/03\/Daniel-Nahmad-Molinari-768x768.png 768w\" sizes=\"auto, (max-width: 1080px) 100vw, 1080px\" \/>\n                      <div class=\"h-image__frame h-hide-lg h-hide-md h-hide-sm style-1209-frameImage style-local-2380-c213-frameImage\"><\/div>\n                    <\/div>\n                  <\/div>\n                <\/div>\n                <div data-colibri-id=\"2380-c214\" class=\"h-row-container gutters-row-lg-0 gutters-row-md-0 gutters-row-0 gutters-row-v-lg-0 gutters-row-v-md-0 gutters-row-v-0 style-1210 style-local-2380-c214 position-relative\">\n                  <!---->\n                  <div class=\"h-row justify-content-lg-center justify-content-md-center justify-content-center align-items-lg-stretch align-items-md-stretch align-items-stretch gutters-col-lg-0 gutters-col-md-0 gutters-col-0 gutters-col-v-lg-0 gutters-col-v-md-0 gutters-col-v-0\">\n                    <!---->\n                    <div class=\"h-column h-column-container d-flex h-col-lg-auto h-col-md-auto h-col-auto style-1211-outer style-local-2380-c215-outer\">\n                      <div data-colibri-id=\"2380-c215\" class=\"d-flex h-flex-basis h-column__inner h-px-lg-2 h-px-md-2 h-px-2 v-inner-lg-2 v-inner-md-2 v-inner-2 style-1211 style-local-2380-c215 position-relative\">\n                        <!---->\n                        <!---->\n                        <div class=\"w-100 h-y-container h-column__content h-column__v-align flex-basis-100 align-self-lg-start align-self-md-start align-self-start\">\n                          <!---->\n                          <div data-colibri-id=\"2380-c216\" class=\"h-global-transition-all h-heading style-1212 style-local-2380-c216 position-relative h-element\">\n                            <!---->\n                            <div class=\"h-heading__outer style-1212 style-local-2380-c216\">\n                              <!---->\n                              <!---->\n                              <h4 class=\"\">Daniel Nahmad Molinari<\/h4>\n                            <\/div>\n                          <\/div>\n                          <div data-colibri-id=\"2380-c217\" class=\"h-text h-text-component style-1213 style-local-2380-c217 position-relative h-element\">\n                            <!---->\n                            <!---->\n                            <div class=\"\">\n                              <p><span style=\"font-size: 83%; font-weight: 600; color: rgb(51, 51, 51); font-family: Montserrat;\">Proyecto &#8220;<\/span><span style=\"font-size: 83%; font-weight: 600; color: rgb(0, 0, 0); font-family: Montserrat;\">Etnograf\u00eda de la cer\u00e1mica de la Huaxteca y el Totonacapan<\/span>\n                                <span\n                                  style=\"font-size: 83%; font-weight: 600; color: rgb(51, 51, 51); font-family: Montserrat;\">&#8220;<\/span>\n                              <\/p>\n                              <p><span style=\"color: rgb(0, 0, 0); font-family: Montserrat; font-size: 75%; font-weight: 600;\">daniel_nahmad@inah.gob.mx<\/span><\/p>\n                              <p><strong style=\"font-weight: 700; color: rgb(84, 84, 84);\"> <\/strong><\/p>\n                            <\/div>\n                          <\/div>\n                          <div data-colibri-id=\"2380-c218\" class=\"h-x-container style-1509 style-local-2380-c218 position-relative h-element\">\n                            <!---->\n                            <div class=\"h-x-container-inner style-dynamic-2380-c218-group style-1509-spacing style-local-2380-c218-spacing\"><span class=\"h-button__outer style-1177-outer style-local-2380-c219-outer d-inline-flex h-element\"><a h-use-smooth-scroll=\"true\" href=\"https:\/\/etnografia.convocatoriaprone.mx\/wp-content\/uploads\/2022\/05\/Daniel-Nahmad-Molinari.pdf\" data-fancybox=\"section-group-nq3Nhz7LkNkRDTHdeM3TZu\"  data-colibri-id=\"2380-c219\" class=\"d-flex w-100 align-items-center h-button justify-content-lg-center justify-content-md-center justify-content-center style-1177 style-local-2380-c219 position-relative\"><!----><span  class=\"h-svg-icon h-button__icon style-1177-icon style-local-2380-c219-icon\"><!--Icon by Font Awesome (https:\/\/fontawesome.com)-->\n    <svg version=\"1.1\" xmlns=\"http:\/\/www.w3.org\/2000\/svg\" xmlns:xlink=\"http:\/\/www.w3.org\/1999\/xlink\" id=\"file-o\" viewBox=\"0 0 1611.2499 1896.0833\">\n      <path d=\"M1468 380q28 28 48 76t20 88v1152q0 40-28 68t-68 28H96q-40 0-68-28t-28-68V96q0-40 28-68T96 0h896q40 0 88 20t76 48zm-444-244v376h376q-10-29-22-41l-313-313q-12-12-41-22zm384 1528V640H992q-40 0-68-28t-28-68V128H128v1536h1280z\"><\/path>\n    <\/svg><\/span> <span>SEMBLANZA CURRICULAR<\/span><\/a>\n                              <\/span>\n                            <\/div>\n                          <\/div>\n                        <\/div>\n                      <\/div>\n                    <\/div>\n                  <\/div>\n                <\/div>\n              <\/div>\n            <\/div>\n          <\/div>\n          <div class=\"h-column h-column-container d-flex h-col-lg-2 h-col-md-6 h-col-12 style-1170-outer style-local-2380-c220-outer\">\n            <div data-colibri-id=\"2380-c220\" class=\"d-flex h-flex-basis h-column__inner h-px-lg-0 h-px-md-0 h-px-0 v-inner-lg-0 v-inner-md-0 v-inner-0 style-1170 style-local-2380-c220 position-relative\">\n              <!---->\n              <!---->\n              <div class=\"w-100 h-y-container h-column__content h-column__v-align flex-basis-100 align-self-lg-start align-self-md-start align-self-start\">\n                <!---->\n                <div data-colibri-id=\"2380-c221\" class=\"d-block style-1209 style-local-2380-c221 position-relative h-element\">\n                  <!---->\n                  <div class=\"h-image__frame-container-outer\">\n                    <div class=\"h-image__frame-container\">\n                      <!---->\n                      <!---->\n                      <img loading=\"lazy\" decoding=\"async\" width=\"1080\" height=\"1080\" src=\"https:\/\/etnografia.convocatoriaprone.mx\/wp-content\/uploads\/2022\/03\/Minerva-Estefania-Meza-Hernandez.png\" class=\"wp-image-1587 style-1209-image style-local-2380-c221-image\" alt=\"\" srcset=\"https:\/\/etnografia.inah.gob.mx\/wp-content\/uploads\/2022\/03\/Minerva-Estefania-Meza-Hernandez.png 1080w, https:\/\/etnografia.inah.gob.mx\/wp-content\/uploads\/2022\/03\/Minerva-Estefania-Meza-Hernandez-300x300.png 300w, https:\/\/etnografia.inah.gob.mx\/wp-content\/uploads\/2022\/03\/Minerva-Estefania-Meza-Hernandez-1024x1024.png 1024w, https:\/\/etnografia.inah.gob.mx\/wp-content\/uploads\/2022\/03\/Minerva-Estefania-Meza-Hernandez-150x150.png 150w, https:\/\/etnografia.inah.gob.mx\/wp-content\/uploads\/2022\/03\/Minerva-Estefania-Meza-Hernandez-768x768.png 768w\" sizes=\"auto, (max-width: 1080px) 100vw, 1080px\" \/>\n                      <div class=\"h-image__frame h-hide-lg h-hide-md h-hide-sm style-1209-frameImage style-local-2380-c221-frameImage\"><\/div>\n                    <\/div>\n                  <\/div>\n                <\/div>\n                <div data-colibri-id=\"2380-c222\" class=\"h-row-container gutters-row-lg-0 gutters-row-md-0 gutters-row-0 gutters-row-v-lg-0 gutters-row-v-md-0 gutters-row-v-0 style-1210 style-local-2380-c222 position-relative\">\n                  <!---->\n                  <div class=\"h-row justify-content-lg-center justify-content-md-center justify-content-center align-items-lg-stretch align-items-md-stretch align-items-stretch gutters-col-lg-0 gutters-col-md-0 gutters-col-0 gutters-col-v-lg-0 gutters-col-v-md-0 gutters-col-v-0\">\n                    <!---->\n                    <div class=\"h-column h-column-container d-flex h-col-lg-auto h-col-md-auto h-col-auto style-1211-outer style-local-2380-c223-outer\">\n                      <div data-colibri-id=\"2380-c223\" class=\"d-flex h-flex-basis h-column__inner h-px-lg-2 h-px-md-2 h-px-2 v-inner-lg-2 v-inner-md-2 v-inner-2 style-1211 style-local-2380-c223 position-relative\">\n                        <!---->\n                        <!---->\n                        <div class=\"w-100 h-y-container h-column__content h-column__v-align flex-basis-100 align-self-lg-start align-self-md-start align-self-start\">\n                          <!---->\n                          <div data-colibri-id=\"2380-c224\" class=\"h-global-transition-all h-heading style-1212 style-local-2380-c224 position-relative h-element\">\n                            <!---->\n                            <div class=\"h-heading__outer style-1212 style-local-2380-c224\">\n                              <!---->\n                              <!---->\n                              <h4 class=\"\">Minerva Estefan\u00eda Meza Hern\u00e1ndez<\/h4>\n                            <\/div>\n                          <\/div>\n                          <div data-colibri-id=\"2380-c225\" class=\"h-text h-text-component style-1213 style-local-2380-c225 position-relative h-element\">\n                            <!---->\n                            <!---->\n                            <div class=\"\">\n                              <p><span style=\"font-family: Montserrat; font-size: 13.28px; font-weight: 600; color: rgb(51, 51, 51);\">Proyecto &#8220;<\/span><span style=\"font-family: Montserrat; font-size: 13.28px; font-weight: 600; color: rgb(0, 0, 0);\">Etnograf\u00eda de la cer\u00e1mica de la Huaxteca y el Totonacapan<\/span>\n                                <span\n                                  style=\"font-family: Montserrat; font-size: 13.28px; font-weight: 600; color: rgb(51, 51, 51);\">&#8220;<\/span>\n                              <\/p>\n                              <p><strong style=\"font-weight: 700; color: rgb(84, 84, 84);\"> <\/strong><\/p>\n                            <\/div>\n                          <\/div>\n                          <div data-colibri-id=\"2380-c226\" class=\"h-x-container style-1511 style-local-2380-c226 position-relative h-element\">\n                            <!---->\n                            <div class=\"h-x-container-inner style-dynamic-2380-c226-group style-1511-spacing style-local-2380-c226-spacing\"><span class=\"h-button__outer style-1177-outer style-local-2380-c227-outer d-inline-flex h-element\"><a h-use-smooth-scroll=\"true\" href=\"https:\/\/etnografia.convocatoriaprone.mx\/wp-content\/uploads\/2022\/05\/Minerva-Estefania-Meza-Hernandez.pdf\" data-fancybox=\"section-group-nq3Nhz7LkNkRDTHdeM3TZu\"  data-colibri-id=\"2380-c227\" class=\"d-flex w-100 align-items-center h-button justify-content-lg-center justify-content-md-center justify-content-center style-1177 style-local-2380-c227 position-relative\"><!----><span  class=\"h-svg-icon h-button__icon style-1177-icon style-local-2380-c227-icon\"><!--Icon by Font Awesome (https:\/\/fontawesome.com)-->\n    <svg version=\"1.1\" xmlns=\"http:\/\/www.w3.org\/2000\/svg\" xmlns:xlink=\"http:\/\/www.w3.org\/1999\/xlink\" id=\"file-o\" viewBox=\"0 0 1611.2499 1896.0833\">\n      <path d=\"M1468 380q28 28 48 76t20 88v1152q0 40-28 68t-68 28H96q-40 0-68-28t-28-68V96q0-40 28-68T96 0h896q40 0 88 20t76 48zm-444-244v376h376q-10-29-22-41l-313-313q-12-12-41-22zm384 1528V640H992q-40 0-68-28t-28-68V128H128v1536h1280z\"><\/path>\n    <\/svg><\/span> <span>SEMBLANZA CURRICULAR<\/span><\/a>\n                              <\/span>\n                            <\/div>\n                          <\/div>\n                        <\/div>\n                      <\/div>\n                    <\/div>\n                  <\/div>\n                <\/div>\n              <\/div>\n            <\/div>\n          <\/div>\n          <div class=\"h-column h-column-container d-flex h-col-lg-2 h-col-md-6 h-col-12 style-1170-outer style-local-2380-c228-outer\">\n            <div data-colibri-id=\"2380-c228\" class=\"d-flex h-flex-basis h-column__inner h-px-lg-0 h-px-md-0 h-px-0 v-inner-lg-0 v-inner-md-0 v-inner-0 style-1170 style-local-2380-c228 position-relative\">\n              <!---->\n              <!---->\n              <div class=\"w-100 h-y-container h-column__content h-column__v-align flex-basis-100 align-self-lg-start align-self-md-start align-self-start\">\n                <!---->\n                <div data-colibri-id=\"2380-c229\" class=\"d-block style-1209 style-local-2380-c229 position-relative h-element\">\n                  <!---->\n                  <div class=\"h-image__frame-container-outer\">\n                    <div class=\"h-image__frame-container\">\n                      <!---->\n                      <!---->\n                      <img loading=\"lazy\" decoding=\"async\" width=\"1080\" height=\"1080\" src=\"https:\/\/etnografia.convocatoriaprone.mx\/wp-content\/uploads\/2022\/03\/Genesis-Lilibeth-Escobar-Lacunza.png\" class=\"wp-image-1571 style-1209-image style-local-2380-c229-image\" alt=\"\" srcset=\"https:\/\/etnografia.inah.gob.mx\/wp-content\/uploads\/2022\/03\/Genesis-Lilibeth-Escobar-Lacunza.png 1080w, https:\/\/etnografia.inah.gob.mx\/wp-content\/uploads\/2022\/03\/Genesis-Lilibeth-Escobar-Lacunza-300x300.png 300w, https:\/\/etnografia.inah.gob.mx\/wp-content\/uploads\/2022\/03\/Genesis-Lilibeth-Escobar-Lacunza-1024x1024.png 1024w, https:\/\/etnografia.inah.gob.mx\/wp-content\/uploads\/2022\/03\/Genesis-Lilibeth-Escobar-Lacunza-150x150.png 150w, https:\/\/etnografia.inah.gob.mx\/wp-content\/uploads\/2022\/03\/Genesis-Lilibeth-Escobar-Lacunza-768x768.png 768w\" sizes=\"auto, (max-width: 1080px) 100vw, 1080px\" \/>\n                      <div class=\"h-image__frame h-hide-lg h-hide-md h-hide-sm style-1209-frameImage style-local-2380-c229-frameImage\"><\/div>\n                    <\/div>\n                  <\/div>\n                <\/div>\n                <div data-colibri-id=\"2380-c230\" class=\"h-row-container gutters-row-lg-0 gutters-row-md-0 gutters-row-0 gutters-row-v-lg-0 gutters-row-v-md-0 gutters-row-v-0 style-1210 style-local-2380-c230 position-relative\">\n                  <!---->\n                  <div class=\"h-row justify-content-lg-center justify-content-md-center justify-content-center align-items-lg-stretch align-items-md-stretch align-items-stretch gutters-col-lg-0 gutters-col-md-0 gutters-col-0 gutters-col-v-lg-0 gutters-col-v-md-0 gutters-col-v-0\">\n                    <!---->\n                    <div class=\"h-column h-column-container d-flex h-col-lg-auto h-col-md-auto h-col-auto style-1211-outer style-local-2380-c231-outer\">\n                      <div data-colibri-id=\"2380-c231\" class=\"d-flex h-flex-basis h-column__inner h-px-lg-2 h-px-md-2 h-px-2 v-inner-lg-2 v-inner-md-2 v-inner-2 style-1211 style-local-2380-c231 position-relative\">\n                        <!---->\n                        <!---->\n                        <div class=\"w-100 h-y-container h-column__content h-column__v-align flex-basis-100 align-self-lg-start align-self-md-start align-self-start\">\n                          <!---->\n                          <div data-colibri-id=\"2380-c232\" class=\"h-global-transition-all h-heading style-1212 style-local-2380-c232 position-relative h-element\">\n                            <!---->\n                            <div class=\"h-heading__outer style-1212 style-local-2380-c232\">\n                              <!---->\n                              <!---->\n                              <h4 class=\"\">G\u00e9nesis Lilibeth Escobar Lacunza<\/h4>\n                            <\/div>\n                          <\/div>\n                          <div data-colibri-id=\"2380-c233\" class=\"h-text h-text-component style-1213 style-local-2380-c233 position-relative h-element\">\n                            <!---->\n                            <!---->\n                            <div class=\"\">\n                              <p><span style=\"color: rgb(51, 51, 51); font-weight: 600; font-size: 13.28px; font-family: Montserrat;\">Proyecto &#8220;<\/span><span style=\"color: rgb(0, 0, 0); font-weight: 600; font-size: 13.28px; font-family: Montserrat;\">Etnograf\u00eda de la cer\u00e1mica de la Huaxteca y el Totonacapan<\/span>\n                                <span\n                                  style=\"color: rgb(51, 51, 51); font-weight: 600; font-size: 13.28px; font-family: Montserrat;\">&#8220;<\/span><strong style=\"color: rgb(84, 84, 84); font-weight: 700;\"> <\/strong><\/p>\n                            <\/div>\n                          <\/div>\n                          <div data-colibri-id=\"2380-c234\" class=\"h-x-container style-1513 style-local-2380-c234 position-relative h-element\">\n                            <!---->\n                            <div class=\"h-x-container-inner style-dynamic-2380-c234-group style-1513-spacing style-local-2380-c234-spacing\"><span class=\"h-button__outer style-1177-outer style-local-2380-c235-outer d-inline-flex h-element\"><a h-use-smooth-scroll=\"true\" href=\"https:\/\/etnografia.convocatoriaprone.mx\/wp-content\/uploads\/2022\/05\/Genesis-Lilibeth-Escobar-Lacunza.pdf\" data-fancybox=\"section-group-nq3Nhz7LkNkRDTHdeM3TZu\"  data-colibri-id=\"2380-c235\" class=\"d-flex w-100 align-items-center h-button justify-content-lg-center justify-content-md-center justify-content-center style-1177 style-local-2380-c235 position-relative\"><!----><span  class=\"h-svg-icon h-button__icon style-1177-icon style-local-2380-c235-icon\"><!--Icon by Font Awesome (https:\/\/fontawesome.com)-->\n    <svg version=\"1.1\" xmlns=\"http:\/\/www.w3.org\/2000\/svg\" xmlns:xlink=\"http:\/\/www.w3.org\/1999\/xlink\" id=\"file-o\" viewBox=\"0 0 1611.2499 1896.0833\">\n      <path d=\"M1468 380q28 28 48 76t20 88v1152q0 40-28 68t-68 28H96q-40 0-68-28t-28-68V96q0-40 28-68T96 0h896q40 0 88 20t76 48zm-444-244v376h376q-10-29-22-41l-313-313q-12-12-41-22zm384 1528V640H992q-40 0-68-28t-28-68V128H128v1536h1280z\"><\/path>\n    <\/svg><\/span> <span>SEMBLANZA CURRICULAR<\/span><\/a>\n                              <\/span>\n                            <\/div>\n                          <\/div>\n                        <\/div>\n                      <\/div>\n                    <\/div>\n                  <\/div>\n                <\/div>\n              <\/div>\n            <\/div>\n          <\/div>\n          <div class=\"h-column h-column-container d-flex h-col-lg-2 h-col-md-6 h-col-12 style-1170-outer style-local-2380-c236-outer\">\n            <div data-colibri-id=\"2380-c236\" class=\"d-flex h-flex-basis h-column__inner h-px-lg-0 h-px-md-0 h-px-0 v-inner-lg-0 v-inner-md-0 v-inner-0 style-1170 style-local-2380-c236 position-relative\">\n              <!---->\n              <!---->\n              <div class=\"w-100 h-y-container h-column__content h-column__v-align flex-basis-100 align-self-lg-start align-self-md-start align-self-start\">\n                <!---->\n                <div data-colibri-id=\"2380-c237\" class=\"d-block style-1209 style-local-2380-c237 position-relative h-element\">\n                  <!---->\n                  <div class=\"h-image__frame-container-outer\">\n                    <div class=\"h-image__frame-container\">\n                      <!---->\n                      <!---->\n                      <img loading=\"lazy\" decoding=\"async\" width=\"1080\" height=\"1080\" src=\"https:\/\/etnografia.convocatoriaprone.mx\/wp-content\/uploads\/2022\/03\/Uriel-Alan-Olvera-Portilla.png\" class=\"wp-image-1594 style-1209-image style-local-2380-c237-image\" alt=\"\" srcset=\"https:\/\/etnografia.inah.gob.mx\/wp-content\/uploads\/2022\/03\/Uriel-Alan-Olvera-Portilla.png 1080w, https:\/\/etnografia.inah.gob.mx\/wp-content\/uploads\/2022\/03\/Uriel-Alan-Olvera-Portilla-300x300.png 300w, https:\/\/etnografia.inah.gob.mx\/wp-content\/uploads\/2022\/03\/Uriel-Alan-Olvera-Portilla-1024x1024.png 1024w, https:\/\/etnografia.inah.gob.mx\/wp-content\/uploads\/2022\/03\/Uriel-Alan-Olvera-Portilla-150x150.png 150w, https:\/\/etnografia.inah.gob.mx\/wp-content\/uploads\/2022\/03\/Uriel-Alan-Olvera-Portilla-768x768.png 768w\" sizes=\"auto, (max-width: 1080px) 100vw, 1080px\" \/>\n                      <div class=\"h-image__frame h-hide-lg h-hide-md h-hide-sm style-1209-frameImage style-local-2380-c237-frameImage\"><\/div>\n                    <\/div>\n                  <\/div>\n                <\/div>\n                <div data-colibri-id=\"2380-c238\" class=\"h-row-container gutters-row-lg-0 gutters-row-md-0 gutters-row-0 gutters-row-v-lg-0 gutters-row-v-md-0 gutters-row-v-0 style-1210 style-local-2380-c238 position-relative\">\n                  <!---->\n                  <div class=\"h-row justify-content-lg-center justify-content-md-center justify-content-center align-items-lg-stretch align-items-md-stretch align-items-stretch gutters-col-lg-0 gutters-col-md-0 gutters-col-0 gutters-col-v-lg-0 gutters-col-v-md-0 gutters-col-v-0\">\n                    <!---->\n                    <div class=\"h-column h-column-container d-flex h-col-lg-auto h-col-md-auto h-col-auto style-1211-outer style-local-2380-c239-outer\">\n                      <div data-colibri-id=\"2380-c239\" class=\"d-flex h-flex-basis h-column__inner h-px-lg-2 h-px-md-2 h-px-2 v-inner-lg-2 v-inner-md-2 v-inner-2 style-1211 style-local-2380-c239 position-relative\">\n                        <!---->\n                        <!---->\n                        <div class=\"w-100 h-y-container h-column__content h-column__v-align flex-basis-100 align-self-lg-start align-self-md-start align-self-start\">\n                          <!---->\n                          <div data-colibri-id=\"2380-c240\" class=\"h-global-transition-all h-heading style-1212 style-local-2380-c240 position-relative h-element\">\n                            <!---->\n                            <div class=\"h-heading__outer style-1212 style-local-2380-c240\">\n                              <!---->\n                              <!---->\n                              <h4 class=\"\">Uriel Alan Olvera Portilla<\/h4>\n                            <\/div>\n                          <\/div>\n                          <div data-colibri-id=\"2380-c241\" class=\"h-text h-text-component style-1213 style-local-2380-c241 position-relative h-element\">\n                            <!---->\n                            <!---->\n                            <div class=\"\">\n                              <p><span style=\"font-weight: 600; color: rgb(51, 51, 51); font-size: 13.28px; font-family: Montserrat;\">Proyecto &#8220;<\/span><span style=\"font-weight: 600; color: rgb(0, 0, 0); font-size: 13.28px; font-family: Montserrat;\">Etnograf\u00eda de la cer\u00e1mica de la Huaxteca y el Totonacapan<\/span>\n                                <span\n                                  style=\"font-weight: 600; color: rgb(51, 51, 51); font-size: 13.28px; font-family: Montserrat;\">&#8220;<\/span><strong style=\"font-weight: 700; color: rgb(84, 84, 84);\"> <\/strong><\/p>\n                            <\/div>\n                          <\/div>\n                          <div data-colibri-id=\"2380-c242\" class=\"h-x-container style-1514 style-local-2380-c242 position-relative h-element\">\n                            <!---->\n                            <div class=\"h-x-container-inner style-dynamic-2380-c242-group style-1514-spacing style-local-2380-c242-spacing\"><span class=\"h-button__outer style-1177-outer style-local-2380-c243-outer d-inline-flex h-element\"><a h-use-smooth-scroll=\"true\" href=\"https:\/\/etnografia.convocatoriaprone.mx\/wp-content\/uploads\/2022\/05\/Uriel-Alan-Olvera-Portilla.pdf\" data-fancybox=\"section-group-nq3Nhz7LkNkRDTHdeM3TZu\"  data-colibri-id=\"2380-c243\" class=\"d-flex w-100 align-items-center h-button justify-content-lg-center justify-content-md-center justify-content-center style-1177 style-local-2380-c243 position-relative\"><!----><span  class=\"h-svg-icon h-button__icon style-1177-icon style-local-2380-c243-icon\"><!--Icon by Font Awesome (https:\/\/fontawesome.com)-->\n    <svg version=\"1.1\" xmlns=\"http:\/\/www.w3.org\/2000\/svg\" xmlns:xlink=\"http:\/\/www.w3.org\/1999\/xlink\" id=\"file-o\" viewBox=\"0 0 1611.2499 1896.0833\">\n      <path d=\"M1468 380q28 28 48 76t20 88v1152q0 40-28 68t-68 28H96q-40 0-68-28t-28-68V96q0-40 28-68T96 0h896q40 0 88 20t76 48zm-444-244v376h376q-10-29-22-41l-313-313q-12-12-41-22zm384 1528V640H992q-40 0-68-28t-28-68V128H128v1536h1280z\"><\/path>\n    <\/svg><\/span> <span>Semblanza Curricular<\/span><\/a>\n                              <\/span>\n                            <\/div>\n                          <\/div>\n                        <\/div>\n                      <\/div>\n                    <\/div>\n                  <\/div>\n                <\/div>\n              <\/div>\n            <\/div>\n          <\/div>\n          <div class=\"h-column h-column-container d-flex h-col-lg-2 h-col-md-6 h-col-12 style-1170-outer style-local-2380-c244-outer\">\n            <div data-colibri-id=\"2380-c244\" class=\"d-flex h-flex-basis h-column__inner h-px-lg-0 h-px-md-0 h-px-0 v-inner-lg-0 v-inner-md-0 v-inner-0 style-1170 style-local-2380-c244 position-relative\">\n              <!---->\n              <!---->\n              <div class=\"w-100 h-y-container h-column__content h-column__v-align flex-basis-100 align-self-lg-start align-self-md-start align-self-start\">\n                <!---->\n                <div data-colibri-id=\"2380-c245\" class=\"d-block style-1209 style-local-2380-c245 position-relative h-element\">\n                  <!---->\n                  <div class=\"h-image__frame-container-outer\">\n                    <div class=\"h-image__frame-container\">\n                      <!---->\n                      <!---->\n                      <img loading=\"lazy\" decoding=\"async\" width=\"1080\" height=\"1080\" src=\"https:\/\/etnografia.convocatoriaprone.mx\/wp-content\/uploads\/2022\/03\/Ana-Daniela-Leyva-Galvan.png\" class=\"wp-image-1562 style-1209-image style-local-2380-c245-image\" alt=\"\" srcset=\"https:\/\/etnografia.inah.gob.mx\/wp-content\/uploads\/2022\/03\/Ana-Daniela-Leyva-Galvan.png 1080w, https:\/\/etnografia.inah.gob.mx\/wp-content\/uploads\/2022\/03\/Ana-Daniela-Leyva-Galvan-300x300.png 300w, https:\/\/etnografia.inah.gob.mx\/wp-content\/uploads\/2022\/03\/Ana-Daniela-Leyva-Galvan-1024x1024.png 1024w, https:\/\/etnografia.inah.gob.mx\/wp-content\/uploads\/2022\/03\/Ana-Daniela-Leyva-Galvan-150x150.png 150w, https:\/\/etnografia.inah.gob.mx\/wp-content\/uploads\/2022\/03\/Ana-Daniela-Leyva-Galvan-768x768.png 768w\" sizes=\"auto, (max-width: 1080px) 100vw, 1080px\" \/>\n                      <div class=\"h-image__frame h-hide-lg h-hide-md h-hide-sm style-1209-frameImage style-local-2380-c245-frameImage\"><\/div>\n                    <\/div>\n                  <\/div>\n                <\/div>\n                <div data-colibri-id=\"2380-c246\" class=\"h-row-container gutters-row-lg-0 gutters-row-md-0 gutters-row-0 gutters-row-v-lg-0 gutters-row-v-md-0 gutters-row-v-0 style-1210 style-local-2380-c246 position-relative\">\n                  <!---->\n                  <div class=\"h-row justify-content-lg-center justify-content-md-center justify-content-center align-items-lg-stretch align-items-md-stretch align-items-stretch gutters-col-lg-0 gutters-col-md-0 gutters-col-0 gutters-col-v-lg-0 gutters-col-v-md-0 gutters-col-v-0\">\n                    <!---->\n                    <div class=\"h-column h-column-container d-flex h-col-lg-auto h-col-md-auto h-col-auto style-1211-outer style-local-2380-c247-outer\">\n                      <div data-colibri-id=\"2380-c247\" class=\"d-flex h-flex-basis h-column__inner h-px-lg-2 h-px-md-2 h-px-2 v-inner-lg-2 v-inner-md-2 v-inner-2 style-1211 style-local-2380-c247 position-relative\">\n                        <!---->\n                        <!---->\n                        <div class=\"w-100 h-y-container h-column__content h-column__v-align flex-basis-100 align-self-lg-start align-self-md-start align-self-start\">\n                          <!---->\n                          <div data-colibri-id=\"2380-c248\" class=\"h-global-transition-all h-heading style-1212 style-local-2380-c248 position-relative h-element\">\n                            <!---->\n                            <div class=\"h-heading__outer style-1212 style-local-2380-c248\">\n                              <!---->\n                              <!---->\n                              <h4 class=\"\">Ana Daniela Leyva Gonz\u00e1lez <\/h4>\n                            <\/div>\n                          <\/div>\n                          <div data-colibri-id=\"2380-c249\" class=\"h-text h-text-component style-1213 style-local-2380-c249 position-relative h-element\">\n                            <!---->\n                            <!---->\n                            <div class=\"\">\n                              <p><span style=\"font-family: Montserrat; font-size: 85%; font-weight: 600; color: rgb(51, 51, 51);\">Proyecto &#8220;<\/span><span style=\"font-family: Montserrat; font-size: 85%; font-weight: 600; color: rgb(0, 0, 0);\">Identidades y diversidad cultural: j\u00f3venes universitarios ind\u00edgenas en Baja California<\/span>\n                                <span\n                                  style=\"font-family: Montserrat; font-size: 85%; font-weight: 600; color: rgb(51, 51, 51);\">&#8220;<\/span>\n                              <\/p>\n                              <p><span style=\"font-weight: 600; color: rgb(0, 0, 0); font-family: Montserrat; font-size: 83%;\">ana_leyva@inah.gob.mx<\/span><\/p>\n                              <p><strong style=\"font-weight: 700; color: rgb(84, 84, 84);\"> <\/strong><\/p>\n                            <\/div>\n                          <\/div>\n                          <div data-colibri-id=\"2380-c250\" class=\"h-x-container style-1516 style-local-2380-c250 position-relative h-element\">\n                            <!---->\n                            <div class=\"h-x-container-inner style-dynamic-2380-c250-group style-1516-spacing style-local-2380-c250-spacing\"><span class=\"h-button__outer style-1177-outer style-local-2380-c251-outer d-inline-flex h-element\"><a h-use-smooth-scroll=\"true\" href=\"https:\/\/etnografia.convocatoriaprone.mx\/wp-content\/uploads\/2022\/05\/Ana-Daniela-Leyva-Gonzalez.pdf\" data-fancybox=\"section-group-nq3Nhz7LkNkRDTHdeM3TZu\"  data-colibri-id=\"2380-c251\" class=\"d-flex w-100 align-items-center h-button justify-content-lg-center justify-content-md-center justify-content-center style-1177 style-local-2380-c251 position-relative\"><!----><span  class=\"h-svg-icon h-button__icon style-1177-icon style-local-2380-c251-icon\"><!--Icon by Font Awesome (https:\/\/fontawesome.com)-->\n    <svg version=\"1.1\" xmlns=\"http:\/\/www.w3.org\/2000\/svg\" xmlns:xlink=\"http:\/\/www.w3.org\/1999\/xlink\" id=\"file-o\" viewBox=\"0 0 1611.2499 1896.0833\">\n      <path d=\"M1468 380q28 28 48 76t20 88v1152q0 40-28 68t-68 28H96q-40 0-68-28t-28-68V96q0-40 28-68T96 0h896q40 0 88 20t76 48zm-444-244v376h376q-10-29-22-41l-313-313q-12-12-41-22zm384 1528V640H992q-40 0-68-28t-28-68V128H128v1536h1280z\"><\/path>\n    <\/svg><\/span> <span>Semblanza Curricular<\/span><\/a>\n                              <\/span>\n                            <\/div>\n                          <\/div>\n                        <\/div>\n                      <\/div>\n                    <\/div>\n                  <\/div>\n                <\/div>\n              <\/div>\n            <\/div>\n          <\/div>\n          <div class=\"h-column h-column-container d-flex h-col-lg-2 h-col-md-6 h-col-12 style-1170-outer style-local-2380-c252-outer\">\n            <div data-colibri-id=\"2380-c252\" class=\"d-flex h-flex-basis h-column__inner h-px-lg-0 h-px-md-0 h-px-0 v-inner-lg-0 v-inner-md-0 v-inner-0 style-1170 style-local-2380-c252 position-relative\">\n              <!---->\n              <!---->\n              <div class=\"w-100 h-y-container h-column__content h-column__v-align flex-basis-100 align-self-lg-start align-self-md-start align-self-start\">\n                <!---->\n                <div data-colibri-id=\"2380-c253\" class=\"d-block style-1489 style-local-2380-c253 position-relative h-element\">\n                  <!---->\n                  <div class=\"h-image__frame-container-outer\">\n                    <div class=\"h-image__frame-container\">\n                      <!---->\n                      <!---->\n                      <img loading=\"lazy\" decoding=\"async\" width=\"1080\" height=\"1080\" src=\"https:\/\/etnografia.convocatoriaprone.mx\/wp-content\/uploads\/2022\/05\/1.-usuario.png\" class=\"wp-image-3161 style-1489-image style-local-2380-c253-image\" alt=\"\" srcset=\"https:\/\/etnografia.inah.gob.mx\/wp-content\/uploads\/2022\/05\/1.-usuario.png 1080w, https:\/\/etnografia.inah.gob.mx\/wp-content\/uploads\/2022\/05\/1.-usuario-300x300.png 300w, https:\/\/etnografia.inah.gob.mx\/wp-content\/uploads\/2022\/05\/1.-usuario-1024x1024.png 1024w, https:\/\/etnografia.inah.gob.mx\/wp-content\/uploads\/2022\/05\/1.-usuario-150x150.png 150w, https:\/\/etnografia.inah.gob.mx\/wp-content\/uploads\/2022\/05\/1.-usuario-768x768.png 768w\" sizes=\"auto, (max-width: 1080px) 100vw, 1080px\" \/>\n                      <div class=\"h-image__frame h-hide-lg h-hide-md h-hide-sm style-1489-frameImage style-local-2380-c253-frameImage\"><\/div>\n                    <\/div>\n                  <\/div>\n                <\/div>\n                <div data-colibri-id=\"2380-c254\" class=\"h-row-container gutters-row-lg-0 gutters-row-md-0 gutters-row-0 gutters-row-v-lg-0 gutters-row-v-md-0 gutters-row-v-0 style-1210 style-local-2380-c254 position-relative\">\n                  <!---->\n                  <div class=\"h-row justify-content-lg-center justify-content-md-center justify-content-center align-items-lg-stretch align-items-md-stretch align-items-stretch gutters-col-lg-0 gutters-col-md-0 gutters-col-0 gutters-col-v-lg-0 gutters-col-v-md-0 gutters-col-v-0\">\n                    <!---->\n                    <div class=\"h-column h-column-container d-flex h-col-lg-auto h-col-md-auto h-col-auto style-1211-outer style-local-2380-c255-outer\">\n                      <div data-colibri-id=\"2380-c255\" class=\"d-flex h-flex-basis h-column__inner h-px-lg-2 h-px-md-2 h-px-2 v-inner-lg-2 v-inner-md-2 v-inner-2 style-1211 style-local-2380-c255 position-relative\">\n                        <!---->\n                        <!---->\n                        <div class=\"w-100 h-y-container h-column__content h-column__v-align flex-basis-100 align-self-lg-start align-self-md-start align-self-start\">\n                          <!---->\n                          <div data-colibri-id=\"2380-c256\" class=\"h-global-transition-all h-heading style-1212 style-local-2380-c256 position-relative h-element\">\n                            <!---->\n                            <div class=\"h-heading__outer style-1212 style-local-2380-c256\">\n                              <!---->\n                              <!---->\n                              <h4 class=\"\">Maurice Pico de los Cobos<\/h4>\n                            <\/div>\n                          <\/div>\n                          <div data-colibri-id=\"2380-c257\" class=\"h-text h-text-component style-1213 style-local-2380-c257 position-relative h-element\">\n                            <!---->\n                            <!---->\n                            <div class=\"\">\n                              <p><span style=\"color: rgb(51, 51, 51); font-weight: 600; font-size: 85%; font-family: Montserrat;\">Proyecto &#8220;<\/span><span style=\"color: rgb(0, 0, 0); font-weight: 600; font-size: 85%; font-family: Montserrat;\">La documentaci\u00f3n ling\u00fc\u00edstica del ngigua (popoloca) como herramienta en su socializaci\u00f3n&#8221;<\/span><\/p>\n                            <\/div>\n                          <\/div>\n                          <div data-colibri-id=\"2380-c258\" class=\"h-x-container style-1520 style-local-2380-c258 position-relative h-element\">\n                            <!---->\n                            <div class=\"h-x-container-inner style-dynamic-2380-c258-group style-1520-spacing style-local-2380-c258-spacing\"><span class=\"h-button__outer style-1177-outer style-local-2380-c259-outer d-inline-flex h-element\"><a h-use-smooth-scroll=\"true\" href=\"https:\/\/etnografia.convocatoriaprone.mx\/wp-content\/uploads\/2022\/05\/Maurice-Pico-de-los-Cobos.pdf\" data-fancybox=\"section-group-nq3Nhz7LkNkRDTHdeM3TZu\"  data-colibri-id=\"2380-c259\" class=\"d-flex w-100 align-items-center h-button justify-content-lg-center justify-content-md-center justify-content-center style-1177 style-local-2380-c259 position-relative\"><!----><span  class=\"h-svg-icon h-button__icon style-1177-icon style-local-2380-c259-icon\"><!--Icon by Font Awesome (https:\/\/fontawesome.com)-->\n    <svg version=\"1.1\" xmlns=\"http:\/\/www.w3.org\/2000\/svg\" xmlns:xlink=\"http:\/\/www.w3.org\/1999\/xlink\" id=\"file-o\" viewBox=\"0 0 1611.2499 1896.0833\">\n      <path d=\"M1468 380q28 28 48 76t20 88v1152q0 40-28 68t-68 28H96q-40 0-68-28t-28-68V96q0-40 28-68T96 0h896q40 0 88 20t76 48zm-444-244v376h376q-10-29-22-41l-313-313q-12-12-41-22zm384 1528V640H992q-40 0-68-28t-28-68V128H128v1536h1280z\"><\/path>\n    <\/svg><\/span> <span>Semblanza Curricular<\/span><\/a>\n                              <\/span>\n                            <\/div>\n                          <\/div>\n                        <\/div>\n                      <\/div>\n                    <\/div>\n                  <\/div>\n                <\/div>\n              <\/div>\n            <\/div>\n          <\/div>\n          <div class=\"h-column h-column-container d-flex h-col-lg-2 h-col-md-6 h-col-12 style-1170-outer style-local-2380-c260-outer\">\n            <div data-colibri-id=\"2380-c260\" class=\"d-flex h-flex-basis h-column__inner h-px-lg-0 h-px-md-0 h-px-0 v-inner-lg-0 v-inner-md-0 v-inner-0 style-1170 style-local-2380-c260 position-relative\">\n              <!---->\n              <!---->\n              <div class=\"w-100 h-y-container h-column__content h-column__v-align flex-basis-100 align-self-lg-start align-self-md-start align-self-start\">\n                <!---->\n                <div data-colibri-id=\"2380-c261\" class=\"d-block style-1209 style-local-2380-c261 position-relative h-element\">\n                  <!---->\n                  <div class=\"h-image__frame-container-outer\">\n                    <div class=\"h-image__frame-container\">\n                      <!---->\n                      <!---->\n                      <img loading=\"lazy\" decoding=\"async\" width=\"1080\" height=\"1080\" src=\"https:\/\/etnografia.convocatoriaprone.mx\/wp-content\/uploads\/2022\/03\/Daniela-Monroy-Fraustro.png\" class=\"wp-image-1568 style-1209-image style-local-2380-c261-image\" alt=\"\" srcset=\"https:\/\/etnografia.inah.gob.mx\/wp-content\/uploads\/2022\/03\/Daniela-Monroy-Fraustro.png 1080w, https:\/\/etnografia.inah.gob.mx\/wp-content\/uploads\/2022\/03\/Daniela-Monroy-Fraustro-300x300.png 300w, https:\/\/etnografia.inah.gob.mx\/wp-content\/uploads\/2022\/03\/Daniela-Monroy-Fraustro-1024x1024.png 1024w, https:\/\/etnografia.inah.gob.mx\/wp-content\/uploads\/2022\/03\/Daniela-Monroy-Fraustro-150x150.png 150w, https:\/\/etnografia.inah.gob.mx\/wp-content\/uploads\/2022\/03\/Daniela-Monroy-Fraustro-768x768.png 768w\" sizes=\"auto, (max-width: 1080px) 100vw, 1080px\" \/>\n                      <div class=\"h-image__frame h-hide-lg h-hide-md h-hide-sm style-1209-frameImage style-local-2380-c261-frameImage\"><\/div>\n                    <\/div>\n                  <\/div>\n                <\/div>\n                <div data-colibri-id=\"2380-c262\" class=\"h-row-container gutters-row-lg-0 gutters-row-md-0 gutters-row-0 gutters-row-v-lg-0 gutters-row-v-md-0 gutters-row-v-0 style-1210 style-local-2380-c262 position-relative\">\n                  <!---->\n                  <div class=\"h-row justify-content-lg-center justify-content-md-center justify-content-center align-items-lg-stretch align-items-md-stretch align-items-stretch gutters-col-lg-0 gutters-col-md-0 gutters-col-0 gutters-col-v-lg-0 gutters-col-v-md-0 gutters-col-v-0\">\n                    <!---->\n                    <div class=\"h-column h-column-container d-flex h-col-lg-auto h-col-md-auto h-col-auto style-1211-outer style-local-2380-c263-outer\">\n                      <div data-colibri-id=\"2380-c263\" class=\"d-flex h-flex-basis h-column__inner h-px-lg-2 h-px-md-2 h-px-2 v-inner-lg-2 v-inner-md-2 v-inner-2 style-1211 style-local-2380-c263 position-relative\">\n                        <!---->\n                        <!---->\n                        <div class=\"w-100 h-y-container h-column__content h-column__v-align flex-basis-100 align-self-lg-start align-self-md-start align-self-start\">\n                          <!---->\n                          <div data-colibri-id=\"2380-c264\" class=\"h-global-transition-all h-heading style-1212 style-local-2380-c264 position-relative h-element\">\n                            <!---->\n                            <div class=\"h-heading__outer style-1212 style-local-2380-c264\">\n                              <!---->\n                              <!---->\n                              <h4 class=\"\">Daniela Monroy Fraustro<\/h4>\n                            <\/div>\n                          <\/div>\n                          <div data-colibri-id=\"2380-c265\" class=\"h-text h-text-component style-1213 style-local-2380-c265 position-relative h-element\">\n                            <!---->\n                            <!---->\n                            <div class=\"\">\n                              <p><span style=\"font-family: Montserrat; font-size: 85%; font-weight: 600; color: rgb(51, 51, 51);\">Proyecto &#8220;<\/span><span style=\"font-family: Montserrat; font-size: 85%; font-weight: 600; color: rgb(0, 0, 0);\">Memorias autobiogr\u00e1fica y colectiva como procesos sociocognitivos. Un estudio en dos comunidades de Guerrero&#8221;<\/span><\/p>\n                            <\/div>\n                          <\/div>\n                          <div data-colibri-id=\"2380-c266\" class=\"h-x-container style-1522 style-local-2380-c266 position-relative h-element\">\n                            <!---->\n                            <div class=\"h-x-container-inner style-dynamic-2380-c266-group style-1522-spacing style-local-2380-c266-spacing\"><span class=\"h-button__outer style-1177-outer style-local-2380-c267-outer d-inline-flex h-element\"><a h-use-smooth-scroll=\"true\" href=\"https:\/\/etnografia.convocatoriaprone.mx\/wp-content\/uploads\/2022\/05\/Daniela-Monroy-Fraustro.pdf\" data-fancybox=\"section-group-nq3Nhz7LkNkRDTHdeM3TZu\"  data-colibri-id=\"2380-c267\" class=\"d-flex w-100 align-items-center h-button justify-content-lg-center justify-content-md-center justify-content-center style-1177 style-local-2380-c267 position-relative\"><!----><span  class=\"h-svg-icon h-button__icon style-1177-icon style-local-2380-c267-icon\"><!--Icon by Font Awesome (https:\/\/fontawesome.com)-->\n    <svg version=\"1.1\" xmlns=\"http:\/\/www.w3.org\/2000\/svg\" xmlns:xlink=\"http:\/\/www.w3.org\/1999\/xlink\" id=\"file-o\" viewBox=\"0 0 1611.2499 1896.0833\">\n      <path d=\"M1468 380q28 28 48 76t20 88v1152q0 40-28 68t-68 28H96q-40 0-68-28t-28-68V96q0-40 28-68T96 0h896q40 0 88 20t76 48zm-444-244v376h376q-10-29-22-41l-313-313q-12-12-41-22zm384 1528V640H992q-40 0-68-28t-28-68V128H128v1536h1280z\"><\/path>\n    <\/svg><\/span> <span>Semblanza Curricular<\/span><\/a>\n                              <\/span>\n                            <\/div>\n                          <\/div>\n                        <\/div>\n                      <\/div>\n                    <\/div>\n                  <\/div>\n                <\/div>\n              <\/div>\n            <\/div>\n          <\/div>\n          <div class=\"h-column h-column-container d-flex h-col-lg-2 h-col-md-6 h-col-12 style-1170-outer style-local-2380-c268-outer\">\n            <div data-colibri-id=\"2380-c268\" class=\"d-flex h-flex-basis h-column__inner h-px-lg-0 h-px-md-0 h-px-0 v-inner-lg-0 v-inner-md-0 v-inner-0 style-1170 style-local-2380-c268 position-relative\">\n              <!---->\n              <!---->\n              <div class=\"w-100 h-y-container h-column__content h-column__v-align flex-basis-100 align-self-lg-start align-self-md-start align-self-start\">\n                <!---->\n                <div data-colibri-id=\"2380-c269\" class=\"d-block style-1209 style-local-2380-c269 position-relative h-element\">\n                  <!---->\n                  <div class=\"h-image__frame-container-outer\">\n                    <div class=\"h-image__frame-container\">\n                      <!---->\n                      <!---->\n                      <img loading=\"lazy\" decoding=\"async\" width=\"1080\" height=\"1080\" src=\"https:\/\/etnografia.convocatoriaprone.mx\/wp-content\/uploads\/2022\/03\/Hamlet-Antonio-Garcia-Zuniga.png\" class=\"wp-image-1573 style-1209-image style-local-2380-c269-image\" alt=\"\" srcset=\"https:\/\/etnografia.inah.gob.mx\/wp-content\/uploads\/2022\/03\/Hamlet-Antonio-Garcia-Zuniga.png 1080w, https:\/\/etnografia.inah.gob.mx\/wp-content\/uploads\/2022\/03\/Hamlet-Antonio-Garcia-Zuniga-300x300.png 300w, https:\/\/etnografia.inah.gob.mx\/wp-content\/uploads\/2022\/03\/Hamlet-Antonio-Garcia-Zuniga-1024x1024.png 1024w, https:\/\/etnografia.inah.gob.mx\/wp-content\/uploads\/2022\/03\/Hamlet-Antonio-Garcia-Zuniga-150x150.png 150w, https:\/\/etnografia.inah.gob.mx\/wp-content\/uploads\/2022\/03\/Hamlet-Antonio-Garcia-Zuniga-768x768.png 768w\" sizes=\"auto, (max-width: 1080px) 100vw, 1080px\" \/>\n                      <div class=\"h-image__frame h-hide-lg h-hide-md h-hide-sm style-1209-frameImage style-local-2380-c269-frameImage\"><\/div>\n                    <\/div>\n                  <\/div>\n                <\/div>\n                <div data-colibri-id=\"2380-c270\" class=\"h-row-container gutters-row-lg-0 gutters-row-md-0 gutters-row-0 gutters-row-v-lg-0 gutters-row-v-md-0 gutters-row-v-0 style-1210 style-local-2380-c270 position-relative\">\n                  <!---->\n                  <div class=\"h-row justify-content-lg-center justify-content-md-center justify-content-center align-items-lg-stretch align-items-md-stretch align-items-stretch gutters-col-lg-0 gutters-col-md-0 gutters-col-0 gutters-col-v-lg-0 gutters-col-v-md-0 gutters-col-v-0\">\n                    <!---->\n                    <div class=\"h-column h-column-container d-flex h-col-lg-auto h-col-md-auto h-col-auto style-1211-outer style-local-2380-c271-outer\">\n                      <div data-colibri-id=\"2380-c271\" class=\"d-flex h-flex-basis h-column__inner h-px-lg-2 h-px-md-2 h-px-2 v-inner-lg-2 v-inner-md-2 v-inner-2 style-1211 style-local-2380-c271 position-relative\">\n                        <!---->\n                        <!---->\n                        <div class=\"w-100 h-y-container h-column__content h-column__v-align flex-basis-100 align-self-lg-start align-self-md-start align-self-start\">\n                          <!---->\n                          <div data-colibri-id=\"2380-c272\" class=\"h-global-transition-all h-heading style-1212 style-local-2380-c272 position-relative h-element\">\n                            <!---->\n                            <div class=\"h-heading__outer style-1212 style-local-2380-c272\">\n                              <!---->\n                              <!---->\n                              <h4 class=\"\">H. Antonio Garc\u00eda Z\u00fa\u00f1iga<\/h4>\n                            <\/div>\n                          <\/div>\n                          <div data-colibri-id=\"2380-c273\" class=\"h-text h-text-component style-1213 style-local-2380-c273 position-relative h-element\">\n                            <!---->\n                            <!---->\n                            <div class=\"\">\n                              <p><span style=\"font-weight: 600; color: rgb(51, 51, 51); font-size: 13.6px; font-family: Montserrat;\">Proyecto &#8220;<\/span><span style=\"font-weight: 600; color: rgb(0, 0, 0); font-size: 13.6px; font-family: Montserrat;\">Memorias autobiogr\u00e1fica y colectiva como procesos sociocognitivos. Un estudio en dos comunidades de Guerrero&#8221;<\/span><\/p>\n                              <p><span style=\"font-family: Montserrat; font-size: 81%; font-weight: 600; color: rgb(0, 0, 0);\">&nbsp;hamlet_garcia@inah.gob.mx<\/span><strong style=\"font-weight: 700; color: rgb(84, 84, 84);\"> <\/strong><\/p>\n                            <\/div>\n                          <\/div>\n                          <div data-colibri-id=\"2380-c274\" class=\"h-x-container style-1524 style-local-2380-c274 position-relative h-element\">\n                            <!---->\n                            <div class=\"h-x-container-inner style-dynamic-2380-c274-group style-1524-spacing style-local-2380-c274-spacing\"><span class=\"h-button__outer style-1177-outer style-local-2380-c275-outer d-inline-flex h-element\"><a h-use-smooth-scroll=\"true\" href=\"https:\/\/etnografia.convocatoriaprone.mx\/wp-content\/uploads\/2022\/05\/H.-Antonio-Garcia-Zuniga.pdf\" data-fancybox=\"section-group-nq3Nhz7LkNkRDTHdeM3TZu\"  data-colibri-id=\"2380-c275\" class=\"d-flex w-100 align-items-center h-button justify-content-lg-center justify-content-md-center justify-content-center style-1177 style-local-2380-c275 position-relative\"><!----><span  class=\"h-svg-icon h-button__icon style-1177-icon style-local-2380-c275-icon\"><!--Icon by Font Awesome (https:\/\/fontawesome.com)-->\n    <svg version=\"1.1\" xmlns=\"http:\/\/www.w3.org\/2000\/svg\" xmlns:xlink=\"http:\/\/www.w3.org\/1999\/xlink\" id=\"file-o\" viewBox=\"0 0 1611.2499 1896.0833\">\n      <path d=\"M1468 380q28 28 48 76t20 88v1152q0 40-28 68t-68 28H96q-40 0-68-28t-28-68V96q0-40 28-68T96 0h896q40 0 88 20t76 48zm-444-244v376h376q-10-29-22-41l-313-313q-12-12-41-22zm384 1528V640H992q-40 0-68-28t-28-68V128H128v1536h1280z\"><\/path>\n    <\/svg><\/span> <span>Semblanza Curricular<\/span><\/a>\n                              <\/span>\n                            <\/div>\n                          <\/div>\n                        <\/div>\n                      <\/div>\n                    <\/div>\n                  <\/div>\n                <\/div>\n              <\/div>\n            <\/div>\n          <\/div>\n          <div class=\"h-column h-column-container d-flex h-col-lg-2 h-col-md-6 h-col-12 style-1170-outer style-local-2380-c276-outer\">\n            <div data-colibri-id=\"2380-c276\" class=\"d-flex h-flex-basis h-column__inner h-px-lg-0 h-px-md-0 h-px-0 v-inner-lg-0 v-inner-md-0 v-inner-0 style-1170 style-local-2380-c276 position-relative\">\n              <!---->\n              <!---->\n              <div class=\"w-100 h-y-container h-column__content h-column__v-align flex-basis-100 align-self-lg-start align-self-md-start align-self-start\">\n                <!---->\n                <div data-colibri-id=\"2380-c277\" class=\"d-block style-1490 style-local-2380-c277 position-relative h-element\">\n                  <!---->\n                  <div class=\"h-image__frame-container-outer\">\n                    <div class=\"h-image__frame-container\">\n                      <!---->\n                      <!---->\n                      <img loading=\"lazy\" decoding=\"async\" width=\"1080\" height=\"1080\" src=\"https:\/\/etnografia.convocatoriaprone.mx\/wp-content\/uploads\/2022\/05\/1.-usuario.png\" class=\"wp-image-3161 style-1490-image style-local-2380-c277-image\" alt=\"\" srcset=\"https:\/\/etnografia.inah.gob.mx\/wp-content\/uploads\/2022\/05\/1.-usuario.png 1080w, https:\/\/etnografia.inah.gob.mx\/wp-content\/uploads\/2022\/05\/1.-usuario-300x300.png 300w, https:\/\/etnografia.inah.gob.mx\/wp-content\/uploads\/2022\/05\/1.-usuario-1024x1024.png 1024w, https:\/\/etnografia.inah.gob.mx\/wp-content\/uploads\/2022\/05\/1.-usuario-150x150.png 150w, https:\/\/etnografia.inah.gob.mx\/wp-content\/uploads\/2022\/05\/1.-usuario-768x768.png 768w\" sizes=\"auto, (max-width: 1080px) 100vw, 1080px\" \/>\n                      <div class=\"h-image__frame h-hide-lg h-hide-md h-hide-sm style-1490-frameImage style-local-2380-c277-frameImage\"><\/div>\n                    <\/div>\n                  <\/div>\n                <\/div>\n                <div data-colibri-id=\"2380-c278\" class=\"h-row-container gutters-row-lg-0 gutters-row-md-0 gutters-row-0 gutters-row-v-lg-0 gutters-row-v-md-0 gutters-row-v-0 style-1210 style-local-2380-c278 position-relative\">\n                  <!---->\n                  <div class=\"h-row justify-content-lg-center justify-content-md-center justify-content-center align-items-lg-stretch align-items-md-stretch align-items-stretch gutters-col-lg-0 gutters-col-md-0 gutters-col-0 gutters-col-v-lg-0 gutters-col-v-md-0 gutters-col-v-0\">\n                    <!---->\n                    <div class=\"h-column h-column-container d-flex h-col-lg-auto h-col-md-auto h-col-auto style-1211-outer style-local-2380-c279-outer\">\n                      <div data-colibri-id=\"2380-c279\" class=\"d-flex h-flex-basis h-column__inner h-px-lg-2 h-px-md-2 h-px-2 v-inner-lg-2 v-inner-md-2 v-inner-2 style-1211 style-local-2380-c279 position-relative\">\n                        <!---->\n                        <!---->\n                        <div class=\"w-100 h-y-container h-column__content h-column__v-align flex-basis-100 align-self-lg-start align-self-md-start align-self-start\">\n                          <!---->\n                          <div data-colibri-id=\"2380-c280\" class=\"h-global-transition-all h-heading style-1212 style-local-2380-c280 position-relative h-element\">\n                            <!---->\n                            <div class=\"h-heading__outer style-1212 style-local-2380-c280\">\n                              <!---->\n                              <!---->\n                              <h4 class=\"\">Hugo Cotonieto<\/h4>\n                            <\/div>\n                          <\/div>\n                          <div data-colibri-id=\"2380-c281\" class=\"h-text h-text-component style-1213 style-local-2380-c281 position-relative h-element\">\n                            <!---->\n                            <!---->\n                            <div class=\"\">\n                              <p><span style=\"font-family: Montserrat; font-size: 85%; font-weight: 600; color: rgb(51, 51, 51);\">Proyecto &#8220;<\/span><span style=\"font-family: Montserrat; font-size: 85%; font-weight: 600; color: rgb(0, 0, 0);\">Vientos ancestrales en las Huastecas y la Zona Media Potosina. Un estudio etnogr\u00e1fico comparativo sobre el uso ritual de las flautas con resonador de mirlit\u00f3n entre los pames, teenek y nahuas<\/span>\n                                <span\n                                  style=\"font-family: Montserrat; font-size: 85%; font-weight: 600; color: rgb(51, 51, 51);\">&#8220;<\/span><strong style=\"font-weight: 700; color: rgb(84, 84, 84);\"> <\/strong><\/p>\n                            <\/div>\n                          <\/div>\n                          <div data-colibri-id=\"2380-c282\" class=\"h-x-container style-1526 style-local-2380-c282 position-relative h-element\">\n                            <!---->\n                            <div class=\"h-x-container-inner style-dynamic-2380-c282-group style-1526-spacing style-local-2380-c282-spacing\"><span class=\"h-button__outer style-1177-outer style-local-2380-c283-outer d-inline-flex h-element\"><a h-use-smooth-scroll=\"true\" href=\"https:\/\/etnografia.convocatoriaprone.mx\/wp-content\/uploads\/2022\/05\/Hugo-Cotonieto-Santeliz.pdf\" data-fancybox=\"section-group-nq3Nhz7LkNkRDTHdeM3TZu\"  data-colibri-id=\"2380-c283\" class=\"d-flex w-100 align-items-center h-button justify-content-lg-center justify-content-md-center justify-content-center style-1177 style-local-2380-c283 position-relative\"><!----><span  class=\"h-svg-icon h-button__icon style-1177-icon style-local-2380-c283-icon\"><!--Icon by Font Awesome (https:\/\/fontawesome.com)-->\n    <svg version=\"1.1\" xmlns=\"http:\/\/www.w3.org\/2000\/svg\" xmlns:xlink=\"http:\/\/www.w3.org\/1999\/xlink\" id=\"file-o\" viewBox=\"0 0 1611.2499 1896.0833\">\n      <path d=\"M1468 380q28 28 48 76t20 88v1152q0 40-28 68t-68 28H96q-40 0-68-28t-28-68V96q0-40 28-68T96 0h896q40 0 88 20t76 48zm-444-244v376h376q-10-29-22-41l-313-313q-12-12-41-22zm384 1528V640H992q-40 0-68-28t-28-68V128H128v1536h1280z\"><\/path>\n    <\/svg><\/span> <span>Semblanza Curricular<\/span><\/a>\n                              <\/span>\n                            <\/div>\n                          <\/div>\n                        <\/div>\n                      <\/div>\n                    <\/div>\n                  <\/div>\n                <\/div>\n              <\/div>\n            <\/div>\n          <\/div>\n          <div class=\"h-column h-column-container d-flex h-col-lg-2 h-col-md-6 h-col-12 style-1170-outer style-local-2380-c284-outer\">\n            <div data-colibri-id=\"2380-c284\" class=\"d-flex h-flex-basis h-column__inner h-px-lg-0 h-px-md-0 h-px-0 v-inner-lg-0 v-inner-md-0 v-inner-0 style-1170 style-local-2380-c284 position-relative\">\n              <!---->\n              <!---->\n              <div class=\"w-100 h-y-container h-column__content h-column__v-align flex-basis-100 align-self-lg-start align-self-md-start align-self-start\">\n                <!---->\n                <div data-colibri-id=\"2380-c285\" class=\"d-block style-1491 style-local-2380-c285 position-relative h-element\">\n                  <!---->\n                  <div class=\"h-image__frame-container-outer\">\n                    <div class=\"h-image__frame-container\">\n                      <!---->\n                      <!---->\n                      <img loading=\"lazy\" decoding=\"async\" width=\"1080\" height=\"1080\" src=\"https:\/\/etnografia.convocatoriaprone.mx\/wp-content\/uploads\/2022\/05\/1.-usuario.png\" class=\"wp-image-3161 style-1491-image style-local-2380-c285-image\" alt=\"\" srcset=\"https:\/\/etnografia.inah.gob.mx\/wp-content\/uploads\/2022\/05\/1.-usuario.png 1080w, https:\/\/etnografia.inah.gob.mx\/wp-content\/uploads\/2022\/05\/1.-usuario-300x300.png 300w, https:\/\/etnografia.inah.gob.mx\/wp-content\/uploads\/2022\/05\/1.-usuario-1024x1024.png 1024w, https:\/\/etnografia.inah.gob.mx\/wp-content\/uploads\/2022\/05\/1.-usuario-150x150.png 150w, https:\/\/etnografia.inah.gob.mx\/wp-content\/uploads\/2022\/05\/1.-usuario-768x768.png 768w\" sizes=\"auto, (max-width: 1080px) 100vw, 1080px\" \/>\n                      <div class=\"h-image__frame h-hide-lg h-hide-md h-hide-sm style-1491-frameImage style-local-2380-c285-frameImage\"><\/div>\n                    <\/div>\n                  <\/div>\n                <\/div>\n                <div data-colibri-id=\"2380-c286\" class=\"h-row-container gutters-row-lg-0 gutters-row-md-0 gutters-row-0 gutters-row-v-lg-0 gutters-row-v-md-0 gutters-row-v-0 style-1210 style-local-2380-c286 position-relative\">\n                  <!---->\n                  <div class=\"h-row justify-content-lg-center justify-content-md-center justify-content-center align-items-lg-stretch align-items-md-stretch align-items-stretch gutters-col-lg-0 gutters-col-md-0 gutters-col-0 gutters-col-v-lg-0 gutters-col-v-md-0 gutters-col-v-0\">\n                    <!---->\n                    <div class=\"h-column h-column-container d-flex h-col-lg-auto h-col-md-auto h-col-auto style-1211-outer style-local-2380-c287-outer\">\n                      <div data-colibri-id=\"2380-c287\" class=\"d-flex h-flex-basis h-column__inner h-px-lg-2 h-px-md-2 h-px-2 v-inner-lg-2 v-inner-md-2 v-inner-2 style-1211 style-local-2380-c287 position-relative\">\n                        <!---->\n                        <!---->\n                        <div class=\"w-100 h-y-container h-column__content h-column__v-align flex-basis-100 align-self-lg-start align-self-md-start align-self-start\">\n                          <!---->\n                          <div data-colibri-id=\"2380-c288\" class=\"h-global-transition-all h-heading style-1212 style-local-2380-c288 position-relative h-element\">\n                            <!---->\n                            <div class=\"h-heading__outer style-1212 style-local-2380-c288\">\n                              <!---->\n                              <!---->\n                              <h4 class=\"\">Antonio Asunci\u00f3n Gonz\u00e1lez Mart\u00ednez<\/h4>\n                            <\/div>\n                          <\/div>\n                          <div data-colibri-id=\"2380-c289\" class=\"h-text h-text-component style-1213 style-local-2380-c289 position-relative h-element\">\n                            <!---->\n                            <!---->\n                            <div class=\"\">\n                              <p><span style=\"font-weight: 600; color: rgb(51, 51, 51); font-size: 13.6px; font-family: Montserrat;\">Proyecto &#8220;<\/span><span style=\"font-weight: 600; color: rgb(0, 0, 0); font-size: 13.6px; font-family: Montserrat;\">Vientos ancestrales en las Huastecas y la Zona Media Potosina. Un estudio etnogr\u00e1fico comparativo sobre el uso ritual de las flautas con resonador de mirlit\u00f3n entre los pames, teenek y nahuas<\/span>\n                                <span\n                                  style=\"font-weight: 600; color: rgb(51, 51, 51); font-size: 13.6px; font-family: Montserrat;\">&#8220;<\/span><strong style=\"font-weight: 700; color: rgb(84, 84, 84);\"> <\/strong><\/p>\n                            <\/div>\n                          <\/div>\n                          <div data-colibri-id=\"2380-c290\" class=\"h-x-container style-1528 style-local-2380-c290 position-relative h-element\">\n                            <!---->\n                            <div class=\"h-x-container-inner style-dynamic-2380-c290-group style-1528-spacing style-local-2380-c290-spacing\"><span class=\"h-button__outer style-1177-outer style-local-2380-c291-outer d-inline-flex h-element\"><a h-use-smooth-scroll=\"true\" href=\"https:\/\/etnografia.convocatoriaprone.mx\/wp-content\/uploads\/2022\/05\/Antonio-Asuncion-Gonzalez-Martinez.pdf\" data-fancybox=\"section-group-nq3Nhz7LkNkRDTHdeM3TZu\"  data-colibri-id=\"2380-c291\" class=\"d-flex w-100 align-items-center h-button justify-content-lg-center justify-content-md-center justify-content-center style-1177 style-local-2380-c291 position-relative\"><!----><span  class=\"h-svg-icon h-button__icon style-1177-icon style-local-2380-c291-icon\"><!--Icon by Font Awesome (https:\/\/fontawesome.com)-->\n    <svg version=\"1.1\" xmlns=\"http:\/\/www.w3.org\/2000\/svg\" xmlns:xlink=\"http:\/\/www.w3.org\/1999\/xlink\" id=\"file-o\" viewBox=\"0 0 1611.2499 1896.0833\">\n      <path d=\"M1468 380q28 28 48 76t20 88v1152q0 40-28 68t-68 28H96q-40 0-68-28t-28-68V96q0-40 28-68T96 0h896q40 0 88 20t76 48zm-444-244v376h376q-10-29-22-41l-313-313q-12-12-41-22zm384 1528V640H992q-40 0-68-28t-28-68V128H128v1536h1280z\"><\/path>\n    <\/svg><\/span> <span>Semblanza Curricular<\/span><\/a>\n                              <\/span>\n                            <\/div>\n                          <\/div>\n                        <\/div>\n                      <\/div>\n                    <\/div>\n                  <\/div>\n                <\/div>\n              <\/div>\n            <\/div>\n          <\/div>\n          <div class=\"h-column h-column-container d-flex h-col-lg-2 h-col-md-6 h-col-12 style-1170-outer style-local-2380-c292-outer\">\n            <div data-colibri-id=\"2380-c292\" class=\"d-flex h-flex-basis h-column__inner h-px-lg-0 h-px-md-0 h-px-0 v-inner-lg-0 v-inner-md-0 v-inner-0 style-1170 style-local-2380-c292 position-relative\">\n              <!---->\n              <!---->\n              <div class=\"w-100 h-y-container h-column__content h-column__v-align flex-basis-100 align-self-lg-start align-self-md-start align-self-start\">\n                <!---->\n                <div data-colibri-id=\"2380-c293\" class=\"d-block style-1492 style-local-2380-c293 position-relative h-element\">\n                  <!---->\n                  <div class=\"h-image__frame-container-outer\">\n                    <div class=\"h-image__frame-container\">\n                      <!---->\n                      <!---->\n                      <img loading=\"lazy\" decoding=\"async\" width=\"1080\" height=\"1080\" src=\"https:\/\/etnografia.convocatoriaprone.mx\/wp-content\/uploads\/2022\/05\/1.-usuario.png\" class=\"wp-image-3161 style-1492-image style-local-2380-c293-image\" alt=\"\" srcset=\"https:\/\/etnografia.inah.gob.mx\/wp-content\/uploads\/2022\/05\/1.-usuario.png 1080w, https:\/\/etnografia.inah.gob.mx\/wp-content\/uploads\/2022\/05\/1.-usuario-300x300.png 300w, https:\/\/etnografia.inah.gob.mx\/wp-content\/uploads\/2022\/05\/1.-usuario-1024x1024.png 1024w, https:\/\/etnografia.inah.gob.mx\/wp-content\/uploads\/2022\/05\/1.-usuario-150x150.png 150w, https:\/\/etnografia.inah.gob.mx\/wp-content\/uploads\/2022\/05\/1.-usuario-768x768.png 768w\" sizes=\"auto, (max-width: 1080px) 100vw, 1080px\" \/>\n                      <div class=\"h-image__frame h-hide-lg h-hide-md h-hide-sm style-1492-frameImage style-local-2380-c293-frameImage\"><\/div>\n                    <\/div>\n                  <\/div>\n                <\/div>\n                <div data-colibri-id=\"2380-c294\" class=\"h-row-container gutters-row-lg-0 gutters-row-md-0 gutters-row-0 gutters-row-v-lg-0 gutters-row-v-md-0 gutters-row-v-0 style-1210 style-local-2380-c294 position-relative\">\n                  <!---->\n                  <div class=\"h-row justify-content-lg-center justify-content-md-center justify-content-center align-items-lg-stretch align-items-md-stretch align-items-stretch gutters-col-lg-0 gutters-col-md-0 gutters-col-0 gutters-col-v-lg-0 gutters-col-v-md-0 gutters-col-v-0\">\n                    <!---->\n                    <div class=\"h-column h-column-container d-flex h-col-lg-auto h-col-md-auto h-col-auto style-1211-outer style-local-2380-c295-outer\">\n                      <div data-colibri-id=\"2380-c295\" class=\"d-flex h-flex-basis h-column__inner h-px-lg-2 h-px-md-2 h-px-2 v-inner-lg-2 v-inner-md-2 v-inner-2 style-1211 style-local-2380-c295 position-relative\">\n                        <!---->\n                        <!---->\n                        <div class=\"w-100 h-y-container h-column__content h-column__v-align flex-basis-100 align-self-lg-start align-self-md-start align-self-start\">\n                          <!---->\n                          <div data-colibri-id=\"2380-c296\" class=\"h-global-transition-all h-heading style-1212 style-local-2380-c296 position-relative h-element\">\n                            <!---->\n                            <div class=\"h-heading__outer style-1212 style-local-2380-c296\">\n                              <!---->\n                              <!---->\n                              <h4 class=\"\">Imelda Aguirre Mendoza <\/h4>\n                            <\/div>\n                          <\/div>\n                          <div data-colibri-id=\"2380-c297\" class=\"h-text h-text-component style-1213 style-local-2380-c297 position-relative h-element\">\n                            <!---->\n                            <!---->\n                            <div class=\"\">\n                              <p><span style=\"font-weight: 600; color: rgb(51, 51, 51); font-size: 13.6px; font-family: Montserrat;\">Proyecto &#8220;<\/span><span style=\"font-weight: 600; color: rgb(0, 0, 0); font-size: 13.6px; font-family: Montserrat;\">Vientos ancestrales en las Huastecas y la Zona Media Potosina. Un estudio etnogr\u00e1fico comparativo sobre el uso ritual de las flautas con resonador de mirlit\u00f3n entre los pames, teenek y nahuas<\/span>\n                                <span\n                                  style=\"font-weight: 600; color: rgb(51, 51, 51); font-size: 13.6px; font-family: Montserrat;\">&#8220;<\/span><strong style=\"font-weight: 700; color: rgb(84, 84, 84);\"> <\/strong><\/p>\n                            <\/div>\n                          <\/div>\n                          <div data-colibri-id=\"2380-c298\" class=\"h-x-container style-1530 style-local-2380-c298 position-relative h-element\">\n                            <!---->\n                            <div class=\"h-x-container-inner style-dynamic-2380-c298-group style-1530-spacing style-local-2380-c298-spacing\"><span class=\"h-button__outer style-1177-outer style-local-2380-c299-outer d-inline-flex h-element\"><a h-use-smooth-scroll=\"true\" href=\"https:\/\/etnografia.convocatoriaprone.mx\/wp-content\/uploads\/2022\/05\/Imelda-Aguirre-Mendoza.pdf\" data-fancybox=\"section-group-nq3Nhz7LkNkRDTHdeM3TZu\"  data-colibri-id=\"2380-c299\" class=\"d-flex w-100 align-items-center h-button justify-content-lg-center justify-content-md-center justify-content-center style-1177 style-local-2380-c299 position-relative\"><!----><span  class=\"h-svg-icon h-button__icon style-1177-icon style-local-2380-c299-icon\"><!--Icon by Font Awesome (https:\/\/fontawesome.com)-->\n    <svg version=\"1.1\" xmlns=\"http:\/\/www.w3.org\/2000\/svg\" xmlns:xlink=\"http:\/\/www.w3.org\/1999\/xlink\" id=\"file-o\" viewBox=\"0 0 1611.2499 1896.0833\">\n      <path d=\"M1468 380q28 28 48 76t20 88v1152q0 40-28 68t-68 28H96q-40 0-68-28t-28-68V96q0-40 28-68T96 0h896q40 0 88 20t76 48zm-444-244v376h376q-10-29-22-41l-313-313q-12-12-41-22zm384 1528V640H992q-40 0-68-28t-28-68V128H128v1536h1280z\"><\/path>\n    <\/svg><\/span> <span>Semblanza Curricular<\/span><\/a>\n                              <\/span>\n                            <\/div>\n                          <\/div>\n                        <\/div>\n                      <\/div>\n                    <\/div>\n                  <\/div>\n                <\/div>\n              <\/div>\n            <\/div>\n          <\/div>\n          <div class=\"h-column h-column-container d-flex h-col-lg-2 h-col-md-6 h-col-12 style-1170-outer style-local-2380-c300-outer\">\n            <div data-colibri-id=\"2380-c300\" class=\"d-flex h-flex-basis h-column__inner h-px-lg-0 h-px-md-0 h-px-0 v-inner-lg-0 v-inner-md-0 v-inner-0 style-1170 style-local-2380-c300 position-relative\">\n              <!---->\n              <!---->\n              <div class=\"w-100 h-y-container h-column__content h-column__v-align flex-basis-100 align-self-lg-start align-self-md-start align-self-start\">\n                <!---->\n                <div data-colibri-id=\"2380-c301\" class=\"d-block style-1209 style-local-2380-c301 position-relative h-element\">\n                  <!---->\n                  <div class=\"h-image__frame-container-outer\">\n                    <div class=\"h-image__frame-container\">\n                      <!---->\n                      <!---->\n                      <img loading=\"lazy\" decoding=\"async\" width=\"1080\" height=\"1080\" src=\"https:\/\/etnografia.convocatoriaprone.mx\/wp-content\/uploads\/2022\/03\/Rosa-Maria-Torres-Rojas.png\" class=\"wp-image-1593 style-1209-image style-local-2380-c301-image\" alt=\"\" srcset=\"https:\/\/etnografia.inah.gob.mx\/wp-content\/uploads\/2022\/03\/Rosa-Maria-Torres-Rojas.png 1080w, https:\/\/etnografia.inah.gob.mx\/wp-content\/uploads\/2022\/03\/Rosa-Maria-Torres-Rojas-300x300.png 300w, https:\/\/etnografia.inah.gob.mx\/wp-content\/uploads\/2022\/03\/Rosa-Maria-Torres-Rojas-1024x1024.png 1024w, https:\/\/etnografia.inah.gob.mx\/wp-content\/uploads\/2022\/03\/Rosa-Maria-Torres-Rojas-150x150.png 150w, https:\/\/etnografia.inah.gob.mx\/wp-content\/uploads\/2022\/03\/Rosa-Maria-Torres-Rojas-768x768.png 768w\" sizes=\"auto, (max-width: 1080px) 100vw, 1080px\" \/>\n                      <div class=\"h-image__frame h-hide-lg h-hide-md h-hide-sm style-1209-frameImage style-local-2380-c301-frameImage\"><\/div>\n                    <\/div>\n                  <\/div>\n                <\/div>\n                <div data-colibri-id=\"2380-c302\" class=\"h-row-container gutters-row-lg-0 gutters-row-md-0 gutters-row-0 gutters-row-v-lg-0 gutters-row-v-md-0 gutters-row-v-0 style-1210 style-local-2380-c302 position-relative\">\n                  <!---->\n                  <div class=\"h-row justify-content-lg-center justify-content-md-center justify-content-center align-items-lg-stretch align-items-md-stretch align-items-stretch gutters-col-lg-0 gutters-col-md-0 gutters-col-0 gutters-col-v-lg-0 gutters-col-v-md-0 gutters-col-v-0\">\n                    <!---->\n                    <div class=\"h-column h-column-container d-flex h-col-lg-auto h-col-md-auto h-col-auto style-1211-outer style-local-2380-c303-outer\">\n                      <div data-colibri-id=\"2380-c303\" class=\"d-flex h-flex-basis h-column__inner h-px-lg-2 h-px-md-2 h-px-2 v-inner-lg-2 v-inner-md-2 v-inner-2 style-1211 style-local-2380-c303 position-relative\">\n                        <!---->\n                        <!---->\n                        <div class=\"w-100 h-y-container h-column__content h-column__v-align flex-basis-100 align-self-lg-start align-self-md-start align-self-start\">\n                          <!---->\n                          <div data-colibri-id=\"2380-c304\" class=\"h-global-transition-all h-heading style-1212 style-local-2380-c304 position-relative h-element\">\n                            <!---->\n                            <div class=\"h-heading__outer style-1212 style-local-2380-c304\">\n                              <!---->\n                              <!---->\n                              <h4 class=\"\">Rosa Mar\u00eda Rojas Torres<\/h4>\n                            <\/div>\n                          <\/div>\n                          <div data-colibri-id=\"2380-c305\" class=\"h-text h-text-component style-1213 style-local-2380-c305 position-relative h-element\">\n                            <!---->\n                            <!---->\n                            <div class=\"\">\n                              <p><span style=\"font-family: Montserrat; font-size: 85%; font-weight: 600; color: rgb(51, 51, 51);\">Proyecto &#8220;<\/span><span style=\"font-family: Montserrat; font-size: 85%; font-weight: 600; color: rgb(0, 0, 0);\">Documentaci\u00f3n de discursos orales zapotecos. Identidad, ritualidad y toponimia<\/span>\n                                <span\n                                  style=\"font-family: Montserrat; font-size: 85%; font-weight: 600; color: rgb(51, 51, 51);\">&#8220;<\/span>\n                              <\/p>\n                              <p><span style=\"font-family: Montserrat; font-size: 85%; font-weight: 600; color: rgb(0, 0, 0);\">rosa_rojas@inah.gob.mx<\/span><strong style=\"font-weight: 700; color: rgb(84, 84, 84);\"> <\/strong><\/p>\n                            <\/div>\n                          <\/div>\n                          <div data-colibri-id=\"2380-c306\" class=\"h-x-container style-1532 style-local-2380-c306 position-relative h-element\">\n                            <!---->\n                            <div class=\"h-x-container-inner style-dynamic-2380-c306-group style-1532-spacing style-local-2380-c306-spacing\"><span class=\"h-button__outer style-1177-outer style-local-2380-c307-outer d-inline-flex h-element\"><a h-use-smooth-scroll=\"true\" href=\"https:\/\/etnografia.convocatoriaprone.mx\/wp-content\/uploads\/2022\/05\/Rosa-MariaRojas-Torres.pdf\" data-fancybox=\"section-group-nq3Nhz7LkNkRDTHdeM3TZu\"  data-colibri-id=\"2380-c307\" class=\"d-flex w-100 align-items-center h-button justify-content-lg-center justify-content-md-center justify-content-center style-1177 style-local-2380-c307 position-relative\"><!----><span  class=\"h-svg-icon h-button__icon style-1177-icon style-local-2380-c307-icon\"><!--Icon by Font Awesome (https:\/\/fontawesome.com)-->\n    <svg version=\"1.1\" xmlns=\"http:\/\/www.w3.org\/2000\/svg\" xmlns:xlink=\"http:\/\/www.w3.org\/1999\/xlink\" id=\"file-o\" viewBox=\"0 0 1611.2499 1896.0833\">\n      <path d=\"M1468 380q28 28 48 76t20 88v1152q0 40-28 68t-68 28H96q-40 0-68-28t-28-68V96q0-40 28-68T96 0h896q40 0 88 20t76 48zm-444-244v376h376q-10-29-22-41l-313-313q-12-12-41-22zm384 1528V640H992q-40 0-68-28t-28-68V128H128v1536h1280z\"><\/path>\n    <\/svg><\/span> <span>Semblanza Curricular<\/span><\/a>\n                              <\/span>\n                            <\/div>\n                          <\/div>\n                        <\/div>\n                      <\/div>\n                    <\/div>\n                  <\/div>\n                <\/div>\n              <\/div>\n            <\/div>\n          <\/div>\n          <div class=\"h-column h-column-container d-flex h-col-lg-2 h-col-md-6 h-col-12 style-1170-outer style-local-2380-c308-outer\">\n            <div data-colibri-id=\"2380-c308\" class=\"d-flex h-flex-basis h-column__inner h-px-lg-0 h-px-md-0 h-px-0 v-inner-lg-0 v-inner-md-0 v-inner-0 style-1170 style-local-2380-c308 position-relative\">\n              <!---->\n              <!---->\n              <div class=\"w-100 h-y-container h-column__content h-column__v-align flex-basis-100 align-self-lg-start align-self-md-start align-self-start\">\n                <!---->\n                <div data-colibri-id=\"2380-c309\" class=\"d-block style-1209 style-local-2380-c309 position-relative h-element\">\n                  <!---->\n                  <div class=\"h-image__frame-container-outer\">\n                    <div class=\"h-image__frame-container\">\n                      <!---->\n                      <!---->\n                      <img loading=\"lazy\" decoding=\"async\" width=\"1080\" height=\"1080\" src=\"https:\/\/etnografia.convocatoriaprone.mx\/wp-content\/uploads\/2022\/03\/Zobeida-Sanchez-Bonilla.png\" class=\"wp-image-1596 style-1209-image style-local-2380-c309-image\" alt=\"\" srcset=\"https:\/\/etnografia.inah.gob.mx\/wp-content\/uploads\/2022\/03\/Zobeida-Sanchez-Bonilla.png 1080w, https:\/\/etnografia.inah.gob.mx\/wp-content\/uploads\/2022\/03\/Zobeida-Sanchez-Bonilla-300x300.png 300w, https:\/\/etnografia.inah.gob.mx\/wp-content\/uploads\/2022\/03\/Zobeida-Sanchez-Bonilla-1024x1024.png 1024w, https:\/\/etnografia.inah.gob.mx\/wp-content\/uploads\/2022\/03\/Zobeida-Sanchez-Bonilla-150x150.png 150w, https:\/\/etnografia.inah.gob.mx\/wp-content\/uploads\/2022\/03\/Zobeida-Sanchez-Bonilla-768x768.png 768w\" sizes=\"auto, (max-width: 1080px) 100vw, 1080px\" \/>\n                      <div class=\"h-image__frame h-hide-lg h-hide-md h-hide-sm style-1209-frameImage style-local-2380-c309-frameImage\"><\/div>\n                    <\/div>\n                  <\/div>\n                <\/div>\n                <div data-colibri-id=\"2380-c310\" class=\"h-row-container gutters-row-lg-0 gutters-row-md-0 gutters-row-0 gutters-row-v-lg-0 gutters-row-v-md-0 gutters-row-v-0 style-1210 style-local-2380-c310 position-relative\">\n                  <!---->\n                  <div class=\"h-row justify-content-lg-center justify-content-md-center justify-content-center align-items-lg-stretch align-items-md-stretch align-items-stretch gutters-col-lg-0 gutters-col-md-0 gutters-col-0 gutters-col-v-lg-0 gutters-col-v-md-0 gutters-col-v-0\">\n                    <!---->\n                    <div class=\"h-column h-column-container d-flex h-col-lg-auto h-col-md-auto h-col-auto style-1211-outer style-local-2380-c311-outer\">\n                      <div data-colibri-id=\"2380-c311\" class=\"d-flex h-flex-basis h-column__inner h-px-lg-2 h-px-md-2 h-px-2 v-inner-lg-2 v-inner-md-2 v-inner-2 style-1211 style-local-2380-c311 position-relative\">\n                        <!---->\n                        <!---->\n                        <div class=\"w-100 h-y-container h-column__content h-column__v-align flex-basis-100 align-self-lg-start align-self-md-start align-self-start\">\n                          <!---->\n                          <div data-colibri-id=\"2380-c312\" class=\"h-global-transition-all h-heading style-1212 style-local-2380-c312 position-relative h-element\">\n                            <!---->\n                            <div class=\"h-heading__outer style-1212 style-local-2380-c312\">\n                              <!---->\n                              <!---->\n                              <h4 class=\"\">Zobeida S\u00e1nchez Bonilla<\/h4>\n                            <\/div>\n                          <\/div>\n                          <div data-colibri-id=\"2380-c313\" class=\"h-text h-text-component style-1213 style-local-2380-c313 position-relative h-element\">\n                            <!---->\n                            <!---->\n                            <div class=\"\">\n                              <p><span style=\"font-family: Montserrat; font-size: 13.6px; color: rgb(51, 51, 51); font-weight: 600;\">Proyecto &#8220;<\/span><span style=\"font-family: Montserrat; font-size: 13.6px; color: rgb(0, 0, 0); font-weight: 600;\">Documentaci\u00f3n de discursos orales zapotecos. Identidad, ritualidad y toponimia<\/span>\n                                <span\n                                  style=\"font-family: Montserrat; font-size: 13.6px; color: rgb(51, 51, 51); font-weight: 600;\">&#8220;<\/span>\n                              <\/p>\n                              <p><span style=\"font-weight: 600; font-size: 85%; font-family: Montserrat; color: rgb(0, 0, 0);\">beidha@hotmail.com<\/span><\/p>\n                              <p><strong style=\"color: rgb(84, 84, 84); font-weight: 700;\"> <\/strong><\/p>\n                            <\/div>\n                          <\/div>\n                          <div data-colibri-id=\"2380-c314\" class=\"h-x-container style-1534 style-local-2380-c314 position-relative h-element\">\n                            <!---->\n                            <div class=\"h-x-container-inner style-dynamic-2380-c314-group style-1534-spacing style-local-2380-c314-spacing\"><span class=\"h-button__outer style-1177-outer style-local-2380-c315-outer d-inline-flex h-element\"><a h-use-smooth-scroll=\"true\" href=\"https:\/\/etnografia.convocatoriaprone.mx\/wp-content\/uploads\/2022\/05\/Zobeida-Sanchez-Bonilla.pdf\" data-fancybox=\"section-group-nq3Nhz7LkNkRDTHdeM3TZu\"  data-colibri-id=\"2380-c315\" class=\"d-flex w-100 align-items-center h-button justify-content-lg-center justify-content-md-center justify-content-center style-1177 style-local-2380-c315 position-relative\"><!----><span  class=\"h-svg-icon h-button__icon style-1177-icon style-local-2380-c315-icon\"><!--Icon by Font Awesome (https:\/\/fontawesome.com)-->\n    <svg version=\"1.1\" xmlns=\"http:\/\/www.w3.org\/2000\/svg\" xmlns:xlink=\"http:\/\/www.w3.org\/1999\/xlink\" id=\"file-o\" viewBox=\"0 0 1611.2499 1896.0833\">\n      <path d=\"M1468 380q28 28 48 76t20 88v1152q0 40-28 68t-68 28H96q-40 0-68-28t-28-68V96q0-40 28-68T96 0h896q40 0 88 20t76 48zm-444-244v376h376q-10-29-22-41l-313-313q-12-12-41-22zm384 1528V640H992q-40 0-68-28t-28-68V128H128v1536h1280z\"><\/path>\n    <\/svg><\/span> <span>Semblanza Curricular<\/span><\/a>\n                              <\/span>\n                            <\/div>\n                          <\/div>\n                        <\/div>\n                      <\/div>\n                    <\/div>\n                  <\/div>\n                <\/div>\n              <\/div>\n            <\/div>\n          <\/div>\n          <div class=\"h-column h-column-container d-flex h-col-lg-2 h-col-md-6 h-col-12 style-1170-outer style-local-2380-c316-outer\">\n            <div data-colibri-id=\"2380-c316\" class=\"d-flex h-flex-basis h-column__inner h-px-lg-0 h-px-md-0 h-px-0 v-inner-lg-0 v-inner-md-0 v-inner-0 style-1170 style-local-2380-c316 position-relative\">\n              <!---->\n              <!---->\n              <div class=\"w-100 h-y-container h-column__content h-column__v-align flex-basis-100 align-self-lg-start align-self-md-start align-self-start\">\n                <!---->\n                <div data-colibri-id=\"2380-c317\" class=\"d-block style-1209 style-local-2380-c317 position-relative h-element\">\n                  <!---->\n                  <div class=\"h-image__frame-container-outer\">\n                    <div class=\"h-image__frame-container\">\n                      <!---->\n                      <!---->\n                      <img loading=\"lazy\" decoding=\"async\" width=\"1080\" height=\"1080\" src=\"https:\/\/etnografia.convocatoriaprone.mx\/wp-content\/uploads\/2022\/03\/Yasbil-Mendoza-Huerta.png\" class=\"wp-image-1595 style-1209-image style-local-2380-c317-image\" alt=\"\" srcset=\"https:\/\/etnografia.inah.gob.mx\/wp-content\/uploads\/2022\/03\/Yasbil-Mendoza-Huerta.png 1080w, https:\/\/etnografia.inah.gob.mx\/wp-content\/uploads\/2022\/03\/Yasbil-Mendoza-Huerta-300x300.png 300w, https:\/\/etnografia.inah.gob.mx\/wp-content\/uploads\/2022\/03\/Yasbil-Mendoza-Huerta-1024x1024.png 1024w, https:\/\/etnografia.inah.gob.mx\/wp-content\/uploads\/2022\/03\/Yasbil-Mendoza-Huerta-150x150.png 150w, https:\/\/etnografia.inah.gob.mx\/wp-content\/uploads\/2022\/03\/Yasbil-Mendoza-Huerta-768x768.png 768w\" sizes=\"auto, (max-width: 1080px) 100vw, 1080px\" \/>\n                      <div class=\"h-image__frame h-hide-lg h-hide-md h-hide-sm style-1209-frameImage style-local-2380-c317-frameImage\"><\/div>\n                    <\/div>\n                  <\/div>\n                <\/div>\n                <div data-colibri-id=\"2380-c318\" class=\"h-row-container gutters-row-lg-0 gutters-row-md-0 gutters-row-0 gutters-row-v-lg-0 gutters-row-v-md-0 gutters-row-v-0 style-1210 style-local-2380-c318 position-relative\">\n                  <!---->\n                  <div class=\"h-row justify-content-lg-center justify-content-md-center justify-content-center align-items-lg-stretch align-items-md-stretch align-items-stretch gutters-col-lg-0 gutters-col-md-0 gutters-col-0 gutters-col-v-lg-0 gutters-col-v-md-0 gutters-col-v-0\">\n                    <!---->\n                    <div class=\"h-column h-column-container d-flex h-col-lg-auto h-col-md-auto h-col-auto style-1211-outer style-local-2380-c319-outer\">\n                      <div data-colibri-id=\"2380-c319\" class=\"d-flex h-flex-basis h-column__inner h-px-lg-2 h-px-md-2 h-px-2 v-inner-lg-2 v-inner-md-2 v-inner-2 style-1211 style-local-2380-c319 position-relative\">\n                        <!---->\n                        <!---->\n                        <div class=\"w-100 h-y-container h-column__content h-column__v-align flex-basis-100 align-self-lg-start align-self-md-start align-self-start\">\n                          <!---->\n                          <div data-colibri-id=\"2380-c320\" class=\"h-global-transition-all h-heading style-1212 style-local-2380-c320 position-relative h-element\">\n                            <!---->\n                            <div class=\"h-heading__outer style-1212 style-local-2380-c320\">\n                              <!---->\n                              <!---->\n                              <h4 class=\"\">Yasbil Mendoza<\/h4>\n                            <\/div>\n                          <\/div>\n                          <div data-colibri-id=\"2380-c321\" class=\"h-text h-text-component style-1213 style-local-2380-c321 position-relative h-element\">\n                            <!---->\n                            <!---->\n                            <div class=\"\">\n                              <p><span style=\"font-size: 13.6px; font-family: Montserrat; color: rgb(51, 51, 51); font-weight: 600;\">Proyecto &#8220;<\/span><span style=\"font-size: 13.6px; font-family: Montserrat; color: rgb(0, 0, 0); font-weight: 600;\">Documentaci\u00f3n de discursos orales zapotecos. Identidad, ritualidad y toponimia<\/span>\n                                <span\n                                  style=\"font-size: 13.6px; font-family: Montserrat; color: rgb(51, 51, 51); font-weight: 600;\">&#8220;<\/span>\n                              <\/p>\n                              <p><span style=\"font-weight: 600; font-size: 75%; font-family: Montserrat; color: rgb(0, 0, 0);\">yasbil_mendoza@inah.gob.mx<\/span><\/p>\n                              <p><strong style=\"color: rgb(84, 84, 84); font-weight: 700;\"> <\/strong><\/p>\n                            <\/div>\n                          <\/div>\n                          <div data-colibri-id=\"2380-c322\" class=\"h-x-container style-1536 style-local-2380-c322 position-relative h-element\">\n                            <!---->\n                            <div class=\"h-x-container-inner style-dynamic-2380-c322-group style-1536-spacing style-local-2380-c322-spacing\"><span class=\"h-button__outer style-1177-outer style-local-2380-c323-outer d-inline-flex h-element\"><a h-use-smooth-scroll=\"true\" href=\"https:\/\/etnografia.convocatoriaprone.mx\/wp-content\/uploads\/2022\/05\/Yasbil-Yanil-Berenice-Mendoza-Huerta.pdf\" data-fancybox=\"section-group-nq3Nhz7LkNkRDTHdeM3TZu\"  data-colibri-id=\"2380-c323\" class=\"d-flex w-100 align-items-center h-button justify-content-lg-center justify-content-md-center justify-content-center style-1177 style-local-2380-c323 position-relative\"><!----><span  class=\"h-svg-icon h-button__icon style-1177-icon style-local-2380-c323-icon\"><!--Icon by Font Awesome (https:\/\/fontawesome.com)-->\n    <svg version=\"1.1\" xmlns=\"http:\/\/www.w3.org\/2000\/svg\" xmlns:xlink=\"http:\/\/www.w3.org\/1999\/xlink\" id=\"file-o\" viewBox=\"0 0 1611.2499 1896.0833\">\n      <path d=\"M1468 380q28 28 48 76t20 88v1152q0 40-28 68t-68 28H96q-40 0-68-28t-28-68V96q0-40 28-68T96 0h896q40 0 88 20t76 48zm-444-244v376h376q-10-29-22-41l-313-313q-12-12-41-22zm384 1528V640H992q-40 0-68-28t-28-68V128H128v1536h1280z\"><\/path>\n    <\/svg><\/span> <span>Semblanza Curricular<\/span><\/a>\n                              <\/span>\n                            <\/div>\n                          <\/div>\n                        <\/div>\n                      <\/div>\n                    <\/div>\n                  <\/div>\n                <\/div>\n              <\/div>\n            <\/div>\n          <\/div>\n          <div class=\"h-column h-column-container d-flex h-col-lg-2 h-col-md-6 h-col-12 style-1170-outer style-local-2380-c324-outer\">\n            <div data-colibri-id=\"2380-c324\" class=\"d-flex h-flex-basis h-column__inner h-px-lg-0 h-px-md-0 h-px-0 v-inner-lg-0 v-inner-md-0 v-inner-0 style-1170 style-local-2380-c324 position-relative\">\n              <!---->\n              <!---->\n              <div class=\"w-100 h-y-container h-column__content h-column__v-align flex-basis-100 align-self-lg-start align-self-md-start align-self-start\">\n                <!---->\n                <div data-colibri-id=\"2380-c325\" class=\"d-block style-1209 style-local-2380-c325 position-relative h-element\">\n                  <!---->\n                  <div class=\"h-image__frame-container-outer\">\n                    <div class=\"h-image__frame-container\">\n                      <!---->\n                      <!---->\n                      <img loading=\"lazy\" decoding=\"async\" width=\"1080\" height=\"1080\" src=\"https:\/\/etnografia.convocatoriaprone.mx\/wp-content\/uploads\/2022\/03\/Miguel-Angel-Dominguez-Hernandez.png\" class=\"wp-image-1586 style-1209-image style-local-2380-c325-image\" alt=\"\" srcset=\"https:\/\/etnografia.inah.gob.mx\/wp-content\/uploads\/2022\/03\/Miguel-Angel-Dominguez-Hernandez.png 1080w, https:\/\/etnografia.inah.gob.mx\/wp-content\/uploads\/2022\/03\/Miguel-Angel-Dominguez-Hernandez-300x300.png 300w, https:\/\/etnografia.inah.gob.mx\/wp-content\/uploads\/2022\/03\/Miguel-Angel-Dominguez-Hernandez-1024x1024.png 1024w, https:\/\/etnografia.inah.gob.mx\/wp-content\/uploads\/2022\/03\/Miguel-Angel-Dominguez-Hernandez-150x150.png 150w, https:\/\/etnografia.inah.gob.mx\/wp-content\/uploads\/2022\/03\/Miguel-Angel-Dominguez-Hernandez-768x768.png 768w\" sizes=\"auto, (max-width: 1080px) 100vw, 1080px\" \/>\n                      <div class=\"h-image__frame h-hide-lg h-hide-md h-hide-sm style-1209-frameImage style-local-2380-c325-frameImage\"><\/div>\n                    <\/div>\n                  <\/div>\n                <\/div>\n                <div data-colibri-id=\"2380-c326\" class=\"h-row-container gutters-row-lg-0 gutters-row-md-0 gutters-row-0 gutters-row-v-lg-0 gutters-row-v-md-0 gutters-row-v-0 style-1210 style-local-2380-c326 position-relative\">\n                  <!---->\n                  <div class=\"h-row justify-content-lg-center justify-content-md-center justify-content-center align-items-lg-stretch align-items-md-stretch align-items-stretch gutters-col-lg-0 gutters-col-md-0 gutters-col-0 gutters-col-v-lg-0 gutters-col-v-md-0 gutters-col-v-0\">\n                    <!---->\n                    <div class=\"h-column h-column-container d-flex h-col-lg-auto h-col-md-auto h-col-auto style-1211-outer style-local-2380-c327-outer\">\n                      <div data-colibri-id=\"2380-c327\" class=\"d-flex h-flex-basis h-column__inner h-px-lg-2 h-px-md-2 h-px-2 v-inner-lg-2 v-inner-md-2 v-inner-2 style-1211 style-local-2380-c327 position-relative\">\n                        <!---->\n                        <!---->\n                        <div class=\"w-100 h-y-container h-column__content h-column__v-align flex-basis-100 align-self-lg-start align-self-md-start align-self-start\">\n                          <!---->\n                          <div data-colibri-id=\"2380-c328\" class=\"h-global-transition-all h-heading style-1212 style-local-2380-c328 position-relative h-element\">\n                            <!---->\n                            <div class=\"h-heading__outer style-1212 style-local-2380-c328\">\n                              <!---->\n                              <!---->\n                              <h4 class=\"\">Miguel Dom\u00ednguez<\/h4>\n                            <\/div>\n                          <\/div>\n                          <div data-colibri-id=\"2380-c329\" class=\"h-text h-text-component style-1213 style-local-2380-c329 position-relative h-element\">\n                            <!---->\n                            <!---->\n                            <div class=\"\">\n                              <p><span style=\"font-family: Montserrat; font-size: 13.6px; color: rgb(51, 51, 51); font-weight: 600;\">Proyecto &#8220;<\/span><span style=\"font-family: Montserrat; font-size: 13.6px; color: rgb(0, 0, 0); font-weight: 600;\">Documentaci\u00f3n de discursos orales zapotecos. Identidad, ritualidad y toponimia<\/span>\n                                <span\n                                  style=\"font-family: Montserrat; font-size: 13.6px; color: rgb(51, 51, 51); font-weight: 600;\">&#8220;<\/span>\n                              <\/p>\n                              <p><span style=\"font-weight: 600; font-size: 68%; font-family: Montserrat; color: rgb(0, 0, 0);\">miguel_dominguez@inah.gob.mx<\/span><\/p>\n                              <p><strong style=\"color: rgb(84, 84, 84); font-weight: 700;\"> <\/strong><\/p>\n                            <\/div>\n                          <\/div>\n                          <div data-colibri-id=\"2380-c330\" class=\"h-x-container style-1538 style-local-2380-c330 position-relative h-element\">\n                            <!---->\n                            <div class=\"h-x-container-inner style-dynamic-2380-c330-group style-1538-spacing style-local-2380-c330-spacing\"><span class=\"h-button__outer style-1177-outer style-local-2380-c331-outer d-inline-flex h-element\"><a h-use-smooth-scroll=\"true\" href=\"https:\/\/etnografia.convocatoriaprone.mx\/wp-content\/uploads\/2022\/05\/Miguel-Angel-Dominguez-Hernandez.pdf\" data-fancybox=\"section-group-nq3Nhz7LkNkRDTHdeM3TZu\"  data-colibri-id=\"2380-c331\" class=\"d-flex w-100 align-items-center h-button justify-content-lg-center justify-content-md-center justify-content-center style-1177 style-local-2380-c331 position-relative\"><!----><span  class=\"h-svg-icon h-button__icon style-1177-icon style-local-2380-c331-icon\"><!--Icon by Font Awesome (https:\/\/fontawesome.com)-->\n    <svg version=\"1.1\" xmlns=\"http:\/\/www.w3.org\/2000\/svg\" xmlns:xlink=\"http:\/\/www.w3.org\/1999\/xlink\" id=\"file-o\" viewBox=\"0 0 1611.2499 1896.0833\">\n      <path d=\"M1468 380q28 28 48 76t20 88v1152q0 40-28 68t-68 28H96q-40 0-68-28t-28-68V96q0-40 28-68T96 0h896q40 0 88 20t76 48zm-444-244v376h376q-10-29-22-41l-313-313q-12-12-41-22zm384 1528V640H992q-40 0-68-28t-28-68V128H128v1536h1280z\"><\/path>\n    <\/svg><\/span> <span>Semblanza Curricular<\/span><\/a>\n                              <\/span>\n                            <\/div>\n                          <\/div>\n                        <\/div>\n                      <\/div>\n                    <\/div>\n                  <\/div>\n                <\/div>\n              <\/div>\n            <\/div>\n          <\/div>\n          <div class=\"h-column h-column-container d-flex h-col-lg-2 h-col-md-6 h-col-12 style-1170-outer style-local-2380-c332-outer\">\n            <div data-colibri-id=\"2380-c332\" class=\"d-flex h-flex-basis h-column__inner h-px-lg-0 h-px-md-0 h-px-0 v-inner-lg-0 v-inner-md-0 v-inner-0 style-1170 style-local-2380-c332 position-relative\">\n              <!---->\n              <!---->\n              <div class=\"w-100 h-y-container h-column__content h-column__v-align flex-basis-100 align-self-lg-start align-self-md-start align-self-start\">\n                <!---->\n                <div data-colibri-id=\"2380-c333\" class=\"d-block style-1209 style-local-2380-c333 position-relative h-element\">\n                  <!---->\n                  <div class=\"h-image__frame-container-outer\">\n                    <div class=\"h-image__frame-container\">\n                      <!---->\n                      <!---->\n                      <img loading=\"lazy\" decoding=\"async\" width=\"1080\" height=\"1080\" src=\"https:\/\/etnografia.convocatoriaprone.mx\/wp-content\/uploads\/2022\/03\/Alejandra-Pacheco-Mamone.png\" class=\"wp-image-1559 style-1209-image style-local-2380-c333-image\" alt=\"\" srcset=\"https:\/\/etnografia.inah.gob.mx\/wp-content\/uploads\/2022\/03\/Alejandra-Pacheco-Mamone.png 1080w, https:\/\/etnografia.inah.gob.mx\/wp-content\/uploads\/2022\/03\/Alejandra-Pacheco-Mamone-300x300.png 300w, https:\/\/etnografia.inah.gob.mx\/wp-content\/uploads\/2022\/03\/Alejandra-Pacheco-Mamone-1024x1024.png 1024w, https:\/\/etnografia.inah.gob.mx\/wp-content\/uploads\/2022\/03\/Alejandra-Pacheco-Mamone-150x150.png 150w, https:\/\/etnografia.inah.gob.mx\/wp-content\/uploads\/2022\/03\/Alejandra-Pacheco-Mamone-768x768.png 768w\" sizes=\"auto, (max-width: 1080px) 100vw, 1080px\" \/>\n                      <div class=\"h-image__frame h-hide-lg h-hide-md h-hide-sm style-1209-frameImage style-local-2380-c333-frameImage\"><\/div>\n                    <\/div>\n                  <\/div>\n                <\/div>\n                <div data-colibri-id=\"2380-c334\" class=\"h-row-container gutters-row-lg-0 gutters-row-md-0 gutters-row-0 gutters-row-v-lg-0 gutters-row-v-md-0 gutters-row-v-0 style-1210 style-local-2380-c334 position-relative\">\n                  <!---->\n                  <div class=\"h-row justify-content-lg-center justify-content-md-center justify-content-center align-items-lg-stretch align-items-md-stretch align-items-stretch gutters-col-lg-0 gutters-col-md-0 gutters-col-0 gutters-col-v-lg-0 gutters-col-v-md-0 gutters-col-v-0\">\n                    <!---->\n                    <div class=\"h-column h-column-container d-flex h-col-lg-auto h-col-md-auto h-col-auto style-1211-outer style-local-2380-c335-outer\">\n                      <div data-colibri-id=\"2380-c335\" class=\"d-flex h-flex-basis h-column__inner h-px-lg-2 h-px-md-2 h-px-2 v-inner-lg-2 v-inner-md-2 v-inner-2 style-1211 style-local-2380-c335 position-relative\">\n                        <!---->\n                        <!---->\n                        <div class=\"w-100 h-y-container h-column__content h-column__v-align flex-basis-100 align-self-lg-start align-self-md-start align-self-start\">\n                          <!---->\n                          <div data-colibri-id=\"2380-c336\" class=\"h-global-transition-all h-heading style-1212 style-local-2380-c336 position-relative h-element\">\n                            <!---->\n                            <div class=\"h-heading__outer style-1212 style-local-2380-c336\">\n                              <!---->\n                              <!---->\n                              <h4 class=\"\">Alejandra Pacheco Mamone<\/h4>\n                            <\/div>\n                          <\/div>\n                          <div data-colibri-id=\"2380-c337\" class=\"h-text h-text-component style-1213 style-local-2380-c337 position-relative h-element\">\n                            <!---->\n                            <!---->\n                            <div class=\"\">\n                              <p><span style=\"font-family: Montserrat; font-size: 85%; font-weight: 600; color: rgb(51, 51, 51);\">Proyecto &#8220;<\/span><span style=\"font-family: Montserrat; font-size: 85%; font-weight: 600; color: rgb(0, 0, 0);\">El Patrimonio cultural en riesgo en la cuenca del rio Coatzacoalcos del Istmo Veracruzano ante los procesos de industrializaci\u00f3n y megaproyectos<\/span>\n                                <span\n                                  style=\"font-family: Montserrat; font-size: 85%; font-weight: 600; color: rgb(51, 51, 51);\">&#8220;<\/span>\n                              <\/p>\n                              <p><span style=\"font-family: Montserrat; font-size: 77%; font-weight: 600; color: rgb(0, 0, 0);\">pachecoalina2020@gmail.com<\/span><strong style=\"font-weight: 700; color: rgb(84, 84, 84);\"> <\/strong><\/p>\n                            <\/div>\n                          <\/div>\n                          <div data-colibri-id=\"2380-c338\" class=\"h-x-container style-1540 style-local-2380-c338 position-relative h-element\">\n                            <!---->\n                            <div class=\"h-x-container-inner style-dynamic-2380-c338-group style-1540-spacing style-local-2380-c338-spacing\"><span class=\"h-button__outer style-1177-outer style-local-2380-c339-outer d-inline-flex h-element\"><a h-use-smooth-scroll=\"true\" href=\"https:\/\/etnografia.convocatoriaprone.mx\/wp-content\/uploads\/2022\/05\/Alejandra-Pacheco-Mamone.pdf\" data-fancybox=\"section-group-nq3Nhz7LkNkRDTHdeM3TZu\"  data-colibri-id=\"2380-c339\" class=\"d-flex w-100 align-items-center h-button justify-content-lg-center justify-content-md-center justify-content-center style-1177 style-local-2380-c339 position-relative\"><!----><span  class=\"h-svg-icon h-button__icon style-1177-icon style-local-2380-c339-icon\"><!--Icon by Font Awesome (https:\/\/fontawesome.com)-->\n    <svg version=\"1.1\" xmlns=\"http:\/\/www.w3.org\/2000\/svg\" xmlns:xlink=\"http:\/\/www.w3.org\/1999\/xlink\" id=\"file-o\" viewBox=\"0 0 1611.2499 1896.0833\">\n      <path d=\"M1468 380q28 28 48 76t20 88v1152q0 40-28 68t-68 28H96q-40 0-68-28t-28-68V96q0-40 28-68T96 0h896q40 0 88 20t76 48zm-444-244v376h376q-10-29-22-41l-313-313q-12-12-41-22zm384 1528V640H992q-40 0-68-28t-28-68V128H128v1536h1280z\"><\/path>\n    <\/svg><\/span> <span>Semblanza Curricular<\/span><\/a>\n                              <\/span>\n                            <\/div>\n                          <\/div>\n                        <\/div>\n                      <\/div>\n                    <\/div>\n                  <\/div>\n                <\/div>\n              <\/div>\n            <\/div>\n          <\/div>\n          <div class=\"h-column h-column-container d-flex h-col-lg-2 h-col-md-6 h-col-12 style-1170-outer style-local-2380-c340-outer\">\n            <div data-colibri-id=\"2380-c340\" class=\"d-flex h-flex-basis h-column__inner h-px-lg-0 h-px-md-0 h-px-0 v-inner-lg-0 v-inner-md-0 v-inner-0 style-1170 style-local-2380-c340 position-relative\">\n              <!---->\n              <!---->\n              <div class=\"w-100 h-y-container h-column__content h-column__v-align flex-basis-100 align-self-lg-start align-self-md-start align-self-start\">\n                <!---->\n                <div data-colibri-id=\"2380-c341\" class=\"d-block style-1209 style-local-2380-c341 position-relative h-element\">\n                  <!---->\n                  <div class=\"h-image__frame-container-outer\">\n                    <div class=\"h-image__frame-container\">\n                      <!---->\n                      <!---->\n                      <img loading=\"lazy\" decoding=\"async\" width=\"1080\" height=\"1080\" src=\"https:\/\/etnografia.convocatoriaprone.mx\/wp-content\/uploads\/2022\/03\/Jose-Carlos-Lopez-Lopez..png\" class=\"wp-image-1575 style-1209-image style-local-2380-c341-image\" alt=\"\" srcset=\"https:\/\/etnografia.inah.gob.mx\/wp-content\/uploads\/2022\/03\/Jose-Carlos-Lopez-Lopez..png 1080w, https:\/\/etnografia.inah.gob.mx\/wp-content\/uploads\/2022\/03\/Jose-Carlos-Lopez-Lopez.-300x300.png 300w, https:\/\/etnografia.inah.gob.mx\/wp-content\/uploads\/2022\/03\/Jose-Carlos-Lopez-Lopez.-1024x1024.png 1024w, https:\/\/etnografia.inah.gob.mx\/wp-content\/uploads\/2022\/03\/Jose-Carlos-Lopez-Lopez.-150x150.png 150w, https:\/\/etnografia.inah.gob.mx\/wp-content\/uploads\/2022\/03\/Jose-Carlos-Lopez-Lopez.-768x768.png 768w\" sizes=\"auto, (max-width: 1080px) 100vw, 1080px\" \/>\n                      <div class=\"h-image__frame h-hide-lg h-hide-md h-hide-sm style-1209-frameImage style-local-2380-c341-frameImage\"><\/div>\n                    <\/div>\n                  <\/div>\n                <\/div>\n                <div data-colibri-id=\"2380-c342\" class=\"h-row-container gutters-row-lg-0 gutters-row-md-0 gutters-row-0 gutters-row-v-lg-0 gutters-row-v-md-0 gutters-row-v-0 style-1210 style-local-2380-c342 position-relative\">\n                  <!---->\n                  <div class=\"h-row justify-content-lg-center justify-content-md-center justify-content-center align-items-lg-stretch align-items-md-stretch align-items-stretch gutters-col-lg-0 gutters-col-md-0 gutters-col-0 gutters-col-v-lg-0 gutters-col-v-md-0 gutters-col-v-0\">\n                    <!---->\n                    <div class=\"h-column h-column-container d-flex h-col-lg-auto h-col-md-auto h-col-auto style-1211-outer style-local-2380-c343-outer\">\n                      <div data-colibri-id=\"2380-c343\" class=\"d-flex h-flex-basis h-column__inner h-px-lg-2 h-px-md-2 h-px-2 v-inner-lg-2 v-inner-md-2 v-inner-2 style-1211 style-local-2380-c343 position-relative\">\n                        <!---->\n                        <!---->\n                        <div class=\"w-100 h-y-container h-column__content h-column__v-align flex-basis-100 align-self-lg-start align-self-md-start align-self-start\">\n                          <!---->\n                          <div data-colibri-id=\"2380-c344\" class=\"h-global-transition-all h-heading style-1212 style-local-2380-c344 position-relative h-element\">\n                            <!---->\n                            <div class=\"h-heading__outer style-1212 style-local-2380-c344\">\n                              <!---->\n                              <!---->\n                              <h4 class=\"\">Jos\u00e9 Carlos L\u00f3pez L\u00f3pez<\/h4>\n                            <\/div>\n                          <\/div>\n                          <div data-colibri-id=\"2380-c345\" class=\"h-text h-text-component style-1213 style-local-2380-c345 position-relative h-element\">\n                            <!---->\n                            <!---->\n                            <div class=\"\">\n                              <p><span style=\"font-family: Montserrat; font-size: 13.6px; color: rgb(51, 51, 51); font-weight: 600;\">Proyecto &#8220;<\/span><span style=\"font-family: Montserrat; font-size: 13.6px; color: rgb(0, 0, 0); font-weight: 600;\">El Patrimonio cultural en riesgo en la cuenca del rio Coatzacoalcos del Istmo Veracruzano ante los procesos de industrializaci\u00f3n y megaproyectos<\/span>\n                                <span\n                                  style=\"font-family: Montserrat; font-size: 13.6px; color: rgb(51, 51, 51); font-weight: 600;\">&#8220;<\/span>\n                              <\/p>\n                              <p><span style=\"color: rgb(0, 0, 0); font-weight: 600; font-size: 68%; font-family: Montserrat;\">josecarloslopezlopez13@gmail.com<\/span><strong style=\"color: rgb(84, 84, 84); font-weight: 700;\"> <\/strong><\/p>\n                            <\/div>\n                          <\/div>\n                          <div data-colibri-id=\"2380-c346\" class=\"h-x-container style-1542 style-local-2380-c346 position-relative h-element\">\n                            <!---->\n                            <div class=\"h-x-container-inner style-dynamic-2380-c346-group style-1542-spacing style-local-2380-c346-spacing\"><span class=\"h-button__outer style-1177-outer style-local-2380-c347-outer d-inline-flex h-element\"><a h-use-smooth-scroll=\"true\" href=\"https:\/\/etnografia.convocatoriaprone.mx\/wp-content\/uploads\/2022\/05\/Jose-Carlos-Lopez-Lopez.pdf\" data-fancybox=\"section-group-nq3Nhz7LkNkRDTHdeM3TZu\"  data-colibri-id=\"2380-c347\" class=\"d-flex w-100 align-items-center h-button justify-content-lg-center justify-content-md-center justify-content-center style-1177 style-local-2380-c347 position-relative\"><!----><span  class=\"h-svg-icon h-button__icon style-1177-icon style-local-2380-c347-icon\"><!--Icon by Font Awesome (https:\/\/fontawesome.com)-->\n    <svg version=\"1.1\" xmlns=\"http:\/\/www.w3.org\/2000\/svg\" xmlns:xlink=\"http:\/\/www.w3.org\/1999\/xlink\" id=\"file-o\" viewBox=\"0 0 1611.2499 1896.0833\">\n      <path d=\"M1468 380q28 28 48 76t20 88v1152q0 40-28 68t-68 28H96q-40 0-68-28t-28-68V96q0-40 28-68T96 0h896q40 0 88 20t76 48zm-444-244v376h376q-10-29-22-41l-313-313q-12-12-41-22zm384 1528V640H992q-40 0-68-28t-28-68V128H128v1536h1280z\"><\/path>\n    <\/svg><\/span> <span>Semblanza Curricular<\/span><\/a>\n                              <\/span>\n                            <\/div>\n                          <\/div>\n                        <\/div>\n                      <\/div>\n                    <\/div>\n                  <\/div>\n                <\/div>\n              <\/div>\n            <\/div>\n          <\/div>\n          <div class=\"h-column h-column-container d-flex h-col-lg-2 h-col-md-6 h-col-12 style-1170-outer style-local-2380-c348-outer\">\n            <div data-colibri-id=\"2380-c348\" class=\"d-flex h-flex-basis h-column__inner h-px-lg-0 h-px-md-0 h-px-0 v-inner-lg-0 v-inner-md-0 v-inner-0 style-1170 style-local-2380-c348 position-relative\">\n              <!---->\n              <!---->\n              <div class=\"w-100 h-y-container h-column__content h-column__v-align flex-basis-100 align-self-lg-start align-self-md-start align-self-start\">\n                <!---->\n                <div data-colibri-id=\"2380-c349\" class=\"d-block style-1209 style-local-2380-c349 position-relative h-element\">\n                  <!---->\n                  <div class=\"h-image__frame-container-outer\">\n                    <div class=\"h-image__frame-container\">\n                      <!---->\n                      <!---->\n                      <img loading=\"lazy\" decoding=\"async\" width=\"1080\" height=\"1080\" src=\"https:\/\/etnografia.convocatoriaprone.mx\/wp-content\/uploads\/2022\/03\/Manuel-Uribe.png\" class=\"wp-image-1579 style-1209-image style-local-2380-c349-image\" alt=\"\" srcset=\"https:\/\/etnografia.inah.gob.mx\/wp-content\/uploads\/2022\/03\/Manuel-Uribe.png 1080w, https:\/\/etnografia.inah.gob.mx\/wp-content\/uploads\/2022\/03\/Manuel-Uribe-300x300.png 300w, https:\/\/etnografia.inah.gob.mx\/wp-content\/uploads\/2022\/03\/Manuel-Uribe-1024x1024.png 1024w, https:\/\/etnografia.inah.gob.mx\/wp-content\/uploads\/2022\/03\/Manuel-Uribe-150x150.png 150w, https:\/\/etnografia.inah.gob.mx\/wp-content\/uploads\/2022\/03\/Manuel-Uribe-768x768.png 768w\" sizes=\"auto, (max-width: 1080px) 100vw, 1080px\" \/>\n                      <div class=\"h-image__frame h-hide-lg h-hide-md h-hide-sm style-1209-frameImage style-local-2380-c349-frameImage\"><\/div>\n                    <\/div>\n                  <\/div>\n                <\/div>\n                <div data-colibri-id=\"2380-c350\" class=\"h-row-container gutters-row-lg-0 gutters-row-md-0 gutters-row-0 gutters-row-v-lg-0 gutters-row-v-md-0 gutters-row-v-0 style-1210 style-local-2380-c350 position-relative\">\n                  <!---->\n                  <div class=\"h-row justify-content-lg-center justify-content-md-center justify-content-center align-items-lg-stretch align-items-md-stretch align-items-stretch gutters-col-lg-0 gutters-col-md-0 gutters-col-0 gutters-col-v-lg-0 gutters-col-v-md-0 gutters-col-v-0\">\n                    <!---->\n                    <div class=\"h-column h-column-container d-flex h-col-lg-auto h-col-md-auto h-col-auto style-1211-outer style-local-2380-c351-outer\">\n                      <div data-colibri-id=\"2380-c351\" class=\"d-flex h-flex-basis h-column__inner h-px-lg-2 h-px-md-2 h-px-2 v-inner-lg-2 v-inner-md-2 v-inner-2 style-1211 style-local-2380-c351 position-relative\">\n                        <!---->\n                        <!---->\n                        <div class=\"w-100 h-y-container h-column__content h-column__v-align flex-basis-100 align-self-lg-start align-self-md-start align-self-start\">\n                          <!---->\n                          <div data-colibri-id=\"2380-c352\" class=\"h-global-transition-all h-heading style-1212 style-local-2380-c352 position-relative h-element\">\n                            <!---->\n                            <div class=\"h-heading__outer style-1212 style-local-2380-c352\">\n                              <!---->\n                              <!---->\n                              <h4 class=\"\">Manuel Uribe Cruz<\/h4>\n                            <\/div>\n                          <\/div>\n                          <div data-colibri-id=\"2380-c353\" class=\"h-text h-text-component style-1213 style-local-2380-c353 position-relative h-element\">\n                            <!---->\n                            <!---->\n                            <div class=\"\">\n                              <p><span style=\"font-size: 13.6px; font-family: Montserrat; color: rgb(51, 51, 51); font-weight: 600;\">Proyecto &#8220;<\/span><span style=\"font-size: 13.6px; font-family: Montserrat; color: rgb(0, 0, 0); font-weight: 600;\">El Patrimonio cultural en riesgo en la cuenca del rio Coatzacoalcos del Istmo Veracruzano ante los procesos de industrializaci\u00f3n y megaproyectos<\/span>\n                                <span\n                                  style=\"font-size: 13.6px; font-family: Montserrat; color: rgb(51, 51, 51); font-weight: 600;\">&#8220;<\/span>\n                              <\/p>\n                              <p>\n                                <a href=\"mailto:urimanuel@gmail.com\" style=\"font-size: 85%; font-family: Montserrat; color: rgb(0, 0, 0); font-weight: 600;\">urimanuel@gmail.com<\/a>\n                              <\/p>\n                              <p><strong style=\"color: rgb(84, 84, 84); font-weight: 700;\"> <\/strong><\/p>\n                            <\/div>\n                          <\/div>\n                          <div data-colibri-id=\"2380-c354\" class=\"h-x-container style-1544 style-local-2380-c354 position-relative h-element\">\n                            <!---->\n                            <div class=\"h-x-container-inner style-dynamic-2380-c354-group style-1544-spacing style-local-2380-c354-spacing\"><span class=\"h-button__outer style-1177-outer style-local-2380-c355-outer d-inline-flex h-element\"><a h-use-smooth-scroll=\"true\" href=\"https:\/\/etnografia.convocatoriaprone.mx\/wp-content\/uploads\/2022\/05\/Manuel-Uribe-Cruz.pdf\" data-fancybox=\"section-group-nq3Nhz7LkNkRDTHdeM3TZu\"  data-colibri-id=\"2380-c355\" class=\"d-flex w-100 align-items-center h-button justify-content-lg-center justify-content-md-center justify-content-center style-1177 style-local-2380-c355 position-relative\"><!----><span  class=\"h-svg-icon h-button__icon style-1177-icon style-local-2380-c355-icon\"><!--Icon by Font Awesome (https:\/\/fontawesome.com)-->\n    <svg version=\"1.1\" xmlns=\"http:\/\/www.w3.org\/2000\/svg\" xmlns:xlink=\"http:\/\/www.w3.org\/1999\/xlink\" id=\"file-o\" viewBox=\"0 0 1611.2499 1896.0833\">\n      <path d=\"M1468 380q28 28 48 76t20 88v1152q0 40-28 68t-68 28H96q-40 0-68-28t-28-68V96q0-40 28-68T96 0h896q40 0 88 20t76 48zm-444-244v376h376q-10-29-22-41l-313-313q-12-12-41-22zm384 1528V640H992q-40 0-68-28t-28-68V128H128v1536h1280z\"><\/path>\n    <\/svg><\/span> <span>Semblanza Curricular<\/span><\/a>\n                              <\/span>\n                            <\/div>\n                          <\/div>\n                        <\/div>\n                      <\/div>\n                    <\/div>\n                  <\/div>\n                <\/div>\n              <\/div>\n            <\/div>\n          <\/div>\n          <div class=\"h-column h-column-container d-flex h-col-lg-2 h-col-md-6 h-col-12 style-1170-outer style-local-2380-c356-outer\">\n            <div data-colibri-id=\"2380-c356\" class=\"d-flex h-flex-basis h-column__inner h-px-lg-0 h-px-md-0 h-px-0 v-inner-lg-0 v-inner-md-0 v-inner-0 style-1170 style-local-2380-c356 position-relative\">\n              <!---->\n              <!---->\n              <div class=\"w-100 h-y-container h-column__content h-column__v-align flex-basis-100 align-self-lg-start align-self-md-start align-self-start\">\n                <!---->\n                <div data-colibri-id=\"2380-c357\" class=\"d-block style-1493 style-local-2380-c357 position-relative h-element\">\n                  <!---->\n                  <div class=\"h-image__frame-container-outer\">\n                    <div class=\"h-image__frame-container\">\n                      <!---->\n                      <!---->\n                      <img loading=\"lazy\" decoding=\"async\" width=\"1080\" height=\"1080\" src=\"https:\/\/etnografia.convocatoriaprone.mx\/wp-content\/uploads\/2022\/05\/1.-usuario.png\" class=\"wp-image-3161 style-1493-image style-local-2380-c357-image\" alt=\"\" srcset=\"https:\/\/etnografia.inah.gob.mx\/wp-content\/uploads\/2022\/05\/1.-usuario.png 1080w, https:\/\/etnografia.inah.gob.mx\/wp-content\/uploads\/2022\/05\/1.-usuario-300x300.png 300w, https:\/\/etnografia.inah.gob.mx\/wp-content\/uploads\/2022\/05\/1.-usuario-1024x1024.png 1024w, https:\/\/etnografia.inah.gob.mx\/wp-content\/uploads\/2022\/05\/1.-usuario-150x150.png 150w, https:\/\/etnografia.inah.gob.mx\/wp-content\/uploads\/2022\/05\/1.-usuario-768x768.png 768w\" sizes=\"auto, (max-width: 1080px) 100vw, 1080px\" \/>\n                      <div class=\"h-image__frame h-hide-lg h-hide-md h-hide-sm style-1493-frameImage style-local-2380-c357-frameImage\"><\/div>\n                    <\/div>\n                  <\/div>\n                <\/div>\n                <div data-colibri-id=\"2380-c358\" class=\"h-row-container gutters-row-lg-0 gutters-row-md-0 gutters-row-0 gutters-row-v-lg-0 gutters-row-v-md-0 gutters-row-v-0 style-1210 style-local-2380-c358 position-relative\">\n                  <!---->\n                  <div class=\"h-row justify-content-lg-center justify-content-md-center justify-content-center align-items-lg-stretch align-items-md-stretch align-items-stretch gutters-col-lg-0 gutters-col-md-0 gutters-col-0 gutters-col-v-lg-0 gutters-col-v-md-0 gutters-col-v-0\">\n                    <!---->\n                    <div class=\"h-column h-column-container d-flex h-col-lg-auto h-col-md-auto h-col-auto style-1211-outer style-local-2380-c359-outer\">\n                      <div data-colibri-id=\"2380-c359\" class=\"d-flex h-flex-basis h-column__inner h-px-lg-2 h-px-md-2 h-px-2 v-inner-lg-2 v-inner-md-2 v-inner-2 style-1211 style-local-2380-c359 position-relative\">\n                        <!---->\n                        <!---->\n                        <div class=\"w-100 h-y-container h-column__content h-column__v-align flex-basis-100 align-self-lg-start align-self-md-start align-self-start\">\n                          <!---->\n                          <div data-colibri-id=\"2380-c360\" class=\"h-global-transition-all h-heading style-1212 style-local-2380-c360 position-relative h-element\">\n                            <!---->\n                            <div class=\"h-heading__outer style-1212 style-local-2380-c360\">\n                              <!---->\n                              <!---->\n                              <h4 class=\"\">Adri\u00e1n Acosta Castro<\/h4>\n                            <\/div>\n                          <\/div>\n                          <div data-colibri-id=\"2380-c361\" class=\"h-text h-text-component style-1213 style-local-2380-c361 position-relative h-element\">\n                            <!---->\n                            <!---->\n                            <div class=\"\">\n                              <p><span style=\"font-family: Montserrat; font-size: 85%; color: rgb(51, 51, 51); font-weight: 600;\">Proyecto &#8220;<\/span><span style=\"font-family: Montserrat; font-size: 85%; color: rgb(0, 0, 0); font-weight: 600;\">Ensamblando el archivo etnogr\u00e1fico digital del Centro INAH Jalisco: una propuesta reflexiva y meta-etnogr\u00e1fica (PRONE)<\/span>\n                                <span\n                                  style=\"font-family: Montserrat; font-size: 85%; color: rgb(51, 51, 51); font-weight: 600;\">&#8220;<\/span>\n                              <\/p>\n                              <p>\n                                <a href=\"mailto:adrian_acosta@inah.gob.mx\" style=\"color: rgb(0, 0, 0); font-size: 85%; font-family: Montserrat; font-weight: 600;\">adrian_acosta@inah.gob.mx<\/a><strong style=\"color: rgb(84, 84, 84); font-weight: 700;\"> <\/strong><\/p>\n                            <\/div>\n                          <\/div>\n                          <div data-colibri-id=\"2380-c362\" class=\"h-x-container style-1546 style-local-2380-c362 position-relative h-element\">\n                            <!---->\n                            <div class=\"h-x-container-inner style-dynamic-2380-c362-group style-1546-spacing style-local-2380-c362-spacing\"><span class=\"h-button__outer style-1177-outer style-local-2380-c363-outer d-inline-flex h-element\"><a h-use-smooth-scroll=\"true\" href=\"https:\/\/etnografia.convocatoriaprone.mx\/wp-content\/uploads\/2022\/05\/Adrian-Acosta-Castro.pdf\" data-fancybox=\"section-group-nq3Nhz7LkNkRDTHdeM3TZu\"  data-colibri-id=\"2380-c363\" class=\"d-flex w-100 align-items-center h-button justify-content-lg-center justify-content-md-center justify-content-center style-1177 style-local-2380-c363 position-relative\"><!----><span  class=\"h-svg-icon h-button__icon style-1177-icon style-local-2380-c363-icon\"><!--Icon by Font Awesome (https:\/\/fontawesome.com)-->\n    <svg version=\"1.1\" xmlns=\"http:\/\/www.w3.org\/2000\/svg\" xmlns:xlink=\"http:\/\/www.w3.org\/1999\/xlink\" id=\"file-o\" viewBox=\"0 0 1611.2499 1896.0833\">\n      <path d=\"M1468 380q28 28 48 76t20 88v1152q0 40-28 68t-68 28H96q-40 0-68-28t-28-68V96q0-40 28-68T96 0h896q40 0 88 20t76 48zm-444-244v376h376q-10-29-22-41l-313-313q-12-12-41-22zm384 1528V640H992q-40 0-68-28t-28-68V128H128v1536h1280z\"><\/path>\n    <\/svg><\/span> <span>Semblanza Curricular<\/span><\/a>\n                              <\/span>\n                            <\/div>\n                          <\/div>\n                        <\/div>\n                      <\/div>\n                    <\/div>\n                  <\/div>\n                <\/div>\n              <\/div>\n            <\/div>\n          <\/div>\n          <div class=\"h-column h-column-container d-flex h-col-lg-2 h-col-md-6 h-col-12 style-1170-outer style-local-2380-c364-outer\">\n            <div data-colibri-id=\"2380-c364\" class=\"d-flex h-flex-basis h-column__inner h-px-lg-0 h-px-md-0 h-px-0 v-inner-lg-0 v-inner-md-0 v-inner-0 style-1170 style-local-2380-c364 position-relative\">\n              <!---->\n              <!---->\n              <div class=\"w-100 h-y-container h-column__content h-column__v-align flex-basis-100 align-self-lg-start align-self-md-start align-self-start\">\n                <!---->\n                <div data-colibri-id=\"2380-c365\" class=\"d-block style-1494 style-local-2380-c365 position-relative h-element\">\n                  <!---->\n                  <div class=\"h-image__frame-container-outer\">\n                    <div class=\"h-image__frame-container\">\n                      <!---->\n                      <!---->\n                      <img loading=\"lazy\" decoding=\"async\" width=\"1080\" height=\"1080\" src=\"https:\/\/etnografia.convocatoriaprone.mx\/wp-content\/uploads\/2022\/05\/1.-usuario.png\" class=\"wp-image-3161 style-1494-image style-local-2380-c365-image\" alt=\"\" srcset=\"https:\/\/etnografia.inah.gob.mx\/wp-content\/uploads\/2022\/05\/1.-usuario.png 1080w, https:\/\/etnografia.inah.gob.mx\/wp-content\/uploads\/2022\/05\/1.-usuario-300x300.png 300w, https:\/\/etnografia.inah.gob.mx\/wp-content\/uploads\/2022\/05\/1.-usuario-1024x1024.png 1024w, https:\/\/etnografia.inah.gob.mx\/wp-content\/uploads\/2022\/05\/1.-usuario-150x150.png 150w, https:\/\/etnografia.inah.gob.mx\/wp-content\/uploads\/2022\/05\/1.-usuario-768x768.png 768w\" sizes=\"auto, (max-width: 1080px) 100vw, 1080px\" \/>\n                      <div class=\"h-image__frame h-hide-lg h-hide-md h-hide-sm style-1494-frameImage style-local-2380-c365-frameImage\"><\/div>\n                    <\/div>\n                  <\/div>\n                <\/div>\n                <div data-colibri-id=\"2380-c366\" class=\"h-row-container gutters-row-lg-0 gutters-row-md-0 gutters-row-0 gutters-row-v-lg-0 gutters-row-v-md-0 gutters-row-v-0 style-1210 style-local-2380-c366 position-relative\">\n                  <!---->\n                  <div class=\"h-row justify-content-lg-center justify-content-md-center justify-content-center align-items-lg-stretch align-items-md-stretch align-items-stretch gutters-col-lg-0 gutters-col-md-0 gutters-col-0 gutters-col-v-lg-0 gutters-col-v-md-0 gutters-col-v-0\">\n                    <!---->\n                    <div class=\"h-column h-column-container d-flex h-col-lg-auto h-col-md-auto h-col-auto style-1211-outer style-local-2380-c367-outer\">\n                      <div data-colibri-id=\"2380-c367\" class=\"d-flex h-flex-basis h-column__inner h-px-lg-2 h-px-md-2 h-px-2 v-inner-lg-2 v-inner-md-2 v-inner-2 style-1211 style-local-2380-c367 position-relative\">\n                        <!---->\n                        <!---->\n                        <div class=\"w-100 h-y-container h-column__content h-column__v-align flex-basis-100 align-self-lg-start align-self-md-start align-self-start\">\n                          <!---->\n                          <div data-colibri-id=\"2380-c368\" class=\"h-global-transition-all h-heading style-1212 style-local-2380-c368 position-relative h-element\">\n                            <!---->\n                            <div class=\"h-heading__outer style-1212 style-local-2380-c368\">\n                              <!---->\n                              <!---->\n                              <h4 class=\"\">Guillermo Salvador Ortega V\u00e1zquez <\/h4>\n                            <\/div>\n                          <\/div>\n                          <div data-colibri-id=\"2380-c369\" class=\"h-text h-text-component style-1213 style-local-2380-c369 position-relative h-element\">\n                            <!---->\n                            <!---->\n                            <div class=\"\">\n                              <p><span style=\"font-size: 13.6px; font-family: Montserrat; color: rgb(51, 51, 51); font-weight: 600;\">Proyecto &#8220;<\/span><span style=\"font-size: 13.6px; font-family: Montserrat; color: rgb(0, 0, 0); font-weight: 600;\">Ensamblando el archivo etnogr\u00e1fico digital del Centro INAH Jalisco: una propuesta reflexiva y meta-etnogr\u00e1fica (PRONE)<\/span>\n                                <span\n                                  style=\"font-size: 13.6px; font-family: Montserrat; color: rgb(51, 51, 51); font-weight: 600;\">&#8220;<\/span>\n                              <\/p>\n                              <p><span style=\"font-weight: 600; font-size: 85%; font-family: Montserrat; color: rgb(0, 0, 0);\">gmoortegava@gmail.com<\/span><\/p>\n                              <p><strong style=\"color: rgb(84, 84, 84); font-weight: 700;\"> <\/strong><\/p>\n                            <\/div>\n                          <\/div>\n                          <div data-colibri-id=\"2380-c370\" class=\"h-x-container style-1548 style-local-2380-c370 position-relative h-element\">\n                            <!---->\n                            <div class=\"h-x-container-inner style-dynamic-2380-c370-group style-1548-spacing style-local-2380-c370-spacing\"><span class=\"h-button__outer style-1177-outer style-local-2380-c371-outer d-inline-flex h-element\"><a h-use-smooth-scroll=\"true\" href=\"https:\/\/etnografia.convocatoriaprone.mx\/wp-content\/uploads\/2022\/05\/Guillermo-Salvador-Ortega-Vazquez.pdf\" data-fancybox=\"section-group-nq3Nhz7LkNkRDTHdeM3TZu\"  data-colibri-id=\"2380-c371\" class=\"d-flex w-100 align-items-center h-button justify-content-lg-center justify-content-md-center justify-content-center style-1177 style-local-2380-c371 position-relative\"><!----><span  class=\"h-svg-icon h-button__icon style-1177-icon style-local-2380-c371-icon\"><!--Icon by Font Awesome (https:\/\/fontawesome.com)-->\n    <svg version=\"1.1\" xmlns=\"http:\/\/www.w3.org\/2000\/svg\" xmlns:xlink=\"http:\/\/www.w3.org\/1999\/xlink\" id=\"file-o\" viewBox=\"0 0 1611.2499 1896.0833\">\n      <path d=\"M1468 380q28 28 48 76t20 88v1152q0 40-28 68t-68 28H96q-40 0-68-28t-28-68V96q0-40 28-68T96 0h896q40 0 88 20t76 48zm-444-244v376h376q-10-29-22-41l-313-313q-12-12-41-22zm384 1528V640H992q-40 0-68-28t-28-68V128H128v1536h1280z\"><\/path>\n    <\/svg><\/span> <span>Semblanza Curricular<\/span><\/a>\n                              <\/span>\n                            <\/div>\n                          <\/div>\n                        <\/div>\n                      <\/div>\n                    <\/div>\n                  <\/div>\n                <\/div>\n              <\/div>\n            <\/div>\n          <\/div>\n          <div class=\"h-column h-column-container d-flex h-col-lg-2 h-col-md-6 h-col-12 style-1170-outer style-local-2380-c372-outer\">\n            <div data-colibri-id=\"2380-c372\" class=\"d-flex h-flex-basis h-column__inner h-px-lg-0 h-px-md-0 h-px-0 v-inner-lg-0 v-inner-md-0 v-inner-0 style-1170 style-local-2380-c372 position-relative\">\n              <!---->\n              <!---->\n              <div class=\"w-100 h-y-container h-column__content h-column__v-align flex-basis-100 align-self-lg-start align-self-md-start align-self-start\">\n                <!---->\n                <div data-colibri-id=\"2380-c373\" class=\"d-block style-1495 style-local-2380-c373 position-relative h-element\">\n                  <!---->\n                  <div class=\"h-image__frame-container-outer\">\n                    <div class=\"h-image__frame-container\">\n                      <!---->\n                      <!---->\n                      <img loading=\"lazy\" decoding=\"async\" width=\"1080\" height=\"1080\" src=\"https:\/\/etnografia.inah.gob.mx\/wp-content\/uploads\/2023\/07\/Isabel-Contla.png\" class=\"wp-image-3873 style-1495-image style-local-2380-c373-image\" alt=\"\" srcset=\"https:\/\/etnografia.inah.gob.mx\/wp-content\/uploads\/2023\/07\/Isabel-Contla.png 1080w, https:\/\/etnografia.inah.gob.mx\/wp-content\/uploads\/2023\/07\/Isabel-Contla-300x300.png 300w, https:\/\/etnografia.inah.gob.mx\/wp-content\/uploads\/2023\/07\/Isabel-Contla-1024x1024.png 1024w, https:\/\/etnografia.inah.gob.mx\/wp-content\/uploads\/2023\/07\/Isabel-Contla-150x150.png 150w, https:\/\/etnografia.inah.gob.mx\/wp-content\/uploads\/2023\/07\/Isabel-Contla-768x768.png 768w\" sizes=\"auto, (max-width: 1080px) 100vw, 1080px\" \/>\n                      <div class=\"h-image__frame h-hide-lg h-hide-md h-hide-sm style-1495-frameImage style-local-2380-c373-frameImage\"><\/div>\n                    <\/div>\n                  <\/div>\n                <\/div>\n                <div data-colibri-id=\"2380-c374\" class=\"h-row-container gutters-row-lg-0 gutters-row-md-0 gutters-row-0 gutters-row-v-lg-0 gutters-row-v-md-0 gutters-row-v-0 style-1210 style-local-2380-c374 position-relative\">\n                  <!---->\n                  <div class=\"h-row justify-content-lg-center justify-content-md-center justify-content-center align-items-lg-stretch align-items-md-stretch align-items-stretch gutters-col-lg-0 gutters-col-md-0 gutters-col-0 gutters-col-v-lg-0 gutters-col-v-md-0 gutters-col-v-0\">\n                    <!---->\n                    <div class=\"h-column h-column-container d-flex h-col-lg-auto h-col-md-auto h-col-auto style-1211-outer style-local-2380-c375-outer\">\n                      <div data-colibri-id=\"2380-c375\" class=\"d-flex h-flex-basis h-column__inner h-px-lg-2 h-px-md-2 h-px-2 v-inner-lg-2 v-inner-md-2 v-inner-2 style-1211 style-local-2380-c375 position-relative\">\n                        <!---->\n                        <!---->\n                        <div class=\"w-100 h-y-container h-column__content h-column__v-align flex-basis-100 align-self-lg-start align-self-md-start align-self-start\">\n                          <!---->\n                          <div data-colibri-id=\"2380-c376\" class=\"h-global-transition-all h-heading style-1212 style-local-2380-c376 position-relative h-element\">\n                            <!---->\n                            <div class=\"h-heading__outer style-1212 style-local-2380-c376\">\n                              <!---->\n                              <!---->\n                              <h4 class=\"\">Isabel Contla Garc\u00eda<\/h4>\n                            <\/div>\n                          <\/div>\n                          <div data-colibri-id=\"2380-c377\" class=\"h-text h-text-component style-1213 style-local-2380-c377 position-relative h-element\">\n                            <!---->\n                            <!---->\n                            <div class=\"\">\n                              <p><span style=\"font-family: Montserrat; font-size: 13.6px; font-weight: 600; color: rgb(51, 51, 51);\">Proyecto &#8220;Proyecto &#8220;<\/span><span style=\"font-family: Montserrat; font-size: 13.6px; font-weight: 600; color: rgb(0, 0, 0);\">Ensamblando el archivo etnogr\u00e1fico digital del Centro INAH Jalisco: una propuesta reflexiva y meta-etnogr\u00e1fica (PRONE)<\/span>\n                                <span\n                                  style=\"font-family: Montserrat; font-size: 13.6px; font-weight: 600; color: rgb(51, 51, 51);\">&#8220;<\/span>\n                              <\/p>\n                              <p><span style=\"font-family: Montserrat; font-size: 85%; font-weight: 600; color: rgb(0, 0, 0);\">&nbsp;isacontla12@gmail.com<\/span><strong style=\"font-weight: 700; color: rgb(84, 84, 84);\"> <\/strong><\/p>\n                            <\/div>\n                          <\/div>\n                          <div data-colibri-id=\"2380-c378\" class=\"h-x-container style-1550 style-local-2380-c378 position-relative h-element\">\n                            <!---->\n                            <div class=\"h-x-container-inner style-dynamic-2380-c378-group style-1550-spacing style-local-2380-c378-spacing\"><span class=\"h-button__outer style-1177-outer style-local-2380-c379-outer d-inline-flex h-element\"><a h-use-smooth-scroll=\"true\" href=\"https:\/\/etnografia.convocatoriaprone.mx\/wp-content\/uploads\/2022\/05\/Isabel-Contla-Garcia.pdf\" data-fancybox=\"section-group-nq3Nhz7LkNkRDTHdeM3TZu\"  data-colibri-id=\"2380-c379\" class=\"d-flex w-100 align-items-center h-button justify-content-lg-center justify-content-md-center justify-content-center style-1177 style-local-2380-c379 position-relative\"><!----><span  class=\"h-svg-icon h-button__icon style-1177-icon style-local-2380-c379-icon\"><!--Icon by Font Awesome (https:\/\/fontawesome.com)-->\n    <svg version=\"1.1\" xmlns=\"http:\/\/www.w3.org\/2000\/svg\" xmlns:xlink=\"http:\/\/www.w3.org\/1999\/xlink\" id=\"file-o\" viewBox=\"0 0 1611.2499 1896.0833\">\n      <path d=\"M1468 380q28 28 48 76t20 88v1152q0 40-28 68t-68 28H96q-40 0-68-28t-28-68V96q0-40 28-68T96 0h896q40 0 88 20t76 48zm-444-244v376h376q-10-29-22-41l-313-313q-12-12-41-22zm384 1528V640H992q-40 0-68-28t-28-68V128H128v1536h1280z\"><\/path>\n    <\/svg><\/span> <span>Semblanza Curricular<\/span><\/a>\n                              <\/span>\n                            <\/div>\n                          <\/div>\n                        <\/div>\n                      <\/div>\n                    <\/div>\n                  <\/div>\n                <\/div>\n              <\/div>\n            <\/div>\n          <\/div>\n          <div class=\"h-column h-column-container d-flex h-col-lg-2 h-col-md-6 h-col-12 style-1170-outer style-local-2380-c380-outer\">\n            <div data-colibri-id=\"2380-c380\" class=\"d-flex h-flex-basis h-column__inner h-px-lg-0 h-px-md-0 h-px-0 v-inner-lg-0 v-inner-md-0 v-inner-0 style-1170 style-local-2380-c380 position-relative\">\n              <!---->\n              <!---->\n              <div class=\"w-100 h-y-container h-column__content h-column__v-align flex-basis-100 align-self-lg-start align-self-md-start align-self-start\">\n                <!---->\n                <div data-colibri-id=\"2380-c381\" class=\"d-block style-1496 style-local-2380-c381 position-relative h-element\">\n                  <!---->\n                  <div class=\"h-image__frame-container-outer\">\n                    <div class=\"h-image__frame-container\">\n                      <!---->\n                      <!---->\n                      <img loading=\"lazy\" decoding=\"async\" width=\"1080\" height=\"1080\" src=\"https:\/\/etnografia.convocatoriaprone.mx\/wp-content\/uploads\/2022\/05\/1.-usuario.png\" class=\"wp-image-3161 style-1496-image style-local-2380-c381-image\" alt=\"\" srcset=\"https:\/\/etnografia.inah.gob.mx\/wp-content\/uploads\/2022\/05\/1.-usuario.png 1080w, https:\/\/etnografia.inah.gob.mx\/wp-content\/uploads\/2022\/05\/1.-usuario-300x300.png 300w, https:\/\/etnografia.inah.gob.mx\/wp-content\/uploads\/2022\/05\/1.-usuario-1024x1024.png 1024w, https:\/\/etnografia.inah.gob.mx\/wp-content\/uploads\/2022\/05\/1.-usuario-150x150.png 150w, https:\/\/etnografia.inah.gob.mx\/wp-content\/uploads\/2022\/05\/1.-usuario-768x768.png 768w\" sizes=\"auto, (max-width: 1080px) 100vw, 1080px\" \/>\n                      <div class=\"h-image__frame h-hide-lg h-hide-md h-hide-sm style-1496-frameImage style-local-2380-c381-frameImage\"><\/div>\n                    <\/div>\n                  <\/div>\n                <\/div>\n                <div data-colibri-id=\"2380-c382\" class=\"h-row-container gutters-row-lg-0 gutters-row-md-0 gutters-row-0 gutters-row-v-lg-0 gutters-row-v-md-0 gutters-row-v-0 style-1210 style-local-2380-c382 position-relative\">\n                  <!---->\n                  <div class=\"h-row justify-content-lg-center justify-content-md-center justify-content-center align-items-lg-stretch align-items-md-stretch align-items-stretch gutters-col-lg-0 gutters-col-md-0 gutters-col-0 gutters-col-v-lg-0 gutters-col-v-md-0 gutters-col-v-0\">\n                    <!---->\n                    <div class=\"h-column h-column-container d-flex h-col-lg-auto h-col-md-auto h-col-auto style-1211-outer style-local-2380-c383-outer\">\n                      <div data-colibri-id=\"2380-c383\" class=\"d-flex h-flex-basis h-column__inner h-px-lg-2 h-px-md-2 h-px-2 v-inner-lg-2 v-inner-md-2 v-inner-2 style-1211 style-local-2380-c383 position-relative\">\n                        <!---->\n                        <!---->\n                        <div class=\"w-100 h-y-container h-column__content h-column__v-align flex-basis-100 align-self-lg-start align-self-md-start align-self-start\">\n                          <!---->\n                          <div data-colibri-id=\"2380-c384\" class=\"h-global-transition-all h-heading style-1212 style-local-2380-c384 position-relative h-element\">\n                            <!---->\n                            <div class=\"h-heading__outer style-1212 style-local-2380-c384\">\n                              <!---->\n                              <!---->\n                              <h4 class=\"\">Martha Judith Fuentes Arellano<\/h4>\n                            <\/div>\n                          <\/div>\n                          <div data-colibri-id=\"2380-c385\" class=\"h-text h-text-component style-1213 style-local-2380-c385 position-relative h-element\">\n                            <!---->\n                            <!---->\n                            <div class=\"\">\n                              <p><span style=\"font-size: 13.6px; font-family: Montserrat; color: rgb(51, 51, 51); font-weight: 600;\">Proyecto &#8220;Proyecto &#8220;<\/span><span style=\"font-size: 13.6px; font-family: Montserrat; color: rgb(0, 0, 0); font-weight: 600;\">Ensamblando el archivo etnogr\u00e1fico digital del Centro INAH Jalisco: una propuesta reflexiva y meta-etnogr\u00e1fica (PRONE)<\/span>\n                                <span\n                                  style=\"font-size: 13.6px; font-family: Montserrat; color: rgb(51, 51, 51); font-weight: 600;\">&#8220;<\/span>\n                              <\/p>\n                              <p><span style=\"font-weight: 600; font-size: 85%; font-family: Montserrat; color: rgb(0, 0, 0);\">&nbsp;judith.fonto@gmail.com<\/span><\/p>\n                              <p><strong style=\"color: rgb(84, 84, 84); font-weight: 700;\"> <\/strong><\/p>\n                            <\/div>\n                          <\/div>\n                          <div data-colibri-id=\"2380-c386\" class=\"h-x-container style-1552 style-local-2380-c386 position-relative h-element\">\n                            <!---->\n                            <div class=\"h-x-container-inner style-dynamic-2380-c386-group style-1552-spacing style-local-2380-c386-spacing\"><span class=\"h-button__outer style-1177-outer style-local-2380-c387-outer d-inline-flex h-element\"><a h-use-smooth-scroll=\"true\" href=\"https:\/\/etnografia.convocatoriaprone.mx\/wp-content\/uploads\/2022\/05\/Martha-Judith-Fuentes-Arellano.pdf\" data-fancybox=\"section-group-nq3Nhz7LkNkRDTHdeM3TZu\"  data-colibri-id=\"2380-c387\" class=\"d-flex w-100 align-items-center h-button justify-content-lg-center justify-content-md-center justify-content-center style-1177 style-local-2380-c387 position-relative\"><!----><span  class=\"h-svg-icon h-button__icon style-1177-icon style-local-2380-c387-icon\"><!--Icon by Font Awesome (https:\/\/fontawesome.com)-->\n    <svg version=\"1.1\" xmlns=\"http:\/\/www.w3.org\/2000\/svg\" xmlns:xlink=\"http:\/\/www.w3.org\/1999\/xlink\" id=\"file-o\" viewBox=\"0 0 1611.2499 1896.0833\">\n      <path d=\"M1468 380q28 28 48 76t20 88v1152q0 40-28 68t-68 28H96q-40 0-68-28t-28-68V96q0-40 28-68T96 0h896q40 0 88 20t76 48zm-444-244v376h376q-10-29-22-41l-313-313q-12-12-41-22zm384 1528V640H992q-40 0-68-28t-28-68V128H128v1536h1280z\"><\/path>\n    <\/svg><\/span> <span>Semblanza Curricular<\/span><\/a>\n                              <\/span>\n                            <\/div>\n                          <\/div>\n                        <\/div>\n                      <\/div>\n                    <\/div>\n                  <\/div>\n                <\/div>\n              <\/div>\n            <\/div>\n          <\/div>\n          <div class=\"h-column h-column-container d-flex h-col-lg-2 h-col-md-6 h-col-12 style-1170-outer style-local-2380-c388-outer\">\n            <div data-colibri-id=\"2380-c388\" class=\"d-flex h-flex-basis h-column__inner h-px-lg-0 h-px-md-0 h-px-0 v-inner-lg-0 v-inner-md-0 v-inner-0 style-1170 style-local-2380-c388 position-relative\">\n              <!---->\n              <!---->\n              <div class=\"w-100 h-y-container h-column__content h-column__v-align flex-basis-100 align-self-lg-start align-self-md-start align-self-start\">\n                <!---->\n                <div data-colibri-id=\"2380-c389\" class=\"d-block style-1497 style-local-2380-c389 position-relative h-element\">\n                  <!---->\n                  <div class=\"h-image__frame-container-outer\">\n                    <div class=\"h-image__frame-container\">\n                      <!---->\n                      <!---->\n                      <img loading=\"lazy\" decoding=\"async\" width=\"1080\" height=\"1080\" src=\"https:\/\/etnografia.convocatoriaprone.mx\/wp-content\/uploads\/2022\/05\/1.-usuario.png\" class=\"wp-image-3161 style-1497-image style-local-2380-c389-image\" alt=\"\" srcset=\"https:\/\/etnografia.inah.gob.mx\/wp-content\/uploads\/2022\/05\/1.-usuario.png 1080w, https:\/\/etnografia.inah.gob.mx\/wp-content\/uploads\/2022\/05\/1.-usuario-300x300.png 300w, https:\/\/etnografia.inah.gob.mx\/wp-content\/uploads\/2022\/05\/1.-usuario-1024x1024.png 1024w, https:\/\/etnografia.inah.gob.mx\/wp-content\/uploads\/2022\/05\/1.-usuario-150x150.png 150w, https:\/\/etnografia.inah.gob.mx\/wp-content\/uploads\/2022\/05\/1.-usuario-768x768.png 768w\" sizes=\"auto, (max-width: 1080px) 100vw, 1080px\" \/>\n                      <div class=\"h-image__frame h-hide-lg h-hide-md h-hide-sm style-1497-frameImage style-local-2380-c389-frameImage\"><\/div>\n                    <\/div>\n                  <\/div>\n                <\/div>\n                <div data-colibri-id=\"2380-c390\" class=\"h-row-container gutters-row-lg-0 gutters-row-md-0 gutters-row-0 gutters-row-v-lg-0 gutters-row-v-md-0 gutters-row-v-0 style-1210 style-local-2380-c390 position-relative\">\n                  <!---->\n                  <div class=\"h-row justify-content-lg-center justify-content-md-center justify-content-center align-items-lg-stretch align-items-md-stretch align-items-stretch gutters-col-lg-0 gutters-col-md-0 gutters-col-0 gutters-col-v-lg-0 gutters-col-v-md-0 gutters-col-v-0\">\n                    <!---->\n                    <div class=\"h-column h-column-container d-flex h-col-lg-auto h-col-md-auto h-col-auto style-1211-outer style-local-2380-c391-outer\">\n                      <div data-colibri-id=\"2380-c391\" class=\"d-flex h-flex-basis h-column__inner h-px-lg-2 h-px-md-2 h-px-2 v-inner-lg-2 v-inner-md-2 v-inner-2 style-1211 style-local-2380-c391 position-relative\">\n                        <!---->\n                        <!---->\n                        <div class=\"w-100 h-y-container h-column__content h-column__v-align flex-basis-100 align-self-lg-start align-self-md-start align-self-start\">\n                          <!---->\n                          <div data-colibri-id=\"2380-c392\" class=\"h-global-transition-all h-heading style-1212 style-local-2380-c392 position-relative h-element\">\n                            <!---->\n                            <div class=\"h-heading__outer style-1212 style-local-2380-c392\">\n                              <!---->\n                              <!---->\n                              <h4 class=\"\">Zara de los \u00c1ngeles Berrueta Ochoa<\/h4>\n                            <\/div>\n                          <\/div>\n                          <div data-colibri-id=\"2380-c393\" class=\"h-text h-text-component style-1213 style-local-2380-c393 position-relative h-element\">\n                            <!---->\n                            <!---->\n                            <div class=\"\">\n                              <p><span style=\"font-family: Montserrat; font-size: 13.6px; color: rgb(51, 51, 51); font-weight: 600;\">Proyecto &#8220;Proyecto &#8220;<\/span><span style=\"font-family: Montserrat; font-size: 13.6px; color: rgb(0, 0, 0); font-weight: 600;\">Ensamblando el archivo etnogr\u00e1fico digital del Centro INAH Jalisco: una propuesta reflexiva y meta-etnogr\u00e1fica (PRONE)<\/span>\n                                <span\n                                  style=\"font-family: Montserrat; font-size: 13.6px; color: rgb(51, 51, 51); font-weight: 600;\">&#8220;<\/span>\n                              <\/p>\n                              <p><span style=\"font-weight: 600; font-size: 64%; font-family: Montserrat; color: rgb(0, 0, 0);\">&nbsp;zaradelosangeles@googlemail.com<\/span><span style=\"font-weight: 400; font-size: 16px; font-family: Arial; color: rgb(0, 0, 0);\"> <\/span><\/p>\n                              <p><strong style=\"color: rgb(84, 84, 84); font-weight: 700;\"> <\/strong><\/p>\n                            <\/div>\n                          <\/div>\n                          <div data-colibri-id=\"2380-c394\" class=\"h-x-container style-1554 style-local-2380-c394 position-relative h-element\">\n                            <!---->\n                            <div class=\"h-x-container-inner style-dynamic-2380-c394-group style-1554-spacing style-local-2380-c394-spacing\"><span class=\"h-button__outer style-1177-outer style-local-2380-c395-outer d-inline-flex h-element\"><a h-use-smooth-scroll=\"true\" href=\"https:\/\/etnografia.convocatoriaprone.mx\/wp-content\/uploads\/2022\/05\/Zara-de-los-Angeles-Berrueta-Ochoa.pdf\" data-fancybox=\"section-group-nq3Nhz7LkNkRDTHdeM3TZu\"  data-colibri-id=\"2380-c395\" class=\"d-flex w-100 align-items-center h-button justify-content-lg-center justify-content-md-center justify-content-center style-1177 style-local-2380-c395 position-relative\"><!----><span  class=\"h-svg-icon h-button__icon style-1177-icon style-local-2380-c395-icon\"><!--Icon by Font Awesome (https:\/\/fontawesome.com)-->\n    <svg version=\"1.1\" xmlns=\"http:\/\/www.w3.org\/2000\/svg\" xmlns:xlink=\"http:\/\/www.w3.org\/1999\/xlink\" id=\"file-o\" viewBox=\"0 0 1611.2499 1896.0833\">\n      <path d=\"M1468 380q28 28 48 76t20 88v1152q0 40-28 68t-68 28H96q-40 0-68-28t-28-68V96q0-40 28-68T96 0h896q40 0 88 20t76 48zm-444-244v376h376q-10-29-22-41l-313-313q-12-12-41-22zm384 1528V640H992q-40 0-68-28t-28-68V128H128v1536h1280z\"><\/path>\n    <\/svg><\/span> <span>Semblanza Curricular<\/span><\/a>\n                              <\/span>\n                            <\/div>\n                          <\/div>\n                        <\/div>\n                      <\/div>\n                    <\/div>\n                  <\/div>\n                <\/div>\n              <\/div>\n            <\/div>\n          <\/div>\n          <div class=\"h-column h-column-container d-flex h-col-lg-2 h-col-md-6 h-col-12 style-1170-outer style-local-2380-c396-outer\">\n            <div data-colibri-id=\"2380-c396\" class=\"d-flex h-flex-basis h-column__inner h-px-lg-0 h-px-md-0 h-px-0 v-inner-lg-0 v-inner-md-0 v-inner-0 style-1170 style-local-2380-c396 position-relative\">\n              <!---->\n              <!---->\n              <div class=\"w-100 h-y-container h-column__content h-column__v-align flex-basis-100 align-self-lg-start align-self-md-start align-self-start\">\n                <!---->\n                <div data-colibri-id=\"2380-c397\" class=\"d-block style-1209 style-local-2380-c397 position-relative h-element\">\n                  <!---->\n                  <div class=\"h-image__frame-container-outer\">\n                    <div class=\"h-image__frame-container\">\n                      <!---->\n                      <!---->\n                      <img loading=\"lazy\" decoding=\"async\" width=\"1080\" height=\"1080\" src=\"https:\/\/etnografia.convocatoriaprone.mx\/wp-content\/uploads\/2022\/03\/Marina-Alonso-Bolanos.png\" class=\"wp-image-1583 style-1209-image style-local-2380-c397-image\" alt=\"\" srcset=\"https:\/\/etnografia.inah.gob.mx\/wp-content\/uploads\/2022\/03\/Marina-Alonso-Bolanos.png 1080w, https:\/\/etnografia.inah.gob.mx\/wp-content\/uploads\/2022\/03\/Marina-Alonso-Bolanos-300x300.png 300w, https:\/\/etnografia.inah.gob.mx\/wp-content\/uploads\/2022\/03\/Marina-Alonso-Bolanos-1024x1024.png 1024w, https:\/\/etnografia.inah.gob.mx\/wp-content\/uploads\/2022\/03\/Marina-Alonso-Bolanos-150x150.png 150w, https:\/\/etnografia.inah.gob.mx\/wp-content\/uploads\/2022\/03\/Marina-Alonso-Bolanos-768x768.png 768w\" sizes=\"auto, (max-width: 1080px) 100vw, 1080px\" \/>\n                      <div class=\"h-image__frame h-hide-lg h-hide-md h-hide-sm style-1209-frameImage style-local-2380-c397-frameImage\"><\/div>\n                    <\/div>\n                  <\/div>\n                <\/div>\n                <div data-colibri-id=\"2380-c398\" class=\"h-row-container gutters-row-lg-0 gutters-row-md-0 gutters-row-0 gutters-row-v-lg-0 gutters-row-v-md-0 gutters-row-v-0 style-1210 style-local-2380-c398 position-relative\">\n                  <!---->\n                  <div class=\"h-row justify-content-lg-center justify-content-md-center justify-content-center align-items-lg-stretch align-items-md-stretch align-items-stretch gutters-col-lg-0 gutters-col-md-0 gutters-col-0 gutters-col-v-lg-0 gutters-col-v-md-0 gutters-col-v-0\">\n                    <!---->\n                    <div class=\"h-column h-column-container d-flex h-col-lg-auto h-col-md-auto h-col-auto style-1211-outer style-local-2380-c399-outer\">\n                      <div data-colibri-id=\"2380-c399\" class=\"d-flex h-flex-basis h-column__inner h-px-lg-2 h-px-md-2 h-px-2 v-inner-lg-2 v-inner-md-2 v-inner-2 style-1211 style-local-2380-c399 position-relative\">\n                        <!---->\n                        <!---->\n                        <div class=\"w-100 h-y-container h-column__content h-column__v-align flex-basis-100 align-self-lg-start align-self-md-start align-self-start\">\n                          <!---->\n                          <div data-colibri-id=\"2380-c400\" class=\"h-global-transition-all h-heading style-1212 style-local-2380-c400 position-relative h-element\">\n                            <!---->\n                            <div class=\"h-heading__outer style-1212 style-local-2380-c400\">\n                              <!---->\n                              <!---->\n                              <h4 class=\"\">Marina Alonso Bola\u00f1os<\/h4>\n                            <\/div>\n                          <\/div>\n                          <div data-colibri-id=\"2380-c401\" class=\"h-text h-text-component style-1213 style-local-2380-c401 position-relative h-element\">\n                            <!---->\n                            <!---->\n                            <div class=\"\">\n                              <p><span style=\"color: rgb(51, 51, 51); font-weight: 600; font-size: 85%; font-family: Montserrat;\">Proyecto &#8220;<\/span><span style=\"color: rgb(0, 0, 0); font-weight: 600; font-size: 85%; font-family: Montserrat;\">Nuevas fronteras del arte\/ artesan\u00eda ind\u00edgena y el consumo cultural en la globalizaci\u00f3n<\/span>\n                                <span\n                                  style=\"color: rgb(51, 51, 51); font-weight: 600; font-size: 13.6px; font-family: Montserrat;\">&#8220;<\/span>\n                              <\/p>\n                              <p><span style=\"color: rgb(0, 0, 0); font-weight: 600; font-size: 81%; font-family: Montserrat;\">marina_alonso@inah.gob.mx<\/span><strong style=\"color: rgb(84, 84, 84); font-weight: 700;\"> <\/strong><\/p>\n                            <\/div>\n                          <\/div>\n                          <div data-colibri-id=\"2380-c402\" class=\"h-x-container style-1556 style-local-2380-c402 position-relative h-element\">\n                            <!---->\n                            <div class=\"h-x-container-inner style-dynamic-2380-c402-group style-1556-spacing style-local-2380-c402-spacing\"><span class=\"h-button__outer style-1177-outer style-local-2380-c403-outer d-inline-flex h-element\"><a h-use-smooth-scroll=\"true\" href=\"https:\/\/etnografia.convocatoriaprone.mx\/wp-content\/uploads\/2022\/05\/Marina-Alonso-Bolanos.pdf\" data-fancybox=\"section-group-nq3Nhz7LkNkRDTHdeM3TZu\"  data-colibri-id=\"2380-c403\" class=\"d-flex w-100 align-items-center h-button justify-content-lg-center justify-content-md-center justify-content-center style-1177 style-local-2380-c403 position-relative\"><!----><span  class=\"h-svg-icon h-button__icon style-1177-icon style-local-2380-c403-icon\"><!--Icon by Font Awesome (https:\/\/fontawesome.com)-->\n    <svg version=\"1.1\" xmlns=\"http:\/\/www.w3.org\/2000\/svg\" xmlns:xlink=\"http:\/\/www.w3.org\/1999\/xlink\" id=\"file-o\" viewBox=\"0 0 1611.2499 1896.0833\">\n      <path d=\"M1468 380q28 28 48 76t20 88v1152q0 40-28 68t-68 28H96q-40 0-68-28t-28-68V96q0-40 28-68T96 0h896q40 0 88 20t76 48zm-444-244v376h376q-10-29-22-41l-313-313q-12-12-41-22zm384 1528V640H992q-40 0-68-28t-28-68V128H128v1536h1280z\"><\/path>\n    <\/svg><\/span> <span>Semblanza Curricular<\/span><\/a>\n                              <\/span>\n                            <\/div>\n                          <\/div>\n                        <\/div>\n                      <\/div>\n                    <\/div>\n                  <\/div>\n                <\/div>\n              <\/div>\n            <\/div>\n          <\/div>\n          <div class=\"h-column h-column-container d-flex h-col-lg-2 h-col-md-6 h-col-12 style-1170-outer style-local-2380-c404-outer\">\n            <div data-colibri-id=\"2380-c404\" class=\"d-flex h-flex-basis h-column__inner h-px-lg-0 h-px-md-0 h-px-0 v-inner-lg-0 v-inner-md-0 v-inner-0 style-1170 style-local-2380-c404 position-relative\">\n              <!---->\n              <!---->\n              <div class=\"w-100 h-y-container h-column__content h-column__v-align flex-basis-100 align-self-lg-start align-self-md-start align-self-start\">\n                <!---->\n                <div data-colibri-id=\"2380-c405\" class=\"d-block style-1209 style-local-2380-c405 position-relative h-element\">\n                  <!---->\n                  <div class=\"h-image__frame-container-outer\">\n                    <div class=\"h-image__frame-container\">\n                      <!---->\n                      <!---->\n                      <img loading=\"lazy\" decoding=\"async\" width=\"1080\" height=\"1080\" src=\"https:\/\/etnografia.convocatoriaprone.mx\/wp-content\/uploads\/2022\/03\/Fermin-Ledesma-Dominguez.png\" class=\"wp-image-1569 style-1209-image style-local-2380-c405-image\" alt=\"\" srcset=\"https:\/\/etnografia.inah.gob.mx\/wp-content\/uploads\/2022\/03\/Fermin-Ledesma-Dominguez.png 1080w, https:\/\/etnografia.inah.gob.mx\/wp-content\/uploads\/2022\/03\/Fermin-Ledesma-Dominguez-300x300.png 300w, https:\/\/etnografia.inah.gob.mx\/wp-content\/uploads\/2022\/03\/Fermin-Ledesma-Dominguez-1024x1024.png 1024w, https:\/\/etnografia.inah.gob.mx\/wp-content\/uploads\/2022\/03\/Fermin-Ledesma-Dominguez-150x150.png 150w, https:\/\/etnografia.inah.gob.mx\/wp-content\/uploads\/2022\/03\/Fermin-Ledesma-Dominguez-768x768.png 768w\" sizes=\"auto, (max-width: 1080px) 100vw, 1080px\" \/>\n                      <div class=\"h-image__frame h-hide-lg h-hide-md h-hide-sm style-1209-frameImage style-local-2380-c405-frameImage\"><\/div>\n                    <\/div>\n                  <\/div>\n                <\/div>\n                <div data-colibri-id=\"2380-c406\" class=\"h-row-container gutters-row-lg-0 gutters-row-md-0 gutters-row-0 gutters-row-v-lg-0 gutters-row-v-md-0 gutters-row-v-0 style-1210 style-local-2380-c406 position-relative\">\n                  <!---->\n                  <div class=\"h-row justify-content-lg-center justify-content-md-center justify-content-center align-items-lg-stretch align-items-md-stretch align-items-stretch gutters-col-lg-0 gutters-col-md-0 gutters-col-0 gutters-col-v-lg-0 gutters-col-v-md-0 gutters-col-v-0\">\n                    <!---->\n                    <div class=\"h-column h-column-container d-flex h-col-lg-auto h-col-md-auto h-col-auto style-1211-outer style-local-2380-c407-outer\">\n                      <div data-colibri-id=\"2380-c407\" class=\"d-flex h-flex-basis h-column__inner h-px-lg-2 h-px-md-2 h-px-2 v-inner-lg-2 v-inner-md-2 v-inner-2 style-1211 style-local-2380-c407 position-relative\">\n                        <!---->\n                        <!---->\n                        <div class=\"w-100 h-y-container h-column__content h-column__v-align flex-basis-100 align-self-lg-start align-self-md-start align-self-start\">\n                          <!---->\n                          <div data-colibri-id=\"2380-c408\" class=\"h-global-transition-all h-heading style-1212 style-local-2380-c408 position-relative h-element\">\n                            <!---->\n                            <div class=\"h-heading__outer style-1212 style-local-2380-c408\">\n                              <!---->\n                              <!---->\n                              <h4 class=\"\">Ferm\u00edn Ledesma Dom\u00ednguez<\/h4>\n                            <\/div>\n                          <\/div>\n                          <div data-colibri-id=\"2380-c409\" class=\"h-text h-text-component style-1213 style-local-2380-c409 position-relative h-element\">\n                            <!---->\n                            <!---->\n                            <div class=\"\">\n                              <p><span style=\"font-family: Montserrat; font-size: 13.6px; color: rgb(51, 51, 51); font-weight: 600;\">Proyecto &#8220;<\/span><span style=\"font-family: Montserrat; font-size: 13.6px; color: rgb(0, 0, 0); font-weight: 600;\">Nuevas fronteras del arte\/ artesan\u00eda ind\u00edgena y el consumo cultural en la globalizaci\u00f3n<\/span>\n                                <span\n                                  style=\"font-family: Montserrat; font-size: 13.6px; color: rgb(51, 51, 51); font-weight: 600;\">&#8220;<\/span>\n                              <\/p>\n                              <p><span style=\"font-weight: 600; font-size: 85%; font-family: Montserrat; color: rgb(0, 0, 0);\">fer.ledesma.d@gmail.com<\/span><\/p>\n                              <p><strong style=\"color: rgb(84, 84, 84); font-weight: 700;\"> <\/strong><\/p>\n                            <\/div>\n                          <\/div>\n                          <div data-colibri-id=\"2380-c410\" class=\"h-x-container style-1558 style-local-2380-c410 position-relative h-element\">\n                            <!---->\n                            <div class=\"h-x-container-inner style-dynamic-2380-c410-group style-1558-spacing style-local-2380-c410-spacing\"><span class=\"h-button__outer style-1177-outer style-local-2380-c411-outer d-inline-flex h-element\"><a h-use-smooth-scroll=\"true\" href=\"https:\/\/etnografia.convocatoriaprone.mx\/wp-content\/uploads\/2022\/05\/Fermin-Ledesma-Dominguez.pdf\" data-fancybox=\"section-group-nq3Nhz7LkNkRDTHdeM3TZu\"  data-colibri-id=\"2380-c411\" class=\"d-flex w-100 align-items-center h-button justify-content-lg-center justify-content-md-center justify-content-center style-1177 style-local-2380-c411 position-relative\"><!----><span  class=\"h-svg-icon h-button__icon style-1177-icon style-local-2380-c411-icon\"><!--Icon by Font Awesome (https:\/\/fontawesome.com)-->\n    <svg version=\"1.1\" xmlns=\"http:\/\/www.w3.org\/2000\/svg\" xmlns:xlink=\"http:\/\/www.w3.org\/1999\/xlink\" id=\"file-o\" viewBox=\"0 0 1611.2499 1896.0833\">\n      <path d=\"M1468 380q28 28 48 76t20 88v1152q0 40-28 68t-68 28H96q-40 0-68-28t-28-68V96q0-40 28-68T96 0h896q40 0 88 20t76 48zm-444-244v376h376q-10-29-22-41l-313-313q-12-12-41-22zm384 1528V640H992q-40 0-68-28t-28-68V128H128v1536h1280z\"><\/path>\n    <\/svg><\/span> <span>Semblanza Curricular<\/span><\/a>\n                              <\/span>\n                            <\/div>\n                          <\/div>\n                        <\/div>\n                      <\/div>\n                    <\/div>\n                  <\/div>\n                <\/div>\n              <\/div>\n            <\/div>\n          <\/div>\n          <div class=\"h-column h-column-container d-flex h-col-lg-2 h-col-md-6 h-col-12 style-1170-outer style-local-2380-c412-outer\">\n            <div data-colibri-id=\"2380-c412\" class=\"d-flex h-flex-basis h-column__inner h-px-lg-0 h-px-md-0 h-px-0 v-inner-lg-0 v-inner-md-0 v-inner-0 style-1170 style-local-2380-c412 position-relative\">\n              <!---->\n              <!---->\n              <div class=\"w-100 h-y-container h-column__content h-column__v-align flex-basis-100 align-self-lg-start align-self-md-start align-self-start\">\n                <!---->\n                <div data-colibri-id=\"2380-c413\" class=\"d-block style-1498 style-local-2380-c413 position-relative h-element\">\n                  <!---->\n                  <div class=\"h-image__frame-container-outer\">\n                    <div class=\"h-image__frame-container\">\n                      <!---->\n                      <!---->\n                      <img loading=\"lazy\" decoding=\"async\" width=\"1080\" height=\"1080\" src=\"https:\/\/etnografia.convocatoriaprone.mx\/wp-content\/uploads\/2022\/05\/1.-usuario.png\" class=\"wp-image-3161 style-1498-image style-local-2380-c413-image\" alt=\"\" srcset=\"https:\/\/etnografia.inah.gob.mx\/wp-content\/uploads\/2022\/05\/1.-usuario.png 1080w, https:\/\/etnografia.inah.gob.mx\/wp-content\/uploads\/2022\/05\/1.-usuario-300x300.png 300w, https:\/\/etnografia.inah.gob.mx\/wp-content\/uploads\/2022\/05\/1.-usuario-1024x1024.png 1024w, https:\/\/etnografia.inah.gob.mx\/wp-content\/uploads\/2022\/05\/1.-usuario-150x150.png 150w, https:\/\/etnografia.inah.gob.mx\/wp-content\/uploads\/2022\/05\/1.-usuario-768x768.png 768w\" sizes=\"auto, (max-width: 1080px) 100vw, 1080px\" \/>\n                      <div class=\"h-image__frame h-hide-lg h-hide-md h-hide-sm style-1498-frameImage style-local-2380-c413-frameImage\"><\/div>\n                    <\/div>\n                  <\/div>\n                <\/div>\n                <div data-colibri-id=\"2380-c414\" class=\"h-row-container gutters-row-lg-0 gutters-row-md-0 gutters-row-0 gutters-row-v-lg-0 gutters-row-v-md-0 gutters-row-v-0 style-1210 style-local-2380-c414 position-relative\">\n                  <!---->\n                  <div class=\"h-row justify-content-lg-center justify-content-md-center justify-content-center align-items-lg-stretch align-items-md-stretch align-items-stretch gutters-col-lg-0 gutters-col-md-0 gutters-col-0 gutters-col-v-lg-0 gutters-col-v-md-0 gutters-col-v-0\">\n                    <!---->\n                    <div class=\"h-column h-column-container d-flex h-col-lg-auto h-col-md-auto h-col-auto style-1211-outer style-local-2380-c415-outer\">\n                      <div data-colibri-id=\"2380-c415\" class=\"d-flex h-flex-basis h-column__inner h-px-lg-2 h-px-md-2 h-px-2 v-inner-lg-2 v-inner-md-2 v-inner-2 style-1211 style-local-2380-c415 position-relative\">\n                        <!---->\n                        <!---->\n                        <div class=\"w-100 h-y-container h-column__content h-column__v-align flex-basis-100 align-self-lg-start align-self-md-start align-self-start\">\n                          <!---->\n                          <div data-colibri-id=\"2380-c416\" class=\"h-global-transition-all h-heading style-1212 style-local-2380-c416 position-relative h-element\">\n                            <!---->\n                            <div class=\"h-heading__outer style-1212 style-local-2380-c416\">\n                              <!---->\n                              <!---->\n                              <h4 class=\"\">Rosalba Tadeo Castro<\/h4>\n                            <\/div>\n                          <\/div>\n                          <div data-colibri-id=\"2380-c417\" class=\"h-text h-text-component style-1213 style-local-2380-c417 position-relative h-element\">\n                            <!---->\n                            <!---->\n                            <div class=\"\">\n                              <p><span style=\"font-weight: 600; color: rgb(51, 51, 51); font-family: Montserrat; font-size: 13.6px;\">Proyecto &#8220;<\/span><span style=\"font-weight: 600; color: rgb(0, 0, 0); font-family: Montserrat; font-size: 13.6px;\">Nuevas fronteras del arte\/ artesan\u00eda ind\u00edgena y el consumo cultural en la globalizaci\u00f3n<\/span>\n                                <span\n                                  style=\"font-weight: 600; color: rgb(51, 51, 51); font-family: Montserrat; font-size: 13.6px;\">&#8220;<\/span>\n                              <\/p>\n                              <p><span style=\"color: rgb(0, 0, 0); font-family: Montserrat; font-size: 85%; font-weight: 600;\">roxoxpepen@gmail.com<\/span><\/p>\n                              <p><strong style=\"font-weight: 700; color: rgb(84, 84, 84);\"> <\/strong><\/p>\n                            <\/div>\n                          <\/div>\n                          <div data-colibri-id=\"2380-c418\" class=\"h-x-container style-1560 style-local-2380-c418 position-relative h-element\">\n                            <!---->\n                            <div class=\"h-x-container-inner style-dynamic-2380-c418-group style-1560-spacing style-local-2380-c418-spacing\"><span class=\"h-button__outer style-1177-outer style-local-2380-c419-outer d-inline-flex h-element\"><a h-use-smooth-scroll=\"true\" href=\"https:\/\/etnografia.convocatoriaprone.mx\/wp-content\/uploads\/2022\/05\/Rosalba-Tadeo-Castro.pdf\" data-fancybox=\"section-group-nq3Nhz7LkNkRDTHdeM3TZu\"  data-colibri-id=\"2380-c419\" class=\"d-flex w-100 align-items-center h-button justify-content-lg-center justify-content-md-center justify-content-center style-1177 style-local-2380-c419 position-relative\"><!----><span  class=\"h-svg-icon h-button__icon style-1177-icon style-local-2380-c419-icon\"><!--Icon by Font Awesome (https:\/\/fontawesome.com)-->\n    <svg version=\"1.1\" xmlns=\"http:\/\/www.w3.org\/2000\/svg\" xmlns:xlink=\"http:\/\/www.w3.org\/1999\/xlink\" id=\"file-o\" viewBox=\"0 0 1611.2499 1896.0833\">\n      <path d=\"M1468 380q28 28 48 76t20 88v1152q0 40-28 68t-68 28H96q-40 0-68-28t-28-68V96q0-40 28-68T96 0h896q40 0 88 20t76 48zm-444-244v376h376q-10-29-22-41l-313-313q-12-12-41-22zm384 1528V640H992q-40 0-68-28t-28-68V128H128v1536h1280z\"><\/path>\n    <\/svg><\/span> <span>Semblanza Curricular<\/span><\/a>\n                              <\/span>\n                            <\/div>\n                          <\/div>\n                        <\/div>\n                      <\/div>\n                    <\/div>\n                  <\/div>\n                <\/div>\n              <\/div>\n            <\/div>\n          <\/div>\n          <div class=\"h-column h-column-container d-flex h-col-lg-2 h-col-md-6 h-col-12 style-1170-outer style-local-2380-c420-outer\">\n            <div data-colibri-id=\"2380-c420\" class=\"d-flex h-flex-basis h-column__inner h-px-lg-0 h-px-md-0 h-px-0 v-inner-lg-0 v-inner-md-0 v-inner-0 style-1170 style-local-2380-c420 position-relative\">\n              <!---->\n              <!---->\n              <div class=\"w-100 h-y-container h-column__content h-column__v-align flex-basis-100 align-self-lg-start align-self-md-start align-self-start\">\n                <!---->\n                <div data-colibri-id=\"2380-c421\" class=\"d-block style-1499 style-local-2380-c421 position-relative h-element\">\n                  <!---->\n                  <div class=\"h-image__frame-container-outer\">\n                    <div class=\"h-image__frame-container\">\n                      <!---->\n                      <!---->\n                      <img loading=\"lazy\" decoding=\"async\" width=\"1080\" height=\"1080\" src=\"https:\/\/etnografia.convocatoriaprone.mx\/wp-content\/uploads\/2022\/05\/1.-usuario.png\" class=\"wp-image-3161 style-1499-image style-local-2380-c421-image\" alt=\"\" srcset=\"https:\/\/etnografia.inah.gob.mx\/wp-content\/uploads\/2022\/05\/1.-usuario.png 1080w, https:\/\/etnografia.inah.gob.mx\/wp-content\/uploads\/2022\/05\/1.-usuario-300x300.png 300w, https:\/\/etnografia.inah.gob.mx\/wp-content\/uploads\/2022\/05\/1.-usuario-1024x1024.png 1024w, https:\/\/etnografia.inah.gob.mx\/wp-content\/uploads\/2022\/05\/1.-usuario-150x150.png 150w, https:\/\/etnografia.inah.gob.mx\/wp-content\/uploads\/2022\/05\/1.-usuario-768x768.png 768w\" sizes=\"auto, (max-width: 1080px) 100vw, 1080px\" \/>\n                      <div class=\"h-image__frame h-hide-lg h-hide-md h-hide-sm style-1499-frameImage style-local-2380-c421-frameImage\"><\/div>\n                    <\/div>\n                  <\/div>\n                <\/div>\n                <div data-colibri-id=\"2380-c422\" class=\"h-row-container gutters-row-lg-0 gutters-row-md-0 gutters-row-0 gutters-row-v-lg-0 gutters-row-v-md-0 gutters-row-v-0 style-1210 style-local-2380-c422 position-relative\">\n                  <!---->\n                  <div class=\"h-row justify-content-lg-center justify-content-md-center justify-content-center align-items-lg-stretch align-items-md-stretch align-items-stretch gutters-col-lg-0 gutters-col-md-0 gutters-col-0 gutters-col-v-lg-0 gutters-col-v-md-0 gutters-col-v-0\">\n                    <!---->\n                    <div class=\"h-column h-column-container d-flex h-col-lg-auto h-col-md-auto h-col-auto style-1211-outer style-local-2380-c423-outer\">\n                      <div data-colibri-id=\"2380-c423\" class=\"d-flex h-flex-basis h-column__inner h-px-lg-2 h-px-md-2 h-px-2 v-inner-lg-2 v-inner-md-2 v-inner-2 style-1211 style-local-2380-c423 position-relative\">\n                        <!---->\n                        <!---->\n                        <div class=\"w-100 h-y-container h-column__content h-column__v-align flex-basis-100 align-self-lg-start align-self-md-start align-self-start\">\n                          <!---->\n                          <div data-colibri-id=\"2380-c424\" class=\"h-global-transition-all h-heading style-1212 style-local-2380-c424 position-relative h-element\">\n                            <!---->\n                            <div class=\"h-heading__outer style-1212 style-local-2380-c424\">\n                              <!---->\n                              <!---->\n                              <h4 class=\"\">Edith Natividad Rangel Cruz <\/h4>\n                            <\/div>\n                          <\/div>\n                          <div data-colibri-id=\"2380-c425\" class=\"h-text h-text-component style-1213 style-local-2380-c425 position-relative h-element\">\n                            <!---->\n                            <!---->\n                            <div class=\"\">\n                              <p><span style=\"font-family: Montserrat; font-size: 85%; font-weight: 600; color: rgb(51, 51, 51);\">Proyecto &#8220;<\/span><span style=\"font-family: Montserrat; font-size: 85%; font-weight: 600; color: rgb(0, 0, 0);\">Patrimonio cultural, espacio y pol\u00edticas estatales en el corredor abaje\u00f1o Quer\u00e9taro-Guanajuato<\/span>\n                                <span\n                                  style=\"font-family: Montserrat; font-size: 85%; font-weight: 600; color: rgb(51, 51, 51);\">&#8220;<\/span>\n                              <\/p>\n                              <p><span style=\"font-weight: 600; color: rgb(0, 0, 0); font-size: 85%; font-family: Montserrat;\">27edithrc@gmail.com<\/span><\/p>\n                            <\/div>\n                          <\/div>\n                          <div data-colibri-id=\"2380-c426\" class=\"h-x-container style-1562 style-local-2380-c426 position-relative h-element\">\n                            <!---->\n                            <div class=\"h-x-container-inner style-dynamic-2380-c426-group style-1562-spacing style-local-2380-c426-spacing\"><span class=\"h-button__outer style-1177-outer style-local-2380-c427-outer d-inline-flex h-element\"><a h-use-smooth-scroll=\"true\" href=\"https:\/\/etnografia.convocatoriaprone.mx\/wp-content\/uploads\/2022\/05\/Edith-Natividad-Rangel-Cruz.pdf\" data-fancybox=\"section-group-nq3Nhz7LkNkRDTHdeM3TZu\"  data-colibri-id=\"2380-c427\" class=\"d-flex w-100 align-items-center h-button justify-content-lg-center justify-content-md-center justify-content-center style-1177 style-local-2380-c427 position-relative\"><!----><span  class=\"h-svg-icon h-button__icon style-1177-icon style-local-2380-c427-icon\"><!--Icon by Font Awesome (https:\/\/fontawesome.com)-->\n    <svg version=\"1.1\" xmlns=\"http:\/\/www.w3.org\/2000\/svg\" xmlns:xlink=\"http:\/\/www.w3.org\/1999\/xlink\" id=\"file-o\" viewBox=\"0 0 1611.2499 1896.0833\">\n      <path d=\"M1468 380q28 28 48 76t20 88v1152q0 40-28 68t-68 28H96q-40 0-68-28t-28-68V96q0-40 28-68T96 0h896q40 0 88 20t76 48zm-444-244v376h376q-10-29-22-41l-313-313q-12-12-41-22zm384 1528V640H992q-40 0-68-28t-28-68V128H128v1536h1280z\"><\/path>\n    <\/svg><\/span> <span>Semblanza Curricular<\/span><\/a>\n                              <\/span>\n                            <\/div>\n                          <\/div>\n                        <\/div>\n                      <\/div>\n                    <\/div>\n                  <\/div>\n                <\/div>\n              <\/div>\n            <\/div>\n          <\/div>\n          <div class=\"h-column h-column-container d-flex h-col-lg-2 h-col-md-6 h-col-12 style-1170-outer style-local-2380-c428-outer\">\n            <div data-colibri-id=\"2380-c428\" class=\"d-flex h-flex-basis h-column__inner h-px-lg-0 h-px-md-0 h-px-0 v-inner-lg-0 v-inner-md-0 v-inner-0 style-1170 style-local-2380-c428 position-relative\">\n              <!---->\n              <!---->\n              <div class=\"w-100 h-y-container h-column__content h-column__v-align flex-basis-100 align-self-lg-start align-self-md-start align-self-start\">\n                <!---->\n                <div data-colibri-id=\"2380-c429\" class=\"d-block style-1500 style-local-2380-c429 position-relative h-element\">\n                  <!---->\n                  <div class=\"h-image__frame-container-outer\">\n                    <div class=\"h-image__frame-container\">\n                      <!---->\n                      <!---->\n                      <img loading=\"lazy\" decoding=\"async\" width=\"1080\" height=\"1080\" src=\"https:\/\/etnografia.convocatoriaprone.mx\/wp-content\/uploads\/2022\/05\/1.-usuario.png\" class=\"wp-image-3161 style-1500-image style-local-2380-c429-image\" alt=\"\" srcset=\"https:\/\/etnografia.inah.gob.mx\/wp-content\/uploads\/2022\/05\/1.-usuario.png 1080w, https:\/\/etnografia.inah.gob.mx\/wp-content\/uploads\/2022\/05\/1.-usuario-300x300.png 300w, https:\/\/etnografia.inah.gob.mx\/wp-content\/uploads\/2022\/05\/1.-usuario-1024x1024.png 1024w, https:\/\/etnografia.inah.gob.mx\/wp-content\/uploads\/2022\/05\/1.-usuario-150x150.png 150w, https:\/\/etnografia.inah.gob.mx\/wp-content\/uploads\/2022\/05\/1.-usuario-768x768.png 768w\" sizes=\"auto, (max-width: 1080px) 100vw, 1080px\" \/>\n                      <div class=\"h-image__frame h-hide-lg h-hide-md h-hide-sm style-1500-frameImage style-local-2380-c429-frameImage\"><\/div>\n                    <\/div>\n                  <\/div>\n                <\/div>\n                <div data-colibri-id=\"2380-c430\" class=\"h-row-container gutters-row-lg-0 gutters-row-md-0 gutters-row-0 gutters-row-v-lg-0 gutters-row-v-md-0 gutters-row-v-0 style-1210 style-local-2380-c430 position-relative\">\n                  <!---->\n                  <div class=\"h-row justify-content-lg-center justify-content-md-center justify-content-center align-items-lg-stretch align-items-md-stretch align-items-stretch gutters-col-lg-0 gutters-col-md-0 gutters-col-0 gutters-col-v-lg-0 gutters-col-v-md-0 gutters-col-v-0\">\n                    <!---->\n                    <div class=\"h-column h-column-container d-flex h-col-lg-auto h-col-md-auto h-col-auto style-1211-outer style-local-2380-c431-outer\">\n                      <div data-colibri-id=\"2380-c431\" class=\"d-flex h-flex-basis h-column__inner h-px-lg-2 h-px-md-2 h-px-2 v-inner-lg-2 v-inner-md-2 v-inner-2 style-1211 style-local-2380-c431 position-relative\">\n                        <!---->\n                        <!---->\n                        <div class=\"w-100 h-y-container h-column__content h-column__v-align flex-basis-100 align-self-lg-start align-self-md-start align-self-start\">\n                          <!---->\n                          <div data-colibri-id=\"2380-c432\" class=\"h-global-transition-all h-heading style-1212 style-local-2380-c432 position-relative h-element\">\n                            <!---->\n                            <div class=\"h-heading__outer style-1212 style-local-2380-c432\">\n                              <!---->\n                              <!---->\n                              <h4 class=\"\">Ricardo L\u00f3pez Ugalde<\/h4>\n                            <\/div>\n                          <\/div>\n                          <div data-colibri-id=\"2380-c433\" class=\"h-text h-text-component style-1213 style-local-2380-c433 position-relative h-element\">\n                            <!---->\n                            <!---->\n                            <div class=\"\">\n                              <p><span style=\"font-size: 13.6px; font-family: Montserrat; color: rgb(51, 51, 51); font-weight: 600;\">Proyecto &#8220;<\/span><span style=\"font-size: 13.6px; font-family: Montserrat; color: rgb(0, 0, 0); font-weight: 600;\">Patrimonio cultural, espacio y pol\u00edticas estatales en el corredor abaje\u00f1o Quer\u00e9taro-Guanajuato<\/span>\n                                <span\n                                  style=\"font-size: 13.6px; font-family: Montserrat; color: rgb(51, 51, 51); font-weight: 600;\">&#8220;<\/span>\n                              <\/p>\n                              <p><span style=\"font-weight: 600; font-size: 68%; font-family: Montserrat; color: rgb(0, 0, 0);\">ricardo_lopezugalde@inah.gob.mx<\/span><\/p>\n                              <p><strong style=\"color: rgb(84, 84, 84); font-weight: 700;\"> <\/strong><\/p>\n                            <\/div>\n                          <\/div>\n                          <div data-colibri-id=\"2380-c434\" class=\"h-x-container style-1564 style-local-2380-c434 position-relative h-element\">\n                            <!---->\n                            <div class=\"h-x-container-inner style-dynamic-2380-c434-group style-1564-spacing style-local-2380-c434-spacing\"><span class=\"h-button__outer style-1177-outer style-local-2380-c435-outer d-inline-flex h-element\"><a h-use-smooth-scroll=\"true\" href=\"https:\/\/etnografia.convocatoriaprone.mx\/wp-content\/uploads\/2022\/05\/Ricardo-Lopez-Ugalde.pdf\" data-fancybox=\"section-group-nq3Nhz7LkNkRDTHdeM3TZu\"  data-colibri-id=\"2380-c435\" class=\"d-flex w-100 align-items-center h-button justify-content-lg-center justify-content-md-center justify-content-center style-1177 style-local-2380-c435 position-relative\"><!----><span  class=\"h-svg-icon h-button__icon style-1177-icon style-local-2380-c435-icon\"><!--Icon by Font Awesome (https:\/\/fontawesome.com)-->\n    <svg version=\"1.1\" xmlns=\"http:\/\/www.w3.org\/2000\/svg\" xmlns:xlink=\"http:\/\/www.w3.org\/1999\/xlink\" id=\"file-o\" viewBox=\"0 0 1611.2499 1896.0833\">\n      <path d=\"M1468 380q28 28 48 76t20 88v1152q0 40-28 68t-68 28H96q-40 0-68-28t-28-68V96q0-40 28-68T96 0h896q40 0 88 20t76 48zm-444-244v376h376q-10-29-22-41l-313-313q-12-12-41-22zm384 1528V640H992q-40 0-68-28t-28-68V128H128v1536h1280z\"><\/path>\n    <\/svg><\/span> <span>Semblanza Curricular<\/span><\/a>\n                              <\/span>\n                            <\/div>\n                          <\/div>\n                        <\/div>\n                      <\/div>\n                    <\/div>\n                  <\/div>\n                <\/div>\n              <\/div>\n            <\/div>\n          <\/div>\n          <div class=\"h-column h-column-container d-flex h-col-lg-2 h-col-md-6 h-col-12 style-1170-outer style-local-2380-c436-outer\">\n            <div data-colibri-id=\"2380-c436\" class=\"d-flex h-flex-basis h-column__inner h-px-lg-0 h-px-md-0 h-px-0 v-inner-lg-0 v-inner-md-0 v-inner-0 style-1170 style-local-2380-c436 position-relative\">\n              <!---->\n              <!---->\n              <div class=\"w-100 h-y-container h-column__content h-column__v-align flex-basis-100 align-self-lg-start align-self-md-start align-self-start\">\n                <!---->\n                <div data-colibri-id=\"2380-c437\" class=\"d-block style-1209 style-local-2380-c437 position-relative h-element\">\n                  <!---->\n                  <div class=\"h-image__frame-container-outer\">\n                    <div class=\"h-image__frame-container\">\n                      <!---->\n                      <!---->\n                      <img loading=\"lazy\" decoding=\"async\" width=\"1080\" height=\"1080\" src=\"https:\/\/etnografia.convocatoriaprone.mx\/wp-content\/uploads\/2022\/03\/Julieta-Valle-Esquivel.png\" class=\"wp-image-1577 style-1209-image style-local-2380-c437-image\" alt=\"\" srcset=\"https:\/\/etnografia.inah.gob.mx\/wp-content\/uploads\/2022\/03\/Julieta-Valle-Esquivel.png 1080w, https:\/\/etnografia.inah.gob.mx\/wp-content\/uploads\/2022\/03\/Julieta-Valle-Esquivel-300x300.png 300w, https:\/\/etnografia.inah.gob.mx\/wp-content\/uploads\/2022\/03\/Julieta-Valle-Esquivel-1024x1024.png 1024w, https:\/\/etnografia.inah.gob.mx\/wp-content\/uploads\/2022\/03\/Julieta-Valle-Esquivel-150x150.png 150w, https:\/\/etnografia.inah.gob.mx\/wp-content\/uploads\/2022\/03\/Julieta-Valle-Esquivel-768x768.png 768w\" sizes=\"auto, (max-width: 1080px) 100vw, 1080px\" \/>\n                      <div class=\"h-image__frame h-hide-lg h-hide-md h-hide-sm style-1209-frameImage style-local-2380-c437-frameImage\"><\/div>\n                    <\/div>\n                  <\/div>\n                <\/div>\n                <div data-colibri-id=\"2380-c438\" class=\"h-row-container gutters-row-lg-0 gutters-row-md-0 gutters-row-0 gutters-row-v-lg-0 gutters-row-v-md-0 gutters-row-v-0 style-1210 style-local-2380-c438 position-relative\">\n                  <!---->\n                  <div class=\"h-row justify-content-lg-center justify-content-md-center justify-content-center align-items-lg-stretch align-items-md-stretch align-items-stretch gutters-col-lg-0 gutters-col-md-0 gutters-col-0 gutters-col-v-lg-0 gutters-col-v-md-0 gutters-col-v-0\">\n                    <!---->\n                    <div class=\"h-column h-column-container d-flex h-col-lg-auto h-col-md-auto h-col-auto style-1211-outer style-local-2380-c439-outer\">\n                      <div data-colibri-id=\"2380-c439\" class=\"d-flex h-flex-basis h-column__inner h-px-lg-2 h-px-md-2 h-px-2 v-inner-lg-2 v-inner-md-2 v-inner-2 style-1211 style-local-2380-c439 position-relative\">\n                        <!---->\n                        <!---->\n                        <div class=\"w-100 h-y-container h-column__content h-column__v-align flex-basis-100 align-self-lg-start align-self-md-start align-self-start\">\n                          <!---->\n                          <div data-colibri-id=\"2380-c440\" class=\"h-global-transition-all h-heading style-1212 style-local-2380-c440 position-relative h-element\">\n                            <!---->\n                            <div class=\"h-heading__outer style-1212 style-local-2380-c440\">\n                              <!---->\n                              <!---->\n                              <h4 class=\"\">Julieta Valle Esquivel<\/h4>\n                            <\/div>\n                          <\/div>\n                          <div data-colibri-id=\"2380-c441\" class=\"h-text h-text-component style-1213 style-local-2380-c441 position-relative h-element\">\n                            <!---->\n                            <!---->\n                            <div class=\"\">\n                              <p><span style=\"font-family: Montserrat; font-size: 13.6px; color: rgb(51, 51, 51); font-weight: 600;\">Proyecto &#8220;<\/span><span style=\"font-family: Montserrat; font-size: 13.6px; color: rgb(0, 0, 0); font-weight: 600;\">Patrimonio cultural, espacio y pol\u00edticas estatales en el corredor abaje\u00f1o Quer\u00e9taro-Guanajuato<\/span>\n                                <span\n                                  style=\"font-family: Montserrat; font-size: 13.6px; color: rgb(51, 51, 51); font-weight: 600;\">&#8220;<\/span>\n                              <\/p>\n                              <p><span style=\"font-weight: 600; font-size: 85%; font-family: Montserrat; color: rgb(0, 0, 0);\">julieta_valle@inah.gob.mx<\/span><\/p>\n                              <p><strong style=\"color: rgb(84, 84, 84); font-weight: 700;\"> <\/strong><\/p>\n                            <\/div>\n                          <\/div>\n                          <div data-colibri-id=\"2380-c442\" class=\"h-x-container style-1566 style-local-2380-c442 position-relative h-element\">\n                            <!---->\n                            <div class=\"h-x-container-inner style-dynamic-2380-c442-group style-1566-spacing style-local-2380-c442-spacing\"><span class=\"h-button__outer style-1177-outer style-local-2380-c443-outer d-inline-flex h-element\"><a h-use-smooth-scroll=\"true\" href=\"https:\/\/etnografia.convocatoriaprone.mx\/wp-content\/uploads\/2022\/05\/Julieta-Valle-Esquivel.pdf\" data-fancybox=\"section-group-nq3Nhz7LkNkRDTHdeM3TZu\"  data-colibri-id=\"2380-c443\" class=\"d-flex w-100 align-items-center h-button justify-content-lg-center justify-content-md-center justify-content-center style-1177 style-local-2380-c443 position-relative\"><!----><span  class=\"h-svg-icon h-button__icon style-1177-icon style-local-2380-c443-icon\"><!--Icon by Font Awesome (https:\/\/fontawesome.com)-->\n    <svg version=\"1.1\" xmlns=\"http:\/\/www.w3.org\/2000\/svg\" xmlns:xlink=\"http:\/\/www.w3.org\/1999\/xlink\" id=\"file-o\" viewBox=\"0 0 1611.2499 1896.0833\">\n      <path d=\"M1468 380q28 28 48 76t20 88v1152q0 40-28 68t-68 28H96q-40 0-68-28t-28-68V96q0-40 28-68T96 0h896q40 0 88 20t76 48zm-444-244v376h376q-10-29-22-41l-313-313q-12-12-41-22zm384 1528V640H992q-40 0-68-28t-28-68V128H128v1536h1280z\"><\/path>\n    <\/svg><\/span> <span>Semblanza Curricular<\/span><\/a>\n                              <\/span>\n                            <\/div>\n                          <\/div>\n                        <\/div>\n                      <\/div>\n                    <\/div>\n                  <\/div>\n                <\/div>\n              <\/div>\n            <\/div>\n          <\/div>\n          <div class=\"h-column h-column-container d-flex h-col-lg-2 h-col-md-6 h-col-12 style-1170-outer style-local-2380-c444-outer\">\n            <div data-colibri-id=\"2380-c444\" class=\"d-flex h-flex-basis h-column__inner h-px-lg-0 h-px-md-0 h-px-0 v-inner-lg-0 v-inner-md-0 v-inner-0 style-1170 style-local-2380-c444 position-relative\">\n              <!---->\n              <!---->\n              <div class=\"w-100 h-y-container h-column__content h-column__v-align flex-basis-100 align-self-lg-start align-self-md-start align-self-start\">\n                <!---->\n                <div data-colibri-id=\"2380-c445\" class=\"d-block style-1209 style-local-2380-c445 position-relative h-element\">\n                  <!---->\n                  <div class=\"h-image__frame-container-outer\">\n                    <div class=\"h-image__frame-container\">\n                      <!---->\n                      <!---->\n                      <img loading=\"lazy\" decoding=\"async\" width=\"1080\" height=\"1080\" src=\"https:\/\/etnografia.convocatoriaprone.mx\/wp-content\/uploads\/2022\/03\/Luis-Adrian-Alvarado-Vinas.png\" class=\"wp-image-1578 style-1209-image style-local-2380-c445-image\" alt=\"\" srcset=\"https:\/\/etnografia.inah.gob.mx\/wp-content\/uploads\/2022\/03\/Luis-Adrian-Alvarado-Vinas.png 1080w, https:\/\/etnografia.inah.gob.mx\/wp-content\/uploads\/2022\/03\/Luis-Adrian-Alvarado-Vinas-300x300.png 300w, https:\/\/etnografia.inah.gob.mx\/wp-content\/uploads\/2022\/03\/Luis-Adrian-Alvarado-Vinas-1024x1024.png 1024w, https:\/\/etnografia.inah.gob.mx\/wp-content\/uploads\/2022\/03\/Luis-Adrian-Alvarado-Vinas-150x150.png 150w, https:\/\/etnografia.inah.gob.mx\/wp-content\/uploads\/2022\/03\/Luis-Adrian-Alvarado-Vinas-768x768.png 768w\" sizes=\"auto, (max-width: 1080px) 100vw, 1080px\" \/>\n                      <div class=\"h-image__frame h-hide-lg h-hide-md h-hide-sm style-1209-frameImage style-local-2380-c445-frameImage\"><\/div>\n                    <\/div>\n                  <\/div>\n                <\/div>\n                <div data-colibri-id=\"2380-c446\" class=\"h-row-container gutters-row-lg-0 gutters-row-md-0 gutters-row-0 gutters-row-v-lg-0 gutters-row-v-md-0 gutters-row-v-0 style-1210 style-local-2380-c446 position-relative\">\n                  <!---->\n                  <div class=\"h-row justify-content-lg-center justify-content-md-center justify-content-center align-items-lg-stretch align-items-md-stretch align-items-stretch gutters-col-lg-0 gutters-col-md-0 gutters-col-0 gutters-col-v-lg-0 gutters-col-v-md-0 gutters-col-v-0\">\n                    <!---->\n                    <div class=\"h-column h-column-container d-flex h-col-lg-auto h-col-md-auto h-col-auto style-1211-outer style-local-2380-c447-outer\">\n                      <div data-colibri-id=\"2380-c447\" class=\"d-flex h-flex-basis h-column__inner h-px-lg-2 h-px-md-2 h-px-2 v-inner-lg-2 v-inner-md-2 v-inner-2 style-1211 style-local-2380-c447 position-relative\">\n                        <!---->\n                        <!---->\n                        <div class=\"w-100 h-y-container h-column__content h-column__v-align flex-basis-100 align-self-lg-start align-self-md-start align-self-start\">\n                          <!---->\n                          <div data-colibri-id=\"2380-c448\" class=\"h-global-transition-all h-heading style-1212 style-local-2380-c448 position-relative h-element\">\n                            <!---->\n                            <div class=\"h-heading__outer style-1212 style-local-2380-c448\">\n                              <!---->\n                              <!---->\n                              <h4 class=\"\">Luis Adri\u00e1n Alvarado Vi\u00f1as<\/h4>\n                            <\/div>\n                          <\/div>\n                          <div data-colibri-id=\"2380-c449\" class=\"h-text h-text-component style-1213 style-local-2380-c449 position-relative h-element\">\n                            <!---->\n                            <!---->\n                            <div class=\"\">\n                              <p><span style=\"font-size: 13.6px; font-family: Montserrat; color: rgb(51, 51, 51); font-weight: 600;\">Proyecto &#8220;<\/span><span style=\"font-size: 13.6px; font-family: Montserrat; color: rgb(0, 0, 0); font-weight: 600;\">Patrimonio cultural, espacio y pol\u00edticas estatales en el corredor abaje\u00f1o Quer\u00e9taro-Guanajuato<\/span>\n                                <span\n                                  style=\"font-size: 13.6px; font-family: Montserrat; color: rgb(51, 51, 51); font-weight: 600;\">&#8220;<\/span>\n                              <\/p>\n                              <p><span style=\"font-weight: 600; font-size: 75%; font-family: Montserrat; color: rgb(0, 0, 0);\">alvaradoluisadrian@gmail.com<\/span><\/p>\n                              <p><strong style=\"color: rgb(84, 84, 84); font-weight: 700;\"> <\/strong><\/p>\n                            <\/div>\n                          <\/div>\n                          <div data-colibri-id=\"2380-c450\" class=\"h-x-container style-1568 style-local-2380-c450 position-relative h-element\">\n                            <!---->\n                            <div class=\"h-x-container-inner style-dynamic-2380-c450-group style-1568-spacing style-local-2380-c450-spacing\"><span class=\"h-button__outer style-1177-outer style-local-2380-c451-outer d-inline-flex h-element\"><a h-use-smooth-scroll=\"true\" href=\"https:\/\/etnografia.convocatoriaprone.mx\/wp-content\/uploads\/2022\/05\/Luis-Adrian-Alvarado-Vinas.pdf\" data-fancybox=\"section-group-nq3Nhz7LkNkRDTHdeM3TZu\"  data-colibri-id=\"2380-c451\" class=\"d-flex w-100 align-items-center h-button justify-content-lg-center justify-content-md-center justify-content-center style-1177 style-local-2380-c451 position-relative\"><!----><span  class=\"h-svg-icon h-button__icon style-1177-icon style-local-2380-c451-icon\"><!--Icon by Font Awesome (https:\/\/fontawesome.com)-->\n    <svg version=\"1.1\" xmlns=\"http:\/\/www.w3.org\/2000\/svg\" xmlns:xlink=\"http:\/\/www.w3.org\/1999\/xlink\" id=\"file-o\" viewBox=\"0 0 1611.2499 1896.0833\">\n      <path d=\"M1468 380q28 28 48 76t20 88v1152q0 40-28 68t-68 28H96q-40 0-68-28t-28-68V96q0-40 28-68T96 0h896q40 0 88 20t76 48zm-444-244v376h376q-10-29-22-41l-313-313q-12-12-41-22zm384 1528V640H992q-40 0-68-28t-28-68V128H128v1536h1280z\"><\/path>\n    <\/svg><\/span> <span>Semblanza Curricular<\/span><\/a>\n                              <\/span>\n                            <\/div>\n                          <\/div>\n                        <\/div>\n                      <\/div>\n                    <\/div>\n                  <\/div>\n                <\/div>\n              <\/div>\n            <\/div>\n          <\/div>\n          <div class=\"h-column h-column-container d-flex h-col-lg-2 h-col-md-6 h-col-12 style-1170-outer style-local-2380-c452-outer\">\n            <div data-colibri-id=\"2380-c452\" class=\"d-flex h-flex-basis h-column__inner h-px-lg-0 h-px-md-0 h-px-0 v-inner-lg-0 v-inner-md-0 v-inner-0 style-1170 style-local-2380-c452 position-relative\">\n              <!---->\n              <!---->\n              <div class=\"w-100 h-y-container h-column__content h-column__v-align flex-basis-100 align-self-lg-start align-self-md-start align-self-start\">\n                <!---->\n                <div data-colibri-id=\"2380-c453\" class=\"d-block style-1209 style-local-2380-c453 position-relative h-element\">\n                  <!---->\n                  <div class=\"h-image__frame-container-outer\">\n                    <div class=\"h-image__frame-container\">\n                      <!---->\n                      <!---->\n                      <img loading=\"lazy\" decoding=\"async\" width=\"1080\" height=\"1080\" src=\"https:\/\/etnografia.inah.gob.mx\/wp-content\/uploads\/2023\/07\/Adriana-Pineda-Zuniga.png\" class=\"wp-image-3875 style-1209-image style-local-2380-c453-image\" alt=\"\" srcset=\"https:\/\/etnografia.inah.gob.mx\/wp-content\/uploads\/2023\/07\/Adriana-Pineda-Zuniga.png 1080w, https:\/\/etnografia.inah.gob.mx\/wp-content\/uploads\/2023\/07\/Adriana-Pineda-Zuniga-300x300.png 300w, https:\/\/etnografia.inah.gob.mx\/wp-content\/uploads\/2023\/07\/Adriana-Pineda-Zuniga-1024x1024.png 1024w, https:\/\/etnografia.inah.gob.mx\/wp-content\/uploads\/2023\/07\/Adriana-Pineda-Zuniga-150x150.png 150w, https:\/\/etnografia.inah.gob.mx\/wp-content\/uploads\/2023\/07\/Adriana-Pineda-Zuniga-768x768.png 768w\" sizes=\"auto, (max-width: 1080px) 100vw, 1080px\" \/>\n                      <div class=\"h-image__frame h-hide-lg h-hide-md h-hide-sm style-1209-frameImage style-local-2380-c453-frameImage\"><\/div>\n                    <\/div>\n                  <\/div>\n                <\/div>\n                <div data-colibri-id=\"2380-c454\" class=\"h-row-container gutters-row-lg-0 gutters-row-md-0 gutters-row-0 gutters-row-v-lg-0 gutters-row-v-md-0 gutters-row-v-0 style-1210 style-local-2380-c454 position-relative\">\n                  <!---->\n                  <div class=\"h-row justify-content-lg-center justify-content-md-center justify-content-center align-items-lg-stretch align-items-md-stretch align-items-stretch gutters-col-lg-0 gutters-col-md-0 gutters-col-0 gutters-col-v-lg-0 gutters-col-v-md-0 gutters-col-v-0\">\n                    <!---->\n                    <div class=\"h-column h-column-container d-flex h-col-lg-auto h-col-md-auto h-col-auto style-1211-outer style-local-2380-c455-outer\">\n                      <div data-colibri-id=\"2380-c455\" class=\"d-flex h-flex-basis h-column__inner h-px-lg-2 h-px-md-2 h-px-2 v-inner-lg-2 v-inner-md-2 v-inner-2 style-1211 style-local-2380-c455 position-relative\">\n                        <!---->\n                        <!---->\n                        <div class=\"w-100 h-y-container h-column__content h-column__v-align flex-basis-100 align-self-lg-start align-self-md-start align-self-start\">\n                          <!---->\n                          <div data-colibri-id=\"2380-c456\" class=\"h-global-transition-all h-heading style-1212 style-local-2380-c456 position-relative h-element\">\n                            <!---->\n                            <div class=\"h-heading__outer style-1212 style-local-2380-c456\">\n                              <!---->\n                              <!---->\n                              <h4 class=\"\">Adriana Pineda Zu\u00f1iga<\/h4>\n                            <\/div>\n                          <\/div>\n                          <div data-colibri-id=\"2380-c457\" class=\"h-text h-text-component style-1213 style-local-2380-c457 position-relative h-element\">\n                            <!---->\n                            <!---->\n                            <div class=\"\">\n                              <p><span style=\"font-size: 13.6px; font-family: Montserrat; color: rgb(51, 51, 51); font-weight: 600;\">Proyecto &#8220;<\/span><span style=\"font-size: 13.6px; font-family: Montserrat; color: rgb(0, 0, 0); font-weight: 600;\">Nuevas fronteras del arte\/artesan\u00eda ind\u00edgena y el consumo cultural en la globalizaci\u00f3n<\/span>\n                                <span\n                                  style=\"font-size: 13.6px; font-family: Montserrat; color: rgb(51, 51, 51); font-weight: 600;\">&#8220;<\/span>\n                              <\/p>\n                              <p><span style=\"font-weight: 600; font-size: 75%; font-family: Montserrat; color: rgb(0, 0, 0);\">adrizu00@gmail.com<\/span><\/p>\n                              <p><strong style=\"color: rgb(84, 84, 84); font-weight: 700;\"> <\/strong><\/p>\n                            <\/div>\n                          <\/div>\n                          <div data-colibri-id=\"2380-c458\" class=\"h-x-container style-1568 style-local-2380-c458 position-relative h-element\">\n                            <!---->\n                            <div class=\"h-x-container-inner style-dynamic-2380-c458-group style-1568-spacing style-local-2380-c458-spacing\"><span class=\"h-button__outer style-1177-outer style-local-2380-c459-outer d-inline-flex h-element\"><a h-use-smooth-scroll=\"true\" href=\"https:\/\/etnografia.inah.gob.mx\/wp-content\/uploads\/2023\/07\/Adriana-Pineda-Zuniga.pdf\" data-fancybox=\"section-group-nq3Nhz7LkNkRDTHdeM3TZu\"  data-colibri-id=\"2380-c459\" class=\"d-flex w-100 align-items-center h-button justify-content-lg-center justify-content-md-center justify-content-center style-1177 style-local-2380-c459 position-relative\"><!----><span  class=\"h-svg-icon h-button__icon style-1177-icon style-local-2380-c459-icon\"><!--Icon by Font Awesome (https:\/\/fontawesome.com)-->\n    <svg version=\"1.1\" xmlns=\"http:\/\/www.w3.org\/2000\/svg\" xmlns:xlink=\"http:\/\/www.w3.org\/1999\/xlink\" id=\"file-o\" viewBox=\"0 0 1611.2499 1896.0833\">\n      <path d=\"M1468 380q28 28 48 76t20 88v1152q0 40-28 68t-68 28H96q-40 0-68-28t-28-68V96q0-40 28-68T96 0h896q40 0 88 20t76 48zm-444-244v376h376q-10-29-22-41l-313-313q-12-12-41-22zm384 1528V640H992q-40 0-68-28t-28-68V128H128v1536h1280z\"><\/path>\n    <\/svg><\/span> <span>Semblanza Curricular<\/span><\/a>\n                              <\/span>\n                            <\/div>\n                          <\/div>\n                        <\/div>\n                      <\/div>\n                    <\/div>\n                  <\/div>\n                <\/div>\n              <\/div>\n            <\/div>\n          <\/div>\n          <div class=\"h-column h-column-container d-flex h-col-lg-2 h-col-md-6 h-col-12 style-1170-outer style-local-2380-c460-outer\">\n            <div data-colibri-id=\"2380-c460\" class=\"d-flex h-flex-basis h-column__inner h-px-lg-0 h-px-md-0 h-px-0 v-inner-lg-0 v-inner-md-0 v-inner-0 style-1170 style-local-2380-c460 position-relative\">\n              <!---->\n              <!---->\n              <div class=\"w-100 h-y-container h-column__content h-column__v-align flex-basis-100 align-self-lg-start align-self-md-start align-self-start\">\n                <!---->\n                <div data-colibri-id=\"2380-c461\" class=\"d-block style-1209 style-local-2380-c461 position-relative h-element\">\n                  <!---->\n                  <div class=\"h-image__frame-container-outer\">\n                    <div class=\"h-image__frame-container\">\n                      <!---->\n                      <!---->\n                      <img loading=\"lazy\" decoding=\"async\" width=\"1080\" height=\"1080\" src=\"https:\/\/etnografia.inah.gob.mx\/wp-content\/uploads\/2023\/07\/Alejandra-Rodriguez-Estrada.png\" class=\"wp-image-3884 style-1209-image style-local-2380-c461-image\" alt=\"\" srcset=\"https:\/\/etnografia.inah.gob.mx\/wp-content\/uploads\/2023\/07\/Alejandra-Rodriguez-Estrada.png 1080w, https:\/\/etnografia.inah.gob.mx\/wp-content\/uploads\/2023\/07\/Alejandra-Rodriguez-Estrada-300x300.png 300w, https:\/\/etnografia.inah.gob.mx\/wp-content\/uploads\/2023\/07\/Alejandra-Rodriguez-Estrada-1024x1024.png 1024w, https:\/\/etnografia.inah.gob.mx\/wp-content\/uploads\/2023\/07\/Alejandra-Rodriguez-Estrada-150x150.png 150w, https:\/\/etnografia.inah.gob.mx\/wp-content\/uploads\/2023\/07\/Alejandra-Rodriguez-Estrada-768x768.png 768w\" sizes=\"auto, (max-width: 1080px) 100vw, 1080px\" \/>\n                      <div class=\"h-image__frame h-hide-lg h-hide-md h-hide-sm style-1209-frameImage style-local-2380-c461-frameImage\"><\/div>\n                    <\/div>\n                  <\/div>\n                <\/div>\n                <div data-colibri-id=\"2380-c462\" class=\"h-row-container gutters-row-lg-0 gutters-row-md-0 gutters-row-0 gutters-row-v-lg-0 gutters-row-v-md-0 gutters-row-v-0 style-1210 style-local-2380-c462 position-relative\">\n                  <!---->\n                  <div class=\"h-row justify-content-lg-center justify-content-md-center justify-content-center align-items-lg-stretch align-items-md-stretch align-items-stretch gutters-col-lg-0 gutters-col-md-0 gutters-col-0 gutters-col-v-lg-0 gutters-col-v-md-0 gutters-col-v-0\">\n                    <!---->\n                    <div class=\"h-column h-column-container d-flex h-col-lg-auto h-col-md-auto h-col-auto style-1211-outer style-local-2380-c463-outer\">\n                      <div data-colibri-id=\"2380-c463\" class=\"d-flex h-flex-basis h-column__inner h-px-lg-2 h-px-md-2 h-px-2 v-inner-lg-2 v-inner-md-2 v-inner-2 style-1211 style-local-2380-c463 position-relative\">\n                        <!---->\n                        <!---->\n                        <div class=\"w-100 h-y-container h-column__content h-column__v-align flex-basis-100 align-self-lg-start align-self-md-start align-self-start\">\n                          <!---->\n                          <div data-colibri-id=\"2380-c464\" class=\"h-global-transition-all h-heading style-1212 style-local-2380-c464 position-relative h-element\">\n                            <!---->\n                            <div class=\"h-heading__outer style-1212 style-local-2380-c464\">\n                              <!---->\n                              <!---->\n                              <h4 class=\"\">Alejandra Rodr\u00edguez Estrada<\/h4>\n                            <\/div>\n                          <\/div>\n                          <div data-colibri-id=\"2380-c465\" class=\"h-text h-text-component style-1213 style-local-2380-c465 position-relative h-element\">\n                            <!---->\n                            <!---->\n                            <div class=\"\">\n                              <p><span style=\"font-weight: 600; color: rgb(51, 51, 51); font-family: Montserrat; font-size: 13.6px;\">Proyecto &#8220;<\/span><span style=\"font-weight: 600; color: rgb(0, 0, 0); font-family: Montserrat; font-size: 13.6px;\">Identidades y diversidad cultural: j\u00f3venes universitarios ind\u00edgenas en Baja California&#8221;<\/span><\/p>\n                              <p><span style=\"color: rgb(0, 0, 0); font-family: Montserrat; font-size: 75%; font-weight: 600;\">alejandra.rodriguez33@uabc.edu.mx<\/span><\/p>\n                              <p><strong style=\"font-weight: 700; color: rgb(84, 84, 84);\"> <\/strong><\/p>\n                            <\/div>\n                          <\/div>\n                          <div data-colibri-id=\"2380-c466\" class=\"h-x-container style-1568 style-local-2380-c466 position-relative h-element\">\n                            <!---->\n                            <div class=\"h-x-container-inner style-dynamic-2380-c466-group style-1568-spacing style-local-2380-c466-spacing\"><span class=\"h-button__outer style-1177-outer style-local-2380-c467-outer d-inline-flex h-element\"><a h-use-smooth-scroll=\"true\" href=\"https:\/\/etnografia.inah.gob.mx\/wp-content\/uploads\/2023\/07\/Alejandra-Rodriguez-Estrada.pdf\" data-fancybox=\"section-group-nq3Nhz7LkNkRDTHdeM3TZu\"  data-colibri-id=\"2380-c467\" class=\"d-flex w-100 align-items-center h-button justify-content-lg-center justify-content-md-center justify-content-center style-1177 style-local-2380-c467 position-relative\"><!----><span  class=\"h-svg-icon h-button__icon style-1177-icon style-local-2380-c467-icon\"><!--Icon by Font Awesome (https:\/\/fontawesome.com)-->\n    <svg version=\"1.1\" xmlns=\"http:\/\/www.w3.org\/2000\/svg\" xmlns:xlink=\"http:\/\/www.w3.org\/1999\/xlink\" id=\"file-o\" viewBox=\"0 0 1611.2499 1896.0833\">\n      <path d=\"M1468 380q28 28 48 76t20 88v1152q0 40-28 68t-68 28H96q-40 0-68-28t-28-68V96q0-40 28-68T96 0h896q40 0 88 20t76 48zm-444-244v376h376q-10-29-22-41l-313-313q-12-12-41-22zm384 1528V640H992q-40 0-68-28t-28-68V128H128v1536h1280z\"><\/path>\n    <\/svg><\/span> <span>Semblanza Curricular<\/span><\/a>\n                              <\/span>\n                            <\/div>\n                          <\/div>\n                        <\/div>\n                      <\/div>\n                    <\/div>\n                  <\/div>\n                <\/div>\n              <\/div>\n            <\/div>\n          <\/div>\n          <div class=\"h-column h-column-container d-flex h-col-lg-2 h-col-md-6 h-col-12 style-1170-outer style-local-2380-c468-outer\">\n            <div data-colibri-id=\"2380-c468\" class=\"d-flex h-flex-basis h-column__inner h-px-lg-0 h-px-md-0 h-px-0 v-inner-lg-0 v-inner-md-0 v-inner-0 style-1170 style-local-2380-c468 position-relative\">\n              <!---->\n              <!---->\n              <div class=\"w-100 h-y-container h-column__content h-column__v-align flex-basis-100 align-self-lg-start align-self-md-start align-self-start\">\n                <!---->\n                <div data-colibri-id=\"2380-c469\" class=\"d-block style-1209 style-local-2380-c469 position-relative h-element\">\n                  <!---->\n                  <div class=\"h-image__frame-container-outer\">\n                    <div class=\"h-image__frame-container\">\n                      <!---->\n                      <!---->\n                      <img loading=\"lazy\" decoding=\"async\" width=\"1080\" height=\"1080\" src=\"https:\/\/etnografia.inah.gob.mx\/wp-content\/uploads\/2023\/07\/Ana-Baltazar-Hernandez.png\" class=\"wp-image-3886 style-1209-image style-local-2380-c469-image\" alt=\"\" srcset=\"https:\/\/etnografia.inah.gob.mx\/wp-content\/uploads\/2023\/07\/Ana-Baltazar-Hernandez.png 1080w, https:\/\/etnografia.inah.gob.mx\/wp-content\/uploads\/2023\/07\/Ana-Baltazar-Hernandez-300x300.png 300w, https:\/\/etnografia.inah.gob.mx\/wp-content\/uploads\/2023\/07\/Ana-Baltazar-Hernandez-1024x1024.png 1024w, https:\/\/etnografia.inah.gob.mx\/wp-content\/uploads\/2023\/07\/Ana-Baltazar-Hernandez-150x150.png 150w, https:\/\/etnografia.inah.gob.mx\/wp-content\/uploads\/2023\/07\/Ana-Baltazar-Hernandez-768x768.png 768w\" sizes=\"auto, (max-width: 1080px) 100vw, 1080px\" \/>\n                      <div class=\"h-image__frame h-hide-lg h-hide-md h-hide-sm style-1209-frameImage style-local-2380-c469-frameImage\"><\/div>\n                    <\/div>\n                  <\/div>\n                <\/div>\n                <div data-colibri-id=\"2380-c470\" class=\"h-row-container gutters-row-lg-0 gutters-row-md-0 gutters-row-0 gutters-row-v-lg-0 gutters-row-v-md-0 gutters-row-v-0 style-1210 style-local-2380-c470 position-relative\">\n                  <!---->\n                  <div class=\"h-row justify-content-lg-center justify-content-md-center justify-content-center align-items-lg-stretch align-items-md-stretch align-items-stretch gutters-col-lg-0 gutters-col-md-0 gutters-col-0 gutters-col-v-lg-0 gutters-col-v-md-0 gutters-col-v-0\">\n                    <!---->\n                    <div class=\"h-column h-column-container d-flex h-col-lg-auto h-col-md-auto h-col-auto style-1211-outer style-local-2380-c471-outer\">\n                      <div data-colibri-id=\"2380-c471\" class=\"d-flex h-flex-basis h-column__inner h-px-lg-2 h-px-md-2 h-px-2 v-inner-lg-2 v-inner-md-2 v-inner-2 style-1211 style-local-2380-c471 position-relative\">\n                        <!---->\n                        <!---->\n                        <div class=\"w-100 h-y-container h-column__content h-column__v-align flex-basis-100 align-self-lg-start align-self-md-start align-self-start\">\n                          <!---->\n                          <div data-colibri-id=\"2380-c472\" class=\"h-global-transition-all h-heading style-1212 style-local-2380-c472 position-relative h-element\">\n                            <!---->\n                            <div class=\"h-heading__outer style-1212 style-local-2380-c472\">\n                              <!---->\n                              <!---->\n                              <h4 class=\"\">Ana Baltazar Hern\u00e1ndez<\/h4>\n                            <\/div>\n                          <\/div>\n                          <div data-colibri-id=\"2380-c473\" class=\"h-text h-text-component style-1213 style-local-2380-c473 position-relative h-element\">\n                            <!---->\n                            <!---->\n                            <div class=\"\">\n                              <p><span style=\"font-size: 13.6px; font-family: Montserrat; color: rgb(51, 51, 51); font-weight: 600;\">Proyecto &#8220;<\/span><span style=\"font-size: 13.6px; font-family: Montserrat; color: rgb(0, 0, 0); font-weight: 600;\">Ocultos a la vista de todos: percepci\u00f3n del territorio y memoria ritual frente al Estado Naci\u00f3n. El caso de los otom\u00edes la Sierra de las Cruces y Montealto, Estado de M\u00e9xico&#8221;<\/span><\/p>\n                              <p><span style=\"font-weight: 600; font-size: 75%; font-family: Montserrat; color: rgb(0, 0, 0);\">toci4annah@gmail.com<\/span><\/p>\n                              <p><strong style=\"color: rgb(84, 84, 84); font-weight: 700;\"> <\/strong><\/p>\n                            <\/div>\n                          <\/div>\n                          <div data-colibri-id=\"2380-c474\" class=\"h-x-container style-1568 style-local-2380-c474 position-relative h-element\">\n                            <!---->\n                            <div class=\"h-x-container-inner style-dynamic-2380-c474-group style-1568-spacing style-local-2380-c474-spacing\"><span class=\"h-button__outer style-1177-outer style-local-2380-c475-outer d-inline-flex h-element\"><a h-use-smooth-scroll=\"true\" href=\"https:\/\/etnografia.inah.gob.mx\/wp-content\/uploads\/2023\/07\/Ana-Baltazar-Hernandez.pdf\" data-fancybox=\"section-group-nq3Nhz7LkNkRDTHdeM3TZu\"  data-colibri-id=\"2380-c475\" class=\"d-flex w-100 align-items-center h-button justify-content-lg-center justify-content-md-center justify-content-center style-1177 style-local-2380-c475 position-relative\"><!----><span  class=\"h-svg-icon h-button__icon style-1177-icon style-local-2380-c475-icon\"><!--Icon by Font Awesome (https:\/\/fontawesome.com)-->\n    <svg version=\"1.1\" xmlns=\"http:\/\/www.w3.org\/2000\/svg\" xmlns:xlink=\"http:\/\/www.w3.org\/1999\/xlink\" id=\"file-o\" viewBox=\"0 0 1611.2499 1896.0833\">\n      <path d=\"M1468 380q28 28 48 76t20 88v1152q0 40-28 68t-68 28H96q-40 0-68-28t-28-68V96q0-40 28-68T96 0h896q40 0 88 20t76 48zm-444-244v376h376q-10-29-22-41l-313-313q-12-12-41-22zm384 1528V640H992q-40 0-68-28t-28-68V128H128v1536h1280z\"><\/path>\n    <\/svg><\/span> <span>Semblanza Curricular<\/span><\/a>\n                              <\/span>\n                            <\/div>\n                          <\/div>\n                        <\/div>\n                      <\/div>\n                    <\/div>\n                  <\/div>\n                <\/div>\n              <\/div>\n            <\/div>\n          <\/div>\n          <div class=\"h-column h-column-container d-flex h-col-lg-2 h-col-md-6 h-col-12 style-1170-outer style-local-2380-c476-outer\">\n            <div data-colibri-id=\"2380-c476\" class=\"d-flex h-flex-basis h-column__inner h-px-lg-0 h-px-md-0 h-px-0 v-inner-lg-0 v-inner-md-0 v-inner-0 style-1170 style-local-2380-c476 position-relative\">\n              <!---->\n              <!---->\n              <div class=\"w-100 h-y-container h-column__content h-column__v-align flex-basis-100 align-self-lg-start align-self-md-start align-self-start\">\n                <!---->\n                <div data-colibri-id=\"2380-c477\" class=\"d-block style-1209 style-local-2380-c477 position-relative h-element\">\n                  <!---->\n                  <div class=\"h-image__frame-container-outer\">\n                    <div class=\"h-image__frame-container\">\n                      <!---->\n                      <!---->\n                      <img loading=\"lazy\" decoding=\"async\" width=\"1080\" height=\"1080\" src=\"https:\/\/etnografia.inah.gob.mx\/wp-content\/uploads\/2023\/07\/Rene-Jhocsan-Gaona-Chavez.png\" class=\"wp-image-3895 style-1209-image style-local-2380-c477-image\" alt=\"\" srcset=\"https:\/\/etnografia.inah.gob.mx\/wp-content\/uploads\/2023\/07\/Rene-Jhocsan-Gaona-Chavez.png 1080w, https:\/\/etnografia.inah.gob.mx\/wp-content\/uploads\/2023\/07\/Rene-Jhocsan-Gaona-Chavez-300x300.png 300w, https:\/\/etnografia.inah.gob.mx\/wp-content\/uploads\/2023\/07\/Rene-Jhocsan-Gaona-Chavez-1024x1024.png 1024w, https:\/\/etnografia.inah.gob.mx\/wp-content\/uploads\/2023\/07\/Rene-Jhocsan-Gaona-Chavez-150x150.png 150w, https:\/\/etnografia.inah.gob.mx\/wp-content\/uploads\/2023\/07\/Rene-Jhocsan-Gaona-Chavez-768x768.png 768w\" sizes=\"auto, (max-width: 1080px) 100vw, 1080px\" \/>\n                      <div class=\"h-image__frame h-hide-lg h-hide-md h-hide-sm style-1209-frameImage style-local-2380-c477-frameImage\"><\/div>\n                    <\/div>\n                  <\/div>\n                <\/div>\n                <div data-colibri-id=\"2380-c478\" class=\"h-row-container gutters-row-lg-0 gutters-row-md-0 gutters-row-0 gutters-row-v-lg-0 gutters-row-v-md-0 gutters-row-v-0 style-1210 style-local-2380-c478 position-relative\">\n                  <!---->\n                  <div class=\"h-row justify-content-lg-center justify-content-md-center justify-content-center align-items-lg-stretch align-items-md-stretch align-items-stretch gutters-col-lg-0 gutters-col-md-0 gutters-col-0 gutters-col-v-lg-0 gutters-col-v-md-0 gutters-col-v-0\">\n                    <!---->\n                    <div class=\"h-column h-column-container d-flex h-col-lg-auto h-col-md-auto h-col-auto style-1211-outer style-local-2380-c479-outer\">\n                      <div data-colibri-id=\"2380-c479\" class=\"d-flex h-flex-basis h-column__inner h-px-lg-2 h-px-md-2 h-px-2 v-inner-lg-2 v-inner-md-2 v-inner-2 style-1211 style-local-2380-c479 position-relative\">\n                        <!---->\n                        <!---->\n                        <div class=\"w-100 h-y-container h-column__content h-column__v-align flex-basis-100 align-self-lg-start align-self-md-start align-self-start\">\n                          <!---->\n                          <div data-colibri-id=\"2380-c480\" class=\"h-global-transition-all h-heading style-1212 style-local-2380-c480 position-relative h-element\">\n                            <!---->\n                            <div class=\"h-heading__outer style-1212 style-local-2380-c480\">\n                              <!---->\n                              <!---->\n                              <h4 class=\"\">Ren\u00e9 Jhocsan Gaona Ch\u00e1vez<\/h4>\n                            <\/div>\n                          <\/div>\n                          <div data-colibri-id=\"2380-c481\" class=\"h-text h-text-component style-1213 style-local-2380-c481 position-relative h-element\">\n                            <!---->\n                            <!---->\n                            <div class=\"\">\n                              <p><span style=\"font-size: 13.6px; font-family: Montserrat; color: rgb(51, 51, 51); font-weight: 600;\">Proyecto &#8220;<\/span><span style=\"font-size: 13.6px; font-family: Montserrat; color: rgb(0, 0, 0); font-weight: 600;\">Patrimonios en riesgo: paisaje, pr\u00e1cticas productivas, mercadeo y cultura alimentaria en el sur de la Cuenca de M\u00e9xico&#8221;<\/span><\/p>\n                              <p><span style=\"font-size: 75%; color: rgb(0, 0, 0); font-family: Montserrat; font-weight: 600;\">rene.gaona@enah.edu.mx<\/span><\/p>\n                              <p><strong style=\"color: rgb(84, 84, 84); font-weight: 700;\"> <\/strong><\/p>\n                            <\/div>\n                          <\/div>\n                          <div data-colibri-id=\"2380-c482\" class=\"h-x-container style-1568 style-local-2380-c482 position-relative h-element\">\n                            <!---->\n                            <div class=\"h-x-container-inner style-dynamic-2380-c482-group style-1568-spacing style-local-2380-c482-spacing\"><span class=\"h-button__outer style-1177-outer style-local-2380-c483-outer d-inline-flex h-element\"><a h-use-smooth-scroll=\"true\" href=\"https:\/\/etnografia.inah.gob.mx\/wp-content\/uploads\/2023\/07\/Rene-Jhocsan-Gaona-Chavez.pdf\" data-fancybox=\"section-group-nq3Nhz7LkNkRDTHdeM3TZu\"  data-colibri-id=\"2380-c483\" class=\"d-flex w-100 align-items-center h-button justify-content-lg-center justify-content-md-center justify-content-center style-1177 style-local-2380-c483 position-relative\"><!----><span  class=\"h-svg-icon h-button__icon style-1177-icon style-local-2380-c483-icon\"><!--Icon by Font Awesome (https:\/\/fontawesome.com)-->\n    <svg version=\"1.1\" xmlns=\"http:\/\/www.w3.org\/2000\/svg\" xmlns:xlink=\"http:\/\/www.w3.org\/1999\/xlink\" id=\"file-o\" viewBox=\"0 0 1611.2499 1896.0833\">\n      <path d=\"M1468 380q28 28 48 76t20 88v1152q0 40-28 68t-68 28H96q-40 0-68-28t-28-68V96q0-40 28-68T96 0h896q40 0 88 20t76 48zm-444-244v376h376q-10-29-22-41l-313-313q-12-12-41-22zm384 1528V640H992q-40 0-68-28t-28-68V128H128v1536h1280z\"><\/path>\n    <\/svg><\/span> <span>Semblanza Curricular<\/span><\/a>\n                              <\/span>\n                            <\/div>\n                          <\/div>\n                        <\/div>\n                      <\/div>\n                    <\/div>\n                  <\/div>\n                <\/div>\n              <\/div>\n            <\/div>\n          <\/div>\n          <div class=\"h-column h-column-container d-flex h-col-lg-2 h-col-md-6 h-col-12 style-1170-outer style-local-2380-c484-outer\">\n            <div data-colibri-id=\"2380-c484\" class=\"d-flex h-flex-basis h-column__inner h-px-lg-0 h-px-md-0 h-px-0 v-inner-lg-0 v-inner-md-0 v-inner-0 style-1170 style-local-2380-c484 position-relative\">\n              <!---->\n              <!---->\n              <div class=\"w-100 h-y-container h-column__content h-column__v-align flex-basis-100 align-self-lg-start align-self-md-start align-self-start\">\n                <!---->\n                <div data-colibri-id=\"2380-c485\" class=\"d-block style-1209 style-local-2380-c485 position-relative h-element\">\n                  <!---->\n                  <div class=\"h-image__frame-container-outer\">\n                    <div class=\"h-image__frame-container\">\n                      <!---->\n                      <!---->\n                      <img loading=\"lazy\" decoding=\"async\" width=\"1080\" height=\"1080\" src=\"https:\/\/etnografia.inah.gob.mx\/wp-content\/uploads\/2023\/07\/Yazmin-Lopez-Perez.png\" class=\"wp-image-3897 style-1209-image style-local-2380-c485-image\" alt=\"\" srcset=\"https:\/\/etnografia.inah.gob.mx\/wp-content\/uploads\/2023\/07\/Yazmin-Lopez-Perez.png 1080w, https:\/\/etnografia.inah.gob.mx\/wp-content\/uploads\/2023\/07\/Yazmin-Lopez-Perez-300x300.png 300w, https:\/\/etnografia.inah.gob.mx\/wp-content\/uploads\/2023\/07\/Yazmin-Lopez-Perez-1024x1024.png 1024w, https:\/\/etnografia.inah.gob.mx\/wp-content\/uploads\/2023\/07\/Yazmin-Lopez-Perez-150x150.png 150w, https:\/\/etnografia.inah.gob.mx\/wp-content\/uploads\/2023\/07\/Yazmin-Lopez-Perez-768x768.png 768w\" sizes=\"auto, (max-width: 1080px) 100vw, 1080px\" \/>\n                      <div class=\"h-image__frame h-hide-lg h-hide-md h-hide-sm style-1209-frameImage style-local-2380-c485-frameImage\"><\/div>\n                    <\/div>\n                  <\/div>\n                <\/div>\n                <div data-colibri-id=\"2380-c486\" class=\"h-row-container gutters-row-lg-0 gutters-row-md-0 gutters-row-0 gutters-row-v-lg-0 gutters-row-v-md-0 gutters-row-v-0 style-1210 style-local-2380-c486 position-relative\">\n                  <!---->\n                  <div class=\"h-row justify-content-lg-center justify-content-md-center justify-content-center align-items-lg-stretch align-items-md-stretch align-items-stretch gutters-col-lg-0 gutters-col-md-0 gutters-col-0 gutters-col-v-lg-0 gutters-col-v-md-0 gutters-col-v-0\">\n                    <!---->\n                    <div class=\"h-column h-column-container d-flex h-col-lg-auto h-col-md-auto h-col-auto style-1211-outer style-local-2380-c487-outer\">\n                      <div data-colibri-id=\"2380-c487\" class=\"d-flex h-flex-basis h-column__inner h-px-lg-2 h-px-md-2 h-px-2 v-inner-lg-2 v-inner-md-2 v-inner-2 style-1211 style-local-2380-c487 position-relative\">\n                        <!---->\n                        <!---->\n                        <div class=\"w-100 h-y-container h-column__content h-column__v-align flex-basis-100 align-self-lg-start align-self-md-start align-self-start\">\n                          <!---->\n                          <div data-colibri-id=\"2380-c488\" class=\"h-global-transition-all h-heading style-1212 style-local-2380-c488 position-relative h-element\">\n                            <!---->\n                            <div class=\"h-heading__outer style-1212 style-local-2380-c488\">\n                              <!---->\n                              <!---->\n                              <h4 class=\"\">Yazm\u00edn L\u00f3pez P\u00e9rez<\/h4>\n                            <\/div>\n                          <\/div>\n                          <div data-colibri-id=\"2380-c489\" class=\"h-text h-text-component style-1213 style-local-2380-c489 position-relative h-element\">\n                            <!---->\n                            <!---->\n                            <div class=\"\">\n                              <p><span style=\"font-weight: 600; font-size: 13.6px; font-family: Montserrat; color: rgb(51, 51, 51);\">Proyecto &#8220;<\/span><span style=\"font-weight: 600; font-size: 13.6px; font-family: Montserrat; color: rgb(0, 0, 0);\">Ocultos a la vista de todos: percepci\u00f3n del territorio y memoria ritual frente al Estado Naci\u00f3n. El caso de los otom\u00edes la Sierra de las Cruces y Montealto, Estado de M\u00e9xico&#8221;<\/span><\/p>\n                              <p><span style=\"font-weight: 600; font-size: 75%; font-family: Montserrat; color: rgb(0, 0, 0);\">yazminlp06@gmail.com<\/span><\/p>\n                              <p><strong style=\"color: rgb(84, 84, 84); font-weight: 700;\"> <\/strong><\/p>\n                            <\/div>\n                          <\/div>\n                          <div data-colibri-id=\"2380-c490\" class=\"h-x-container style-1568 style-local-2380-c490 position-relative h-element\">\n                            <!---->\n                            <div class=\"h-x-container-inner style-dynamic-2380-c490-group style-1568-spacing style-local-2380-c490-spacing\"><span class=\"h-button__outer style-1177-outer style-local-2380-c491-outer d-inline-flex h-element\"><a h-use-smooth-scroll=\"true\" href=\"https:\/\/etnografia.inah.gob.mx\/wp-content\/uploads\/2023\/07\/Yazmin-Lopez-Perez.pdf\" data-fancybox=\"section-group-nq3Nhz7LkNkRDTHdeM3TZu\"  data-colibri-id=\"2380-c491\" class=\"d-flex w-100 align-items-center h-button justify-content-lg-center justify-content-md-center justify-content-center style-1177 style-local-2380-c491 position-relative\"><!----><span  class=\"h-svg-icon h-button__icon style-1177-icon style-local-2380-c491-icon\"><!--Icon by Font Awesome (https:\/\/fontawesome.com)-->\n    <svg version=\"1.1\" xmlns=\"http:\/\/www.w3.org\/2000\/svg\" xmlns:xlink=\"http:\/\/www.w3.org\/1999\/xlink\" id=\"file-o\" viewBox=\"0 0 1611.2499 1896.0833\">\n      <path d=\"M1468 380q28 28 48 76t20 88v1152q0 40-28 68t-68 28H96q-40 0-68-28t-28-68V96q0-40 28-68T96 0h896q40 0 88 20t76 48zm-444-244v376h376q-10-29-22-41l-313-313q-12-12-41-22zm384 1528V640H992q-40 0-68-28t-28-68V128H128v1536h1280z\"><\/path>\n    <\/svg><\/span> <span>Semblanza Curricular<\/span><\/a>\n                              <\/span>\n                            <\/div>\n                          <\/div>\n                        <\/div>\n                      <\/div>\n                    <\/div>\n                  <\/div>\n                <\/div>\n              <\/div>\n            <\/div>\n          <\/div>\n          <div class=\"h-column h-column-container d-flex h-col-lg-2 h-col-md-6 h-col-12 style-1170-outer style-local-2380-c492-outer\">\n            <div data-colibri-id=\"2380-c492\" class=\"d-flex h-flex-basis h-column__inner h-px-lg-0 h-px-md-0 h-px-0 v-inner-lg-0 v-inner-md-0 v-inner-0 style-1170 style-local-2380-c492 position-relative\">\n              <!---->\n              <!---->\n              <div class=\"w-100 h-y-container h-column__content h-column__v-align flex-basis-100 align-self-lg-start align-self-md-start align-self-start\">\n                <!---->\n                <div data-colibri-id=\"2380-c493\" class=\"d-block style-1209 style-local-2380-c493 position-relative h-element\">\n                  <!---->\n                  <div class=\"h-image__frame-container-outer\">\n                    <div class=\"h-image__frame-container\">\n                      <!---->\n                      <!---->\n                      <img loading=\"lazy\" decoding=\"async\" width=\"1080\" height=\"1080\" src=\"https:\/\/etnografia.inah.gob.mx\/wp-content\/uploads\/2023\/12\/Foto-Alexander-Dominguez-Lazaro.png\" class=\"wp-image-4436 style-1209-image style-local-2380-c493-image\" alt=\"\" srcset=\"https:\/\/etnografia.inah.gob.mx\/wp-content\/uploads\/2023\/12\/Foto-Alexander-Dominguez-Lazaro.png 1080w, https:\/\/etnografia.inah.gob.mx\/wp-content\/uploads\/2023\/12\/Foto-Alexander-Dominguez-Lazaro-300x300.png 300w, https:\/\/etnografia.inah.gob.mx\/wp-content\/uploads\/2023\/12\/Foto-Alexander-Dominguez-Lazaro-1024x1024.png 1024w, https:\/\/etnografia.inah.gob.mx\/wp-content\/uploads\/2023\/12\/Foto-Alexander-Dominguez-Lazaro-150x150.png 150w, https:\/\/etnografia.inah.gob.mx\/wp-content\/uploads\/2023\/12\/Foto-Alexander-Dominguez-Lazaro-768x768.png 768w\" sizes=\"auto, (max-width: 1080px) 100vw, 1080px\" \/>\n                      <div class=\"h-image__frame h-hide-lg h-hide-md h-hide-sm style-1209-frameImage style-local-2380-c493-frameImage\"><\/div>\n                    <\/div>\n                  <\/div>\n                <\/div>\n                <div data-colibri-id=\"2380-c494\" class=\"h-row-container gutters-row-lg-0 gutters-row-md-0 gutters-row-0 gutters-row-v-lg-0 gutters-row-v-md-0 gutters-row-v-0 style-1210 style-local-2380-c494 position-relative\">\n                  <!---->\n                  <div class=\"h-row justify-content-lg-center justify-content-md-center justify-content-center align-items-lg-stretch align-items-md-stretch align-items-stretch gutters-col-lg-0 gutters-col-md-0 gutters-col-0 gutters-col-v-lg-0 gutters-col-v-md-0 gutters-col-v-0\">\n                    <!---->\n                    <div class=\"h-column h-column-container d-flex h-col-lg-auto h-col-md-auto h-col-auto style-1211-outer style-local-2380-c495-outer\">\n                      <div data-colibri-id=\"2380-c495\" class=\"d-flex h-flex-basis h-column__inner h-px-lg-2 h-px-md-2 h-px-2 v-inner-lg-2 v-inner-md-2 v-inner-2 style-1211 style-local-2380-c495 position-relative\">\n                        <!---->\n                        <!---->\n                        <div class=\"w-100 h-y-container h-column__content h-column__v-align flex-basis-100 align-self-lg-start align-self-md-start align-self-start\">\n                          <!---->\n                          <div data-colibri-id=\"2380-c496\" class=\"h-global-transition-all h-heading style-1212 style-local-2380-c496 position-relative h-element\">\n                            <!---->\n                            <div class=\"h-heading__outer style-1212 style-local-2380-c496\">\n                              <!---->\n                              <!---->\n                              <h4 class=\"\">Alexander Dom\u00ednguez L\u00e1zaro<\/h4>\n                            <\/div>\n                          <\/div>\n                          <div data-colibri-id=\"2380-c497\" class=\"h-text h-text-component style-1213 style-local-2380-c497 position-relative h-element\">\n                            <!---->\n                            <!---->\n                            <div class=\"\">\n                              <p><span style=\"font-weight: 600; font-size: 13.6px; font-family: Montserrat; color: rgb(51, 51, 51);\">Proyecto &#8220;<\/span><span style=\"font-weight: 600; font-size: 13.6px; font-family: Montserrat; color: rgb(0, 0, 0);\">Discriminaci\u00f3n sobre el Autoestima de universitarios ind\u00edgenas en Baja California&#8221;<\/span><\/p>\n                              <p><span style=\"font-weight: 600; font-size: 75%; font-family: Montserrat; color: rgb(0, 0, 0);\">dominguez.alexander@uabc.edu.mx<\/span><\/p>\n                              <p><strong style=\"color: rgb(84, 84, 84); font-weight: 700;\"> <\/strong><\/p>\n                            <\/div>\n                          <\/div>\n                          <div data-colibri-id=\"2380-c498\" class=\"h-x-container style-1568 style-local-2380-c498 position-relative h-element\">\n                            <!---->\n                            <div class=\"h-x-container-inner style-dynamic-2380-c498-group style-1568-spacing style-local-2380-c498-spacing\"><span class=\"h-button__outer style-1177-outer style-local-2380-c499-outer d-inline-flex h-element\"><a h-use-smooth-scroll=\"true\" href=\"https:\/\/etnografia.inah.gob.mx\/wp-content\/uploads\/2023\/12\/Alexander-Dominguez-Lazaro.pdf\" data-fancybox=\"section-group-nq3Nhz7LkNkRDTHdeM3TZu\"  data-colibri-id=\"2380-c499\" class=\"d-flex w-100 align-items-center h-button justify-content-lg-center justify-content-md-center justify-content-center style-1177 style-local-2380-c499 position-relative\"><!----><span  class=\"h-svg-icon h-button__icon style-1177-icon style-local-2380-c499-icon\"><!--Icon by Font Awesome (https:\/\/fontawesome.com)-->\n    <svg version=\"1.1\" xmlns=\"http:\/\/www.w3.org\/2000\/svg\" xmlns:xlink=\"http:\/\/www.w3.org\/1999\/xlink\" id=\"file-o\" viewBox=\"0 0 1611.2499 1896.0833\">\n      <path d=\"M1468 380q28 28 48 76t20 88v1152q0 40-28 68t-68 28H96q-40 0-68-28t-28-68V96q0-40 28-68T96 0h896q40 0 88 20t76 48zm-444-244v376h376q-10-29-22-41l-313-313q-12-12-41-22zm384 1528V640H992q-40 0-68-28t-28-68V128H128v1536h1280z\"><\/path>\n    <\/svg><\/span> <span>Semblanza Curricular<\/span><\/a>\n                              <\/span>\n                            <\/div>\n                          <\/div>\n                        <\/div>\n                      <\/div>\n                    <\/div>\n                  <\/div>\n                <\/div>\n              <\/div>\n            <\/div>\n          <\/div>\n          <div class=\"h-column h-column-container d-flex h-col-lg-2 h-col-md-6 h-col-12 style-1170-outer style-local-2380-c500-outer\">\n            <div data-colibri-id=\"2380-c500\" class=\"d-flex h-flex-basis h-column__inner h-px-lg-0 h-px-md-0 h-px-0 v-inner-lg-0 v-inner-md-0 v-inner-0 style-1170 style-local-2380-c500 position-relative\">\n              <!---->\n              <!---->\n              <div class=\"w-100 h-y-container h-column__content h-column__v-align flex-basis-100 align-self-lg-start align-self-md-start align-self-start\">\n                <!---->\n                <div data-colibri-id=\"2380-c501\" class=\"d-block style-1209 style-local-2380-c501 position-relative h-element\">\n                  <!---->\n                  <div class=\"h-image__frame-container-outer\">\n                    <div class=\"h-image__frame-container\">\n                      <!---->\n                      <!---->\n                      <img loading=\"lazy\" decoding=\"async\" width=\"1080\" height=\"1080\" src=\"https:\/\/etnografia.convocatoriaprone.mx\/wp-content\/uploads\/2022\/05\/1.-usuario.png\" class=\"wp-image-3161 style-1209-image style-local-2380-c501-image\" alt=\"\" srcset=\"https:\/\/etnografia.inah.gob.mx\/wp-content\/uploads\/2022\/05\/1.-usuario.png 1080w, https:\/\/etnografia.inah.gob.mx\/wp-content\/uploads\/2022\/05\/1.-usuario-300x300.png 300w, https:\/\/etnografia.inah.gob.mx\/wp-content\/uploads\/2022\/05\/1.-usuario-1024x1024.png 1024w, https:\/\/etnografia.inah.gob.mx\/wp-content\/uploads\/2022\/05\/1.-usuario-150x150.png 150w, https:\/\/etnografia.inah.gob.mx\/wp-content\/uploads\/2022\/05\/1.-usuario-768x768.png 768w\" sizes=\"auto, (max-width: 1080px) 100vw, 1080px\" \/>\n                      <div class=\"h-image__frame h-hide-lg h-hide-md h-hide-sm style-1209-frameImage style-local-2380-c501-frameImage\"><\/div>\n                    <\/div>\n                  <\/div>\n                <\/div>\n                <div data-colibri-id=\"2380-c502\" class=\"h-row-container gutters-row-lg-0 gutters-row-md-0 gutters-row-0 gutters-row-v-lg-0 gutters-row-v-md-0 gutters-row-v-0 style-1210 style-local-2380-c502 position-relative\">\n                  <!---->\n                  <div class=\"h-row justify-content-lg-center justify-content-md-center justify-content-center align-items-lg-stretch align-items-md-stretch align-items-stretch gutters-col-lg-0 gutters-col-md-0 gutters-col-0 gutters-col-v-lg-0 gutters-col-v-md-0 gutters-col-v-0\">\n                    <!---->\n                    <div class=\"h-column h-column-container d-flex h-col-lg-auto h-col-md-auto h-col-auto style-1211-outer style-local-2380-c503-outer\">\n                      <div data-colibri-id=\"2380-c503\" class=\"d-flex h-flex-basis h-column__inner h-px-lg-2 h-px-md-2 h-px-2 v-inner-lg-2 v-inner-md-2 v-inner-2 style-1211 style-local-2380-c503 position-relative\">\n                        <!---->\n                        <!---->\n                        <div class=\"w-100 h-y-container h-column__content h-column__v-align flex-basis-100 align-self-lg-start align-self-md-start align-self-start\">\n                          <!---->\n                          <div data-colibri-id=\"2380-c504\" class=\"h-global-transition-all h-heading style-1212 style-local-2380-c504 position-relative h-element\">\n                            <!---->\n                            <div class=\"h-heading__outer style-1212 style-local-2380-c504\">\n                              <!---->\n                              <!---->\n                              <h4 class=\"\">Paloma Bonfil S\u00e1nchez <\/h4>\n                            <\/div>\n                          <\/div>\n                          <div data-colibri-id=\"2380-c505\" class=\"h-text h-text-component style-1213 style-local-2380-c505 position-relative h-element\">\n                            <!---->\n                            <!---->\n                            <div class=\"\">\n                              <p><span style=\"font-weight: 600; font-size: 88%; font-family: Montserrat; color: rgb(0, 0, 0);\">Historiadora, etnohistoriadora y doctora en sociolog\u00eda rural<\/span><\/p>\n                              <p><span style=\"font-weight: 600; font-size: 83%; font-family: Montserrat; color: rgb(0, 0, 0);\">paloma_bonfil@inah.gob.mx<\/span><\/p>\n                              <p><strong style=\"color: rgb(84, 84, 84); font-weight: 700;\"> <\/strong><\/p>\n                            <\/div>\n                          <\/div>\n                          <div data-colibri-id=\"2380-c506\" class=\"h-x-container style-1568 style-local-2380-c506 position-relative h-element\">\n                            <!---->\n                            <div class=\"h-x-container-inner style-dynamic-2380-c506-group style-1568-spacing style-local-2380-c506-spacing\"><span class=\"h-button__outer style-1177-outer style-local-2380-c507-outer d-inline-flex h-element\"><a h-use-smooth-scroll=\"true\" href=\"\" data-fancybox=\"section-group-nq3Nhz7LkNkRDTHdeM3TZu\"  data-colibri-id=\"2380-c507\" class=\"d-flex w-100 align-items-center h-button justify-content-lg-center justify-content-md-center justify-content-center style-1177 style-local-2380-c507 position-relative\"><!----><span  class=\"h-svg-icon h-button__icon style-1177-icon style-local-2380-c507-icon\"><!--Icon by Font Awesome (https:\/\/fontawesome.com)-->\n    <svg version=\"1.1\" xmlns=\"http:\/\/www.w3.org\/2000\/svg\" xmlns:xlink=\"http:\/\/www.w3.org\/1999\/xlink\" id=\"file-o\" viewBox=\"0 0 1611.2499 1896.0833\">\n      <path d=\"M1468 380q28 28 48 76t20 88v1152q0 40-28 68t-68 28H96q-40 0-68-28t-28-68V96q0-40 28-68T96 0h896q40 0 88 20t76 48zm-444-244v376h376q-10-29-22-41l-313-313q-12-12-41-22zm384 1528V640H992q-40 0-68-28t-28-68V128H128v1536h1280z\"><\/path>\n    <\/svg><\/span> <span>Semblanza Curricular<\/span><\/a>\n                              <\/span>\n                            <\/div>\n                          <\/div>\n                        <\/div>\n                      <\/div>\n                    <\/div>\n                  <\/div>\n                <\/div>\n              <\/div>\n            <\/div>\n          <\/div>\n          <div class=\"h-column h-column-container d-flex h-col-lg-2 h-col-md-6 h-col-12 style-1170-outer style-local-2380-c508-outer\">\n            <div data-colibri-id=\"2380-c508\" class=\"d-flex h-flex-basis h-column__inner h-px-lg-0 h-px-md-0 h-px-0 v-inner-lg-0 v-inner-md-0 v-inner-0 style-1170 style-local-2380-c508 position-relative\">\n              <!---->\n              <!---->\n              <div class=\"w-100 h-y-container h-column__content h-column__v-align flex-basis-100 align-self-lg-start align-self-md-start align-self-start\">\n                <!---->\n                <div data-colibri-id=\"2380-c509\" class=\"d-block style-1209 style-local-2380-c509 position-relative h-element\">\n                  <!---->\n                  <div class=\"h-image__frame-container-outer\">\n                    <div class=\"h-image__frame-container\">\n                      <!---->\n                      <!---->\n                      <img loading=\"lazy\" decoding=\"async\" width=\"1080\" height=\"1080\" src=\"https:\/\/etnografia.convocatoriaprone.mx\/wp-content\/uploads\/2022\/05\/1.-usuario.png\" class=\"wp-image-3161 style-1209-image style-local-2380-c509-image\" alt=\"\" srcset=\"https:\/\/etnografia.inah.gob.mx\/wp-content\/uploads\/2022\/05\/1.-usuario.png 1080w, https:\/\/etnografia.inah.gob.mx\/wp-content\/uploads\/2022\/05\/1.-usuario-300x300.png 300w, https:\/\/etnografia.inah.gob.mx\/wp-content\/uploads\/2022\/05\/1.-usuario-1024x1024.png 1024w, https:\/\/etnografia.inah.gob.mx\/wp-content\/uploads\/2022\/05\/1.-usuario-150x150.png 150w, https:\/\/etnografia.inah.gob.mx\/wp-content\/uploads\/2022\/05\/1.-usuario-768x768.png 768w\" sizes=\"auto, (max-width: 1080px) 100vw, 1080px\" \/>\n                      <div class=\"h-image__frame h-hide-lg h-hide-md h-hide-sm style-1209-frameImage style-local-2380-c509-frameImage\"><\/div>\n                    <\/div>\n                  <\/div>\n                <\/div>\n                <div data-colibri-id=\"2380-c510\" class=\"h-row-container gutters-row-lg-0 gutters-row-md-0 gutters-row-0 gutters-row-v-lg-0 gutters-row-v-md-0 gutters-row-v-0 style-1210 style-local-2380-c510 position-relative\">\n                  <!---->\n                  <div class=\"h-row justify-content-lg-center justify-content-md-center justify-content-center align-items-lg-stretch align-items-md-stretch align-items-stretch gutters-col-lg-0 gutters-col-md-0 gutters-col-0 gutters-col-v-lg-0 gutters-col-v-md-0 gutters-col-v-0\">\n                    <!---->\n                    <div class=\"h-column h-column-container d-flex h-col-lg-auto h-col-md-auto h-col-auto style-1211-outer style-local-2380-c511-outer\">\n                      <div data-colibri-id=\"2380-c511\" class=\"d-flex h-flex-basis h-column__inner h-px-lg-2 h-px-md-2 h-px-2 v-inner-lg-2 v-inner-md-2 v-inner-2 style-1211 style-local-2380-c511 position-relative\">\n                        <!---->\n                        <!---->\n                        <div class=\"w-100 h-y-container h-column__content h-column__v-align flex-basis-100 align-self-lg-start align-self-md-start align-self-start\">\n                          <!---->\n                          <div data-colibri-id=\"2380-c512\" class=\"h-global-transition-all h-heading style-1212 style-local-2380-c512 position-relative h-element\">\n                            <!---->\n                            <div class=\"h-heading__outer style-1212 style-local-2380-c512\">\n                              <!---->\n                              <!---->\n                              <h4 class=\"\">Nashielly Naranjo Mijangos <\/h4>\n                            <\/div>\n                          <\/div>\n                          <div data-colibri-id=\"2380-c513\" class=\"h-text h-text-component style-1213 style-local-2380-c513 position-relative h-element\">\n                            <!---->\n                            <!---->\n                            <div class=\"\">\n                              <p>\n                                <br>\n                              <\/p>\n                              <p><span style=\"color: rgb(0, 0, 0); font-family: Montserrat; font-size: 70%; font-weight: 600;\">nashielly_naranjo@inah.gob.mx<\/span><\/p>\n                              <p><strong style=\"font-weight: 700; color: rgb(84, 84, 84);\"> <\/strong><\/p>\n                            <\/div>\n                          <\/div>\n                          <div data-colibri-id=\"2380-c514\" class=\"h-x-container style-1568 style-local-2380-c514 position-relative h-element\">\n                            <!---->\n                            <div class=\"h-x-container-inner style-dynamic-2380-c514-group style-1568-spacing style-local-2380-c514-spacing\"><span class=\"h-button__outer style-1177-outer style-local-2380-c515-outer d-inline-flex h-element\"><a h-use-smooth-scroll=\"true\" href=\"\" data-fancybox=\"section-group-nq3Nhz7LkNkRDTHdeM3TZu\"  data-colibri-id=\"2380-c515\" class=\"d-flex w-100 align-items-center h-button justify-content-lg-center justify-content-md-center justify-content-center style-1177 style-local-2380-c515 position-relative\"><!----><span  class=\"h-svg-icon h-button__icon style-1177-icon style-local-2380-c515-icon\"><!--Icon by Font Awesome (https:\/\/fontawesome.com)-->\n    <svg version=\"1.1\" xmlns=\"http:\/\/www.w3.org\/2000\/svg\" xmlns:xlink=\"http:\/\/www.w3.org\/1999\/xlink\" id=\"file-o\" viewBox=\"0 0 1611.2499 1896.0833\">\n      <path d=\"M1468 380q28 28 48 76t20 88v1152q0 40-28 68t-68 28H96q-40 0-68-28t-28-68V96q0-40 28-68T96 0h896q40 0 88 20t76 48zm-444-244v376h376q-10-29-22-41l-313-313q-12-12-41-22zm384 1528V640H992q-40 0-68-28t-28-68V128H128v1536h1280z\"><\/path>\n    <\/svg><\/span> <span>Semblanza Curricular<\/span><\/a>\n                              <\/span>\n                            <\/div>\n                          <\/div>\n                        <\/div>\n                      <\/div>\n                    <\/div>\n                  <\/div>\n                <\/div>\n              <\/div>\n            <\/div>\n          <\/div>\n          <div class=\"h-column h-column-container d-flex h-col-lg-2 h-col-md-6 h-col-12 style-1170-outer style-local-2380-c516-outer\">\n            <div data-colibri-id=\"2380-c516\" class=\"d-flex h-flex-basis h-column__inner h-px-lg-0 h-px-md-0 h-px-0 v-inner-lg-0 v-inner-md-0 v-inner-0 style-1170 style-local-2380-c516 position-relative\">\n              <!---->\n              <!---->\n              <div class=\"w-100 h-y-container h-column__content h-column__v-align flex-basis-100 align-self-lg-start align-self-md-start align-self-start\">\n                <!---->\n                <div data-colibri-id=\"2380-c517\" class=\"d-block style-1209 style-local-2380-c517 position-relative h-element\">\n                  <!---->\n                  <div class=\"h-image__frame-container-outer\">\n                    <div class=\"h-image__frame-container\">\n                      <!---->\n                      <!---->\n                      <img loading=\"lazy\" decoding=\"async\" width=\"1080\" height=\"1080\" src=\"https:\/\/etnografia.convocatoriaprone.mx\/wp-content\/uploads\/2022\/05\/1.-usuario.png\" class=\"wp-image-3161 style-1209-image style-local-2380-c517-image\" alt=\"\" srcset=\"https:\/\/etnografia.inah.gob.mx\/wp-content\/uploads\/2022\/05\/1.-usuario.png 1080w, https:\/\/etnografia.inah.gob.mx\/wp-content\/uploads\/2022\/05\/1.-usuario-300x300.png 300w, https:\/\/etnografia.inah.gob.mx\/wp-content\/uploads\/2022\/05\/1.-usuario-1024x1024.png 1024w, https:\/\/etnografia.inah.gob.mx\/wp-content\/uploads\/2022\/05\/1.-usuario-150x150.png 150w, https:\/\/etnografia.inah.gob.mx\/wp-content\/uploads\/2022\/05\/1.-usuario-768x768.png 768w\" sizes=\"auto, (max-width: 1080px) 100vw, 1080px\" \/>\n                      <div class=\"h-image__frame h-hide-lg h-hide-md h-hide-sm style-1209-frameImage style-local-2380-c517-frameImage\"><\/div>\n                    <\/div>\n                  <\/div>\n                <\/div>\n                <div data-colibri-id=\"2380-c518\" class=\"h-row-container gutters-row-lg-0 gutters-row-md-0 gutters-row-0 gutters-row-v-lg-0 gutters-row-v-md-0 gutters-row-v-0 style-1210 style-local-2380-c518 position-relative\">\n                  <!---->\n                  <div class=\"h-row justify-content-lg-center justify-content-md-center justify-content-center align-items-lg-stretch align-items-md-stretch align-items-stretch gutters-col-lg-0 gutters-col-md-0 gutters-col-0 gutters-col-v-lg-0 gutters-col-v-md-0 gutters-col-v-0\">\n                    <!---->\n                    <div class=\"h-column h-column-container d-flex h-col-lg-auto h-col-md-auto h-col-auto style-1211-outer style-local-2380-c519-outer\">\n                      <div data-colibri-id=\"2380-c519\" class=\"d-flex h-flex-basis h-column__inner h-px-lg-2 h-px-md-2 h-px-2 v-inner-lg-2 v-inner-md-2 v-inner-2 style-1211 style-local-2380-c519 position-relative\">\n                        <!---->\n                        <!---->\n                        <div class=\"w-100 h-y-container h-column__content h-column__v-align flex-basis-100 align-self-lg-start align-self-md-start align-self-start\">\n                          <!---->\n                          <div data-colibri-id=\"2380-c520\" class=\"h-global-transition-all h-heading style-1212 style-local-2380-c520 position-relative h-element\">\n                            <!---->\n                            <div class=\"h-heading__outer style-1212 style-local-2380-c520\">\n                              <!---->\n                              <!---->\n                              <h4 class=\"\"> Pedro Ovando V\u00e1zquez<\/h4>\n                            <\/div>\n                          <\/div>\n                          <div data-colibri-id=\"2380-c521\" class=\"h-text h-text-component style-1213 style-local-2380-c521 position-relative h-element\">\n                            <!---->\n                            <!---->\n                            <div class=\"\">\n                              <p><span style=\"color: rgb(51, 51, 51); font-family: Montserrat; font-size: 85%; font-weight: 600;\">\u00c1rea de Publicaciones de la Coordinaci\u00f3n Nacional de Antropolog\u00eda<\/span><\/p>\n                              <p><span style=\"color: rgb(0, 0, 0); font-family: Montserrat; font-size: 70%; font-weight: 600;\">pedro_ovando@inah.gob.mx<\/span><\/p>\n                              <p><strong style=\"font-weight: 700; color: rgb(84, 84, 84);\"> <\/strong><\/p>\n                            <\/div>\n                          <\/div>\n                          <div data-colibri-id=\"2380-c522\" class=\"h-x-container style-1568 style-local-2380-c522 position-relative h-element\">\n                            <!---->\n                            <div class=\"h-x-container-inner style-dynamic-2380-c522-group style-1568-spacing style-local-2380-c522-spacing\"><span class=\"h-button__outer style-1177-outer style-local-2380-c523-outer d-inline-flex h-element\"><a h-use-smooth-scroll=\"true\" href=\"\" data-fancybox=\"section-group-nq3Nhz7LkNkRDTHdeM3TZu\"  data-colibri-id=\"2380-c523\" class=\"d-flex w-100 align-items-center h-button justify-content-lg-center justify-content-md-center justify-content-center style-1177 style-local-2380-c523 position-relative\"><!----><span  class=\"h-svg-icon h-button__icon style-1177-icon style-local-2380-c523-icon\"><!--Icon by Font Awesome (https:\/\/fontawesome.com)-->\n    <svg version=\"1.1\" xmlns=\"http:\/\/www.w3.org\/2000\/svg\" xmlns:xlink=\"http:\/\/www.w3.org\/1999\/xlink\" id=\"file-o\" viewBox=\"0 0 1611.2499 1896.0833\">\n      <path d=\"M1468 380q28 28 48 76t20 88v1152q0 40-28 68t-68 28H96q-40 0-68-28t-28-68V96q0-40 28-68T96 0h896q40 0 88 20t76 48zm-444-244v376h376q-10-29-22-41l-313-313q-12-12-41-22zm384 1528V640H992q-40 0-68-28t-28-68V128H128v1536h1280z\"><\/path>\n    <\/svg><\/span> <span>Semblanza Curricular<\/span><\/a>\n                              <\/span>\n                            <\/div>\n                          <\/div>\n                        <\/div>\n                      <\/div>\n                    <\/div>\n                  <\/div>\n                <\/div>\n              <\/div>\n            <\/div>\n          <\/div>\n          <div class=\"h-column h-column-container d-flex h-col-lg-2 h-col-md-6 h-col-12 style-1170-outer style-local-2380-c524-outer\">\n            <div data-colibri-id=\"2380-c524\" class=\"d-flex h-flex-basis h-column__inner h-px-lg-0 h-px-md-0 h-px-0 v-inner-lg-0 v-inner-md-0 v-inner-0 style-1170 style-local-2380-c524 position-relative\">\n              <!---->\n              <!---->\n              <div class=\"w-100 h-y-container h-column__content h-column__v-align flex-basis-100 align-self-lg-start align-self-md-start align-self-start\">\n                <!---->\n                <div data-colibri-id=\"2380-c525\" class=\"d-block style-1209 style-local-2380-c525 position-relative h-element\">\n                  <!---->\n                  <div class=\"h-image__frame-container-outer\">\n                    <div class=\"h-image__frame-container\">\n                      <!---->\n                      <!---->\n                      <img loading=\"lazy\" decoding=\"async\" width=\"1080\" height=\"1080\" src=\"https:\/\/etnografia.convocatoriaprone.mx\/wp-content\/uploads\/2022\/05\/1.-usuario.png\" class=\"wp-image-3161 style-1209-image style-local-2380-c525-image\" alt=\"\" srcset=\"https:\/\/etnografia.inah.gob.mx\/wp-content\/uploads\/2022\/05\/1.-usuario.png 1080w, https:\/\/etnografia.inah.gob.mx\/wp-content\/uploads\/2022\/05\/1.-usuario-300x300.png 300w, https:\/\/etnografia.inah.gob.mx\/wp-content\/uploads\/2022\/05\/1.-usuario-1024x1024.png 1024w, https:\/\/etnografia.inah.gob.mx\/wp-content\/uploads\/2022\/05\/1.-usuario-150x150.png 150w, https:\/\/etnografia.inah.gob.mx\/wp-content\/uploads\/2022\/05\/1.-usuario-768x768.png 768w\" sizes=\"auto, (max-width: 1080px) 100vw, 1080px\" \/>\n                      <div class=\"h-image__frame h-hide-lg h-hide-md h-hide-sm style-1209-frameImage style-local-2380-c525-frameImage\"><\/div>\n                    <\/div>\n                  <\/div>\n                <\/div>\n                <div data-colibri-id=\"2380-c526\" class=\"h-row-container gutters-row-lg-0 gutters-row-md-0 gutters-row-0 gutters-row-v-lg-0 gutters-row-v-md-0 gutters-row-v-0 style-1210 style-local-2380-c526 position-relative\">\n                  <!---->\n                  <div class=\"h-row justify-content-lg-center justify-content-md-center justify-content-center align-items-lg-stretch align-items-md-stretch align-items-stretch gutters-col-lg-0 gutters-col-md-0 gutters-col-0 gutters-col-v-lg-0 gutters-col-v-md-0 gutters-col-v-0\">\n                    <!---->\n                    <div class=\"h-column h-column-container d-flex h-col-lg-auto h-col-md-auto h-col-auto style-1211-outer style-local-2380-c527-outer\">\n                      <div data-colibri-id=\"2380-c527\" class=\"d-flex h-flex-basis h-column__inner h-px-lg-2 h-px-md-2 h-px-2 v-inner-lg-2 v-inner-md-2 v-inner-2 style-1211 style-local-2380-c527 position-relative\">\n                        <!---->\n                        <!---->\n                        <div class=\"w-100 h-y-container h-column__content h-column__v-align flex-basis-100 align-self-lg-start align-self-md-start align-self-start\">\n                          <!---->\n                          <div data-colibri-id=\"2380-c528\" class=\"h-global-transition-all h-heading style-1212 style-local-2380-c528 position-relative h-element\">\n                            <!---->\n                            <div class=\"h-heading__outer style-1212 style-local-2380-c528\">\n                              <!---->\n                              <!---->\n                              <h4 class=\"\">Ana Michelle Santana Aguirre<\/h4>\n                            <\/div>\n                          <\/div>\n                          <div data-colibri-id=\"2380-c529\" class=\"h-text h-text-component style-1213 style-local-2380-c529 position-relative h-element\">\n                            <!---->\n                            <!---->\n                            <div class=\"\">\n                              <p><span style=\"font-weight: 600; font-size: 85%; font-family: Montserrat; color: rgb(0, 0, 0);\">lrc.anasantana@gmail.com<\/span><\/p>\n                              <p><strong style=\"color: rgb(84, 84, 84); font-weight: 700;\"> <\/strong><\/p>\n                            <\/div>\n                          <\/div>\n                          <div data-colibri-id=\"2380-c530\" class=\"h-x-container style-1568 style-local-2380-c530 position-relative h-element\">\n                            <!---->\n                            <div class=\"h-x-container-inner style-dynamic-2380-c530-group style-1568-spacing style-local-2380-c530-spacing\"><span class=\"h-button__outer style-1177-outer style-local-2380-c531-outer d-inline-flex h-element\"><a h-use-smooth-scroll=\"true\" href=\"\" data-fancybox=\"section-group-nq3Nhz7LkNkRDTHdeM3TZu\"  data-colibri-id=\"2380-c531\" class=\"d-flex w-100 align-items-center h-button justify-content-lg-center justify-content-md-center justify-content-center style-1177 style-local-2380-c531 position-relative\"><!----><span  class=\"h-svg-icon h-button__icon style-1177-icon style-local-2380-c531-icon\"><!--Icon by Font Awesome (https:\/\/fontawesome.com)-->\n    <svg version=\"1.1\" xmlns=\"http:\/\/www.w3.org\/2000\/svg\" xmlns:xlink=\"http:\/\/www.w3.org\/1999\/xlink\" id=\"file-o\" viewBox=\"0 0 1611.2499 1896.0833\">\n      <path d=\"M1468 380q28 28 48 76t20 88v1152q0 40-28 68t-68 28H96q-40 0-68-28t-28-68V96q0-40 28-68T96 0h896q40 0 88 20t76 48zm-444-244v376h376q-10-29-22-41l-313-313q-12-12-41-22zm384 1528V640H992q-40 0-68-28t-28-68V128H128v1536h1280z\"><\/path>\n    <\/svg><\/span> <span>Semblanza Curricular<\/span><\/a>\n                              <\/span>\n                            <\/div>\n                          <\/div>\n                        <\/div>\n                      <\/div>\n                    <\/div>\n                  <\/div>\n                <\/div>\n              <\/div>\n            <\/div>\n          <\/div>\n          <div class=\"h-column h-column-container d-flex h-col-lg-2 h-col-md-6 h-col-12 style-1170-outer style-local-2380-c532-outer\">\n            <div data-colibri-id=\"2380-c532\" class=\"d-flex h-flex-basis h-column__inner h-px-lg-0 h-px-md-0 h-px-0 v-inner-lg-0 v-inner-md-0 v-inner-0 style-1170 style-local-2380-c532 position-relative\">\n              <!---->\n              <!---->\n              <div class=\"w-100 h-y-container h-column__content h-column__v-align flex-basis-100 align-self-lg-start align-self-md-start align-self-start\">\n                <!---->\n                <div data-colibri-id=\"2380-c533\" class=\"d-block style-1209 style-local-2380-c533 position-relative h-element\">\n                  <!---->\n                  <div class=\"h-image__frame-container-outer\">\n                    <div class=\"h-image__frame-container\">\n                      <!---->\n                      <!---->\n                      <img loading=\"lazy\" decoding=\"async\" width=\"1080\" height=\"1080\" src=\"https:\/\/etnografia.convocatoriaprone.mx\/wp-content\/uploads\/2022\/05\/1.-usuario.png\" class=\"wp-image-3161 style-1209-image style-local-2380-c533-image\" alt=\"\" srcset=\"https:\/\/etnografia.inah.gob.mx\/wp-content\/uploads\/2022\/05\/1.-usuario.png 1080w, https:\/\/etnografia.inah.gob.mx\/wp-content\/uploads\/2022\/05\/1.-usuario-300x300.png 300w, https:\/\/etnografia.inah.gob.mx\/wp-content\/uploads\/2022\/05\/1.-usuario-1024x1024.png 1024w, https:\/\/etnografia.inah.gob.mx\/wp-content\/uploads\/2022\/05\/1.-usuario-150x150.png 150w, https:\/\/etnografia.inah.gob.mx\/wp-content\/uploads\/2022\/05\/1.-usuario-768x768.png 768w\" sizes=\"auto, (max-width: 1080px) 100vw, 1080px\" \/>\n                      <div class=\"h-image__frame h-hide-lg h-hide-md h-hide-sm style-1209-frameImage style-local-2380-c533-frameImage\"><\/div>\n                    <\/div>\n                  <\/div>\n                <\/div>\n                <div data-colibri-id=\"2380-c534\" class=\"h-row-container gutters-row-lg-0 gutters-row-md-0 gutters-row-0 gutters-row-v-lg-0 gutters-row-v-md-0 gutters-row-v-0 style-1210 style-local-2380-c534 position-relative\">\n                  <!---->\n                  <div class=\"h-row justify-content-lg-center justify-content-md-center justify-content-center align-items-lg-stretch align-items-md-stretch align-items-stretch gutters-col-lg-0 gutters-col-md-0 gutters-col-0 gutters-col-v-lg-0 gutters-col-v-md-0 gutters-col-v-0\">\n                    <!---->\n                    <div class=\"h-column h-column-container d-flex h-col-lg-auto h-col-md-auto h-col-auto style-1211-outer style-local-2380-c535-outer\">\n                      <div data-colibri-id=\"2380-c535\" class=\"d-flex h-flex-basis h-column__inner h-px-lg-2 h-px-md-2 h-px-2 v-inner-lg-2 v-inner-md-2 v-inner-2 style-1211 style-local-2380-c535 position-relative\">\n                        <!---->\n                        <!---->\n                        <div class=\"w-100 h-y-container h-column__content h-column__v-align flex-basis-100 align-self-lg-start align-self-md-start align-self-start\">\n                          <!---->\n                          <div data-colibri-id=\"2380-c536\" class=\"h-global-transition-all h-heading style-1212 style-local-2380-c536 position-relative h-element\">\n                            <!---->\n                            <div class=\"h-heading__outer style-1212 style-local-2380-c536\">\n                              <!---->\n                              <!---->\n                              <h4 class=\"\">Estefan\u00eda Ram\u00edrez Brito <\/h4>\n                            <\/div>\n                          <\/div>\n                          <div data-colibri-id=\"2380-c537\" class=\"h-text h-text-component style-1213 style-local-2380-c537 position-relative h-element\">\n                            <!---->\n                            <!---->\n                            <div class=\"\">\n                              <p><span style=\"color: rgb(0, 0, 0); font-family: Montserrat; font-size: 85%; font-weight: 600;\">Estudi\u00f3 la licenciatura de lengua y literaturas hisp\u00e1nicas en la Universidad Nacional Aut\u00f3noma de M\u00e9xico.<\/span><\/p>\n                              <p><span style=\"color: rgb(0, 0, 0); font-family: Montserrat; font-size: 85%; font-weight: 600;\">lrc.anasantana@gmail.com<\/span><\/p>\n                              <p><strong style=\"font-weight: 700; color: rgb(84, 84, 84);\"> <\/strong><\/p>\n                            <\/div>\n                          <\/div>\n                          <div data-colibri-id=\"2380-c538\" class=\"h-x-container style-1568 style-local-2380-c538 position-relative h-element\">\n                            <!---->\n                            <div class=\"h-x-container-inner style-dynamic-2380-c538-group style-1568-spacing style-local-2380-c538-spacing\"><span class=\"h-button__outer style-1177-outer style-local-2380-c539-outer d-inline-flex h-element\"><a h-use-smooth-scroll=\"true\" href=\"\" data-fancybox=\"section-group-nq3Nhz7LkNkRDTHdeM3TZu\"  data-colibri-id=\"2380-c539\" class=\"d-flex w-100 align-items-center h-button justify-content-lg-center justify-content-md-center justify-content-center style-1177 style-local-2380-c539 position-relative\"><!----><span  class=\"h-svg-icon h-button__icon style-1177-icon style-local-2380-c539-icon\"><!--Icon by Font Awesome (https:\/\/fontawesome.com)-->\n    <svg version=\"1.1\" xmlns=\"http:\/\/www.w3.org\/2000\/svg\" xmlns:xlink=\"http:\/\/www.w3.org\/1999\/xlink\" id=\"file-o\" viewBox=\"0 0 1611.2499 1896.0833\">\n      <path d=\"M1468 380q28 28 48 76t20 88v1152q0 40-28 68t-68 28H96q-40 0-68-28t-28-68V96q0-40 28-68T96 0h896q40 0 88 20t76 48zm-444-244v376h376q-10-29-22-41l-313-313q-12-12-41-22zm384 1528V640H992q-40 0-68-28t-28-68V128H128v1536h1280z\"><\/path>\n    <\/svg><\/span> <span>Semblanza Curricular<\/span><\/a>\n                              <\/span>\n                            <\/div>\n                          <\/div>\n                        <\/div>\n                      <\/div>\n                    <\/div>\n                  <\/div>\n                <\/div>\n              <\/div>\n            <\/div>\n          <\/div>\n          <div class=\"h-column h-column-container d-flex h-col-lg-2 h-col-md-6 h-col-12 style-1170-outer style-local-2380-c540-outer\">\n            <div data-colibri-id=\"2380-c540\" class=\"d-flex h-flex-basis h-column__inner h-px-lg-0 h-px-md-0 h-px-0 v-inner-lg-0 v-inner-md-0 v-inner-0 style-1170 style-local-2380-c540 position-relative\">\n              <!---->\n              <!---->\n              <div class=\"w-100 h-y-container h-column__content h-column__v-align flex-basis-100 align-self-lg-start align-self-md-start align-self-start\">\n                <!---->\n                <div data-colibri-id=\"2380-c541\" class=\"d-block style-1209 style-local-2380-c541 position-relative h-element\">\n                  <!---->\n                  <div class=\"h-image__frame-container-outer\">\n                    <div class=\"h-image__frame-container\">\n                      <!---->\n                      <!---->\n                      <img loading=\"lazy\" decoding=\"async\" width=\"1080\" height=\"1080\" src=\"https:\/\/etnografia.convocatoriaprone.mx\/wp-content\/uploads\/2022\/05\/1.-usuario.png\" class=\"wp-image-3161 style-1209-image style-local-2380-c541-image\" alt=\"\" srcset=\"https:\/\/etnografia.inah.gob.mx\/wp-content\/uploads\/2022\/05\/1.-usuario.png 1080w, https:\/\/etnografia.inah.gob.mx\/wp-content\/uploads\/2022\/05\/1.-usuario-300x300.png 300w, https:\/\/etnografia.inah.gob.mx\/wp-content\/uploads\/2022\/05\/1.-usuario-1024x1024.png 1024w, https:\/\/etnografia.inah.gob.mx\/wp-content\/uploads\/2022\/05\/1.-usuario-150x150.png 150w, https:\/\/etnografia.inah.gob.mx\/wp-content\/uploads\/2022\/05\/1.-usuario-768x768.png 768w\" sizes=\"auto, (max-width: 1080px) 100vw, 1080px\" \/>\n                      <div class=\"h-image__frame h-hide-lg h-hide-md h-hide-sm style-1209-frameImage style-local-2380-c541-frameImage\"><\/div>\n                    <\/div>\n                  <\/div>\n                <\/div>\n                <div data-colibri-id=\"2380-c542\" class=\"h-row-container gutters-row-lg-0 gutters-row-md-0 gutters-row-0 gutters-row-v-lg-0 gutters-row-v-md-0 gutters-row-v-0 style-1210 style-local-2380-c542 position-relative\">\n                  <!---->\n                  <div class=\"h-row justify-content-lg-center justify-content-md-center justify-content-center align-items-lg-stretch align-items-md-stretch align-items-stretch gutters-col-lg-0 gutters-col-md-0 gutters-col-0 gutters-col-v-lg-0 gutters-col-v-md-0 gutters-col-v-0\">\n                    <!---->\n                    <div class=\"h-column h-column-container d-flex h-col-lg-auto h-col-md-auto h-col-auto style-1211-outer style-local-2380-c543-outer\">\n                      <div data-colibri-id=\"2380-c543\" class=\"d-flex h-flex-basis h-column__inner h-px-lg-2 h-px-md-2 h-px-2 v-inner-lg-2 v-inner-md-2 v-inner-2 style-1211 style-local-2380-c543 position-relative\">\n                        <!---->\n                        <!---->\n                        <div class=\"w-100 h-y-container h-column__content h-column__v-align flex-basis-100 align-self-lg-start align-self-md-start align-self-start\">\n                          <!---->\n                          <div data-colibri-id=\"2380-c544\" class=\"h-global-transition-all h-heading style-1212 style-local-2380-c544 position-relative h-element\">\n                            <!---->\n                            <div class=\"h-heading__outer style-1212 style-local-2380-c544\">\n                              <!---->\n                              <!---->\n                              <h4 class=\"\">Yeyectzin Moreno Del \u00c1ngel <\/h4>\n                            <\/div>\n                          <\/div>\n                          <div data-colibri-id=\"2380-c545\" class=\"h-text h-text-component style-1213 style-local-2380-c545 position-relative h-element\">\n                            <!---->\n                            <!---->\n                            <div class=\"\">\n                              <p><span style=\"color: rgb(0, 0, 0); font-family: Montserrat; font-size: 85%; font-weight: 600;\">Antrop\u00f3loga por la Escuela Nacional de Antropolog\u00eda e Historia<\/span><\/p>\n                              <p><span style=\"font-weight: 600; font-size: 85%; font-family: Montserrat; color: rgb(0, 0, 0);\">yehyetzi@outlook.com<\/span><\/p>\n                              <p><strong style=\"font-weight: 700; color: rgb(84, 84, 84);\"> <\/strong><\/p>\n                            <\/div>\n                          <\/div>\n                          <div data-colibri-id=\"2380-c546\" class=\"h-x-container style-1568 style-local-2380-c546 position-relative h-element\">\n                            <!---->\n                            <div class=\"h-x-container-inner style-dynamic-2380-c546-group style-1568-spacing style-local-2380-c546-spacing\"><span class=\"h-button__outer style-1177-outer style-local-2380-c547-outer d-inline-flex h-element\"><a h-use-smooth-scroll=\"true\" href=\"\" data-fancybox=\"section-group-nq3Nhz7LkNkRDTHdeM3TZu\"  data-colibri-id=\"2380-c547\" class=\"d-flex w-100 align-items-center h-button justify-content-lg-center justify-content-md-center justify-content-center style-1177 style-local-2380-c547 position-relative\"><!----><span  class=\"h-svg-icon h-button__icon style-1177-icon style-local-2380-c547-icon\"><!--Icon by Font Awesome (https:\/\/fontawesome.com)-->\n    <svg version=\"1.1\" xmlns=\"http:\/\/www.w3.org\/2000\/svg\" xmlns:xlink=\"http:\/\/www.w3.org\/1999\/xlink\" id=\"file-o\" viewBox=\"0 0 1611.2499 1896.0833\">\n      <path d=\"M1468 380q28 28 48 76t20 88v1152q0 40-28 68t-68 28H96q-40 0-68-28t-28-68V96q0-40 28-68T96 0h896q40 0 88 20t76 48zm-444-244v376h376q-10-29-22-41l-313-313q-12-12-41-22zm384 1528V640H992q-40 0-68-28t-28-68V128H128v1536h1280z\"><\/path>\n    <\/svg><\/span> <span>Semblanza Curricular<\/span><\/a>\n                              <\/span>\n                            <\/div>\n                          <\/div>\n                        <\/div>\n                      <\/div>\n                    <\/div>\n                  <\/div>\n                <\/div>\n              <\/div>\n            <\/div>\n          <\/div>\n          <div class=\"h-column h-column-container d-flex h-col-lg-2 h-col-md-6 h-col-12 style-1170-outer style-local-2380-c548-outer\">\n            <div data-colibri-id=\"2380-c548\" class=\"d-flex h-flex-basis h-column__inner h-px-lg-0 h-px-md-0 h-px-0 v-inner-lg-0 v-inner-md-0 v-inner-0 style-1170 style-local-2380-c548 position-relative\">\n              <!---->\n              <!---->\n              <div class=\"w-100 h-y-container h-column__content h-column__v-align flex-basis-100 align-self-lg-start align-self-md-start align-self-start\">\n                <!---->\n                <div data-colibri-id=\"2380-c549\" class=\"d-block style-1209 style-local-2380-c549 position-relative h-element\">\n                  <!---->\n                  <div class=\"h-image__frame-container-outer\">\n                    <div class=\"h-image__frame-container\">\n                      <!---->\n                      <!---->\n                      <img loading=\"lazy\" decoding=\"async\" width=\"1080\" height=\"1080\" src=\"https:\/\/etnografia.convocatoriaprone.mx\/wp-content\/uploads\/2022\/05\/1.-usuario.png\" class=\"wp-image-3161 style-1209-image style-local-2380-c549-image\" alt=\"\" srcset=\"https:\/\/etnografia.inah.gob.mx\/wp-content\/uploads\/2022\/05\/1.-usuario.png 1080w, https:\/\/etnografia.inah.gob.mx\/wp-content\/uploads\/2022\/05\/1.-usuario-300x300.png 300w, https:\/\/etnografia.inah.gob.mx\/wp-content\/uploads\/2022\/05\/1.-usuario-1024x1024.png 1024w, https:\/\/etnografia.inah.gob.mx\/wp-content\/uploads\/2022\/05\/1.-usuario-150x150.png 150w, https:\/\/etnografia.inah.gob.mx\/wp-content\/uploads\/2022\/05\/1.-usuario-768x768.png 768w\" sizes=\"auto, (max-width: 1080px) 100vw, 1080px\" \/>\n                      <div class=\"h-image__frame h-hide-lg h-hide-md h-hide-sm style-1209-frameImage style-local-2380-c549-frameImage\"><\/div>\n                    <\/div>\n                  <\/div>\n                <\/div>\n                <div data-colibri-id=\"2380-c550\" class=\"h-row-container gutters-row-lg-0 gutters-row-md-0 gutters-row-0 gutters-row-v-lg-0 gutters-row-v-md-0 gutters-row-v-0 style-1210 style-local-2380-c550 position-relative\">\n                  <!---->\n                  <div class=\"h-row justify-content-lg-center justify-content-md-center justify-content-center align-items-lg-stretch align-items-md-stretch align-items-stretch gutters-col-lg-0 gutters-col-md-0 gutters-col-0 gutters-col-v-lg-0 gutters-col-v-md-0 gutters-col-v-0\">\n                    <!---->\n                    <div class=\"h-column h-column-container d-flex h-col-lg-auto h-col-md-auto h-col-auto style-1211-outer style-local-2380-c551-outer\">\n                      <div data-colibri-id=\"2380-c551\" class=\"d-flex h-flex-basis h-column__inner h-px-lg-2 h-px-md-2 h-px-2 v-inner-lg-2 v-inner-md-2 v-inner-2 style-1211 style-local-2380-c551 position-relative\">\n                        <!---->\n                        <!---->\n                        <div class=\"w-100 h-y-container h-column__content h-column__v-align flex-basis-100 align-self-lg-start align-self-md-start align-self-start\">\n                          <!---->\n                          <div data-colibri-id=\"2380-c552\" class=\"h-global-transition-all h-heading style-1212 style-local-2380-c552 position-relative h-element\">\n                            <!---->\n                            <div class=\"h-heading__outer style-1212 style-local-2380-c552\">\n                              <!---->\n                              <!---->\n                              <h4 class=\"\">Uriel Rodr\u00edguez<\/h4>\n                            <\/div>\n                          <\/div>\n                          <div data-colibri-id=\"2380-c553\" class=\"h-text h-text-component style-1213 style-local-2380-c553 position-relative h-element\">\n                            <!---->\n                            <!---->\n                            <div class=\"\">\n                              <p><span style=\"color: rgb(0, 0, 0); font-family: Montserrat; font-size: 85%; font-weight: 600;\">Antrop\u00f3logo por la Escuela Nacional de Antropolog\u00eda e Historia<\/span><\/p>\n                              <p><strong style=\"font-weight: 700; color: rgb(84, 84, 84);\"> <\/strong><\/p>\n                            <\/div>\n                          <\/div>\n                          <div data-colibri-id=\"2380-c554\" class=\"h-x-container style-1568 style-local-2380-c554 position-relative h-element\">\n                            <!---->\n                            <div class=\"h-x-container-inner style-dynamic-2380-c554-group style-1568-spacing style-local-2380-c554-spacing\"><span class=\"h-button__outer style-1177-outer style-local-2380-c555-outer d-inline-flex h-element\"><a h-use-smooth-scroll=\"true\" href=\"\" data-fancybox=\"section-group-nq3Nhz7LkNkRDTHdeM3TZu\"  data-colibri-id=\"2380-c555\" class=\"d-flex w-100 align-items-center h-button justify-content-lg-center justify-content-md-center justify-content-center style-1177 style-local-2380-c555 position-relative\"><!----><span  class=\"h-svg-icon h-button__icon style-1177-icon style-local-2380-c555-icon\"><!--Icon by Font Awesome (https:\/\/fontawesome.com)-->\n    <svg version=\"1.1\" xmlns=\"http:\/\/www.w3.org\/2000\/svg\" xmlns:xlink=\"http:\/\/www.w3.org\/1999\/xlink\" id=\"file-o\" viewBox=\"0 0 1611.2499 1896.0833\">\n      <path d=\"M1468 380q28 28 48 76t20 88v1152q0 40-28 68t-68 28H96q-40 0-68-28t-28-68V96q0-40 28-68T96 0h896q40 0 88 20t76 48zm-444-244v376h376q-10-29-22-41l-313-313q-12-12-41-22zm384 1528V640H992q-40 0-68-28t-28-68V128H128v1536h1280z\"><\/path>\n    <\/svg><\/span> <span>Semblanza Curricular<\/span><\/a>\n                              <\/span>\n                            <\/div>\n                          <\/div>\n                        <\/div>\n                      <\/div>\n                    <\/div>\n                  <\/div>\n                <\/div>\n              <\/div>\n            <\/div>\n          <\/div>\n        <\/div>\n      <\/div>\n    <\/div>\n  <\/div>\n<\/div>","protected":false},"excerpt":{"rendered":"<p>Paulina Rene\u00e9 Mundo G\u00f3mez Proyecto: Ecosalud, alimentaci\u00f3n y estrategias adaptativas en la sierra Tarahumara paulina_mundo@inah.gob.mx Semblanza Curricular Blanca Lilia Mart\u00ednez de Le\u00f3n M\u00e1rmol Proyecto: Ecosalud, alimentaci\u00f3n y estrategias adaptativas en la sierra Tarahumara blanchuzca@hotmail.com Semblanza curricular Daniel Calder\u00f3n Carrillo Proyecto: Ecosalud, alimentaci\u00f3n y estrategias adaptativas en la sierra Tarahumara calderon.daniel@protonmail.com Semblanza curricular Rafael Ortega Sinaloa [&hellip;]<\/p>\n","protected":false},"author":1,"featured_media":0,"parent":0,"menu_order":0,"comment_status":"closed","ping_status":"closed","template":"page-templates\/full-width-page.php","meta":{"footnotes":""},"class_list":["post-2380","page","type-page","status-publish","hentry"],"_links":{"self":[{"href":"https:\/\/etnografia.inah.gob.mx\/index.php?rest_route=\/wp\/v2\/pages\/2380","targetHints":{"allow":["GET"]}}],"collection":[{"href":"https:\/\/etnografia.inah.gob.mx\/index.php?rest_route=\/wp\/v2\/pages"}],"about":[{"href":"https:\/\/etnografia.inah.gob.mx\/index.php?rest_route=\/wp\/v2\/types\/page"}],"author":[{"embeddable":true,"href":"https:\/\/etnografia.inah.gob.mx\/index.php?rest_route=\/wp\/v2\/users\/1"}],"replies":[{"embeddable":true,"href":"https:\/\/etnografia.inah.gob.mx\/index.php?rest_route=%2Fwp%2Fv2%2Fcomments&post=2380"}],"version-history":[{"count":20,"href":"https:\/\/etnografia.inah.gob.mx\/index.php?rest_route=\/wp\/v2\/pages\/2380\/revisions"}],"predecessor-version":[{"id":4754,"href":"https:\/\/etnografia.inah.gob.mx\/index.php?rest_route=\/wp\/v2\/pages\/2380\/revisions\/4754"}],"wp:attachment":[{"href":"https:\/\/etnografia.inah.gob.mx\/index.php?rest_route=%2Fwp%2Fv2%2Fmedia&parent=2380"}],"curies":[{"name":"wp","href":"https:\/\/api.w.org\/{rel}","templated":true}]}}